{"id":977,"date":"2025-07-07T10:17:41","date_gmt":"2025-07-07T10:17:41","guid":{"rendered":"https:\/\/tischlerei-beelitz.schubwerk.eu\/?post_type=referenz&#038;p=977"},"modified":"2025-11-26T13:33:21","modified_gmt":"2025-11-26T13:33:21","slug":"f30-festverglasung-kudamm-berlin","status":"publish","type":"referenz","link":"https:\/\/www.tischlerei-beelitz.com\/en\/referenz\/f30-festverglasung-kudamm-berlin\/","title":{"rendered":"F30 fixed glazing Kudamm Berlin"},"content":{"rendered":"<div class=\"wp-block-uagb-container uagb-block-8ecd5811 alignfull uagb-is-root-container\"><div class=\"uagb-container-inner-blocks-wrap\">\n<div class=\"wp-block-uagb-info-box uagb-block-6b632e62 uagb-infobox__content-wrap  uagb-infobox-icon-above-title uagb-infobox-image-valign-top\"><div class=\"uagb-ifb-content\"><div class=\"uagb-ifb-title-wrap\"><span class=\"uagb-ifb-title-prefix\">References<\/span><h1 class=\"uagb-ifb-title\">F30 fixed glazing Kudamm Berlin<\/h1><\/div><\/div><\/div>\n\n\n\n<div class=\"wp-block-uagb-buttons uagb-buttons__outer-wrap uagb-btn__default-btn uagb-btn-tablet__default-btn uagb-btn-mobile__default-btn uagb-block-bb012c30\"><div class=\"uagb-buttons__wrap uagb-buttons-layout-wrap\">\n<div class=\"wp-block-uagb-buttons-child uagb-buttons__outer-wrap uagb-block-6c182800 wp-block-button\"><div class=\"uagb-button__wrapper\"><a class=\"uagb-buttons-repeater wp-block-button__link\" aria-label=\"\" href=\"\/en\/referenzen\/\" rel=\"follow noopener\" target=\"_self\" role=\"button\"><div class=\"uagb-button__link\">Back to overview<\/div><span class=\"uagb-button__icon uagb-button__icon-position-after\"><svg xmlns=\"https:\/\/www.w3.org\/2000\/svg\" viewbox=\"0 0 448 512\" aria-hidden=\"true\" focussable=\"false\"><path d=\"M438.6 278.6l-160 160C272.4 444.9 264.2 448 256 448s-16.38-3.125-22.62-9.375c-12.5-12.5-12.5-32.75 0-45.25L338.8 288H32C14.33 288 .0016 273.7 .0016 256S14.33 224 32 224h306.8l-105.4-105.4c-12.5-12.5-12.5-32.75 0-45.25s32.75-12.5 45.25 0l160 160C451.1 245.9 451.1 266.1 438.6 278.6z\"><\/path><\/svg><\/span><\/a><\/div><\/div>\n<\/div><\/div>\n<\/div><\/div>\n\n\n\n<div class=\"wp-block-uagb-container uagb-layout-flex uagb-block-c85700c4 alignfull uagb-is-root-container\"><div class=\"uagb-container-inner-blocks-wrap\">\n<div class=\"wp-block-uagb-container uagb-block-e2e76edb\">\t\t\t\t\t<div\n\t\t\t\t\t\tclass=\"wp-block-uagb-image-gallery uagb-block-199bff72\"\n\t\t\t\t\t\tstyle=\"\"\n\t\t\t\t\t>\n\t\t\t\t\t\t\t\t\t\t\t<div class=\"spectra-image-gallery spectra-image-gallery__layout--grid spectra-image-gallery__layout--grid-col-2 spectra-image-gallery__layout--grid-col-tab-3 spectra-image-gallery__layout--grid-col-mob-2\">\n\t\t\t\t\t\t\t\t\t\t\t<div class='spectra-image-gallery__media-wrapper' data-spectra-gallery-image-id='983' tabindex=\"0\">\n\t\t\t\t\t\t\t<div class=\"spectra-image-gallery__media spectra-image-gallery__media--grid\">\n\t\t\t\t<picture>\n\t\t\t\t\t<source media=\"(min-width: 1024px)\" srcset=\"https:\/\/www.tischlerei-beelitz.com\/wp-content\/uploads\/2025\/07\/glasflur-brandschutz-tischlerei-beelitz-768x1024.jpg\">\n\t\t\t\t\t<source media=\"(min-width: 768px)\" srcset=\"https:\/\/www.tischlerei-beelitz.com\/wp-content\/uploads\/2025\/07\/glasflur-brandschutz-tischlerei-beelitz-768x1024.jpg\">\n\t\t\t\t\t<img decoding=\"async\" class=\"spectra-image-gallery__media-thumbnail spectra-image-gallery__media-thumbnail--grid\" src=\"https:\/\/www.tischlerei-beelitz.com\/wp-content\/uploads\/2025\/07\/glasflur-brandschutz-tischlerei-beelitz-225x300.jpg\" alt=\"\" loading=\"lazy\" \/>\n\t\t\t\t<\/picture>\n\t\t\t\t<div class=\"spectra-image-gallery__media-thumbnail-blurrer\"><\/div>\n\t\t\t\t\t\t\t\t\t\t\t<div class=\"spectra-image-gallery__media-thumbnail-caption-wrapper spectra-image-gallery__media-thumbnail-caption-wrapper--overlay\"><\/div>\n\t\t\t\t\t\t\t\t<\/div>\n\t\t\t\t\t\t<\/div>\n\t\t\t\t\t\t<div class='spectra-image-gallery__media-wrapper' data-spectra-gallery-image-id='982' tabindex=\"0\">\n\t\t\t\t\t\t\t<div class=\"spectra-image-gallery__media spectra-image-gallery__media--grid\">\n\t\t\t\t<picture>\n\t\t\t\t\t<source media=\"(min-width: 1024px)\" srcset=\"https:\/\/www.tischlerei-beelitz.com\/wp-content\/uploads\/2025\/07\/moderner-flur-mit-glaswaenden-768x1024.jpg\">\n\t\t\t\t\t<source media=\"(min-width: 768px)\" srcset=\"https:\/\/www.tischlerei-beelitz.com\/wp-content\/uploads\/2025\/07\/moderner-flur-mit-glaswaenden-768x1024.jpg\">\n\t\t\t\t\t<img decoding=\"async\" class=\"spectra-image-gallery__media-thumbnail spectra-image-gallery__media-thumbnail--grid\" src=\"https:\/\/www.tischlerei-beelitz.com\/wp-content\/uploads\/2025\/07\/moderner-flur-mit-glaswaenden-225x300.jpg\" alt=\"\" loading=\"lazy\" \/>\n\t\t\t\t<\/picture>\n\t\t\t\t<div class=\"spectra-image-gallery__media-thumbnail-blurrer\"><\/div>\n\t\t\t\t\t\t\t\t\t\t\t<div class=\"spectra-image-gallery__media-thumbnail-caption-wrapper spectra-image-gallery__media-thumbnail-caption-wrapper--overlay\"><\/div>\n\t\t\t\t\t\t\t\t<\/div>\n\t\t\t\t\t\t<\/div>\n\t\t\t\t\t\t<div class='spectra-image-gallery__media-wrapper' data-spectra-gallery-image-id='981' tabindex=\"0\">\n\t\t\t\t\t\t\t<div class=\"spectra-image-gallery__media spectra-image-gallery__media--grid\">\n\t\t\t\t<picture>\n\t\t\t\t\t<source media=\"(min-width: 1024px)\" srcset=\"https:\/\/www.tischlerei-beelitz.com\/wp-content\/uploads\/2025\/07\/moderner-glaeserner-flur-768x1024.jpg\">\n\t\t\t\t\t<source media=\"(min-width: 768px)\" srcset=\"https:\/\/www.tischlerei-beelitz.com\/wp-content\/uploads\/2025\/07\/moderner-glaeserner-flur-768x1024.jpg\">\n\t\t\t\t\t<img decoding=\"async\" class=\"spectra-image-gallery__media-thumbnail spectra-image-gallery__media-thumbnail--grid\" src=\"https:\/\/www.tischlerei-beelitz.com\/wp-content\/uploads\/2025\/07\/moderner-glaeserner-flur-225x300.jpg\" alt=\"\" loading=\"lazy\" \/>\n\t\t\t\t<\/picture>\n\t\t\t\t<div class=\"spectra-image-gallery__media-thumbnail-blurrer\"><\/div>\n\t\t\t\t\t\t\t\t\t\t\t<div class=\"spectra-image-gallery__media-thumbnail-caption-wrapper spectra-image-gallery__media-thumbnail-caption-wrapper--overlay\"><\/div>\n\t\t\t\t\t\t\t\t<\/div>\n\t\t\t\t\t\t<\/div>\n\t\t\t\t\t\t<div class='spectra-image-gallery__media-wrapper' data-spectra-gallery-image-id='980' tabindex=\"0\">\n\t\t\t\t\t\t\t<div class=\"spectra-image-gallery__media spectra-image-gallery__media--grid\">\n\t\t\t\t<picture>\n\t\t\t\t\t<source media=\"(min-width: 1024px)\" srcset=\"https:\/\/www.tischlerei-beelitz.com\/wp-content\/uploads\/2025\/07\/moderner-glasflur-mit-brandschutzverglasung-768x1024.jpg\">\n\t\t\t\t\t<source media=\"(min-width: 768px)\" srcset=\"https:\/\/www.tischlerei-beelitz.com\/wp-content\/uploads\/2025\/07\/moderner-glasflur-mit-brandschutzverglasung-768x1024.jpg\">\n\t\t\t\t\t<img decoding=\"async\" class=\"spectra-image-gallery__media-thumbnail spectra-image-gallery__media-thumbnail--grid\" src=\"https:\/\/www.tischlerei-beelitz.com\/wp-content\/uploads\/2025\/07\/moderner-glasflur-mit-brandschutzverglasung-225x300.jpg\" alt=\"\" loading=\"lazy\" \/>\n\t\t\t\t<\/picture>\n\t\t\t\t<div class=\"spectra-image-gallery__media-thumbnail-blurrer\"><\/div>\n\t\t\t\t\t\t\t\t\t\t\t<div class=\"spectra-image-gallery__media-thumbnail-caption-wrapper spectra-image-gallery__media-thumbnail-caption-wrapper--overlay\"><\/div>\n\t\t\t\t\t\t\t\t<\/div>\n\t\t\t\t\t\t<\/div>\n\t\t\t\t\t\t\t\t\t\t<\/div>\n\t\t\t\t\t\t\t\t\t\t\t\t\t\t\t\t\t\t<\/div>\n\t\t\t\t\t\t\t\t\t\t\t<div class='spectra-image-gallery__control-lightbox' tabindex='0'>\n\t\t\t\t\t\t\t\t\t\t\t<div class=\"swiper spectra-image-gallery__control-lightbox--main\" dir=\"\">\n\t\t\t\t\t<div class=\"swiper-wrapper\">\n\t\t\t\t\t\t\t\t\t\t\t\t\t\n\t\t\t\t\t\t\t<div class=\"swiper-slide\">\n\t\t\t\t\t\t\t\t<img class=\"swiper-lazy\" data-src=\"https:\/\/www.tischlerei-beelitz.com\/wp-content\/uploads\/2025\/07\/glasflur-brandschutz-tischlerei-beelitz.jpg\" alt=\"\"\/>\n\t\t\t\t\t\t\t\t<div class=\"swiper-lazy-preloader swiper-lazy-preloader-white\"><\/div>\n\t\t\t\t\t\t\t\t\t\t\t\t\t\t\t<\/div>\n\t\t\t\t\t\t\t\t\t\t\t\t\t\n\t\t\t\t\t\t\t<div class=\"swiper-slide\">\n\t\t\t\t\t\t\t\t<img class=\"swiper-lazy\" data-src=\"https:\/\/www.tischlerei-beelitz.com\/wp-content\/uploads\/2025\/07\/moderner-flur-mit-glaswaenden.jpg\" alt=\"\"\/>\n\t\t\t\t\t\t\t\t<div class=\"swiper-lazy-preloader swiper-lazy-preloader-white\"><\/div>\n\t\t\t\t\t\t\t\t\t\t\t\t\t\t\t<\/div>\n\t\t\t\t\t\t\t\t\t\t\t\t\t\n\t\t\t\t\t\t\t<div class=\"swiper-slide\">\n\t\t\t\t\t\t\t\t<img class=\"swiper-lazy\" data-src=\"https:\/\/www.tischlerei-beelitz.com\/wp-content\/uploads\/2025\/07\/moderner-glaeserner-flur.jpg\" alt=\"\"\/>\n\t\t\t\t\t\t\t\t<div class=\"swiper-lazy-preloader swiper-lazy-preloader-white\"><\/div>\n\t\t\t\t\t\t\t\t\t\t\t\t\t\t\t<\/div>\n\t\t\t\t\t\t\t\t\t\t\t\t\t\n\t\t\t\t\t\t\t<div class=\"swiper-slide\">\n\t\t\t\t\t\t\t\t<img class=\"swiper-lazy\" data-src=\"https:\/\/www.tischlerei-beelitz.com\/wp-content\/uploads\/2025\/07\/moderner-glasflur-mit-brandschutzverglasung.jpg\" alt=\"\"\/>\n\t\t\t\t\t\t\t\t<div class=\"swiper-lazy-preloader swiper-lazy-preloader-white\"><\/div>\n\t\t\t\t\t\t\t\t\t\t\t\t\t\t\t<\/div>\n\t\t\t\t\t\t\t\t\t\t\t<\/div>\n\t\t\t\t\t<div class=\"swiper-button-next\"><\/div>\n\t\t\t\t\t<div class=\"swiper-button-prev\"><\/div>\n\t\t\t\t<\/div>\t\t\t\n\t\t\t\t\t\t\t\t\t\t\t\t\t\t\t\t\t\t\t\t\t\t\t\t\t\t\t\t\t\t\t\t<button class='spectra-image-gallery__control-lightbox--close' aria-label=\"Close\">\n\t\t\t\t\t\t\t\t\t\t\t\t\t<svg xmlns=\"https:\/\/www.w3.org\/2000\/svg\" viewbox= \"0 0 320 512\"><path d=\"M310.6 361.4c12.5 12.5 12.5 32.75 0 45.25C304.4 412.9 296.2 416 288 416s-16.38-3.125-22.62-9.375L160 301.3L54.63 406.6C48.38 412.9 40.19 416 32 416S15.63 412.9 9.375 406.6c-12.5-12.5-12.5-32.75 0-45.25l105.4-105.4L9.375 150.6c-12.5-12.5-12.5-32.75 0-45.25s32.75-12.5 45.25 0L160 210.8l105.4-105.4c12.5-12.5 32.75-12.5 45.25 0s12.5 32.75 0 45.25l-105.4 105.4L310.6 361.4z\"><\/path><\/svg>\n\t\t\t\t\t\t\t\t\t\t\t\t<\/button>\n\t\t\t\t\t\t\t\t\t\t\t\t\t<\/div>\n\t\t\t\t\t\t\t\t\t<\/div>\n\n\n\n<div class=\"wp-block-uagb-container uagb-block-8c678632\">\n<div class=\"wp-block-uagb-advanced-heading uagb-block-d8748449\"><h2 class=\"uagb-heading-text\">Kurf\u00fcrstendamm in Berlin-<br>Fixed glazing<\/h2><p class=\"uagb-desc-text\">In May 2021, we received a call for help from an architectural firm in Berlin.<br>On the Kurf\u00fcrstendamm, a fire protection passage was built in the<br>Fire protection class F30 required. Special focus was placed on the fact that<br>the elegance of the house in combination with extensive<br>fire protection requirements should be met.<br>We realised a passenger aisle according to the approval 19.14-1993<br>with F30 glass to glass butt joint. This also enables a<br>endless coupling in fire protection.<br>Thanks to the combination of various approvals, it was also possible to install a fire door with a zero threshold, which has a<br>barrier-free access to the passage.<\/p><\/div>\n\n\n\n<div class=\"wp-block-uagb-buttons uagb-buttons__outer-wrap uagb-btn__default-btn uagb-btn-tablet__default-btn uagb-btn-mobile__default-btn uagb-block-c4eab013\"><div class=\"uagb-buttons__wrap uagb-buttons-layout-wrap\">\n<div class=\"wp-block-uagb-buttons-child uagb-buttons__outer-wrap uagb-block-503ab5ff wp-block-button\"><div class=\"uagb-button__wrapper\"><a class=\"uagb-buttons-repeater wp-block-button__link\" aria-label=\"\" href=\"#\" rel=\"follow noopener\" target=\"_self\" role=\"button\"><div class=\"uagb-button__link\">Enquire now<\/div><span class=\"uagb-button__icon uagb-button__icon-position-after\"><svg xmlns=\"https:\/\/www.w3.org\/2000\/svg\" viewbox=\"0 0 448 512\" aria-hidden=\"true\" focussable=\"false\"><path d=\"M438.6 278.6l-160 160C272.4 444.9 264.2 448 256 448s-16.38-3.125-22.62-9.375c-12.5-12.5-12.5-32.75 0-45.25L338.8 288H32C14.33 288 .0016 273.7 .0016 256S14.33 224 32 224h306.8l-105.4-105.4c-12.5-12.5-12.5-32.75 0-45.25s32.75-12.5 45.25 0l160 160C451.1 245.9 451.1 266.1 438.6 278.6z\"><\/path><\/svg><\/span><\/a><\/div><\/div>\n<\/div><\/div>\n<\/div>\n<\/div><\/div>\n\n\n\n<div class=\"wp-block-uagb-container uagb-block-f098d2f3 alignfull uagb-is-root-container\"><div class=\"uagb-container-inner-blocks-wrap\">\n<div class=\"wp-block-uagb-info-box uagb-block-d4cab7e8 uagb-infobox__content-wrap  uagb-infobox-icon-above-title uagb-infobox-image-valign-top\"><div class=\"uagb-ifb-content\"><div class=\"uagb-ifb-title-wrap\"><h2 class=\"uagb-ifb-title\">Delivery can be made nationwide. Deliveries to other European countries are also possible on request.<\/h2><\/div><div class=\"uagb-ifb-button-wrapper wp-block-button\"><a href=\"\/en\/contact\/\" class=\"uagb-infobox-cta-link wp-block-button__link\" target=\"_self\" rel=\"noopener noreferrer\" onclick=\"return true;\"><span class=\"uagb-inline-editing\">Contact us now<\/span><\/a><\/div><\/div><\/div>\n<\/div><\/div>","protected":false},"excerpt":{"rendered":"<p>Kurf\u00fcrstendamm in Berlin-Fixed glazing In May 2021, we received a call for help from an architectural firm in Berlin: a fire protection passageway on Kurf\u00fcrstendamm was [...]<\/p>","protected":false},"author":4,"featured_media":982,"parent":0,"menu_order":0,"template":"","meta":{"_acf_changed":false,"inline_featured_image":false,"_uag_custom_page_level_css":"","site-sidebar-layout":"default","site-content-layout":"","ast-site-content-layout":"default","site-content-style":"default","site-sidebar-style":"default","ast-global-header-display":"","ast-banner-title-visibility":"","ast-main-header-display":"","ast-hfb-above-header-display":"","ast-hfb-below-header-display":"","ast-hfb-mobile-header-display":"","site-post-title":"","ast-breadcrumbs-content":"","ast-featured-img":"","footer-sml-layout":"","ast-disable-related-posts":"","theme-transparent-header-meta":"","adv-header-id-meta":"","stick-header-meta":"","header-above-stick-meta":"","header-main-stick-meta":"","header-below-stick-meta":"","astra-migrate-meta-layouts":"default","ast-page-background-enabled":"default","ast-page-background-meta":{"desktop":{"background-color":"var(--ast-global-color-4)","background-image":"","background-repeat":"repeat","background-position":"center center","background-size":"auto","background-attachment":"scroll","background-type":"","background-media":"","overlay-type":"","overlay-color":"","overlay-opacity":"","overlay-gradient":""},"tablet":{"background-color":"","background-image":"","background-repeat":"repeat","background-position":"center center","background-size":"auto","background-attachment":"scroll","background-type":"","background-media":"","overlay-type":"","overlay-color":"","overlay-opacity":"","overlay-gradient":""},"mobile":{"background-color":"","background-image":"","background-repeat":"repeat","background-position":"center center","background-size":"auto","background-attachment":"scroll","background-type":"","background-media":"","overlay-type":"","overlay-color":"","overlay-opacity":"","overlay-gradient":""}},"ast-content-background-meta":{"desktop":{"background-color":"var(--ast-global-color-5)","background-image":"","background-repeat":"repeat","background-position":"center center","background-size":"auto","background-attachment":"scroll","background-type":"","background-media":"","overlay-type":"","overlay-color":"","overlay-opacity":"","overlay-gradient":""},"tablet":{"background-color":"var(--ast-global-color-5)","background-image":"","background-repeat":"repeat","background-position":"center center","background-size":"auto","background-attachment":"scroll","background-type":"","background-media":"","overlay-type":"","overlay-color":"","overlay-opacity":"","overlay-gradient":""},"mobile":{"background-color":"var(--ast-global-color-5)","background-image":"","background-repeat":"repeat","background-position":"center center","background-size":"auto","background-attachment":"scroll","background-type":"","background-media":"","overlay-type":"","overlay-color":"","overlay-opacity":"","overlay-gradient":""}},"footnotes":""},"class_list":["post-977","referenz","type-referenz","status-publish","has-post-thumbnail","hentry"],"acf":[],"yoast_head":"<!-- This site is optimized with the Yoast SEO plugin v26.9 - https:\/\/yoast.com\/product\/yoast-seo-wordpress\/ -->\n<title>F30 Festverglasung Berlin Ku\u2019damm \u2013 Referenz<\/title>\n<meta name=\"description\" content=\"Referenzobjekt: F30 Brandschutz-Festverglasung am Ku\u2019damm Berlin \u2013 hochwertige Sicherheitstechnik von Tischlerei Beelitz.\" \/>\n<meta name=\"robots\" content=\"index, follow, max-snippet:-1, max-image-preview:large, max-video-preview:-1\" \/>\n<link rel=\"canonical\" href=\"https:\/\/www.tischlerei-beelitz.com\/en\/referenz\/f30-festverglasung-kudamm-berlin\/\" \/>\n<meta property=\"og:locale\" content=\"en_GB\" \/>\n<meta property=\"og:type\" content=\"article\" \/>\n<meta property=\"og:title\" content=\"F30 Festverglasung Berlin Ku\u2019damm \u2013 Referenz\" \/>\n<meta property=\"og:description\" content=\"Referenzobjekt: F30 Brandschutz-Festverglasung am Ku\u2019damm Berlin \u2013 hochwertige Sicherheitstechnik von Tischlerei Beelitz.\" \/>\n<meta property=\"og:url\" content=\"https:\/\/www.tischlerei-beelitz.com\/en\/referenz\/f30-festverglasung-kudamm-berlin\/\" \/>\n<meta property=\"article:publisher\" content=\"https:\/\/www.facebook.com\/mbbrandschutztischlerei\/\" \/>\n<meta property=\"article:modified_time\" content=\"2025-11-26T13:33:21+00:00\" \/>\n<meta property=\"og:image\" content=\"https:\/\/www.tischlerei-beelitz.com\/wp-content\/uploads\/2025\/07\/IMG_8995-scaled.jpg\" \/>\n\t<meta property=\"og:image:width\" content=\"1920\" \/>\n\t<meta property=\"og:image:height\" content=\"2560\" \/>\n\t<meta property=\"og:image:type\" content=\"image\/jpeg\" \/>\n<meta name=\"twitter:card\" content=\"summary_large_image\" \/>\n<meta name=\"twitter:label1\" content=\"Estimated reading time\" \/>\n\t<meta name=\"twitter:data1\" content=\"1 minute\" \/>\n<script type=\"application\/ld+json\" class=\"yoast-schema-graph\">{\"@context\":\"https:\/\/schema.org\",\"@graph\":[{\"@type\":\"WebPage\",\"@id\":\"https:\/\/www.tischlerei-beelitz.com\/referenz\/f30-festverglasung-kudamm-berlin\/\",\"url\":\"https:\/\/www.tischlerei-beelitz.com\/referenz\/f30-festverglasung-kudamm-berlin\/\",\"name\":\"F30 Festverglasung Berlin Ku\u2019damm \u2013 Referenz\",\"isPartOf\":{\"@id\":\"https:\/\/www.tischlerei-beelitz.com\/#website\"},\"primaryImageOfPage\":{\"@id\":\"https:\/\/www.tischlerei-beelitz.com\/referenz\/f30-festverglasung-kudamm-berlin\/#primaryimage\"},\"image\":{\"@id\":\"https:\/\/www.tischlerei-beelitz.com\/referenz\/f30-festverglasung-kudamm-berlin\/#primaryimage\"},\"thumbnailUrl\":\"https:\/\/www.tischlerei-beelitz.com\/wp-content\/uploads\/2025\/07\/moderner-flur-mit-glaswaenden.jpg\",\"datePublished\":\"2025-07-07T10:17:41+00:00\",\"dateModified\":\"2025-11-26T13:33:21+00:00\",\"description\":\"Referenzobjekt: F30 Brandschutz-Festverglasung am Ku\u2019damm Berlin \u2013 hochwertige Sicherheitstechnik von Tischlerei Beelitz.\",\"breadcrumb\":{\"@id\":\"https:\/\/www.tischlerei-beelitz.com\/referenz\/f30-festverglasung-kudamm-berlin\/#breadcrumb\"},\"inLanguage\":\"en-GB\",\"potentialAction\":[{\"@type\":\"ReadAction\",\"target\":[\"https:\/\/www.tischlerei-beelitz.com\/referenz\/f30-festverglasung-kudamm-berlin\/\"]}]},{\"@type\":\"ImageObject\",\"inLanguage\":\"en-GB\",\"@id\":\"https:\/\/www.tischlerei-beelitz.com\/referenz\/f30-festverglasung-kudamm-berlin\/#primaryimage\",\"url\":\"https:\/\/www.tischlerei-beelitz.com\/wp-content\/uploads\/2025\/07\/moderner-flur-mit-glaswaenden.jpg\",\"contentUrl\":\"https:\/\/www.tischlerei-beelitz.com\/wp-content\/uploads\/2025\/07\/moderner-flur-mit-glaswaenden.jpg\",\"width\":1920,\"height\":2560,\"caption\":\"Ein moderner Flur mit Glasw\u00e4nden, verspiegelten Paneelen und gestreiften Holzb\u00f6den verf\u00fcgt \u00fcber eine Brandschutzt\u00fcr und eine Decke aus abwechselnd blau und orange beleuchteten Paneelen, die zu einem Au\u00dfenbereich mit B\u00e4umen in der Ferne f\u00fchrt.\"},{\"@type\":\"BreadcrumbList\",\"@id\":\"https:\/\/www.tischlerei-beelitz.com\/referenz\/f30-festverglasung-kudamm-berlin\/#breadcrumb\",\"itemListElement\":[{\"@type\":\"ListItem\",\"position\":1,\"name\":\"Startseite\",\"item\":\"https:\/\/www.tischlerei-beelitz.com\/\"},{\"@type\":\"ListItem\",\"position\":2,\"name\":\"Referenzen\",\"item\":\"https:\/\/www.tischlerei-beelitz.com\/referenz\/\"},{\"@type\":\"ListItem\",\"position\":3,\"name\":\"F30 Festverglasung Kudamm Berlin\"}]},{\"@type\":\"WebSite\",\"@id\":\"https:\/\/www.tischlerei-beelitz.com\/#website\",\"url\":\"https:\/\/www.tischlerei-beelitz.com\/\",\"name\":\"www.tischlerei-beelitz.com\",\"description\":\"\",\"publisher\":{\"@id\":\"https:\/\/www.tischlerei-beelitz.com\/#organization\"},\"potentialAction\":[{\"@type\":\"SearchAction\",\"target\":{\"@type\":\"EntryPoint\",\"urlTemplate\":\"https:\/\/www.tischlerei-beelitz.com\/?s={search_term_string}\"},\"query-input\":{\"@type\":\"PropertyValueSpecification\",\"valueRequired\":true,\"valueName\":\"search_term_string\"}}],\"inLanguage\":\"en-GB\"},{\"@type\":\"Organization\",\"@id\":\"https:\/\/www.tischlerei-beelitz.com\/#organization\",\"name\":\"MB Brandschutztischlerei Beelitz GmbH\",\"url\":\"https:\/\/www.tischlerei-beelitz.com\/\",\"logo\":{\"@type\":\"ImageObject\",\"inLanguage\":\"en-GB\",\"@id\":\"https:\/\/www.tischlerei-beelitz.com\/#\/schema\/logo\/image\/\",\"url\":\"https:\/\/www.tischlerei-beelitz.com\/wp-content\/uploads\/2025\/05\/logo-brandschutz-tischlerei-beelitz.png\",\"contentUrl\":\"https:\/\/www.tischlerei-beelitz.com\/wp-content\/uploads\/2025\/05\/logo-brandschutz-tischlerei-beelitz.png\",\"width\":300,\"height\":263,\"caption\":\"MB Brandschutztischlerei Beelitz GmbH\"},\"image\":{\"@id\":\"https:\/\/www.tischlerei-beelitz.com\/#\/schema\/logo\/image\/\"},\"sameAs\":[\"https:\/\/www.facebook.com\/mbbrandschutztischlerei\/\",\"https:\/\/www.instagram.com\/mb_brandschutztischlerei\/\"]}]}<\/script>\n<!-- \/ Yoast SEO plugin. -->","yoast_head_json":{"title":"F30 fixed glazing Berlin Ku'damm - Reference","description":"Reference project: F30 fire-resistant fixed glazing on Ku'damm Berlin - high-quality safety technology from Tischlerei Beelitz.","robots":{"index":"index","follow":"follow","max-snippet":"max-snippet:-1","max-image-preview":"max-image-preview:large","max-video-preview":"max-video-preview:-1"},"canonical":"https:\/\/www.tischlerei-beelitz.com\/en\/referenz\/f30-festverglasung-kudamm-berlin\/","og_locale":"en_GB","og_type":"article","og_title":"F30 Festverglasung Berlin Ku\u2019damm \u2013 Referenz","og_description":"Referenzobjekt: F30 Brandschutz-Festverglasung am Ku\u2019damm Berlin \u2013 hochwertige Sicherheitstechnik von Tischlerei Beelitz.","og_url":"https:\/\/www.tischlerei-beelitz.com\/en\/referenz\/f30-festverglasung-kudamm-berlin\/","article_publisher":"https:\/\/www.facebook.com\/mbbrandschutztischlerei\/","article_modified_time":"2025-11-26T13:33:21+00:00","og_image":[{"width":1920,"height":2560,"url":"https:\/\/www.tischlerei-beelitz.com\/wp-content\/uploads\/2025\/07\/IMG_8995-scaled.jpg","type":"image\/jpeg"}],"twitter_card":"summary_large_image","twitter_misc":{"Estimated reading time":"1 minute"},"schema":{"@context":"https:\/\/schema.org","@graph":[{"@type":"WebPage","@id":"https:\/\/www.tischlerei-beelitz.com\/referenz\/f30-festverglasung-kudamm-berlin\/","url":"https:\/\/www.tischlerei-beelitz.com\/referenz\/f30-festverglasung-kudamm-berlin\/","name":"F30 fixed glazing Berlin Ku'damm - Reference","isPartOf":{"@id":"https:\/\/www.tischlerei-beelitz.com\/#website"},"primaryImageOfPage":{"@id":"https:\/\/www.tischlerei-beelitz.com\/referenz\/f30-festverglasung-kudamm-berlin\/#primaryimage"},"image":{"@id":"https:\/\/www.tischlerei-beelitz.com\/referenz\/f30-festverglasung-kudamm-berlin\/#primaryimage"},"thumbnailUrl":"https:\/\/www.tischlerei-beelitz.com\/wp-content\/uploads\/2025\/07\/moderner-flur-mit-glaswaenden.jpg","datePublished":"2025-07-07T10:17:41+00:00","dateModified":"2025-11-26T13:33:21+00:00","description":"Reference project: F30 fire-resistant fixed glazing on Ku'damm Berlin - high-quality safety technology from Tischlerei Beelitz.","breadcrumb":{"@id":"https:\/\/www.tischlerei-beelitz.com\/referenz\/f30-festverglasung-kudamm-berlin\/#breadcrumb"},"inLanguage":"en-GB","potentialAction":[{"@type":"ReadAction","target":["https:\/\/www.tischlerei-beelitz.com\/referenz\/f30-festverglasung-kudamm-berlin\/"]}]},{"@type":"ImageObject","inLanguage":"en-GB","@id":"https:\/\/www.tischlerei-beelitz.com\/referenz\/f30-festverglasung-kudamm-berlin\/#primaryimage","url":"https:\/\/www.tischlerei-beelitz.com\/wp-content\/uploads\/2025\/07\/moderner-flur-mit-glaswaenden.jpg","contentUrl":"https:\/\/www.tischlerei-beelitz.com\/wp-content\/uploads\/2025\/07\/moderner-flur-mit-glaswaenden.jpg","width":1920,"height":2560,"caption":"Ein moderner Flur mit Glasw\u00e4nden, verspiegelten Paneelen und gestreiften Holzb\u00f6den verf\u00fcgt \u00fcber eine Brandschutzt\u00fcr und eine Decke aus abwechselnd blau und orange beleuchteten Paneelen, die zu einem Au\u00dfenbereich mit B\u00e4umen in der Ferne f\u00fchrt."},{"@type":"BreadcrumbList","@id":"https:\/\/www.tischlerei-beelitz.com\/referenz\/f30-festverglasung-kudamm-berlin\/#breadcrumb","itemListElement":[{"@type":"ListItem","position":1,"name":"Startseite","item":"https:\/\/www.tischlerei-beelitz.com\/"},{"@type":"ListItem","position":2,"name":"Referenzen","item":"https:\/\/www.tischlerei-beelitz.com\/referenz\/"},{"@type":"ListItem","position":3,"name":"F30 Festverglasung Kudamm Berlin"}]},{"@type":"WebSite","@id":"https:\/\/www.tischlerei-beelitz.com\/#website","url":"https:\/\/www.tischlerei-beelitz.com\/","name":"www.tischlerei-beelitz.com","description":"","publisher":{"@id":"https:\/\/www.tischlerei-beelitz.com\/#organization"},"potentialAction":[{"@type":"SearchAction","target":{"@type":"EntryPoint","urlTemplate":"https:\/\/www.tischlerei-beelitz.com\/?s={search_term_string}"},"query-input":{"@type":"PropertyValueSpecification","valueRequired":true,"valueName":"search_term_string"}}],"inLanguage":"en-GB"},{"@type":"Organization","@id":"https:\/\/www.tischlerei-beelitz.com\/#organization","name":"MB Brandschutztischlerei Beelitz GmbH","url":"https:\/\/www.tischlerei-beelitz.com\/","logo":{"@type":"ImageObject","inLanguage":"en-GB","@id":"https:\/\/www.tischlerei-beelitz.com\/#\/schema\/logo\/image\/","url":"https:\/\/www.tischlerei-beelitz.com\/wp-content\/uploads\/2025\/05\/logo-brandschutz-tischlerei-beelitz.png","contentUrl":"https:\/\/www.tischlerei-beelitz.com\/wp-content\/uploads\/2025\/05\/logo-brandschutz-tischlerei-beelitz.png","width":300,"height":263,"caption":"MB Brandschutztischlerei Beelitz GmbH"},"image":{"@id":"https:\/\/www.tischlerei-beelitz.com\/#\/schema\/logo\/image\/"},"sameAs":["https:\/\/www.facebook.com\/mbbrandschutztischlerei\/","https:\/\/www.instagram.com\/mb_brandschutztischlerei\/"]}]}},"uagb_featured_image_src":{"full":["https:\/\/www.tischlerei-beelitz.com\/wp-content\/uploads\/2025\/07\/moderner-flur-mit-glaswaenden.jpg",1920,2560,false],"thumbnail":["https:\/\/www.tischlerei-beelitz.com\/wp-content\/uploads\/2025\/07\/moderner-flur-mit-glaswaenden-150x150.jpg",150,150,true],"medium":["https:\/\/www.tischlerei-beelitz.com\/wp-content\/uploads\/2025\/07\/moderner-flur-mit-glaswaenden-225x300.jpg",225,300,true],"medium_large":["https:\/\/www.tischlerei-beelitz.com\/wp-content\/uploads\/2025\/07\/moderner-flur-mit-glaswaenden-768x1024.jpg",768,1024,true],"large":["https:\/\/www.tischlerei-beelitz.com\/wp-content\/uploads\/2025\/07\/moderner-flur-mit-glaswaenden-768x1024.jpg",768,1024,true],"1536x1536":["https:\/\/www.tischlerei-beelitz.com\/wp-content\/uploads\/2025\/07\/moderner-flur-mit-glaswaenden-1152x1536.jpg",1152,1536,true],"2048x2048":["https:\/\/www.tischlerei-beelitz.com\/wp-content\/uploads\/2025\/07\/moderner-flur-mit-glaswaenden-1536x2048.jpg",1536,2048,true],"trp-custom-language-flag":["https:\/\/www.tischlerei-beelitz.com\/wp-content\/uploads\/2025\/07\/moderner-flur-mit-glaswaenden.jpg",9,12,false]},"uagb_author_info":{"display_name":"rfr","author_link":"https:\/\/www.tischlerei-beelitz.com\/en\/author\/rfr\/"},"uagb_comment_info":0,"uagb_excerpt":"Kurfu\u0308rstendamm in Berlin-Festverglasungen Im Mai 2021 erreichte uns der Hilferuf eines Berliner Architekturbu\u0308ros.Auf dem Kurfu\u0308rstendamm wurde eine Brandschutzpassage in derBrandschutzklasse [&hellip;]","_links":{"self":[{"href":"https:\/\/www.tischlerei-beelitz.com\/en\/wp-json\/wp\/v2\/referenz\/977","targetHints":{"allow":["GET"]}}],"collection":[{"href":"https:\/\/www.tischlerei-beelitz.com\/en\/wp-json\/wp\/v2\/referenz"}],"about":[{"href":"https:\/\/www.tischlerei-beelitz.com\/en\/wp-json\/wp\/v2\/types\/referenz"}],"author":[{"embeddable":true,"href":"https:\/\/www.tischlerei-beelitz.com\/en\/wp-json\/wp\/v2\/users\/4"}],"version-history":[{"count":5,"href":"https:\/\/www.tischlerei-beelitz.com\/en\/wp-json\/wp\/v2\/referenz\/977\/revisions"}],"predecessor-version":[{"id":2051,"href":"https:\/\/www.tischlerei-beelitz.com\/en\/wp-json\/wp\/v2\/referenz\/977\/revisions\/2051"}],"wp:featuredmedia":[{"embeddable":true,"href":"https:\/\/www.tischlerei-beelitz.com\/en\/wp-json\/wp\/v2\/media\/982"}],"wp:attachment":[{"href":"https:\/\/www.tischlerei-beelitz.com\/en\/wp-json\/wp\/v2\/media?parent=977"}],"curies":[{"name":"wp","href":"https:\/\/api.w.org\/{rel}","templated":true}]}}