{"id":2093,"date":"2025-12-04T09:09:55","date_gmt":"2025-12-04T09:09:55","guid":{"rendered":"https:\/\/www.tischlerei-beelitz.com\/?page_id=2093"},"modified":"2026-03-25T14:41:41","modified_gmt":"2026-03-25T14:41:41","slug":"brandschutzfenster-f90","status":"publish","type":"page","link":"https:\/\/www.tischlerei-beelitz.com\/en\/glossar\/brandschutzfenster-f90\/","title":{"rendered":"Fire protection window F90"},"content":{"rendered":"<div class=\"wp-block-uagb-container uagb-block-8ecd5811 alignfull uagb-is-root-container\"><div class=\"uagb-container-inner-blocks-wrap\">\n<div class=\"wp-block-uagb-info-box uagb-block-6b632e62 uagb-infobox__content-wrap  uagb-infobox-icon-above-title uagb-infobox-image-valign-top\"><div class=\"uagb-ifb-content\"><div class=\"uagb-ifb-title-wrap\"><h1 class=\"uagb-ifb-title\"><strong><strong>Fire protection window F90<\/strong><\/strong><\/h1><\/div><p class=\"uagb-ifb-desc\">Maximum safety and efficiency from Beelitz<\/p><\/div><\/div>\n\n\n\n<div class=\"wp-block-uagb-buttons uagb-buttons__outer-wrap uagb-btn__default-btn uagb-btn-tablet__default-btn uagb-btn-mobile__default-btn uagb-block-bb012c30\"><div class=\"uagb-buttons__wrap uagb-buttons-layout-wrap\">\n<div class=\"wp-block-uagb-buttons-child uagb-buttons__outer-wrap uagb-block-6c182800 wp-block-button\"><div class=\"uagb-button__wrapper\"><a class=\"uagb-buttons-repeater wp-block-button__link\" aria-label=\"\" href=\"\/en\/kontakt\/\" rel=\"follow noopener\" target=\"_self\" role=\"button\"><div class=\"uagb-button__link\">Enquire now<\/div><span class=\"uagb-button__icon uagb-button__icon-position-after\"><svg xmlns=\"https:\/\/www.w3.org\/2000\/svg\" viewbox=\"0 0 448 512\" aria-hidden=\"true\" focussable=\"false\"><path d=\"M438.6 278.6l-160 160C272.4 444.9 264.2 448 256 448s-16.38-3.125-22.62-9.375c-12.5-12.5-12.5-32.75 0-45.25L338.8 288H32C14.33 288 .0016 273.7 .0016 256S14.33 224 32 224h306.8l-105.4-105.4c-12.5-12.5-12.5-32.75 0-45.25s32.75-12.5 45.25 0l160 160C451.1 245.9 451.1 266.1 438.6 278.6z\"><\/path><\/svg><\/span><\/a><\/div><\/div>\n<\/div><\/div>\n<\/div><\/div>\n\n\n\n<div class=\"wp-block-uagb-container uagb-block-f138557b alignfull uagb-is-root-container\"><div class=\"uagb-container-inner-blocks-wrap\">\n<div class=\"wp-block-uagb-container uagb-block-2fa4a423\">\n<div class=\"wp-block-uagb-advanced-heading uagb-block-e31ab061\"><h2 class=\"uagb-heading-text\">Fire protection window F90<\/h2><p class=\"uagb-desc-text\">What is an F90 fire-resistant window and why is it so important?<\/p><\/div>\n\n\n\n<div class=\"wp-block-uagb-icon-list uagb-block-b1b91814\"><div class=\"uagb-icon-list__wrap\">\n<div class=\"wp-block-uagb-icon-list-child uagb-block-e1237352\"><a target=\"_self\" aria-label=\"Technical innovations and construction of F90 fire-resistant windows\" rel=\"noopener noreferrer\" href=\"#A1\"> <\/a><span class=\"uagb-icon-list__source-wrap\"><svg xmlns=\"https:\/\/www.w3.org\/2000\/svg\" viewbox=\"0 0 512 512\"><path d=\"M256 0C114.6 0 0 114.6 0 256c0 141.4 114.6 256 256 256s256-114.6 256-256C512 114.6 397.4 0 256 0zM406.6 278.6l-103.1 103.1c-12.5 12.5-32.75 12.5-45.25 0s-12.5-32.75 0-45.25L306.8 288H128C110.3 288 96 273.7 96 256s14.31-32 32-32h178.8l-49.38-49.38c-12.5-12.5-12.5-32.75 0-45.25s32.75-12.5 45.25 0l103.1 103.1C414.6 241.3 416 251.1 416 256C416 260.9 414.6 270.7 406.6 278.6z\"><\/path><\/svg><\/span><span class=\"uagb-icon-list__label\">Technical innovations and construction of F90 fire-resistant windows<\/span><\/div>\n\n\n\n<div class=\"wp-block-uagb-icon-list-child uagb-block-d8856bc4\"><a target=\"_self\" aria-label=\"Advantages and added value of an F90 fire-resistant window\" rel=\"noopener noreferrer\" href=\"#A2\"> <\/a><span class=\"uagb-icon-list__source-wrap\"><svg xmlns=\"https:\/\/www.w3.org\/2000\/svg\" viewbox=\"0 0 512 512\"><path d=\"M256 0C114.6 0 0 114.6 0 256c0 141.4 114.6 256 256 256s256-114.6 256-256C512 114.6 397.4 0 256 0zM406.6 278.6l-103.1 103.1c-12.5 12.5-32.75 12.5-45.25 0s-12.5-32.75 0-45.25L306.8 288H128C110.3 288 96 273.7 96 256s14.31-32 32-32h178.8l-49.38-49.38c-12.5-12.5-12.5-32.75 0-45.25s32.75-12.5 45.25 0l103.1 103.1C414.6 241.3 416 251.1 416 256C416 260.9 414.6 270.7 406.6 278.6z\"><\/path><\/svg><\/span><span class=\"uagb-icon-list__label\">Advantages and added value of an F90 fire-resistant window<\/span><\/div>\n\n\n\n<div class=\"wp-block-uagb-icon-list-child uagb-block-c06fe76a\"><a target=\"_self\" aria-label=\"Sustainability, environmental protection and funding opportunities\" rel=\"noopener noreferrer\" href=\"#A3\"> <\/a><span class=\"uagb-icon-list__source-wrap\"><svg xmlns=\"https:\/\/www.w3.org\/2000\/svg\" viewbox=\"0 0 512 512\"><path d=\"M256 0C114.6 0 0 114.6 0 256c0 141.4 114.6 256 256 256s256-114.6 256-256C512 114.6 397.4 0 256 0zM406.6 278.6l-103.1 103.1c-12.5 12.5-32.75 12.5-45.25 0s-12.5-32.75 0-45.25L306.8 288H128C110.3 288 96 273.7 96 256s14.31-32 32-32h178.8l-49.38-49.38c-12.5-12.5-12.5-32.75 0-45.25s32.75-12.5 45.25 0l103.1 103.1C414.6 241.3 416 251.1 416 256C416 260.9 414.6 270.7 406.6 278.6z\"><\/path><\/svg><\/span><span class=\"uagb-icon-list__label\">Sustainability, environmental protection and funding opportunities<\/span><\/div>\n\n\n\n<div class=\"wp-block-uagb-icon-list-child uagb-block-b4dad697\"><a target=\"_self\" aria-label=\"Advice, planning and customised service for your F90 fire protection window\" rel=\"noopener noreferrer\" href=\"#A4\"> <\/a><span class=\"uagb-icon-list__source-wrap\"><svg xmlns=\"https:\/\/www.w3.org\/2000\/svg\" viewbox=\"0 0 512 512\"><path d=\"M256 0C114.6 0 0 114.6 0 256c0 141.4 114.6 256 256 256s256-114.6 256-256C512 114.6 397.4 0 256 0zM406.6 278.6l-103.1 103.1c-12.5 12.5-32.75 12.5-45.25 0s-12.5-32.75 0-45.25L306.8 288H128C110.3 288 96 273.7 96 256s14.31-32 32-32h178.8l-49.38-49.38c-12.5-12.5-12.5-32.75 0-45.25s32.75-12.5 45.25 0l103.1 103.1C414.6 241.3 416 251.1 416 256C416 260.9 414.6 270.7 406.6 278.6z\"><\/path><\/svg><\/span><span class=\"uagb-icon-list__label\">Advice, planning and customised service for your F90 fire protection window<\/span><\/div>\n<\/div><\/div>\n\n\n\n<div class=\"wp-block-uagb-buttons uagb-buttons__outer-wrap uagb-btn__default-btn uagb-btn-tablet__default-btn uagb-btn-mobile__default-btn uagb-block-1334fe26\"><div class=\"uagb-buttons__wrap uagb-buttons-layout-wrap\">\n<div class=\"wp-block-uagb-buttons-child uagb-buttons__outer-wrap uagb-block-b0a2a2cd wp-block-button\"><div class=\"uagb-button__wrapper\"><a class=\"uagb-buttons-repeater wp-block-button__link\" aria-label=\"\" href=\"\/en\/kontakt\/\" rel=\"follow noopener\" target=\"_self\" role=\"button\"><div class=\"uagb-button__link\">Enquire now<\/div><span class=\"uagb-button__icon uagb-button__icon-position-after\"><svg xmlns=\"https:\/\/www.w3.org\/2000\/svg\" viewbox=\"0 0 448 512\" aria-hidden=\"true\" focussable=\"false\"><path d=\"M438.6 278.6l-160 160C272.4 444.9 264.2 448 256 448s-16.38-3.125-22.62-9.375c-12.5-12.5-12.5-32.75 0-45.25L338.8 288H32C14.33 288 .0016 273.7 .0016 256S14.33 224 32 224h306.8l-105.4-105.4c-12.5-12.5-12.5-32.75 0-45.25s32.75-12.5 45.25 0l160 160C451.1 245.9 451.1 266.1 438.6 278.6z\"><\/path><\/svg><\/span><\/a><\/div><\/div>\n<\/div><\/div>\n<\/div>\n\n\n\n<div class=\"wp-block-uagb-container uagb-block-5045fb51\">\n<div class=\"wp-block-uagb-info-box uagb-block-9231769b uagb-infobox__content-wrap  uagb-infobox-icon-above-title uagb-infobox-image-valign-top\"><div class=\"uagb-ifb-content\"><div class=\"uagb-ifb-title-wrap\"><\/div><p class=\"uagb-ifb-desc\"><strong>An F90 fire protection window is a highly developed construction element that has been specially designed to prevent the passage of fire and smoke for at least 90 minutes in the event of a fire.<\/strong> This exceptionally long resistance period is mandatory in many public buildings, industrial facilities, escape routes and technical rooms in order to protect human life and preserve material assets. <br><br><strong>The F90 certificate guarantees that the window can withstand intense heat, flames and smoke - and not just for a few minutes, but for an hour and a half.<\/strong> In an emergency, an F90 fire protection window provides valuable time for evacuation and allows the fire brigade to proceed safely. The requirements for materials, design and workmanship are correspondingly high, meaning that only tested and certified windows may be used as F90 fire protection windows. Anyone who opts for this solution is investing in maximum safety and fulfils all legal requirements for demanding construction projects.<\/p><\/div><\/div>\n<\/div>\n<\/div><\/div>\n\n\n\n<div class=\"wp-block-uagb-container uagb-layout-flex uagb-block-f3521c56 alignfull uagb-is-root-container\"><div class=\"uagb-container-inner-blocks-wrap\">\n<div class=\"wp-block-uagb-container uagb-layout-flex uagb-block-5cfc4b55\">\n<div class=\"wp-block-uagb-advanced-heading uagb-block-c2c75553\"><h2 class=\"uagb-heading-text\">Fire protection window F90: Installation &amp; function<\/h2><\/div>\n\n\n\n<div class=\"wp-block-uagb-container uagb-layout-flex uagb-block-617fbefc\">\n<iframe loading=\"lazy\" width=\"560\" height=\"315\" src=\"https:\/\/www.youtube-nocookie.com\/embed\/SaRgjeXbMqs?si=1XPJATjtUPKcBgXF\" title=\"YouTube video player\" frameborder=\"0\" allow=\"accelerometer; autoplay; clipboard-write; encrypted-media; gyroscope; picture-in-picture; web-share\" referrerpolicy=\"strict-origin-when-cross-origin\" allowfullscreen><\/iframe>\n<\/div>\n<\/div>\n<\/div><\/div>\n\n\n\n<div class=\"wp-block-uagb-container uagb-block-28404f34 alignfull uagb-is-root-container\"><div class=\"uagb-container-inner-blocks-wrap\">\n<div class=\"wp-block-uagb-container uagb-block-a7d8b171\">\n<div class=\"wp-block-uagb-advanced-heading uagb-block-275f804b\"><h2 class=\"uagb-heading-text\">Do you have questions about F90 fire-resistant windows? Contact us for your next project!<\/h2><\/div>\n\n\n\n<div class=\"wp-block-uagb-buttons uagb-buttons__outer-wrap uagb-btn__default-btn uagb-btn-tablet__default-btn uagb-btn-mobile__default-btn uagb-block-0d4785ee\"><div class=\"uagb-buttons__wrap uagb-buttons-layout-wrap\">\n<div class=\"wp-block-uagb-buttons-child uagb-buttons__outer-wrap uagb-block-31a97444 wp-block-button\"><div class=\"uagb-button__wrapper\"><a class=\"uagb-buttons-repeater wp-block-button__link\" aria-label=\"\" href=\"\/en\/kontakt\/\" rel=\"follow noopener\" target=\"_self\" role=\"button\"><div class=\"uagb-button__link\">Enquire now<\/div><span class=\"uagb-button__icon uagb-button__icon-position-after\"><svg xmlns=\"https:\/\/www.w3.org\/2000\/svg\" viewbox=\"0 0 448 512\" aria-hidden=\"true\" focussable=\"false\"><path d=\"M438.6 278.6l-160 160C272.4 444.9 264.2 448 256 448s-16.38-3.125-22.62-9.375c-12.5-12.5-12.5-32.75 0-45.25L338.8 288H32C14.33 288 .0016 273.7 .0016 256S14.33 224 32 224h306.8l-105.4-105.4c-12.5-12.5-12.5-32.75 0-45.25s32.75-12.5 45.25 0l160 160C451.1 245.9 451.1 266.1 438.6 278.6z\"><\/path><\/svg><\/span><\/a><\/div><\/div>\n<\/div><\/div>\n<\/div>\n<\/div><\/div>\n\n\n\n<div class=\"wp-block-uagb-container uagb-layout-flex uagb-block-fba59325 alignfull uagb-is-root-container\"><div class=\"uagb-container-inner-blocks-wrap\">\n<div class=\"wp-block-uagb-container uagb-block-7b1c1096\">\n<div class=\"wp-block-uagb-info-box uagb-block-e6597399 uagb-infobox__content-wrap  uagb-infobox-icon-above-title uagb-infobox-image-valign-top\" id=\"A1\"><div class=\"uagb-ifb-content\"><div class=\"uagb-ifb-title-wrap\"><h2 class=\"uagb-ifb-title\">Technical innovations and construction of F90 fire-resistant windows<\/h2><\/div><p class=\"uagb-ifb-desc\"><strong>The design of an F90 fire-resistant window is based on state-of-the-art technology and a sophisticated selection of materials.<\/strong> Multi-layer special glazing, fire-retardant frame profiles and high-quality sealing systems work together perfectly to reliably ward off heat, smoke and flames. <strong>Special fire protection gel layers or intumescent materials are often used between the individual glass layers, which expand in the event of a fire and additionally seal the window.<\/strong> The frames are also made of non-combustible or flame-retardant materials that retain their shape and function even under extreme loads. Innovative seals ensure that no smoke gases can penetrate and that all connection joints remain permanently protected. Precise manufacturing and regular quality control ensure that every F90 fire-resistant window meets the strict testing standards and offers constant protection.<\/p><\/div><\/div>\n\n\n\n<div class=\"wp-block-uagb-buttons uagb-buttons__outer-wrap uagb-btn__default-btn uagb-btn-tablet__default-btn uagb-btn-mobile__default-btn uagb-block-3c243836\"><div class=\"uagb-buttons__wrap uagb-buttons-layout-wrap\">\n<div class=\"wp-block-uagb-buttons-child uagb-buttons__outer-wrap uagb-block-023ccfb4 wp-block-button\"><div class=\"uagb-button__wrapper\"><a class=\"uagb-buttons-repeater wp-block-button__link\" aria-label=\"\" href=\"\/en\/kontakt\/\" rel=\"follow noopener\" target=\"_self\" role=\"button\"><div class=\"uagb-button__link\">Enquire now<\/div><span class=\"uagb-button__icon uagb-button__icon-position-after\"><svg xmlns=\"https:\/\/www.w3.org\/2000\/svg\" viewbox=\"0 0 448 512\" aria-hidden=\"true\" focussable=\"false\"><path d=\"M438.6 278.6l-160 160C272.4 444.9 264.2 448 256 448s-16.38-3.125-22.62-9.375c-12.5-12.5-12.5-32.75 0-45.25L338.8 288H32C14.33 288 .0016 273.7 .0016 256S14.33 224 32 224h306.8l-105.4-105.4c-12.5-12.5-12.5-32.75 0-45.25s32.75-12.5 45.25 0l160 160C451.1 245.9 451.1 266.1 438.6 278.6z\"><\/path><\/svg><\/span><\/a><\/div><\/div>\n<\/div><\/div>\n<\/div>\n\n\n\n<div class=\"wp-block-uagb-container uagb-block-60efe03b\">\n<div style=\"height:700px\" aria-hidden=\"true\" class=\"wp-block-spacer\"><\/div>\n<\/div>\n<\/div><\/div>\n\n\n\n<div id=\"A2\" class=\"wp-block-uagb-container uagb-layout-flex uagb-block-2ea38206 alignfull uagb-is-root-container\"><div class=\"uagb-container-inner-blocks-wrap\">\n<div class=\"wp-block-uagb-container uagb-block-78f42abf\">\n<div class=\"wp-block-uagb-info-box uagb-block-58d7f83f uagb-infobox__content-wrap  uagb-infobox-icon-above-title uagb-infobox-image-valign-top\"><div class=\"uagb-ifb-content\"><div class=\"uagb-ifb-title-wrap\"><h2 class=\"uagb-ifb-title\">Advantages and added value of an F90 fire-resistant window<\/h2><\/div><p class=\"uagb-ifb-desc\"><strong>An F90 fire protection window not only offers invaluable benefits in an emergency, but also impresses with numerous added values in everyday life.<\/strong> Thanks to its special design, it contributes significantly to the safety of people and property and fulfils the high requirements of modern fire protection concepts. <strong>In addition, the high-quality glazing ensures excellent thermal insulation so that heating costs can be reduced in the long term.<\/strong> Many F90 models also offer sound insulation functions and can be combined with burglar resistance, making the window a versatile solution for a wide variety of buildings. Durability is also an important factor: the robust materials and careful workmanship ensure that an F90 fire protection window functions reliably for many years and requires hardly any maintenance. For building owners and operators, this means a sustainable investment in safety, efficiency and maintaining the value of the property.<\/p><\/div><\/div>\n\n\n\n<div class=\"wp-block-uagb-buttons uagb-buttons__outer-wrap uagb-btn__default-btn uagb-btn-tablet__default-btn uagb-btn-mobile__default-btn uagb-block-79c8a546\"><div class=\"uagb-buttons__wrap uagb-buttons-layout-wrap\">\n<div class=\"wp-block-uagb-buttons-child uagb-buttons__outer-wrap uagb-block-ee6bc0ce wp-block-button\"><div class=\"uagb-button__wrapper\"><a class=\"uagb-buttons-repeater wp-block-button__link\" aria-label=\"\" href=\"\/en\/kontakt\/\" rel=\"follow noopener\" target=\"_self\" role=\"button\"><div class=\"uagb-button__link\">Enquire now<\/div><span class=\"uagb-button__icon uagb-button__icon-position-after\"><svg xmlns=\"https:\/\/www.w3.org\/2000\/svg\" viewbox=\"0 0 448 512\" aria-hidden=\"true\" focussable=\"false\"><path d=\"M438.6 278.6l-160 160C272.4 444.9 264.2 448 256 448s-16.38-3.125-22.62-9.375c-12.5-12.5-12.5-32.75 0-45.25L338.8 288H32C14.33 288 .0016 273.7 .0016 256S14.33 224 32 224h306.8l-105.4-105.4c-12.5-12.5-12.5-32.75 0-45.25s32.75-12.5 45.25 0l160 160C451.1 245.9 451.1 266.1 438.6 278.6z\"><\/path><\/svg><\/span><\/a><\/div><\/div>\n<\/div><\/div>\n<\/div>\n\n\n\n<div class=\"wp-block-uagb-container uagb-block-b11096a3\">\n<div style=\"height:600px\" aria-hidden=\"true\" class=\"wp-block-spacer\"><\/div>\n<\/div>\n<\/div><\/div>\n\n\n\n<div id=\"A3\" class=\"wp-block-uagb-container uagb-layout-flex uagb-block-b19adad0 alignfull uagb-is-root-container\"><div class=\"uagb-container-inner-blocks-wrap\">\n<div class=\"wp-block-uagb-container uagb-block-3d01c334\">\n<div class=\"wp-block-uagb-info-box uagb-block-2cc220e7 uagb-infobox__content-wrap  uagb-infobox-icon-above-title uagb-infobox-image-valign-top\"><div class=\"uagb-ifb-content\"><div class=\"uagb-ifb-title-wrap\"><h2 class=\"uagb-ifb-title\">Sustainability, environmental protection and funding opportunities<\/h2><\/div><p class=\"uagb-ifb-desc\"><strong>Beelitz attaches particular importance to sustainability and environmental compatibility in the development and production of F90 fire-resistant windows.<\/strong> Recyclable materials and innovative manufacturing processes that minimise the ecological footprint are preferred. <strong>The high energy efficiency and long service life of the windows help to conserve resources and keep operating costs low in the long term.<\/strong> In addition, there are numerous state subsidy programmes that provide financial support for the installation of F90 fire-resistant windows - both for new builds and renovations. Beelitz will be happy to advise you on all funding opportunities and guide you through the entire application process so that you can benefit from all the advantages.<\/p><\/div><\/div>\n\n\n\n<div class=\"wp-block-uagb-buttons uagb-buttons__outer-wrap uagb-btn__default-btn uagb-btn-tablet__default-btn uagb-btn-mobile__default-btn uagb-block-4a2c9ade\"><div class=\"uagb-buttons__wrap uagb-buttons-layout-wrap\">\n<div class=\"wp-block-uagb-buttons-child uagb-buttons__outer-wrap uagb-block-e661f928 wp-block-button\"><div class=\"uagb-button__wrapper\"><a class=\"uagb-buttons-repeater wp-block-button__link\" aria-label=\"\" href=\"\/en\/kontakt\/\" rel=\"follow noopener\" target=\"_self\" role=\"button\"><div class=\"uagb-button__link\">Enquire now<\/div><span class=\"uagb-button__icon uagb-button__icon-position-after\"><svg xmlns=\"https:\/\/www.w3.org\/2000\/svg\" viewbox=\"0 0 448 512\" aria-hidden=\"true\" focussable=\"false\"><path d=\"M438.6 278.6l-160 160C272.4 444.9 264.2 448 256 448s-16.38-3.125-22.62-9.375c-12.5-12.5-12.5-32.75 0-45.25L338.8 288H32C14.33 288 .0016 273.7 .0016 256S14.33 224 32 224h306.8l-105.4-105.4c-12.5-12.5-12.5-32.75 0-45.25s32.75-12.5 45.25 0l160 160C451.1 245.9 451.1 266.1 438.6 278.6z\"><\/path><\/svg><\/span><\/a><\/div><\/div>\n<\/div><\/div>\n<\/div>\n\n\n\n<div class=\"wp-block-uagb-container uagb-block-5caeae0c\">\n<div style=\"height:550px\" aria-hidden=\"true\" class=\"wp-block-spacer\"><\/div>\n<\/div>\n<\/div><\/div>\n\n\n\n<div id=\"A4\" class=\"wp-block-uagb-container uagb-layout-flex uagb-block-d98abdb7 alignfull uagb-is-root-container\"><div class=\"uagb-container-inner-blocks-wrap\">\n<div class=\"wp-block-uagb-container uagb-block-42d7dbe6\">\n<div class=\"wp-block-uagb-info-box uagb-block-1f599241 uagb-infobox__content-wrap  uagb-infobox-icon-above-title uagb-infobox-image-valign-top\"><div class=\"uagb-ifb-content\"><div class=\"uagb-ifb-title-wrap\"><h2 class=\"uagb-ifb-title\">Advice, planning and customised service for your F90 fire protection window<\/h2><\/div><p class=\"uagb-ifb-desc\"><strong>The path to the optimum F90 fire protection window begins with a comprehensive consultation focussing on your individual requirements, the fire protection concept and the structural conditions.<\/strong> The Beelitz team analyses on site which window solution is best suited to your project and develops a tailor-made concept. <strong>From the selection of the right glazing to precise production and professional installation, Beelitz supports you with experience, technical expertise and high quality standards.<\/strong> Even after installation, the team is at your disposal for maintenance, retrofitting and all questions relating to fire protection and safety. Use the <a href=\"https:\/\/www.tischlerei-beelitz.com\/en\/kontakt\/\" target=\"_blank\" rel=\"noreferrer noopener\">Contact form<\/a>, to arrange a consultation and find the best solution for your building together.<\/p><\/div><\/div>\n\n\n\n<div class=\"wp-block-uagb-buttons uagb-buttons__outer-wrap uagb-btn__default-btn uagb-btn-tablet__default-btn uagb-btn-mobile__default-btn uagb-block-39fba8ce\"><div class=\"uagb-buttons__wrap uagb-buttons-layout-wrap\">\n<div class=\"wp-block-uagb-buttons-child uagb-buttons__outer-wrap uagb-block-1f0b0142 wp-block-button\"><div class=\"uagb-button__wrapper\"><a class=\"uagb-buttons-repeater wp-block-button__link\" aria-label=\"\" href=\"\/en\/kontakt\/\" rel=\"follow noopener\" target=\"_self\" role=\"button\"><div class=\"uagb-button__link\">Enquire now<\/div><span class=\"uagb-button__icon uagb-button__icon-position-after\"><svg xmlns=\"https:\/\/www.w3.org\/2000\/svg\" viewbox=\"0 0 448 512\" aria-hidden=\"true\" focussable=\"false\"><path d=\"M438.6 278.6l-160 160C272.4 444.9 264.2 448 256 448s-16.38-3.125-22.62-9.375c-12.5-12.5-12.5-32.75 0-45.25L338.8 288H32C14.33 288 .0016 273.7 .0016 256S14.33 224 32 224h306.8l-105.4-105.4c-12.5-12.5-12.5-32.75 0-45.25s32.75-12.5 45.25 0l160 160C451.1 245.9 451.1 266.1 438.6 278.6z\"><\/path><\/svg><\/span><\/a><\/div><\/div>\n<\/div><\/div>\n<\/div>\n\n\n\n<div class=\"wp-block-uagb-container uagb-block-a796488e\">\n<div style=\"height:550px\" aria-hidden=\"true\" class=\"wp-block-spacer\"><\/div>\n<\/div>\n<\/div><\/div>\n\n\n\n<div class=\"wp-block-uagb-container uagb-layout-grid uagb-block-e5a09865 alignfull uagb-is-root-container\"><div class=\"uagb-container-inner-blocks-wrap\">\n<div class=\"wp-block-uagb-advanced-heading uagb-block-50fe1be9\"><h2 class=\"uagb-heading-text\">F90 fire-resistant windows - Our brochure and certificates<\/h2><p class=\"uagb-desc-text\">Download now<\/p><\/div>\n\n\n\n<div class=\"wp-block-uagb-container uagb-layout-flex uagb-block-c469e59d\">\n<div class=\"wp-block-uagb-advanced-heading uagb-block-aa481f6f\"><p class=\"uagb-desc-text\">Further information as PDF<\/p><\/div>\n\n\n\n<div class=\"wp-block-uagb-icon-list uagb-block-b0352bf6\"><div class=\"uagb-icon-list__wrap\">\n<div class=\"wp-block-uagb-icon-list-child uagb-block-6a8197e8\"><a target=\"_blank\" aria-label=\"Brochure of fire protection window systems\" rel=\"noopener noreferrer\" href=\"https:\/\/www.tischlerei-beelitz.com\/wp-content\/uploads\/2025\/07\/Broschuere_MB_Fenster_Versand.pdf\"> <\/a><span class=\"uagb-icon-list__source-wrap\"><svg xmlns=\"https:\/\/www.w3.org\/2000\/svg\" viewbox=\"0 0 512 512\"><path d=\"M256 0C114.6 0 0 114.6 0 256c0 141.4 114.6 256 256 256s256-114.6 256-256C512 114.6 397.4 0 256 0zM406.6 278.6l-103.1 103.1c-12.5 12.5-32.75 12.5-45.25 0s-12.5-32.75 0-45.25L306.8 288H128C110.3 288 96 273.7 96 256s14.31-32 32-32h178.8l-49.38-49.38c-12.5-12.5-12.5-32.75 0-45.25s32.75-12.5 45.25 0l103.1 103.1C414.6 241.3 416 251.1 416 256C416 260.9 414.6 270.7 406.6 278.6z\"><\/path><\/svg><\/span><span class=\"uagb-icon-list__label\">Brochure of fire protection window systems<\/span><\/div>\n\n\n\n<div class=\"wp-block-uagb-icon-list-child uagb-block-f5d7a337\"><a target=\"_blank\" aria-label=\"Certificate certifying the constancy of performance of F90 fire-resistant windows\" rel=\"noopener noreferrer\" href=\"https:\/\/www.tischlerei-beelitz.com\/wp-content\/uploads\/2025\/07\/277-9028256-3-de-3-11.08.2023_PB166219.pdf\"> <\/a><span class=\"uagb-icon-list__source-wrap\"><svg xmlns=\"https:\/\/www.w3.org\/2000\/svg\" viewbox=\"0 0 512 512\"><path d=\"M256 0C114.6 0 0 114.6 0 256c0 141.4 114.6 256 256 256s256-114.6 256-256C512 114.6 397.4 0 256 0zM406.6 278.6l-103.1 103.1c-12.5 12.5-32.75 12.5-45.25 0s-12.5-32.75 0-45.25L306.8 288H128C110.3 288 96 273.7 96 256s14.31-32 32-32h178.8l-49.38-49.38c-12.5-12.5-12.5-32.75 0-45.25s32.75-12.5 45.25 0l103.1 103.1C414.6 241.3 416 251.1 416 256C416 260.9 414.6 270.7 406.6 278.6z\"><\/path><\/svg><\/span><span class=\"uagb-icon-list__label\">Certificate certifying the constancy of performance of F90 fire-resistant windows<\/span><\/div>\n\n\n\n<div class=\"wp-block-uagb-icon-list-child uagb-block-b3927868\"><a target=\"_blank\" aria-label=\"Installation and maintenance instructions for F90 fire-resistant windows\" rel=\"noopener noreferrer\" href=\"https:\/\/www.tischlerei-beelitz.com\/wp-content\/uploads\/2025\/07\/Montage-Wartungsanleitung-EI90-Fenster-Stand-01_2025.pdf\"> <\/a><span class=\"uagb-icon-list__source-wrap\"><svg xmlns=\"https:\/\/www.w3.org\/2000\/svg\" viewbox=\"0 0 512 512\"><path d=\"M256 0C114.6 0 0 114.6 0 256c0 141.4 114.6 256 256 256s256-114.6 256-256C512 114.6 397.4 0 256 0zM406.6 278.6l-103.1 103.1c-12.5 12.5-32.75 12.5-45.25 0s-12.5-32.75 0-45.25L306.8 288H128C110.3 288 96 273.7 96 256s14.31-32 32-32h178.8l-49.38-49.38c-12.5-12.5-12.5-32.75 0-45.25s32.75-12.5 45.25 0l103.1 103.1C414.6 241.3 416 251.1 416 256C416 260.9 414.6 270.7 406.6 278.6z\"><\/path><\/svg><\/span><span class=\"uagb-icon-list__label\">Installation and maintenance instructions for F90 fire-resistant windows<\/span><\/div>\n<\/div><\/div>\n<\/div>\n<\/div><\/div>\n\n\n\n<div class=\"wp-block-uagb-container uagb-block-35fade0c alignfull uagb-is-root-container\">\t\t\t\t\t<div\n\t\t\t\t\t\tclass=\"wp-block-uagb-image-gallery uagb-block-b712808f\"\n\t\t\t\t\t\tstyle=\"\"\n\t\t\t\t\t>\n\t\t\t\t\t\t\t\t\t\t\t<div class=\"spectra-image-gallery spectra-image-gallery__layout--grid spectra-image-gallery__layout--grid-col-6 spectra-image-gallery__layout--grid-col-tab-3 spectra-image-gallery__layout--grid-col-mob-2\">\n\t\t\t\t\t\t\t\t\t\t\t<div class='spectra-image-gallery__media-wrapper' data-spectra-gallery-image-id='561' tabindex=\"0\">\n\t\t\t\t\t\t\t<div class=\"spectra-image-gallery__media spectra-image-gallery__media--grid\">\n\t\t\t\t<picture>\n\t\t\t\t\t<source media=\"(min-width: 1024px)\" srcset=\"https:\/\/www.tischlerei-beelitz.com\/wp-content\/uploads\/2025\/05\/brandschutzpruefung-unter-feuerbelastung-1024x683.jpg\">\n\t\t\t\t\t<source media=\"(min-width: 768px)\" srcset=\"https:\/\/www.tischlerei-beelitz.com\/wp-content\/uploads\/2025\/05\/brandschutzpruefung-unter-feuerbelastung-1024x683.jpg\">\n\t\t\t\t\t<img decoding=\"async\" class=\"spectra-image-gallery__media-thumbnail spectra-image-gallery__media-thumbnail--grid\" src=\"https:\/\/www.tischlerei-beelitz.com\/wp-content\/uploads\/2025\/05\/brandschutzpruefung-unter-feuerbelastung-300x200.jpg\" alt=\"Eine Person testet mit einer Fackel die Feuerbest\u00e4ndigkeit einer Brandschutzt\u00fcr, wodurch Flammen und Verkohlungen entstehen. Im Hintergrund sind Holzstrukturen und B\u00e4ume zu sehen.\" loading=\"lazy\" \/>\n\t\t\t\t<\/picture>\n\t\t\t\t<div class=\"spectra-image-gallery__media-thumbnail-blurrer\"><\/div>\n\t\t\t\t\t\t\t\t\t\t\t<div class=\"spectra-image-gallery__media-thumbnail-caption-wrapper spectra-image-gallery__media-thumbnail-caption-wrapper--overlay\"><\/div>\n\t\t\t\t\t\t\t\t<\/div>\n\t\t\t\t\t\t<\/div>\n\t\t\t\t\t\t<div class='spectra-image-gallery__media-wrapper' data-spectra-gallery-image-id='638' tabindex=\"0\">\n\t\t\t\t\t\t\t<div class=\"spectra-image-gallery__media spectra-image-gallery__media--grid\">\n\t\t\t\t<picture>\n\t\t\t\t\t<source media=\"(min-width: 1024px)\" srcset=\"https:\/\/www.tischlerei-beelitz.com\/wp-content\/uploads\/2025\/07\/brandschutzfenster-test.jpg\">\n\t\t\t\t\t<source media=\"(min-width: 768px)\" srcset=\"https:\/\/www.tischlerei-beelitz.com\/wp-content\/uploads\/2025\/07\/brandschutzfenster-test.jpg\">\n\t\t\t\t\t<img decoding=\"async\" class=\"spectra-image-gallery__media-thumbnail spectra-image-gallery__media-thumbnail--grid\" src=\"https:\/\/www.tischlerei-beelitz.com\/wp-content\/uploads\/2025\/07\/brandschutzfenster-test-300x225.jpg\" alt=\"Ein gro\u00dfes Brandschutzfenster wird in einem Labor einem Feuerwiderstandstest unterzogen. Flammen und intensives orangefarbenes Licht sind hinter dem Glas sichtbar, w\u00e4hrend Kabel und Sensoren der Brandschutz Tischlerei Beelitz den Fensterrahmen \u00fcberwachen.\" loading=\"lazy\" \/>\n\t\t\t\t<\/picture>\n\t\t\t\t<div class=\"spectra-image-gallery__media-thumbnail-blurrer\"><\/div>\n\t\t\t\t\t\t\t\t\t\t\t<div class=\"spectra-image-gallery__media-thumbnail-caption-wrapper spectra-image-gallery__media-thumbnail-caption-wrapper--overlay\"><\/div>\n\t\t\t\t\t\t\t\t<\/div>\n\t\t\t\t\t\t<\/div>\n\t\t\t\t\t\t<div class='spectra-image-gallery__media-wrapper' data-spectra-gallery-image-id='950' tabindex=\"0\">\n\t\t\t\t\t\t\t<div class=\"spectra-image-gallery__media spectra-image-gallery__media--grid\">\n\t\t\t\t<picture>\n\t\t\t\t\t<source media=\"(min-width: 1024px)\" srcset=\"https:\/\/www.tischlerei-beelitz.com\/wp-content\/uploads\/2025\/07\/weisse-hauseingangstuer-mit-oberlichtfenster-brandschutz-tischlerei-beelitz-683x1024.jpg\">\n\t\t\t\t\t<source media=\"(min-width: 768px)\" srcset=\"https:\/\/www.tischlerei-beelitz.com\/wp-content\/uploads\/2025\/07\/weisse-hauseingangstuer-mit-oberlichtfenster-brandschutz-tischlerei-beelitz-683x1024.jpg\">\n\t\t\t\t\t<img decoding=\"async\" class=\"spectra-image-gallery__media-thumbnail spectra-image-gallery__media-thumbnail--grid\" src=\"https:\/\/www.tischlerei-beelitz.com\/wp-content\/uploads\/2025\/07\/weisse-hauseingangstuer-mit-oberlichtfenster-brandschutz-tischlerei-beelitz-200x300.jpg\" alt=\"Eine wei\u00dfe franz\u00f6sische Brandschutzt\u00fcr mit gro\u00dfen Glasscheiben in einer roten Backsteinmauer, mit Rundbogenfenstern dar\u00fcber und dunkelgr\u00fcnen Kachelsimsen auf beiden Seiten von der Brandschutz Tischlerei Beelitz.\" loading=\"lazy\" \/>\n\t\t\t\t<\/picture>\n\t\t\t\t<div class=\"spectra-image-gallery__media-thumbnail-blurrer\"><\/div>\n\t\t\t\t\t\t\t\t\t\t\t<div class=\"spectra-image-gallery__media-thumbnail-caption-wrapper spectra-image-gallery__media-thumbnail-caption-wrapper--overlay\"><\/div>\n\t\t\t\t\t\t\t\t<\/div>\n\t\t\t\t\t\t<\/div>\n\t\t\t\t\t\t<div class='spectra-image-gallery__media-wrapper' data-spectra-gallery-image-id='814' tabindex=\"0\">\n\t\t\t\t\t\t\t<div class=\"spectra-image-gallery__media spectra-image-gallery__media--grid\">\n\t\t\t\t<picture>\n\t\t\t\t\t<source media=\"(min-width: 1024px)\" srcset=\"https:\/\/www.tischlerei-beelitz.com\/wp-content\/uploads\/2025\/05\/feuerloescher-brandschutz-tischlerei-beelitz.jpg\">\n\t\t\t\t\t<source media=\"(min-width: 768px)\" srcset=\"https:\/\/www.tischlerei-beelitz.com\/wp-content\/uploads\/2025\/05\/feuerloescher-brandschutz-tischlerei-beelitz.jpg\">\n\t\t\t\t\t<img decoding=\"async\" class=\"spectra-image-gallery__media-thumbnail spectra-image-gallery__media-thumbnail--grid\" src=\"https:\/\/www.tischlerei-beelitz.com\/wp-content\/uploads\/2025\/05\/feuerloescher-brandschutz-tischlerei-beelitz-300x201.jpg\" alt=\"F\u00fcnf rote Feuerl\u00f6scher sind in einer Reihe an einer gr\u00fcnen Holzwand montiert, ideal f\u00fcr Umgebungen mit Brandschutzfenster oder einer Brandschutzt\u00fcr von Brandschutz Tischlerei Beelitz. Jeder Feuerl\u00f6scher hat einen Schlauch und wei\u00dfe Aufkleber mit Anweisungen und Symbolen auf der Vorderseite.\" loading=\"lazy\" \/>\n\t\t\t\t<\/picture>\n\t\t\t\t<div class=\"spectra-image-gallery__media-thumbnail-blurrer\"><\/div>\n\t\t\t\t\t\t\t\t\t\t\t<div class=\"spectra-image-gallery__media-thumbnail-caption-wrapper spectra-image-gallery__media-thumbnail-caption-wrapper--overlay\"><\/div>\n\t\t\t\t\t\t\t\t<\/div>\n\t\t\t\t\t\t<\/div>\n\t\t\t\t\t\t<div class='spectra-image-gallery__media-wrapper' data-spectra-gallery-image-id='1090' tabindex=\"0\">\n\t\t\t\t\t\t\t<div class=\"spectra-image-gallery__media spectra-image-gallery__media--grid\">\n\t\t\t\t<picture>\n\t\t\t\t\t<source media=\"(min-width: 1024px)\" srcset=\"https:\/\/www.tischlerei-beelitz.com\/wp-content\/uploads\/2025\/07\/brandschutzfenster-waehrend-eines-tests-1024x577.jpg\">\n\t\t\t\t\t<source media=\"(min-width: 768px)\" srcset=\"https:\/\/www.tischlerei-beelitz.com\/wp-content\/uploads\/2025\/07\/brandschutzfenster-waehrend-eines-tests-1024x577.jpg\">\n\t\t\t\t\t<img decoding=\"async\" class=\"spectra-image-gallery__media-thumbnail spectra-image-gallery__media-thumbnail--grid\" src=\"https:\/\/www.tischlerei-beelitz.com\/wp-content\/uploads\/2025\/07\/brandschutzfenster-waehrend-eines-tests-300x169.jpg\" alt=\"Gro\u00dfe Fenster, m\u00f6glicherweise Brandschutzfenster, sind starken Flammen und Hitze ausgesetzt, wobei das Glas zerspringt und Rauch aus der linken Seite aufsteigt - ein Hinweis darauf, dass ein Brand oder ein Feuerwiderstandstest der Brandschutz Tischlerei Beelitz im Gange ist.\" loading=\"lazy\" \/>\n\t\t\t\t<\/picture>\n\t\t\t\t<div class=\"spectra-image-gallery__media-thumbnail-blurrer\"><\/div>\n\t\t\t\t\t\t\t\t\t\t\t<div class=\"spectra-image-gallery__media-thumbnail-caption-wrapper spectra-image-gallery__media-thumbnail-caption-wrapper--overlay\"><\/div>\n\t\t\t\t\t\t\t\t<\/div>\n\t\t\t\t\t\t<\/div>\n\t\t\t\t\t\t<div class='spectra-image-gallery__media-wrapper' data-spectra-gallery-image-id='1096' tabindex=\"0\">\n\t\t\t\t\t\t\t<div class=\"spectra-image-gallery__media spectra-image-gallery__media--grid\">\n\t\t\t\t<picture>\n\t\t\t\t\t<source media=\"(min-width: 1024px)\" srcset=\"https:\/\/www.tischlerei-beelitz.com\/wp-content\/uploads\/2025\/07\/tuer-neben-steinsaeule-1024x681.jpg\">\n\t\t\t\t\t<source media=\"(min-width: 768px)\" srcset=\"https:\/\/www.tischlerei-beelitz.com\/wp-content\/uploads\/2025\/07\/tuer-neben-steinsaeule-1024x681.jpg\">\n\t\t\t\t\t<img decoding=\"async\" class=\"spectra-image-gallery__media-thumbnail spectra-image-gallery__media-thumbnail--grid\" src=\"https:\/\/www.tischlerei-beelitz.com\/wp-content\/uploads\/2025\/07\/tuer-neben-steinsaeule-300x199.jpg\" alt=\"Nahaufnahme einer gro\u00dfen Steins\u00e4ule neben einer Brandschutzt\u00fcr in einem Hausflur mit beigem Kachelboden und gelben W\u00e4nden. Der Bereich hinter der T\u00fcr, die von der Brandschutz Tischlerei Beelitz hergestellt wurde, ist leer und hell erleuchtet.\" loading=\"lazy\" \/>\n\t\t\t\t<\/picture>\n\t\t\t\t<div class=\"spectra-image-gallery__media-thumbnail-blurrer\"><\/div>\n\t\t\t\t\t\t\t\t\t\t\t<div class=\"spectra-image-gallery__media-thumbnail-caption-wrapper spectra-image-gallery__media-thumbnail-caption-wrapper--overlay\"><\/div>\n\t\t\t\t\t\t\t\t<\/div>\n\t\t\t\t\t\t<\/div>\n\t\t\t\t\t\t\t\t\t\t<\/div>\n\t\t\t\t\t\t\t\t\t\t\t\t\t\t\t\t\t\t<\/div>\n\t\t\t\t\t\t\t\t\t\t\t<div class='spectra-image-gallery__control-lightbox' tabindex='0'>\n\t\t\t\t\t\t\t\t\t\t\t<div class=\"swiper spectra-image-gallery__control-lightbox--main\" dir=\"\">\n\t\t\t\t\t<div class=\"swiper-wrapper\">\n\t\t\t\t\t\t\t\t\t\t\t\t\t\n\t\t\t\t\t\t\t<div class=\"swiper-slide\">\n\t\t\t\t\t\t\t\t<img class=\"swiper-lazy\" data-src=\"https:\/\/www.tischlerei-beelitz.com\/wp-content\/uploads\/2025\/05\/brandschutzpruefung-unter-feuerbelastung.jpg\" alt=\"Eine Person testet mit einer Fackel die Feuerbest\u00e4ndigkeit einer Brandschutzt\u00fcr, wodurch Flammen und Verkohlungen entstehen. Im Hintergrund sind Holzstrukturen und B\u00e4ume zu sehen.\"\/>\n\t\t\t\t\t\t\t\t<div class=\"swiper-lazy-preloader swiper-lazy-preloader-white\"><\/div>\n\t\t\t\t\t\t\t\t\t\t\t\t\t\t\t<\/div>\n\t\t\t\t\t\t\t\t\t\t\t\t\t\n\t\t\t\t\t\t\t<div class=\"swiper-slide\">\n\t\t\t\t\t\t\t\t<img class=\"swiper-lazy\" data-src=\"https:\/\/www.tischlerei-beelitz.com\/wp-content\/uploads\/2025\/07\/brandschutzfenster-test.jpg\" alt=\"Ein gro\u00dfes Brandschutzfenster wird in einem Labor einem Feuerwiderstandstest unterzogen. Flammen und intensives orangefarbenes Licht sind hinter dem Glas sichtbar, w\u00e4hrend Kabel und Sensoren der Brandschutz Tischlerei Beelitz den Fensterrahmen \u00fcberwachen.\"\/>\n\t\t\t\t\t\t\t\t<div class=\"swiper-lazy-preloader swiper-lazy-preloader-white\"><\/div>\n\t\t\t\t\t\t\t\t\t\t\t\t\t\t\t<\/div>\n\t\t\t\t\t\t\t\t\t\t\t\t\t\n\t\t\t\t\t\t\t<div class=\"swiper-slide\">\n\t\t\t\t\t\t\t\t<img class=\"swiper-lazy\" data-src=\"https:\/\/www.tischlerei-beelitz.com\/wp-content\/uploads\/2025\/07\/weisse-hauseingangstuer-mit-oberlichtfenster-brandschutz-tischlerei-beelitz.jpg\" alt=\"Eine wei\u00dfe franz\u00f6sische Brandschutzt\u00fcr mit gro\u00dfen Glasscheiben in einer roten Backsteinmauer, mit Rundbogenfenstern dar\u00fcber und dunkelgr\u00fcnen Kachelsimsen auf beiden Seiten von der Brandschutz Tischlerei Beelitz.\"\/>\n\t\t\t\t\t\t\t\t<div class=\"swiper-lazy-preloader swiper-lazy-preloader-white\"><\/div>\n\t\t\t\t\t\t\t\t\t\t\t\t\t\t\t<\/div>\n\t\t\t\t\t\t\t\t\t\t\t\t\t\n\t\t\t\t\t\t\t<div class=\"swiper-slide\">\n\t\t\t\t\t\t\t\t<img class=\"swiper-lazy\" data-src=\"https:\/\/www.tischlerei-beelitz.com\/wp-content\/uploads\/2025\/05\/feuerloescher-brandschutz-tischlerei-beelitz.jpg\" alt=\"F\u00fcnf rote Feuerl\u00f6scher sind in einer Reihe an einer gr\u00fcnen Holzwand montiert, ideal f\u00fcr Umgebungen mit Brandschutzfenster oder einer Brandschutzt\u00fcr von Brandschutz Tischlerei Beelitz. Jeder Feuerl\u00f6scher hat einen Schlauch und wei\u00dfe Aufkleber mit Anweisungen und Symbolen auf der Vorderseite.\"\/>\n\t\t\t\t\t\t\t\t<div class=\"swiper-lazy-preloader swiper-lazy-preloader-white\"><\/div>\n\t\t\t\t\t\t\t\t\t\t\t\t\t\t\t<\/div>\n\t\t\t\t\t\t\t\t\t\t\t\t\t\n\t\t\t\t\t\t\t<div class=\"swiper-slide\">\n\t\t\t\t\t\t\t\t<img class=\"swiper-lazy\" data-src=\"https:\/\/www.tischlerei-beelitz.com\/wp-content\/uploads\/2025\/07\/brandschutzfenster-waehrend-eines-tests.jpg\" alt=\"Gro\u00dfe Fenster, m\u00f6glicherweise Brandschutzfenster, sind starken Flammen und Hitze ausgesetzt, wobei das Glas zerspringt und Rauch aus der linken Seite aufsteigt - ein Hinweis darauf, dass ein Brand oder ein Feuerwiderstandstest der Brandschutz Tischlerei Beelitz im Gange ist.\"\/>\n\t\t\t\t\t\t\t\t<div class=\"swiper-lazy-preloader swiper-lazy-preloader-white\"><\/div>\n\t\t\t\t\t\t\t\t\t\t\t\t\t\t\t<\/div>\n\t\t\t\t\t\t\t\t\t\t\t\t\t\n\t\t\t\t\t\t\t<div class=\"swiper-slide\">\n\t\t\t\t\t\t\t\t<img class=\"swiper-lazy\" data-src=\"https:\/\/www.tischlerei-beelitz.com\/wp-content\/uploads\/2025\/07\/tuer-neben-steinsaeule.jpg\" alt=\"Nahaufnahme einer gro\u00dfen Steins\u00e4ule neben einer Brandschutzt\u00fcr in einem Hausflur mit beigem Kachelboden und gelben W\u00e4nden. Der Bereich hinter der T\u00fcr, die von der Brandschutz Tischlerei Beelitz hergestellt wurde, ist leer und hell erleuchtet.\"\/>\n\t\t\t\t\t\t\t\t<div class=\"swiper-lazy-preloader swiper-lazy-preloader-white\"><\/div>\n\t\t\t\t\t\t\t\t\t\t\t\t\t\t\t<\/div>\n\t\t\t\t\t\t\t\t\t\t\t<\/div>\n\t\t\t\t\t<div class=\"swiper-button-next\"><\/div>\n\t\t\t\t\t<div class=\"swiper-button-prev\"><\/div>\n\t\t\t\t<\/div>\t\t\t\n\t\t\t\t\t\t\t\t\t\t\t\t\t\t\t\t\t\t\t\t\t\t\t\t\t\t\t\t\t\t\t\t<button class='spectra-image-gallery__control-lightbox--close' aria-label=\"Close\">\n\t\t\t\t\t\t\t\t\t\t\t\t\t<svg xmlns=\"https:\/\/www.w3.org\/2000\/svg\" viewbox= \"0 0 320 512\"><path d=\"M310.6 361.4c12.5 12.5 12.5 32.75 0 45.25C304.4 412.9 296.2 416 288 416s-16.38-3.125-22.62-9.375L160 301.3L54.63 406.6C48.38 412.9 40.19 416 32 416S15.63 412.9 9.375 406.6c-12.5-12.5-12.5-32.75 0-45.25l105.4-105.4L9.375 150.6c-12.5-12.5-12.5-32.75 0-45.25s32.75-12.5 45.25 0L160 210.8l105.4-105.4c12.5-12.5 32.75-12.5 45.25 0s12.5 32.75 0 45.25l-105.4 105.4L310.6 361.4z\"><\/path><\/svg>\n\t\t\t\t\t\t\t\t\t\t\t\t<\/button>\n\t\t\t\t\t\t\t\t\t\t\t\t\t<\/div>\n\t\t\t\t\t\t\t\t\t<\/div>\n\n\n\n<div class=\"wp-block-uagb-container uagb-block-af61bce7 alignfull uagb-is-root-container\"><div class=\"uagb-container-inner-blocks-wrap\">\n<div class=\"wp-block-uagb-advanced-heading uagb-block-457cede1\"><h2 class=\"uagb-heading-text\">FAQs on F90 fire protection windows<\/h2><\/div>\n\n\n<div class=\"wp-block-uagb-faq uagb-faq__outer-wrap uagb-block-69619a56 uagb-faq-icon-row uagb-faq-layout-accordion uagb-faq-expand-first-true uagb-faq-inactive-other-true uagb-faq__wrap uagb-buttons-layout-wrap uagb-faq-equal-height\" data-faqtoggle=\"true\" role=\"tablist\"><div class=\"wp-block-uagb-faq-child uagb-faq-child__outer-wrap uagb-faq-item uagb-block-b31ecc2b\" role=\"tab\" tabindex=\"0\"><div class=\"uagb-faq-questions-button uagb-faq-questions\">\t\t\t<span class=\"uagb-icon uagb-faq-icon-wrap\">\n\t\t\t\t\t\t\t\t<svg xmlns=\"https:\/\/www.w3.org\/2000\/svg\" viewbox= \"0 0 448 512\"><path d=\"M432 256c0 17.69-14.33 32.01-32 32.01H256v144c0 17.69-14.33 31.99-32 31.99s-32-14.3-32-31.99v-144H48c-17.67 0-32-14.32-32-32.01s14.33-31.99 32-31.99H192v-144c0-17.69 14.33-32.01 32-32.01s32 14.32 32 32.01v144h144C417.7 224 432 238.3 432 256z\"><\/path><\/svg>\n\t\t\t\t\t\t\t<\/span>\n\t\t\t\t\t\t<span class=\"uagb-icon-active uagb-faq-icon-wrap\">\n\t\t\t\t\t\t\t\t<svg xmlns=\"https:\/\/www.w3.org\/2000\/svg\" viewbox= \"0 0 448 512\"><path d=\"M400 288h-352c-17.69 0-32-14.32-32-32.01s14.31-31.99 32-31.99h352c17.69 0 32 14.3 32 31.99S417.7 288 400 288z\"><\/path><\/svg>\n\t\t\t\t\t\t\t<\/span>\n\t\t\t<span class=\"uagb-question\"><strong><strong><strong><strong><strong><strong><strong><strong>What distinguishes an F90 fire-resistant window from conventional windows?<\/strong><\/strong><\/strong><\/strong><\/strong><\/strong><\/strong><\/strong><\/span><\/div><div class=\"uagb-faq-content\"><p>An F90 fire-resistant window is specially tested and certified to withstand fire and smoke for at least 90 minutes. Unlike normal windows, it consists of special multi-layer glass, fire-resistant frames and special seals. It fulfils strict legal requirements and is indispensable for escape routes and fire compartments.<\/p><\/div><\/div><div class=\"wp-block-uagb-faq-child uagb-faq-child__outer-wrap uagb-faq-item uagb-block-6a870ac0\" role=\"tab\" tabindex=\"0\"><div class=\"uagb-faq-questions-button uagb-faq-questions\">\t\t\t<span class=\"uagb-icon uagb-faq-icon-wrap\">\n\t\t\t\t\t\t\t\t<svg xmlns=\"https:\/\/www.w3.org\/2000\/svg\" viewbox= \"0 0 448 512\"><path d=\"M432 256c0 17.69-14.33 32.01-32 32.01H256v144c0 17.69-14.33 31.99-32 31.99s-32-14.3-32-31.99v-144H48c-17.67 0-32-14.32-32-32.01s14.33-31.99 32-31.99H192v-144c0-17.69 14.33-32.01 32-32.01s32 14.32 32 32.01v144h144C417.7 224 432 238.3 432 256z\"><\/path><\/svg>\n\t\t\t\t\t\t\t<\/span>\n\t\t\t\t\t\t<span class=\"uagb-icon-active uagb-faq-icon-wrap\">\n\t\t\t\t\t\t\t\t<svg xmlns=\"https:\/\/www.w3.org\/2000\/svg\" viewbox= \"0 0 448 512\"><path d=\"M400 288h-352c-17.69 0-32-14.32-32-32.01s14.31-31.99 32-31.99h352c17.69 0 32 14.3 32 31.99S417.7 288 400 288z\"><\/path><\/svg>\n\t\t\t\t\t\t\t<\/span>\n\t\t\t<span class=\"uagb-question\"><strong><strong><strong><strong><strong><strong><strong><strong>Where are F90 fire-resistant windows typically used?<\/strong><\/strong><\/strong><\/strong><\/strong><\/strong><\/strong><\/strong><\/span><\/div><div class=\"uagb-faq-content\"><p>They are used wherever the highest safety requirements apply - for example in public buildings, industrial plants, technical rooms or corridors. F90 windows are also prescribed in residential buildings with special fire protection requirements. They ensure that escape and rescue routes remain passable for a long time in the event of a fire.<\/p><\/div><\/div><div class=\"wp-block-uagb-faq-child uagb-faq-child__outer-wrap uagb-faq-item uagb-block-f14d32c4\" role=\"tab\" tabindex=\"0\"><div class=\"uagb-faq-questions-button uagb-faq-questions\">\t\t\t<span class=\"uagb-icon uagb-faq-icon-wrap\">\n\t\t\t\t\t\t\t\t<svg xmlns=\"https:\/\/www.w3.org\/2000\/svg\" viewbox= \"0 0 448 512\"><path d=\"M432 256c0 17.69-14.33 32.01-32 32.01H256v144c0 17.69-14.33 31.99-32 31.99s-32-14.3-32-31.99v-144H48c-17.67 0-32-14.32-32-32.01s14.33-31.99 32-31.99H192v-144c0-17.69 14.33-32.01 32-32.01s32 14.32 32 32.01v144h144C417.7 224 432 238.3 432 256z\"><\/path><\/svg>\n\t\t\t\t\t\t\t<\/span>\n\t\t\t\t\t\t<span class=\"uagb-icon-active uagb-faq-icon-wrap\">\n\t\t\t\t\t\t\t\t<svg xmlns=\"https:\/\/www.w3.org\/2000\/svg\" viewbox= \"0 0 448 512\"><path d=\"M400 288h-352c-17.69 0-32-14.32-32-32.01s14.31-31.99 32-31.99h352c17.69 0 32 14.3 32 31.99S417.7 288 400 288z\"><\/path><\/svg>\n\t\t\t\t\t\t\t<\/span>\n\t\t\t<span class=\"uagb-question\"><strong><strong><strong><strong><strong><strong><strong><strong><strong>How is an F90 fire protection window constructed?<\/strong><\/strong><\/strong><\/strong><\/strong><\/strong><\/strong><\/strong><\/strong><\/span><\/div><div class=\"uagb-faq-content\"><p>An F90 fire-resistant window consists of several layers of special glass, often with fire protection gel or intumescent layers, and a fire-retardant frame. The design prevents heat, flames or smoke gases from penetrating the window. All components are regularly tested and certified.<\/p><\/div><\/div><div class=\"wp-block-uagb-faq-child uagb-faq-child__outer-wrap uagb-faq-item uagb-block-7d7bba19\" role=\"tab\" tabindex=\"0\"><div class=\"uagb-faq-questions-button uagb-faq-questions\">\t\t\t<span class=\"uagb-icon uagb-faq-icon-wrap\">\n\t\t\t\t\t\t\t\t<svg xmlns=\"https:\/\/www.w3.org\/2000\/svg\" viewbox= \"0 0 448 512\"><path d=\"M432 256c0 17.69-14.33 32.01-32 32.01H256v144c0 17.69-14.33 31.99-32 31.99s-32-14.3-32-31.99v-144H48c-17.67 0-32-14.32-32-32.01s14.33-31.99 32-31.99H192v-144c0-17.69 14.33-32.01 32-32.01s32 14.32 32 32.01v144h144C417.7 224 432 238.3 432 256z\"><\/path><\/svg>\n\t\t\t\t\t\t\t<\/span>\n\t\t\t\t\t\t<span class=\"uagb-icon-active uagb-faq-icon-wrap\">\n\t\t\t\t\t\t\t\t<svg xmlns=\"https:\/\/www.w3.org\/2000\/svg\" viewbox= \"0 0 448 512\"><path d=\"M400 288h-352c-17.69 0-32-14.32-32-32.01s14.31-31.99 32-31.99h352c17.69 0 32 14.3 32 31.99S417.7 288 400 288z\"><\/path><\/svg>\n\t\t\t\t\t\t\t<\/span>\n\t\t\t<span class=\"uagb-question\"><strong><strong><strong><strong><strong><strong><strong><strong><strong>Are subsidies available for the installation of F90 fire-resistant windows?<\/strong><\/strong><\/strong><\/strong><\/strong><\/strong><\/strong><\/strong><\/strong><\/span><\/div><div class=\"uagb-faq-content\"><p>Yes, numerous government programmes support the installation of F90 fire-resistant windows with grants or favourable loans. Beelitz will help you select and apply for the right subsidy so that you can benefit from all the financial advantages.<\/p><\/div><\/div><div class=\"wp-block-uagb-faq-child uagb-faq-child__outer-wrap uagb-faq-item uagb-block-dcfe88ba\" role=\"tab\" tabindex=\"0\"><div class=\"uagb-faq-questions-button uagb-faq-questions\">\t\t\t<span class=\"uagb-icon uagb-faq-icon-wrap\">\n\t\t\t\t\t\t\t\t<svg xmlns=\"https:\/\/www.w3.org\/2000\/svg\" viewbox= \"0 0 448 512\"><path d=\"M432 256c0 17.69-14.33 32.01-32 32.01H256v144c0 17.69-14.33 31.99-32 31.99s-32-14.3-32-31.99v-144H48c-17.67 0-32-14.32-32-32.01s14.33-31.99 32-31.99H192v-144c0-17.69 14.33-32.01 32-32.01s32 14.32 32 32.01v144h144C417.7 224 432 238.3 432 256z\"><\/path><\/svg>\n\t\t\t\t\t\t\t<\/span>\n\t\t\t\t\t\t<span class=\"uagb-icon-active uagb-faq-icon-wrap\">\n\t\t\t\t\t\t\t\t<svg xmlns=\"https:\/\/www.w3.org\/2000\/svg\" viewbox= \"0 0 448 512\"><path d=\"M400 288h-352c-17.69 0-32-14.32-32-32.01s14.31-31.99 32-31.99h352c17.69 0 32 14.3 32 31.99S417.7 288 400 288z\"><\/path><\/svg>\n\t\t\t\t\t\t\t<\/span>\n\t\t\t<span class=\"uagb-question\"><strong><strong><strong><strong><strong><strong><strong><strong><strong>How does the planning and installation of an F90 fire-resistant window work?<\/strong><\/strong><\/strong><\/strong><\/strong><\/strong><\/strong><\/strong><\/strong><\/span><\/div><div class=\"uagb-faq-content\"><p>After an individual consultation and needs analysis, the F90 fire protection window is precisely planned, manufactured and installed by experienced fitters. Installation is carried out in accordance with current fire protection regulations and with the utmost precision. Beelitz is also available for maintenance and service after installation.<\/p><\/div><\/div><\/div><\/div><\/div>\n\n\n\n<p><\/p>","protected":false},"excerpt":{"rendered":"<p>Brandschutzfenster F90 Was ist ein Brandschutzfenster F90 und warum ist es so wichtig? Brandschutzfenster F90: Montage &amp; Funktion Sie haben [&hellip;]<\/p>","protected":false},"author":13,"featured_media":0,"parent":2032,"menu_order":0,"comment_status":"closed","ping_status":"closed","template":"","meta":{"_acf_changed":false,"inline_featured_image":false,"_uag_custom_page_level_css":"","site-sidebar-layout":"default","site-content-layout":"","ast-site-content-layout":"default","site-content-style":"default","site-sidebar-style":"default","ast-global-header-display":"","ast-banner-title-visibility":"","ast-main-header-display":"","ast-hfb-above-header-display":"","ast-hfb-below-header-display":"","ast-hfb-mobile-header-display":"","site-post-title":"disabled","ast-breadcrumbs-content":"","ast-featured-img":"","footer-sml-layout":"","ast-disable-related-posts":"","theme-transparent-header-meta":"","adv-header-id-meta":"","stick-header-meta":"","header-above-stick-meta":"","header-main-stick-meta":"","header-below-stick-meta":"","astra-migrate-meta-layouts":"default","ast-page-background-enabled":"default","ast-page-background-meta":{"desktop":{"background-color":"var(--ast-global-color-4)","background-image":"","background-repeat":"repeat","background-position":"center center","background-size":"auto","background-attachment":"scroll","background-type":"","background-media":"","overlay-type":"","overlay-color":"","overlay-opacity":"","overlay-gradient":""},"tablet":{"background-color":"","background-image":"","background-repeat":"repeat","background-position":"center center","background-size":"auto","background-attachment":"scroll","background-type":"","background-media":"","overlay-type":"","overlay-color":"","overlay-opacity":"","overlay-gradient":""},"mobile":{"background-color":"","background-image":"","background-repeat":"repeat","background-position":"center center","background-size":"auto","background-attachment":"scroll","background-type":"","background-media":"","overlay-type":"","overlay-color":"","overlay-opacity":"","overlay-gradient":""}},"ast-content-background-meta":{"desktop":{"background-color":"var(--ast-global-color-5)","background-image":"","background-repeat":"repeat","background-position":"center center","background-size":"auto","background-attachment":"scroll","background-type":"","background-media":"","overlay-type":"","overlay-color":"","overlay-opacity":"","overlay-gradient":""},"tablet":{"background-color":"var(--ast-global-color-5)","background-image":"","background-repeat":"repeat","background-position":"center center","background-size":"auto","background-attachment":"scroll","background-type":"","background-media":"","overlay-type":"","overlay-color":"","overlay-opacity":"","overlay-gradient":""},"mobile":{"background-color":"var(--ast-global-color-5)","background-image":"","background-repeat":"repeat","background-position":"center center","background-size":"auto","background-attachment":"scroll","background-type":"","background-media":"","overlay-type":"","overlay-color":"","overlay-opacity":"","overlay-gradient":""}},"footnotes":""},"class_list":["post-2093","page","type-page","status-publish","hentry"],"acf":[],"yoast_head":"<!-- This site is optimized with the Yoast SEO plugin v26.9 - https:\/\/yoast.com\/product\/yoast-seo-wordpress\/ -->\n<title>Brandschutzfenster F90 \u2013 Sicherheit &amp; Effizienz | Beelitz<\/title>\n<meta name=\"description\" content=\"Brandschutzfenster F90: 90 Min. Schutz, gepr\u00fcft &amp; effizient. Beratung &amp; Montage von Beelitz!\" \/>\n<meta name=\"robots\" content=\"index, follow, max-snippet:-1, max-image-preview:large, max-video-preview:-1\" \/>\n<link rel=\"canonical\" href=\"https:\/\/www.tischlerei-beelitz.com\/en\/glossar\/brandschutzfenster-f90\/\" \/>\n<meta property=\"og:locale\" content=\"en_GB\" \/>\n<meta property=\"og:type\" content=\"article\" \/>\n<meta property=\"og:title\" content=\"Brandschutzfenster F90 \u2013 Sicherheit &amp; Effizienz | Beelitz\" \/>\n<meta property=\"og:description\" content=\"Brandschutzfenster F90: 90 Min. Schutz, gepr\u00fcft &amp; effizient. Beratung &amp; Montage von Beelitz!\" \/>\n<meta property=\"og:url\" content=\"https:\/\/www.tischlerei-beelitz.com\/en\/glossar\/brandschutzfenster-f90\/\" \/>\n<meta property=\"article:publisher\" content=\"https:\/\/www.facebook.com\/mbbrandschutztischlerei\/\" \/>\n<meta property=\"article:modified_time\" content=\"2026-03-25T14:41:41+00:00\" \/>\n<meta property=\"og:image\" content=\"https:\/\/www.tischlerei-beelitz.com\/wp-content\/uploads\/2025\/07\/brandschutzfenster-offen.png\" \/>\n\t<meta property=\"og:image:width\" content=\"500\" \/>\n\t<meta property=\"og:image:height\" content=\"500\" \/>\n\t<meta property=\"og:image:type\" content=\"image\/png\" \/>\n<meta name=\"twitter:card\" content=\"summary_large_image\" \/>\n<meta name=\"twitter:title\" content=\"T90 Brandschutzt\u00fcren &amp; Festverglasungen | Beelitz\" \/>\n<meta name=\"twitter:description\" content=\"T90-Brandschutzt\u00fcren und Festverglasungen von Beelitz: individuell, gepr\u00fcft &amp; europaweit lieferbar. Jetzt beraten lassen!\" \/>\n<meta name=\"twitter:image\" content=\"https:\/\/www.tischlerei-beelitz.com\/wp-content\/uploads\/2025\/05\/brandschutzpruefung-unter-feuerbelastung.jpg\" \/>\n<meta name=\"twitter:label1\" content=\"Estimated reading time\" \/>\n\t<meta name=\"twitter:data1\" content=\"4 minutes\" \/>\n<script type=\"application\/ld+json\" class=\"yoast-schema-graph\">{\"@context\":\"https:\/\/schema.org\",\"@graph\":[{\"@type\":\"WebPage\",\"@id\":\"https:\/\/www.tischlerei-beelitz.com\/glossar\/brandschutzfenster-f90\/\",\"url\":\"https:\/\/www.tischlerei-beelitz.com\/glossar\/brandschutzfenster-f90\/\",\"name\":\"Brandschutzfenster F90 \u2013 Sicherheit & Effizienz | Beelitz\",\"isPartOf\":{\"@id\":\"https:\/\/www.tischlerei-beelitz.com\/#website\"},\"datePublished\":\"2025-12-04T09:09:55+00:00\",\"dateModified\":\"2026-03-25T14:41:41+00:00\",\"description\":\"Brandschutzfenster F90: 90 Min. Schutz, gepr\u00fcft & effizient. Beratung & Montage von Beelitz!\",\"breadcrumb\":{\"@id\":\"https:\/\/www.tischlerei-beelitz.com\/glossar\/brandschutzfenster-f90\/#breadcrumb\"},\"inLanguage\":\"en-GB\",\"potentialAction\":[{\"@type\":\"ReadAction\",\"target\":[\"https:\/\/www.tischlerei-beelitz.com\/glossar\/brandschutzfenster-f90\/\"]}]},{\"@type\":\"BreadcrumbList\",\"@id\":\"https:\/\/www.tischlerei-beelitz.com\/glossar\/brandschutzfenster-f90\/#breadcrumb\",\"itemListElement\":[{\"@type\":\"ListItem\",\"position\":1,\"name\":\"Startseite\",\"item\":\"https:\/\/www.tischlerei-beelitz.com\/\"},{\"@type\":\"ListItem\",\"position\":2,\"name\":\"Glossar\",\"item\":\"https:\/\/www.tischlerei-beelitz.com\/glossar\/\"},{\"@type\":\"ListItem\",\"position\":3,\"name\":\"Brandschutzfenster F90\"}]},{\"@type\":\"WebSite\",\"@id\":\"https:\/\/www.tischlerei-beelitz.com\/#website\",\"url\":\"https:\/\/www.tischlerei-beelitz.com\/\",\"name\":\"www.tischlerei-beelitz.com\",\"description\":\"\",\"publisher\":{\"@id\":\"https:\/\/www.tischlerei-beelitz.com\/#organization\"},\"potentialAction\":[{\"@type\":\"SearchAction\",\"target\":{\"@type\":\"EntryPoint\",\"urlTemplate\":\"https:\/\/www.tischlerei-beelitz.com\/?s={search_term_string}\"},\"query-input\":{\"@type\":\"PropertyValueSpecification\",\"valueRequired\":true,\"valueName\":\"search_term_string\"}}],\"inLanguage\":\"en-GB\"},{\"@type\":\"Organization\",\"@id\":\"https:\/\/www.tischlerei-beelitz.com\/#organization\",\"name\":\"MB Brandschutztischlerei Beelitz GmbH\",\"url\":\"https:\/\/www.tischlerei-beelitz.com\/\",\"logo\":{\"@type\":\"ImageObject\",\"inLanguage\":\"en-GB\",\"@id\":\"https:\/\/www.tischlerei-beelitz.com\/#\/schema\/logo\/image\/\",\"url\":\"https:\/\/www.tischlerei-beelitz.com\/wp-content\/uploads\/2025\/05\/logo-brandschutz-tischlerei-beelitz.png\",\"contentUrl\":\"https:\/\/www.tischlerei-beelitz.com\/wp-content\/uploads\/2025\/05\/logo-brandschutz-tischlerei-beelitz.png\",\"width\":300,\"height\":263,\"caption\":\"MB Brandschutztischlerei Beelitz GmbH\"},\"image\":{\"@id\":\"https:\/\/www.tischlerei-beelitz.com\/#\/schema\/logo\/image\/\"},\"sameAs\":[\"https:\/\/www.facebook.com\/mbbrandschutztischlerei\/\",\"https:\/\/www.instagram.com\/mb_brandschutztischlerei\/\"]}]}<\/script>\n<!-- \/ Yoast SEO plugin. -->","yoast_head_json":{"title":"F90 fire-resistant windows - safety &amp; efficiency | Beelitz","description":"F90 fire protection windows: 90 min. protection, tested &amp; efficient. Advice &amp; installation from Beelitz!","robots":{"index":"index","follow":"follow","max-snippet":"max-snippet:-1","max-image-preview":"max-image-preview:large","max-video-preview":"max-video-preview:-1"},"canonical":"https:\/\/www.tischlerei-beelitz.com\/en\/glossar\/brandschutzfenster-f90\/","og_locale":"en_GB","og_type":"article","og_title":"Brandschutzfenster F90 \u2013 Sicherheit & Effizienz | Beelitz","og_description":"Brandschutzfenster F90: 90 Min. Schutz, gepr\u00fcft & effizient. Beratung & Montage von Beelitz!","og_url":"https:\/\/www.tischlerei-beelitz.com\/en\/glossar\/brandschutzfenster-f90\/","article_publisher":"https:\/\/www.facebook.com\/mbbrandschutztischlerei\/","article_modified_time":"2026-03-25T14:41:41+00:00","og_image":[{"width":500,"height":500,"url":"https:\/\/www.tischlerei-beelitz.com\/wp-content\/uploads\/2025\/07\/brandschutzfenster-offen.png","type":"image\/png"}],"twitter_card":"summary_large_image","twitter_title":"T90 Brandschutzt\u00fcren & Festverglasungen | Beelitz","twitter_description":"T90-Brandschutzt\u00fcren und Festverglasungen von Beelitz: individuell, gepr\u00fcft & europaweit lieferbar. Jetzt beraten lassen!","twitter_image":"https:\/\/www.tischlerei-beelitz.com\/wp-content\/uploads\/2025\/05\/brandschutzpruefung-unter-feuerbelastung.jpg","twitter_misc":{"Estimated reading time":"4 minutes"},"schema":{"@context":"https:\/\/schema.org","@graph":[{"@type":"WebPage","@id":"https:\/\/www.tischlerei-beelitz.com\/glossar\/brandschutzfenster-f90\/","url":"https:\/\/www.tischlerei-beelitz.com\/glossar\/brandschutzfenster-f90\/","name":"F90 fire-resistant windows - safety &amp; efficiency | Beelitz","isPartOf":{"@id":"https:\/\/www.tischlerei-beelitz.com\/#website"},"datePublished":"2025-12-04T09:09:55+00:00","dateModified":"2026-03-25T14:41:41+00:00","description":"F90 fire protection windows: 90 min. protection, tested &amp; efficient. Advice &amp; installation from Beelitz!","breadcrumb":{"@id":"https:\/\/www.tischlerei-beelitz.com\/glossar\/brandschutzfenster-f90\/#breadcrumb"},"inLanguage":"en-GB","potentialAction":[{"@type":"ReadAction","target":["https:\/\/www.tischlerei-beelitz.com\/glossar\/brandschutzfenster-f90\/"]}]},{"@type":"BreadcrumbList","@id":"https:\/\/www.tischlerei-beelitz.com\/glossar\/brandschutzfenster-f90\/#breadcrumb","itemListElement":[{"@type":"ListItem","position":1,"name":"Startseite","item":"https:\/\/www.tischlerei-beelitz.com\/"},{"@type":"ListItem","position":2,"name":"Glossar","item":"https:\/\/www.tischlerei-beelitz.com\/glossar\/"},{"@type":"ListItem","position":3,"name":"Brandschutzfenster F90"}]},{"@type":"WebSite","@id":"https:\/\/www.tischlerei-beelitz.com\/#website","url":"https:\/\/www.tischlerei-beelitz.com\/","name":"www.tischlerei-beelitz.com","description":"","publisher":{"@id":"https:\/\/www.tischlerei-beelitz.com\/#organization"},"potentialAction":[{"@type":"SearchAction","target":{"@type":"EntryPoint","urlTemplate":"https:\/\/www.tischlerei-beelitz.com\/?s={search_term_string}"},"query-input":{"@type":"PropertyValueSpecification","valueRequired":true,"valueName":"search_term_string"}}],"inLanguage":"en-GB"},{"@type":"Organization","@id":"https:\/\/www.tischlerei-beelitz.com\/#organization","name":"MB Brandschutztischlerei Beelitz GmbH","url":"https:\/\/www.tischlerei-beelitz.com\/","logo":{"@type":"ImageObject","inLanguage":"en-GB","@id":"https:\/\/www.tischlerei-beelitz.com\/#\/schema\/logo\/image\/","url":"https:\/\/www.tischlerei-beelitz.com\/wp-content\/uploads\/2025\/05\/logo-brandschutz-tischlerei-beelitz.png","contentUrl":"https:\/\/www.tischlerei-beelitz.com\/wp-content\/uploads\/2025\/05\/logo-brandschutz-tischlerei-beelitz.png","width":300,"height":263,"caption":"MB Brandschutztischlerei Beelitz GmbH"},"image":{"@id":"https:\/\/www.tischlerei-beelitz.com\/#\/schema\/logo\/image\/"},"sameAs":["https:\/\/www.facebook.com\/mbbrandschutztischlerei\/","https:\/\/www.instagram.com\/mb_brandschutztischlerei\/"]}]}},"uagb_featured_image_src":{"full":false,"thumbnail":false,"medium":false,"medium_large":false,"large":false,"1536x1536":false,"2048x2048":false,"trp-custom-language-flag":false},"uagb_author_info":{"display_name":"cdl","author_link":"https:\/\/www.tischlerei-beelitz.com\/en\/author\/cdl\/"},"uagb_comment_info":0,"uagb_excerpt":"Brandschutzfenster F90 Was ist ein Brandschutzfenster F90 und warum ist es so wichtig? Brandschutzfenster F90: Montage &amp; Funktion Sie haben [&hellip;]","_links":{"self":[{"href":"https:\/\/www.tischlerei-beelitz.com\/en\/wp-json\/wp\/v2\/pages\/2093","targetHints":{"allow":["GET"]}}],"collection":[{"href":"https:\/\/www.tischlerei-beelitz.com\/en\/wp-json\/wp\/v2\/pages"}],"about":[{"href":"https:\/\/www.tischlerei-beelitz.com\/en\/wp-json\/wp\/v2\/types\/page"}],"author":[{"embeddable":true,"href":"https:\/\/www.tischlerei-beelitz.com\/en\/wp-json\/wp\/v2\/users\/13"}],"replies":[{"embeddable":true,"href":"https:\/\/www.tischlerei-beelitz.com\/en\/wp-json\/wp\/v2\/comments?post=2093"}],"version-history":[{"count":16,"href":"https:\/\/www.tischlerei-beelitz.com\/en\/wp-json\/wp\/v2\/pages\/2093\/revisions"}],"predecessor-version":[{"id":2321,"href":"https:\/\/www.tischlerei-beelitz.com\/en\/wp-json\/wp\/v2\/pages\/2093\/revisions\/2321"}],"up":[{"embeddable":true,"href":"https:\/\/www.tischlerei-beelitz.com\/en\/wp-json\/wp\/v2\/pages\/2032"}],"wp:attachment":[{"href":"https:\/\/www.tischlerei-beelitz.com\/en\/wp-json\/wp\/v2\/media?parent=2093"}],"curies":[{"name":"wp","href":"https:\/\/api.w.org\/{rel}","templated":true}]}}