{"id":2076,"date":"2025-11-28T14:03:13","date_gmt":"2025-11-28T14:03:13","guid":{"rendered":"https:\/\/www.tischlerei-beelitz.com\/?page_id=2076"},"modified":"2025-11-28T14:03:14","modified_gmt":"2025-11-28T14:03:14","slug":"brandschutzbeauftragter","status":"publish","type":"page","link":"https:\/\/www.tischlerei-beelitz.com\/en\/glossar\/brandschutzbeauftragter\/","title":{"rendered":"Fire protection officer"},"content":{"rendered":"<div class=\"wp-block-uagb-container uagb-block-8ecd5811 alignfull uagb-is-root-container\"><div class=\"uagb-container-inner-blocks-wrap\">\n<div class=\"wp-block-uagb-info-box uagb-block-6b632e62 uagb-infobox__content-wrap  uagb-infobox-icon-above-title uagb-infobox-image-valign-top\"><div class=\"uagb-ifb-content\"><div class=\"uagb-ifb-title-wrap\"><h1 class=\"uagb-ifb-title\"><strong><strong>Fire protection officer<\/strong><\/strong><\/h1><\/div><p class=\"uagb-ifb-desc\">Expertise and security for your construction project<\/p><\/div><\/div>\n\n\n\n<div class=\"wp-block-uagb-buttons uagb-buttons__outer-wrap uagb-btn__default-btn uagb-btn-tablet__default-btn uagb-btn-mobile__default-btn uagb-block-bb012c30\"><div class=\"uagb-buttons__wrap uagb-buttons-layout-wrap\">\n<div class=\"wp-block-uagb-buttons-child uagb-buttons__outer-wrap uagb-block-6c182800 wp-block-button\"><div class=\"uagb-button__wrapper\"><a class=\"uagb-buttons-repeater wp-block-button__link\" aria-label=\"\" href=\"\/en\/kontakt\/\" rel=\"follow noopener\" target=\"_self\" role=\"button\"><div class=\"uagb-button__link\">Enquire now<\/div><span class=\"uagb-button__icon uagb-button__icon-position-after\"><svg xmlns=\"https:\/\/www.w3.org\/2000\/svg\" viewbox=\"0 0 448 512\" aria-hidden=\"true\" focussable=\"false\"><path d=\"M438.6 278.6l-160 160C272.4 444.9 264.2 448 256 448s-16.38-3.125-22.62-9.375c-12.5-12.5-12.5-32.75 0-45.25L338.8 288H32C14.33 288 .0016 273.7 .0016 256S14.33 224 32 224h306.8l-105.4-105.4c-12.5-12.5-12.5-32.75 0-45.25s32.75-12.5 45.25 0l160 160C451.1 245.9 451.1 266.1 438.6 278.6z\"><\/path><\/svg><\/span><\/a><\/div><\/div>\n<\/div><\/div>\n<\/div><\/div>\n\n\n\n<div class=\"wp-block-uagb-container uagb-block-f138557b alignfull uagb-is-root-container\"><div class=\"uagb-container-inner-blocks-wrap\">\n<div class=\"wp-block-uagb-container uagb-block-2fa4a423\">\n<div class=\"wp-block-uagb-advanced-heading uagb-block-e31ab061\"><h2 class=\"uagb-heading-text\">The role of a fire safety officer<\/h2><\/div>\n<\/div>\n\n\n\n<div class=\"wp-block-uagb-container uagb-block-5045fb51\">\n<div class=\"wp-block-uagb-info-box uagb-block-9231769b uagb-infobox__content-wrap  uagb-infobox-icon-above-title uagb-infobox-image-valign-top\"><div class=\"uagb-ifb-content\"><div class=\"uagb-ifb-title-wrap\"><\/div><p class=\"uagb-ifb-desc\"><strong>A fire safety officer is responsible for the professional implementation and monitoring of all fire safety measures in a building.<\/strong> At Beelitz, customers benefit from comprehensive support from experienced experts who accompany both the planning and implementation of customised fire protection solutions. <strong>The fire safety officer works closely with building owners, architects and authorities to comply with legal requirements and guarantee optimum solutions for preventive fire protection.<\/strong> The focus is not only on safety, but also on adapting to the design and functional requirements of the respective project. Advice from a Beelitz fire safety officer covers all phases - from the initial idea to final acceptance. Careful monitoring and close coordination between all parties involved ensure that every construction project meets the highest safety standards.<\/p><\/div><\/div>\n<\/div>\n<\/div><\/div>\n\n\n\n<div class=\"wp-block-uagb-container uagb-block-35fade0c alignfull uagb-is-root-container\">\t\t\t\t\t<div\n\t\t\t\t\t\tclass=\"wp-block-uagb-image-gallery uagb-block-b712808f\"\n\t\t\t\t\t\tstyle=\"\"\n\t\t\t\t\t>\n\t\t\t\t\t\t\t\t\t\t\t<div class=\"spectra-image-gallery spectra-image-gallery__layout--grid spectra-image-gallery__layout--grid-col-6 spectra-image-gallery__layout--grid-col-tab-3 spectra-image-gallery__layout--grid-col-mob-2\">\n\t\t\t\t\t\t\t\t\t\t\t<div class='spectra-image-gallery__media-wrapper' data-spectra-gallery-image-id='885' tabindex=\"0\">\n\t\t\t\t\t\t\t<div class=\"spectra-image-gallery__media spectra-image-gallery__media--grid\">\n\t\t\t\t<picture>\n\t\t\t\t\t<source media=\"(min-width: 1024px)\" srcset=\"https:\/\/www.tischlerei-beelitz.com\/wp-content\/uploads\/2025\/07\/planung-und-abstimmung-im-brandschutzbereich-1024x683.jpg\">\n\t\t\t\t\t<source media=\"(min-width: 768px)\" srcset=\"https:\/\/www.tischlerei-beelitz.com\/wp-content\/uploads\/2025\/07\/planung-und-abstimmung-im-brandschutzbereich-1024x683.jpg\">\n\t\t\t\t\t<img decoding=\"async\" class=\"spectra-image-gallery__media-thumbnail spectra-image-gallery__media-thumbnail--grid\" src=\"https:\/\/www.tischlerei-beelitz.com\/wp-content\/uploads\/2025\/07\/planung-und-abstimmung-im-brandschutzbereich-300x200.jpg\" alt=\"Zwei Personen in kastanienbraunen Overalls schauen gemeinsam auf eine Tafel in der Holzwerkstatt der Brandschutz Tischlerei Beelitz. Der eine zeigt auf die Tafel, w\u00e4hrend der andere auf eine Blaupause schreibt, umgeben von Holz und Werkzeugen f\u00fcr Brandschutzfenster und T\u00fcren.\" loading=\"lazy\" \/>\n\t\t\t\t<\/picture>\n\t\t\t\t<div class=\"spectra-image-gallery__media-thumbnail-blurrer\"><\/div>\n\t\t\t\t\t\t\t\t\t\t\t<div class=\"spectra-image-gallery__media-thumbnail-caption-wrapper spectra-image-gallery__media-thumbnail-caption-wrapper--overlay\"><\/div>\n\t\t\t\t\t\t\t\t<\/div>\n\t\t\t\t\t\t<\/div>\n\t\t\t\t\t\t<div class='spectra-image-gallery__media-wrapper' data-spectra-gallery-image-id='683' tabindex=\"0\">\n\t\t\t\t\t\t\t<div class=\"spectra-image-gallery__media spectra-image-gallery__media--grid\">\n\t\t\t\t<picture>\n\t\t\t\t\t<source media=\"(min-width: 1024px)\" srcset=\"https:\/\/www.tischlerei-beelitz.com\/wp-content\/uploads\/2025\/07\/beobachtung-einer-brandschutzpruefung-1024x574.jpg\">\n\t\t\t\t\t<source media=\"(min-width: 768px)\" srcset=\"https:\/\/www.tischlerei-beelitz.com\/wp-content\/uploads\/2025\/07\/beobachtung-einer-brandschutzpruefung-1024x574.jpg\">\n\t\t\t\t\t<img decoding=\"async\" class=\"spectra-image-gallery__media-thumbnail spectra-image-gallery__media-thumbnail--grid\" src=\"https:\/\/www.tischlerei-beelitz.com\/wp-content\/uploads\/2025\/07\/beobachtung-einer-brandschutzpruefung-300x168.jpg\" alt=\"Zwei Personen mit orangefarbenen Schutzhelmen beobachten, wie ein gro\u00dfes Brandschutzfenster auf seine Feuerbest\u00e4ndigkeit gepr\u00fcft wird. Flammen und Rauch steigen im Pr\u00fcfbereich auf, w\u00e4hrend die Sicherheitsausr\u00fcstung der Brandschutz Tischlerei Beelitz die Szene umgibt.\" loading=\"lazy\" \/>\n\t\t\t\t<\/picture>\n\t\t\t\t<div class=\"spectra-image-gallery__media-thumbnail-blurrer\"><\/div>\n\t\t\t\t\t\t\t\t\t\t\t<div class=\"spectra-image-gallery__media-thumbnail-caption-wrapper spectra-image-gallery__media-thumbnail-caption-wrapper--overlay\"><\/div>\n\t\t\t\t\t\t\t\t<\/div>\n\t\t\t\t\t\t<\/div>\n\t\t\t\t\t\t<div class='spectra-image-gallery__media-wrapper' data-spectra-gallery-image-id='690' tabindex=\"0\">\n\t\t\t\t\t\t\t<div class=\"spectra-image-gallery__media spectra-image-gallery__media--grid\">\n\t\t\t\t<picture>\n\t\t\t\t\t<source media=\"(min-width: 1024px)\" srcset=\"https:\/\/www.tischlerei-beelitz.com\/wp-content\/uploads\/2025\/07\/pruefaufbau-an-brandschutzverglasung.jpg\">\n\t\t\t\t\t<source media=\"(min-width: 768px)\" srcset=\"https:\/\/www.tischlerei-beelitz.com\/wp-content\/uploads\/2025\/07\/pruefaufbau-an-brandschutzverglasung.jpg\">\n\t\t\t\t\t<img decoding=\"async\" class=\"spectra-image-gallery__media-thumbnail spectra-image-gallery__media-thumbnail--grid\" src=\"https:\/\/www.tischlerei-beelitz.com\/wp-content\/uploads\/2025\/07\/pruefaufbau-an-brandschutzverglasung-200x300.jpg\" alt=\"Nahaufnahme eines Laborpr\u00fcfger\u00e4ts mit einem runden Metallteil, das gegen ein Glasfenster gepresst wird, wahrscheinlich ein Brandschutzfenster, das mit einem Metallarm und Schl\u00e4uchen verbunden ist und m\u00f6glicherweise f\u00fcr Druckpr\u00fcfungen in der Brandschutztischlerei Beelitz verwendet wurde.\" loading=\"lazy\" \/>\n\t\t\t\t<\/picture>\n\t\t\t\t<div class=\"spectra-image-gallery__media-thumbnail-blurrer\"><\/div>\n\t\t\t\t\t\t\t\t\t\t\t<div class=\"spectra-image-gallery__media-thumbnail-caption-wrapper spectra-image-gallery__media-thumbnail-caption-wrapper--overlay\"><\/div>\n\t\t\t\t\t\t\t\t<\/div>\n\t\t\t\t\t\t<\/div>\n\t\t\t\t\t\t<div class='spectra-image-gallery__media-wrapper' data-spectra-gallery-image-id='561' tabindex=\"0\">\n\t\t\t\t\t\t\t<div class=\"spectra-image-gallery__media spectra-image-gallery__media--grid\">\n\t\t\t\t<picture>\n\t\t\t\t\t<source media=\"(min-width: 1024px)\" srcset=\"https:\/\/www.tischlerei-beelitz.com\/wp-content\/uploads\/2025\/05\/brandschutzpruefung-unter-feuerbelastung-1024x683.jpg\">\n\t\t\t\t\t<source media=\"(min-width: 768px)\" srcset=\"https:\/\/www.tischlerei-beelitz.com\/wp-content\/uploads\/2025\/05\/brandschutzpruefung-unter-feuerbelastung-1024x683.jpg\">\n\t\t\t\t\t<img decoding=\"async\" class=\"spectra-image-gallery__media-thumbnail spectra-image-gallery__media-thumbnail--grid\" src=\"https:\/\/www.tischlerei-beelitz.com\/wp-content\/uploads\/2025\/05\/brandschutzpruefung-unter-feuerbelastung-300x200.jpg\" alt=\"Eine Person testet mit einer Fackel die Feuerbest\u00e4ndigkeit einer Brandschutzt\u00fcr, wodurch Flammen und Verkohlungen entstehen. Im Hintergrund sind Holzstrukturen und B\u00e4ume zu sehen.\" loading=\"lazy\" \/>\n\t\t\t\t<\/picture>\n\t\t\t\t<div class=\"spectra-image-gallery__media-thumbnail-blurrer\"><\/div>\n\t\t\t\t\t\t\t\t\t\t\t<div class=\"spectra-image-gallery__media-thumbnail-caption-wrapper spectra-image-gallery__media-thumbnail-caption-wrapper--overlay\"><\/div>\n\t\t\t\t\t\t\t\t<\/div>\n\t\t\t\t\t\t<\/div>\n\t\t\t\t\t\t<div class='spectra-image-gallery__media-wrapper' data-spectra-gallery-image-id='499' tabindex=\"0\">\n\t\t\t\t\t\t\t<div class=\"spectra-image-gallery__media spectra-image-gallery__media--grid\">\n\t\t\t\t<picture>\n\t\t\t\t\t<source media=\"(min-width: 1024px)\" srcset=\"https:\/\/www.tischlerei-beelitz.com\/wp-content\/uploads\/2025\/05\/mann-in-produktion-schaut-auf-tablett.jpg\">\n\t\t\t\t\t<source media=\"(min-width: 768px)\" srcset=\"https:\/\/www.tischlerei-beelitz.com\/wp-content\/uploads\/2025\/05\/mann-in-produktion-schaut-auf-tablett.jpg\">\n\t\t\t\t\t<img decoding=\"async\" class=\"spectra-image-gallery__media-thumbnail spectra-image-gallery__media-thumbnail--grid\" src=\"https:\/\/www.tischlerei-beelitz.com\/wp-content\/uploads\/2025\/05\/mann-in-produktion-schaut-auf-tablett-300x200.jpg\" alt=\"ffkp-2023-126\" loading=\"lazy\" \/>\n\t\t\t\t<\/picture>\n\t\t\t\t<div class=\"spectra-image-gallery__media-thumbnail-blurrer\"><\/div>\n\t\t\t\t\t\t\t\t\t\t\t<div class=\"spectra-image-gallery__media-thumbnail-caption-wrapper spectra-image-gallery__media-thumbnail-caption-wrapper--overlay\"><\/div>\n\t\t\t\t\t\t\t\t<\/div>\n\t\t\t\t\t\t<\/div>\n\t\t\t\t\t\t<div class='spectra-image-gallery__media-wrapper' data-spectra-gallery-image-id='638' tabindex=\"0\">\n\t\t\t\t\t\t\t<div class=\"spectra-image-gallery__media spectra-image-gallery__media--grid\">\n\t\t\t\t<picture>\n\t\t\t\t\t<source media=\"(min-width: 1024px)\" srcset=\"https:\/\/www.tischlerei-beelitz.com\/wp-content\/uploads\/2025\/07\/brandschutzfenster-test.jpg\">\n\t\t\t\t\t<source media=\"(min-width: 768px)\" srcset=\"https:\/\/www.tischlerei-beelitz.com\/wp-content\/uploads\/2025\/07\/brandschutzfenster-test.jpg\">\n\t\t\t\t\t<img decoding=\"async\" class=\"spectra-image-gallery__media-thumbnail spectra-image-gallery__media-thumbnail--grid\" src=\"https:\/\/www.tischlerei-beelitz.com\/wp-content\/uploads\/2025\/07\/brandschutzfenster-test-300x225.jpg\" alt=\"Ein gro\u00dfes Brandschutzfenster wird in einem Labor einem Feuerwiderstandstest unterzogen. Flammen und intensives orangefarbenes Licht sind hinter dem Glas sichtbar, w\u00e4hrend Kabel und Sensoren der Brandschutz Tischlerei Beelitz den Fensterrahmen \u00fcberwachen.\" loading=\"lazy\" \/>\n\t\t\t\t<\/picture>\n\t\t\t\t<div class=\"spectra-image-gallery__media-thumbnail-blurrer\"><\/div>\n\t\t\t\t\t\t\t\t\t\t\t<div class=\"spectra-image-gallery__media-thumbnail-caption-wrapper spectra-image-gallery__media-thumbnail-caption-wrapper--overlay\"><\/div>\n\t\t\t\t\t\t\t\t<\/div>\n\t\t\t\t\t\t<\/div>\n\t\t\t\t\t\t\t\t\t\t<\/div>\n\t\t\t\t\t\t\t\t\t\t\t\t\t\t\t\t\t\t<\/div>\n\t\t\t\t\t\t\t\t\t\t\t<div class='spectra-image-gallery__control-lightbox' tabindex='0'>\n\t\t\t\t\t\t\t\t\t\t\t<div class=\"swiper spectra-image-gallery__control-lightbox--main\" dir=\"\">\n\t\t\t\t\t<div class=\"swiper-wrapper\">\n\t\t\t\t\t\t\t\t\t\t\t\t\t\n\t\t\t\t\t\t\t<div class=\"swiper-slide\">\n\t\t\t\t\t\t\t\t<img class=\"swiper-lazy\" data-src=\"https:\/\/www.tischlerei-beelitz.com\/wp-content\/uploads\/2025\/07\/planung-und-abstimmung-im-brandschutzbereich.jpg\" alt=\"Zwei Personen in kastanienbraunen Overalls schauen gemeinsam auf eine Tafel in der Holzwerkstatt der Brandschutz Tischlerei Beelitz. Der eine zeigt auf die Tafel, w\u00e4hrend der andere auf eine Blaupause schreibt, umgeben von Holz und Werkzeugen f\u00fcr Brandschutzfenster und T\u00fcren.\"\/>\n\t\t\t\t\t\t\t\t<div class=\"swiper-lazy-preloader swiper-lazy-preloader-white\"><\/div>\n\t\t\t\t\t\t\t\t\t\t\t\t\t\t\t<\/div>\n\t\t\t\t\t\t\t\t\t\t\t\t\t\n\t\t\t\t\t\t\t<div class=\"swiper-slide\">\n\t\t\t\t\t\t\t\t<img class=\"swiper-lazy\" data-src=\"https:\/\/www.tischlerei-beelitz.com\/wp-content\/uploads\/2025\/07\/beobachtung-einer-brandschutzpruefung.jpg\" alt=\"Zwei Personen mit orangefarbenen Schutzhelmen beobachten, wie ein gro\u00dfes Brandschutzfenster auf seine Feuerbest\u00e4ndigkeit gepr\u00fcft wird. Flammen und Rauch steigen im Pr\u00fcfbereich auf, w\u00e4hrend die Sicherheitsausr\u00fcstung der Brandschutz Tischlerei Beelitz die Szene umgibt.\"\/>\n\t\t\t\t\t\t\t\t<div class=\"swiper-lazy-preloader swiper-lazy-preloader-white\"><\/div>\n\t\t\t\t\t\t\t\t\t\t\t\t\t\t\t<\/div>\n\t\t\t\t\t\t\t\t\t\t\t\t\t\n\t\t\t\t\t\t\t<div class=\"swiper-slide\">\n\t\t\t\t\t\t\t\t<img class=\"swiper-lazy\" data-src=\"https:\/\/www.tischlerei-beelitz.com\/wp-content\/uploads\/2025\/07\/pruefaufbau-an-brandschutzverglasung.jpg\" alt=\"Nahaufnahme eines Laborpr\u00fcfger\u00e4ts mit einem runden Metallteil, das gegen ein Glasfenster gepresst wird, wahrscheinlich ein Brandschutzfenster, das mit einem Metallarm und Schl\u00e4uchen verbunden ist und m\u00f6glicherweise f\u00fcr Druckpr\u00fcfungen in der Brandschutztischlerei Beelitz verwendet wurde.\"\/>\n\t\t\t\t\t\t\t\t<div class=\"swiper-lazy-preloader swiper-lazy-preloader-white\"><\/div>\n\t\t\t\t\t\t\t\t\t\t\t\t\t\t\t<\/div>\n\t\t\t\t\t\t\t\t\t\t\t\t\t\n\t\t\t\t\t\t\t<div class=\"swiper-slide\">\n\t\t\t\t\t\t\t\t<img class=\"swiper-lazy\" data-src=\"https:\/\/www.tischlerei-beelitz.com\/wp-content\/uploads\/2025\/05\/brandschutzpruefung-unter-feuerbelastung.jpg\" alt=\"Eine Person testet mit einer Fackel die Feuerbest\u00e4ndigkeit einer Brandschutzt\u00fcr, wodurch Flammen und Verkohlungen entstehen. Im Hintergrund sind Holzstrukturen und B\u00e4ume zu sehen.\"\/>\n\t\t\t\t\t\t\t\t<div class=\"swiper-lazy-preloader swiper-lazy-preloader-white\"><\/div>\n\t\t\t\t\t\t\t\t\t\t\t\t\t\t\t<\/div>\n\t\t\t\t\t\t\t\t\t\t\t\t\t\n\t\t\t\t\t\t\t<div class=\"swiper-slide\">\n\t\t\t\t\t\t\t\t<img class=\"swiper-lazy\" data-src=\"https:\/\/www.tischlerei-beelitz.com\/wp-content\/uploads\/2025\/05\/mann-in-produktion-schaut-auf-tablett.jpg\" alt=\"ffkp-2023-126\"\/>\n\t\t\t\t\t\t\t\t<div class=\"swiper-lazy-preloader swiper-lazy-preloader-white\"><\/div>\n\t\t\t\t\t\t\t\t\t\t\t\t\t\t\t<\/div>\n\t\t\t\t\t\t\t\t\t\t\t\t\t\n\t\t\t\t\t\t\t<div class=\"swiper-slide\">\n\t\t\t\t\t\t\t\t<img class=\"swiper-lazy\" data-src=\"https:\/\/www.tischlerei-beelitz.com\/wp-content\/uploads\/2025\/07\/brandschutzfenster-test.jpg\" alt=\"Ein gro\u00dfes Brandschutzfenster wird in einem Labor einem Feuerwiderstandstest unterzogen. Flammen und intensives orangefarbenes Licht sind hinter dem Glas sichtbar, w\u00e4hrend Kabel und Sensoren der Brandschutz Tischlerei Beelitz den Fensterrahmen \u00fcberwachen.\"\/>\n\t\t\t\t\t\t\t\t<div class=\"swiper-lazy-preloader swiper-lazy-preloader-white\"><\/div>\n\t\t\t\t\t\t\t\t\t\t\t\t\t\t\t<\/div>\n\t\t\t\t\t\t\t\t\t\t\t<\/div>\n\t\t\t\t\t<div class=\"swiper-button-next\"><\/div>\n\t\t\t\t\t<div class=\"swiper-button-prev\"><\/div>\n\t\t\t\t<\/div>\t\t\t\n\t\t\t\t\t\t\t\t\t\t\t\t\t\t\t\t\t\t\t\t\t\t\t\t\t\t\t\t\t\t\t\t<button class='spectra-image-gallery__control-lightbox--close' aria-label=\"Close\">\n\t\t\t\t\t\t\t\t\t\t\t\t\t<svg xmlns=\"https:\/\/www.w3.org\/2000\/svg\" viewbox= \"0 0 320 512\"><path d=\"M310.6 361.4c12.5 12.5 12.5 32.75 0 45.25C304.4 412.9 296.2 416 288 416s-16.38-3.125-22.62-9.375L160 301.3L54.63 406.6C48.38 412.9 40.19 416 32 416S15.63 412.9 9.375 406.6c-12.5-12.5-12.5-32.75 0-45.25l105.4-105.4L9.375 150.6c-12.5-12.5-12.5-32.75 0-45.25s32.75-12.5 45.25 0L160 210.8l105.4-105.4c12.5-12.5 32.75-12.5 45.25 0s12.5 32.75 0 45.25l-105.4 105.4L310.6 361.4z\"><\/path><\/svg>\n\t\t\t\t\t\t\t\t\t\t\t\t<\/button>\n\t\t\t\t\t\t\t\t\t\t\t\t\t<\/div>\n\t\t\t\t\t\t\t\t\t<\/div>\n\n\n\n<div class=\"wp-block-uagb-container uagb-layout-flex uagb-block-f3521c56 alignfull uagb-is-root-container\"><div class=\"uagb-container-inner-blocks-wrap\">\n<div class=\"wp-block-uagb-container uagb-block-5cfc4b55\">\n<div class=\"wp-block-uagb-info-box uagb-block-a0259082 uagb-infobox__content-wrap  uagb-infobox-icon-above-title uagb-infobox-image-valign-top\"><div class=\"uagb-ifb-content\"><div class=\"uagb-ifb-title-wrap\"><h2 class=\"uagb-ifb-title\">Tasks and services of a fire safety officer<\/h2><\/div><p class=\"uagb-ifb-desc\"><strong>The tasks of a fire safety officer are varied and range from analysing risks and drawing up fire safety concepts to monitoring their implementation.<\/strong> Beelitz develops customised fire protection concepts that are tailored to the specific requirements of the building. <strong>The fire safety officer regularly checks compliance with all relevant regulations and ensures the professional selection of components such as <a href=\"https:\/\/www.tischlerei-beelitz.com\/en\/glossar\/brandschutztuer\/\" target=\"_blank\" rel=\"noreferrer noopener\">Fire doors<\/a> and <a href=\"https:\/\/www.tischlerei-beelitz.com\/en\/glossar\/brandschutzfenster\/\" target=\"_blank\" rel=\"noreferrer noopener\">Fire protection windows<\/a>.<\/strong> It also provides support in the creation of escape and rescue route plans, organises training for employees and accompanies fire safety inspections. The complete documentation of all measures ensures traceability and legal certainty. Every project benefits from a structured approach and customised solutions.<\/p><\/div><\/div>\n<\/div>\n\n\n\n<div class=\"wp-block-uagb-container uagb-block-a11e2ef9\">\n<div style=\"height:600px\" aria-hidden=\"true\" class=\"wp-block-spacer\"><\/div>\n<\/div>\n<\/div><\/div>\n\n\n\n<div class=\"wp-block-uagb-container uagb-layout-flex uagb-block-2ea38206 alignfull uagb-is-root-container\"><div class=\"uagb-container-inner-blocks-wrap\">\n<div class=\"wp-block-uagb-container uagb-block-78f42abf\">\n<div class=\"wp-block-uagb-advanced-heading uagb-block-bdae3356\"><h2 class=\"uagb-heading-text\">Advantages of an external fire safety officer<\/h2><\/div>\n\n\n\n<p><strong>An external fire protection officer brings objective expertise and up-to-date specialist knowledge to your project.<\/strong> This minimises sources of error and consistently ensures compliance with all regulations. At Beelitz, you benefit from customised solutions that meet both the legal framework and your individual requirements. <strong>Close co-operation with the Beelitz team guarantees smooth integration of fire protection into the overall planning of your construction project.<\/strong> Comprehensive services are also available to you, from concept development and the selection of tested components to Europe-wide delivery. Objective monitoring and regular checks provide additional security and transparency for all parties involved. It is particularly worth emphasising that Beelitz not only handles the technical implementation, but also all communication with the authorities and other project participants, which makes the process considerably easier and ensures comprehensive support.<\/p>\n\n\n\n<div class=\"wp-block-uagb-icon-list uagb-block-42f81b44\"><div class=\"uagb-icon-list__wrap\"><\/div><\/div>\n<\/div>\n\n\n\n<div class=\"wp-block-uagb-container uagb-block-b11096a3\">\n<div style=\"height:700px\" aria-hidden=\"true\" class=\"wp-block-spacer\"><\/div>\n<\/div>\n<\/div><\/div>\n\n\n\n<div class=\"wp-block-uagb-container uagb-layout-flex uagb-block-b19adad0 alignfull uagb-is-root-container\"><div class=\"uagb-container-inner-blocks-wrap\">\n<div class=\"wp-block-uagb-container uagb-block-3d01c334\">\n<div class=\"wp-block-uagb-info-box uagb-block-2cc220e7 uagb-infobox__content-wrap  uagb-infobox-icon-above-title uagb-infobox-image-valign-top\"><div class=\"uagb-ifb-content\"><div class=\"uagb-ifb-title-wrap\"><h2 class=\"uagb-ifb-title\">Internal cooperation and interfaces<\/h2><\/div><p class=\"uagb-ifb-desc\"><strong>The fire safety officer acts as the central interface between the client, architect, authorities and the team at Tischlerei Beelitz.<\/strong> The close coordination of all parties involved ensures that all fire protection measures are optimally harmonised. <strong>The selection of certified products, such as <a href=\"https:\/\/www.tischlerei-beelitz.com\/en\/festverglasung-ei-30\/\" target=\"_blank\" rel=\"noreferrer noopener\">Fixed glazing EI 30<\/a>, <a href=\"https:\/\/www.tischlerei-beelitz.com\/en\/festverglasung-ei-60\/\" target=\"_blank\" rel=\"noreferrer noopener\">Fixed glazing EI 60<\/a> and <a href=\"https:\/\/www.tischlerei-beelitz.com\/en\/sicherheitsfenster\/\" target=\"_blank\" rel=\"noreferrer noopener\">Security window<\/a>, is always carried out in close consultation with the fire safety officer.<\/strong> This results in durable and safe solutions that fulfil all requirements. The collaboration promotes efficient processes and ensures that the project is realised quickly. Intensive communication between all stakeholders minimises sources of error and ensures that the project runs smoothly. This is a decisive advantage, especially in complex construction projects.<\/p><\/div><\/div>\n<\/div>\n\n\n\n<div class=\"wp-block-uagb-container uagb-block-5caeae0c\">\n<div style=\"height:550px\" aria-hidden=\"true\" class=\"wp-block-spacer\"><\/div>\n<\/div>\n<\/div><\/div>\n\n\n\n<div class=\"wp-block-uagb-container uagb-layout-flex uagb-block-d98abdb7 alignfull uagb-is-root-container\"><div class=\"uagb-container-inner-blocks-wrap\">\n<div class=\"wp-block-uagb-container uagb-block-42d7dbe6\">\n<div class=\"wp-block-uagb-advanced-heading uagb-block-4447eb40\"><h2 class=\"uagb-heading-text\">Technical advice and service at Beelitz<\/h2><\/div>\n\n\n\n<p><strong>The technical advice provided by the fire protection officer covers all aspects of preventive structural fire protection.<\/strong> This includes selecting suitable materials, checking the installation situation and liaising with the authorities. <strong>You can find out more about the values, the team and the philosophy of Beelitz on the page <a href=\"https:\/\/www.tischlerei-beelitz.com\/en\/unternehmen\/\" target=\"_blank\" rel=\"noreferrer noopener\">The company<\/a>.<\/strong> If you have any questions about certificates and examinations, please visit the <a href=\"https:\/\/www.tischlerei-beelitz.com\/en\/zertifikate\/\" target=\"_blank\" rel=\"noreferrer noopener\">Certificates<\/a> available. The technical support provided by Beelitz ensures that all products and solutions meet the highest standards of quality and safety. In addition, customers benefit from comprehensive support in the preparation of all necessary documents, so that a competent contact person is always available to answer any bureaucratic questions.<\/p>\n<\/div>\n\n\n\n<div class=\"wp-block-uagb-container uagb-block-a796488e\">\n<div style=\"height:500px\" aria-hidden=\"true\" class=\"wp-block-spacer\"><\/div>\n<\/div>\n<\/div><\/div>\n\n\n\n<div class=\"wp-block-uagb-container uagb-block-28404f34 alignfull uagb-is-root-container\"><div class=\"uagb-container-inner-blocks-wrap\">\n<div class=\"wp-block-uagb-container uagb-block-a7d8b171\">\n<div class=\"wp-block-uagb-advanced-heading uagb-block-275f804b\"><h2 class=\"uagb-heading-text\">Contact us for your next project!<\/h2><\/div>\n\n\n\n<div class=\"wp-block-uagb-buttons uagb-buttons__outer-wrap uagb-btn__default-btn uagb-btn-tablet__default-btn uagb-btn-mobile__default-btn uagb-block-0d4785ee\"><div class=\"uagb-buttons__wrap uagb-buttons-layout-wrap\">\n<div class=\"wp-block-uagb-buttons-child uagb-buttons__outer-wrap uagb-block-31a97444 wp-block-button\"><div class=\"uagb-button__wrapper\"><a class=\"uagb-buttons-repeater wp-block-button__link\" aria-label=\"\" href=\"\/en\/kontakt\/\" rel=\"follow noopener\" target=\"_self\" role=\"button\"><div class=\"uagb-button__link\">Enquire now<\/div><span class=\"uagb-button__icon uagb-button__icon-position-after\"><svg xmlns=\"https:\/\/www.w3.org\/2000\/svg\" viewbox=\"0 0 448 512\" aria-hidden=\"true\" focussable=\"false\"><path d=\"M438.6 278.6l-160 160C272.4 444.9 264.2 448 256 448s-16.38-3.125-22.62-9.375c-12.5-12.5-12.5-32.75 0-45.25L338.8 288H32C14.33 288 .0016 273.7 .0016 256S14.33 224 32 224h306.8l-105.4-105.4c-12.5-12.5-12.5-32.75 0-45.25s32.75-12.5 45.25 0l160 160C451.1 245.9 451.1 266.1 438.6 278.6z\"><\/path><\/svg><\/span><\/a><\/div><\/div>\n<\/div><\/div>\n<\/div>\n<\/div><\/div>\n\n\n\n<div class=\"wp-block-uagb-container uagb-block-af61bce7 alignfull uagb-is-root-container\"><div class=\"uagb-container-inner-blocks-wrap\">\n<div class=\"wp-block-uagb-advanced-heading uagb-block-457cede1\"><h2 class=\"uagb-heading-text\">Fire safety officer - Most frequently asked questions<\/h2><\/div>\n\n\n<div class=\"wp-block-uagb-faq uagb-faq__outer-wrap uagb-block-69619a56 uagb-faq-icon-row uagb-faq-layout-accordion uagb-faq-expand-first-true uagb-faq-inactive-other-true uagb-faq__wrap uagb-buttons-layout-wrap uagb-faq-equal-height\" data-faqtoggle=\"true\" role=\"tablist\"><div class=\"wp-block-uagb-faq-child uagb-faq-child__outer-wrap uagb-faq-item uagb-block-b31ecc2b\" role=\"tab\" tabindex=\"0\"><div class=\"uagb-faq-questions-button uagb-faq-questions\">\t\t\t<span class=\"uagb-icon uagb-faq-icon-wrap\">\n\t\t\t\t\t\t\t\t<svg xmlns=\"https:\/\/www.w3.org\/2000\/svg\" viewbox= \"0 0 448 512\"><path d=\"M432 256c0 17.69-14.33 32.01-32 32.01H256v144c0 17.69-14.33 31.99-32 31.99s-32-14.3-32-31.99v-144H48c-17.67 0-32-14.32-32-32.01s14.33-31.99 32-31.99H192v-144c0-17.69 14.33-32.01 32-32.01s32 14.32 32 32.01v144h144C417.7 224 432 238.3 432 256z\"><\/path><\/svg>\n\t\t\t\t\t\t\t<\/span>\n\t\t\t\t\t\t<span class=\"uagb-icon-active uagb-faq-icon-wrap\">\n\t\t\t\t\t\t\t\t<svg xmlns=\"https:\/\/www.w3.org\/2000\/svg\" viewbox= \"0 0 448 512\"><path d=\"M400 288h-352c-17.69 0-32-14.32-32-32.01s14.31-31.99 32-31.99h352c17.69 0 32 14.3 32 31.99S417.7 288 400 288z\"><\/path><\/svg>\n\t\t\t\t\t\t\t<\/span>\n\t\t\t<span class=\"uagb-question\"><strong><strong><strong>What tasks does a fire safety officer perform?<\/strong><\/strong><\/strong><\/span><\/div><div class=\"uagb-faq-content\"><p>The fire protection officer is responsible for risk analyses, the creation of fire protection concepts, monitoring implementation and the professional selection of components such as <a href=\"https:\/\/www.tischlerei-beelitz.com\/en\/glossar\/brandschutztuer\/\" target=\"_blank\" rel=\"noreferrer noopener\">Fire doors<\/a>. He also organises training courses, draws up escape and rescue route plans and comprehensively documents all measures. The structured approach ensures seamless implementation of all requirements and offers maximum safety for your construction project.<\/p><\/div><\/div><div class=\"wp-block-uagb-faq-child uagb-faq-child__outer-wrap uagb-faq-item uagb-block-6a870ac0\" role=\"tab\" tabindex=\"0\"><div class=\"uagb-faq-questions-button uagb-faq-questions\">\t\t\t<span class=\"uagb-icon uagb-faq-icon-wrap\">\n\t\t\t\t\t\t\t\t<svg xmlns=\"https:\/\/www.w3.org\/2000\/svg\" viewbox= \"0 0 448 512\"><path d=\"M432 256c0 17.69-14.33 32.01-32 32.01H256v144c0 17.69-14.33 31.99-32 31.99s-32-14.3-32-31.99v-144H48c-17.67 0-32-14.32-32-32.01s14.33-31.99 32-31.99H192v-144c0-17.69 14.33-32.01 32-32.01s32 14.32 32 32.01v144h144C417.7 224 432 238.3 432 256z\"><\/path><\/svg>\n\t\t\t\t\t\t\t<\/span>\n\t\t\t\t\t\t<span class=\"uagb-icon-active uagb-faq-icon-wrap\">\n\t\t\t\t\t\t\t\t<svg xmlns=\"https:\/\/www.w3.org\/2000\/svg\" viewbox= \"0 0 448 512\"><path d=\"M400 288h-352c-17.69 0-32-14.32-32-32.01s14.31-31.99 32-31.99h352c17.69 0 32 14.3 32 31.99S417.7 288 400 288z\"><\/path><\/svg>\n\t\t\t\t\t\t\t<\/span>\n\t\t\t<span class=\"uagb-question\"><strong><strong><strong>When does an external fire safety officer make sense?<\/strong><\/strong><\/strong><\/span><\/div><div class=\"uagb-faq-content\"><p>An external fire safety officer is always recommended when objective and independent support for the project is required. External expertise ensures legal certainty and smooth implementation of all measures, especially in complex construction projects. The additional control and expertise offer decisive advantages for building owners and operators.<\/p><\/div><\/div><div class=\"wp-block-uagb-faq-child uagb-faq-child__outer-wrap uagb-faq-item uagb-block-f14d32c4\" role=\"tab\" tabindex=\"0\"><div class=\"uagb-faq-questions-button uagb-faq-questions\">\t\t\t<span class=\"uagb-icon uagb-faq-icon-wrap\">\n\t\t\t\t\t\t\t\t<svg xmlns=\"https:\/\/www.w3.org\/2000\/svg\" viewbox= \"0 0 448 512\"><path d=\"M432 256c0 17.69-14.33 32.01-32 32.01H256v144c0 17.69-14.33 31.99-32 31.99s-32-14.3-32-31.99v-144H48c-17.67 0-32-14.32-32-32.01s14.33-31.99 32-31.99H192v-144c0-17.69 14.33-32.01 32-32.01s32 14.32 32 32.01v144h144C417.7 224 432 238.3 432 256z\"><\/path><\/svg>\n\t\t\t\t\t\t\t<\/span>\n\t\t\t\t\t\t<span class=\"uagb-icon-active uagb-faq-icon-wrap\">\n\t\t\t\t\t\t\t\t<svg xmlns=\"https:\/\/www.w3.org\/2000\/svg\" viewbox= \"0 0 448 512\"><path d=\"M400 288h-352c-17.69 0-32-14.32-32-32.01s14.31-31.99 32-31.99h352c17.69 0 32 14.3 32 31.99S417.7 288 400 288z\"><\/path><\/svg>\n\t\t\t\t\t\t\t<\/span>\n\t\t\t<span class=\"uagb-question\"><strong><strong><strong><strong>How does the cooperation with Beelitz work?<\/strong><\/strong><\/strong><\/strong><\/span><\/div><div class=\"uagb-faq-content\"><p>The collaboration begins with a personalised consultation and risk analysis. The appropriate fire protection solutions are then planned and implemented. Throughout the entire project, you will have a dedicated contact person who will coordinate all steps and ensure that everything runs smoothly.<\/p><\/div><\/div><div class=\"wp-block-uagb-faq-child uagb-faq-child__outer-wrap uagb-faq-item uagb-block-7d7bba19\" role=\"tab\" tabindex=\"0\"><div class=\"uagb-faq-questions-button uagb-faq-questions\">\t\t\t<span class=\"uagb-icon uagb-faq-icon-wrap\">\n\t\t\t\t\t\t\t\t<svg xmlns=\"https:\/\/www.w3.org\/2000\/svg\" viewbox= \"0 0 448 512\"><path d=\"M432 256c0 17.69-14.33 32.01-32 32.01H256v144c0 17.69-14.33 31.99-32 31.99s-32-14.3-32-31.99v-144H48c-17.67 0-32-14.32-32-32.01s14.33-31.99 32-31.99H192v-144c0-17.69 14.33-32.01 32-32.01s32 14.32 32 32.01v144h144C417.7 224 432 238.3 432 256z\"><\/path><\/svg>\n\t\t\t\t\t\t\t<\/span>\n\t\t\t\t\t\t<span class=\"uagb-icon-active uagb-faq-icon-wrap\">\n\t\t\t\t\t\t\t\t<svg xmlns=\"https:\/\/www.w3.org\/2000\/svg\" viewbox= \"0 0 448 512\"><path d=\"M400 288h-352c-17.69 0-32-14.32-32-32.01s14.31-31.99 32-31.99h352c17.69 0 32 14.3 32 31.99S417.7 288 400 288z\"><\/path><\/svg>\n\t\t\t\t\t\t\t<\/span>\n\t\t\t<span class=\"uagb-question\"><strong><strong><strong><strong>What are the advantages of working with Beelitz?<\/strong><\/strong><\/strong><\/strong><\/span><\/div><div class=\"uagb-faq-content\"><p>Beelitz offers customised, certified solutions, comprehensive advice and Europe-wide delivery. The close coordination of all parties involved ensures safety, efficiency and sustainability. This results in durable and economical solutions that fulfil all requirements. You also benefit from flexible project support that caters to your individual requirements and allows for adjustments at short notice.<\/p><\/div><\/div><div class=\"wp-block-uagb-faq-child uagb-faq-child__outer-wrap uagb-faq-item uagb-block-dcfe88ba\" role=\"tab\" tabindex=\"0\"><div class=\"uagb-faq-questions-button uagb-faq-questions\">\t\t\t<span class=\"uagb-icon uagb-faq-icon-wrap\">\n\t\t\t\t\t\t\t\t<svg xmlns=\"https:\/\/www.w3.org\/2000\/svg\" viewbox= \"0 0 448 512\"><path d=\"M432 256c0 17.69-14.33 32.01-32 32.01H256v144c0 17.69-14.33 31.99-32 31.99s-32-14.3-32-31.99v-144H48c-17.67 0-32-14.32-32-32.01s14.33-31.99 32-31.99H192v-144c0-17.69 14.33-32.01 32-32.01s32 14.32 32 32.01v144h144C417.7 224 432 238.3 432 256z\"><\/path><\/svg>\n\t\t\t\t\t\t\t<\/span>\n\t\t\t\t\t\t<span class=\"uagb-icon-active uagb-faq-icon-wrap\">\n\t\t\t\t\t\t\t\t<svg xmlns=\"https:\/\/www.w3.org\/2000\/svg\" viewbox= \"0 0 448 512\"><path d=\"M400 288h-352c-17.69 0-32-14.32-32-32.01s14.31-31.99 32-31.99h352c17.69 0 32 14.3 32 31.99S417.7 288 400 288z\"><\/path><\/svg>\n\t\t\t\t\t\t\t<\/span>\n\t\t\t<span class=\"uagb-question\"><strong><strong><strong><strong>How can I request a quote?<\/strong><\/strong><\/strong><\/strong><\/span><\/div><div class=\"uagb-faq-content\"><p>Use the <a href=\"https:\/\/www.tischlerei-beelitz.com\/en\/kontakt\/\" target=\"_blank\" rel=\"noreferrer noopener\">Contact form<\/a>, for a personal consultation or a customised offer. The Beelitz team will contact you promptly and support you throughout the entire project - from the initial idea to successful realisation. The uncomplicated communication and fast response time ensure that you are always well informed and supported.<\/p><\/div><\/div><\/div><\/div><\/div>\n\n\n\n<p><\/p>","protected":false},"excerpt":{"rendered":"<p>The role of a fire safety officer Advantages of an external fire safety officer An external fire safety officer brings objective expertise and up-to-date specialist knowledge to your project [...]<\/p>","protected":false},"author":12,"featured_media":0,"parent":2032,"menu_order":0,"comment_status":"closed","ping_status":"closed","template":"","meta":{"_acf_changed":false,"inline_featured_image":false,"_uag_custom_page_level_css":"","site-sidebar-layout":"default","site-content-layout":"","ast-site-content-layout":"default","site-content-style":"default","site-sidebar-style":"default","ast-global-header-display":"","ast-banner-title-visibility":"","ast-main-header-display":"","ast-hfb-above-header-display":"","ast-hfb-below-header-display":"","ast-hfb-mobile-header-display":"","site-post-title":"disabled","ast-breadcrumbs-content":"","ast-featured-img":"","footer-sml-layout":"","ast-disable-related-posts":"","theme-transparent-header-meta":"","adv-header-id-meta":"","stick-header-meta":"","header-above-stick-meta":"","header-main-stick-meta":"","header-below-stick-meta":"","astra-migrate-meta-layouts":"default","ast-page-background-enabled":"default","ast-page-background-meta":{"desktop":{"background-color":"var(--ast-global-color-4)","background-image":"","background-repeat":"repeat","background-position":"center center","background-size":"auto","background-attachment":"scroll","background-type":"","background-media":"","overlay-type":"","overlay-color":"","overlay-opacity":"","overlay-gradient":""},"tablet":{"background-color":"","background-image":"","background-repeat":"repeat","background-position":"center center","background-size":"auto","background-attachment":"scroll","background-type":"","background-media":"","overlay-type":"","overlay-color":"","overlay-opacity":"","overlay-gradient":""},"mobile":{"background-color":"","background-image":"","background-repeat":"repeat","background-position":"center center","background-size":"auto","background-attachment":"scroll","background-type":"","background-media":"","overlay-type":"","overlay-color":"","overlay-opacity":"","overlay-gradient":""}},"ast-content-background-meta":{"desktop":{"background-color":"var(--ast-global-color-5)","background-image":"","background-repeat":"repeat","background-position":"center center","background-size":"auto","background-attachment":"scroll","background-type":"","background-media":"","overlay-type":"","overlay-color":"","overlay-opacity":"","overlay-gradient":""},"tablet":{"background-color":"var(--ast-global-color-5)","background-image":"","background-repeat":"repeat","background-position":"center center","background-size":"auto","background-attachment":"scroll","background-type":"","background-media":"","overlay-type":"","overlay-color":"","overlay-opacity":"","overlay-gradient":""},"mobile":{"background-color":"var(--ast-global-color-5)","background-image":"","background-repeat":"repeat","background-position":"center center","background-size":"auto","background-attachment":"scroll","background-type":"","background-media":"","overlay-type":"","overlay-color":"","overlay-opacity":"","overlay-gradient":""}},"footnotes":""},"class_list":["post-2076","page","type-page","status-publish","hentry"],"acf":[],"yoast_head":"<!-- This site is optimized with the Yoast SEO plugin v26.9 - https:\/\/yoast.com\/product\/yoast-seo-wordpress\/ -->\n<title>Brandschutzbeauftragter &amp; Beratung | Beelitz<\/title>\n<meta name=\"description\" content=\"Externer Brandschutzbeauftragter: Fachberatung, Konzept, gepr\u00fcfte Bauteile &amp; europaweite Lieferung. Jetzt Kontakt aufnehmen!\" \/>\n<meta name=\"robots\" content=\"index, follow, max-snippet:-1, max-image-preview:large, max-video-preview:-1\" \/>\n<link rel=\"canonical\" href=\"https:\/\/www.tischlerei-beelitz.com\/en\/glossar\/brandschutzbeauftragter\/\" \/>\n<meta property=\"og:locale\" content=\"en_GB\" \/>\n<meta property=\"og:type\" content=\"article\" \/>\n<meta property=\"og:title\" content=\"Brandschutzbeauftragter &amp; Beratung | Beelitz\" \/>\n<meta property=\"og:description\" content=\"Externer Brandschutzbeauftragter: Fachberatung, Konzept, gepr\u00fcfte Bauteile &amp; europaweite Lieferung. Jetzt Kontakt aufnehmen!\" \/>\n<meta property=\"og:url\" content=\"https:\/\/www.tischlerei-beelitz.com\/en\/glossar\/brandschutzbeauftragter\/\" \/>\n<meta property=\"article:publisher\" content=\"https:\/\/www.facebook.com\/mbbrandschutztischlerei\/\" \/>\n<meta property=\"article:modified_time\" content=\"2025-11-28T14:03:14+00:00\" \/>\n<meta property=\"og:image\" content=\"https:\/\/www.tischlerei-beelitz.com\/wp-content\/uploads\/2025\/05\/IMG_7401-scaled.jpg\" \/>\n\t<meta property=\"og:image:width\" content=\"2560\" \/>\n\t<meta property=\"og:image:height\" content=\"1707\" \/>\n\t<meta property=\"og:image:type\" content=\"image\/jpeg\" \/>\n<meta name=\"twitter:card\" content=\"summary_large_image\" \/>\n<meta name=\"twitter:title\" content=\"Brandschutzbeauftragter &amp; Beratung | Beelitz\" \/>\n<meta name=\"twitter:description\" content=\"Externer Brandschutzbeauftragter: Fachberatung, Konzept, gepr\u00fcfte Bauteile &amp; europaweite Lieferung. Jetzt Kontakt aufnehmen!\" \/>\n<meta name=\"twitter:image\" content=\"https:\/\/www.tischlerei-beelitz.com\/wp-content\/uploads\/2025\/05\/brandschutzpruefung-unter-feuerbelastung.jpg\" \/>\n<meta name=\"twitter:label1\" content=\"Estimated reading time\" \/>\n\t<meta name=\"twitter:data1\" content=\"4 minutes\" \/>\n<script type=\"application\/ld+json\" class=\"yoast-schema-graph\">{\"@context\":\"https:\/\/schema.org\",\"@graph\":[{\"@type\":\"WebPage\",\"@id\":\"https:\/\/www.tischlerei-beelitz.com\/glossar\/brandschutzbeauftragter\/\",\"url\":\"https:\/\/www.tischlerei-beelitz.com\/glossar\/brandschutzbeauftragter\/\",\"name\":\"Brandschutzbeauftragter & Beratung | Beelitz\",\"isPartOf\":{\"@id\":\"https:\/\/www.tischlerei-beelitz.com\/#website\"},\"datePublished\":\"2025-11-28T14:03:13+00:00\",\"dateModified\":\"2025-11-28T14:03:14+00:00\",\"description\":\"Externer Brandschutzbeauftragter: Fachberatung, Konzept, gepr\u00fcfte Bauteile & europaweite Lieferung. Jetzt Kontakt aufnehmen!\",\"breadcrumb\":{\"@id\":\"https:\/\/www.tischlerei-beelitz.com\/glossar\/brandschutzbeauftragter\/#breadcrumb\"},\"inLanguage\":\"en-GB\",\"potentialAction\":[{\"@type\":\"ReadAction\",\"target\":[\"https:\/\/www.tischlerei-beelitz.com\/glossar\/brandschutzbeauftragter\/\"]}]},{\"@type\":\"BreadcrumbList\",\"@id\":\"https:\/\/www.tischlerei-beelitz.com\/glossar\/brandschutzbeauftragter\/#breadcrumb\",\"itemListElement\":[{\"@type\":\"ListItem\",\"position\":1,\"name\":\"Startseite\",\"item\":\"https:\/\/www.tischlerei-beelitz.com\/\"},{\"@type\":\"ListItem\",\"position\":2,\"name\":\"Glossar\",\"item\":\"https:\/\/www.tischlerei-beelitz.com\/glossar\/\"},{\"@type\":\"ListItem\",\"position\":3,\"name\":\"Brandschutzbeauftragter\"}]},{\"@type\":\"WebSite\",\"@id\":\"https:\/\/www.tischlerei-beelitz.com\/#website\",\"url\":\"https:\/\/www.tischlerei-beelitz.com\/\",\"name\":\"www.tischlerei-beelitz.com\",\"description\":\"\",\"publisher\":{\"@id\":\"https:\/\/www.tischlerei-beelitz.com\/#organization\"},\"potentialAction\":[{\"@type\":\"SearchAction\",\"target\":{\"@type\":\"EntryPoint\",\"urlTemplate\":\"https:\/\/www.tischlerei-beelitz.com\/?s={search_term_string}\"},\"query-input\":{\"@type\":\"PropertyValueSpecification\",\"valueRequired\":true,\"valueName\":\"search_term_string\"}}],\"inLanguage\":\"en-GB\"},{\"@type\":\"Organization\",\"@id\":\"https:\/\/www.tischlerei-beelitz.com\/#organization\",\"name\":\"MB Brandschutztischlerei Beelitz GmbH\",\"url\":\"https:\/\/www.tischlerei-beelitz.com\/\",\"logo\":{\"@type\":\"ImageObject\",\"inLanguage\":\"en-GB\",\"@id\":\"https:\/\/www.tischlerei-beelitz.com\/#\/schema\/logo\/image\/\",\"url\":\"https:\/\/www.tischlerei-beelitz.com\/wp-content\/uploads\/2025\/05\/logo-brandschutz-tischlerei-beelitz.png\",\"contentUrl\":\"https:\/\/www.tischlerei-beelitz.com\/wp-content\/uploads\/2025\/05\/logo-brandschutz-tischlerei-beelitz.png\",\"width\":300,\"height\":263,\"caption\":\"MB Brandschutztischlerei Beelitz GmbH\"},\"image\":{\"@id\":\"https:\/\/www.tischlerei-beelitz.com\/#\/schema\/logo\/image\/\"},\"sameAs\":[\"https:\/\/www.facebook.com\/mbbrandschutztischlerei\/\",\"https:\/\/www.instagram.com\/mb_brandschutztischlerei\/\"]}]}<\/script>\n<!-- \/ Yoast SEO plugin. -->","yoast_head_json":{"title":"Fire protection officer &amp; consulting | Beelitz","description":"External fire protection officer: specialist advice, concept, tested components &amp; Europe-wide delivery. Contact us now!","robots":{"index":"index","follow":"follow","max-snippet":"max-snippet:-1","max-image-preview":"max-image-preview:large","max-video-preview":"max-video-preview:-1"},"canonical":"https:\/\/www.tischlerei-beelitz.com\/en\/glossar\/brandschutzbeauftragter\/","og_locale":"en_GB","og_type":"article","og_title":"Brandschutzbeauftragter & Beratung | Beelitz","og_description":"Externer Brandschutzbeauftragter: Fachberatung, Konzept, gepr\u00fcfte Bauteile & europaweite Lieferung. Jetzt Kontakt aufnehmen!","og_url":"https:\/\/www.tischlerei-beelitz.com\/en\/glossar\/brandschutzbeauftragter\/","article_publisher":"https:\/\/www.facebook.com\/mbbrandschutztischlerei\/","article_modified_time":"2025-11-28T14:03:14+00:00","og_image":[{"width":2560,"height":1707,"url":"https:\/\/www.tischlerei-beelitz.com\/wp-content\/uploads\/2025\/05\/IMG_7401-scaled.jpg","type":"image\/jpeg"}],"twitter_card":"summary_large_image","twitter_title":"Brandschutzbeauftragter & Beratung | Beelitz","twitter_description":"Externer Brandschutzbeauftragter: Fachberatung, Konzept, gepr\u00fcfte Bauteile & europaweite Lieferung. Jetzt Kontakt aufnehmen!","twitter_image":"https:\/\/www.tischlerei-beelitz.com\/wp-content\/uploads\/2025\/05\/brandschutzpruefung-unter-feuerbelastung.jpg","twitter_misc":{"Estimated reading time":"4 minutes"},"schema":{"@context":"https:\/\/schema.org","@graph":[{"@type":"WebPage","@id":"https:\/\/www.tischlerei-beelitz.com\/glossar\/brandschutzbeauftragter\/","url":"https:\/\/www.tischlerei-beelitz.com\/glossar\/brandschutzbeauftragter\/","name":"Fire protection officer &amp; consulting | Beelitz","isPartOf":{"@id":"https:\/\/www.tischlerei-beelitz.com\/#website"},"datePublished":"2025-11-28T14:03:13+00:00","dateModified":"2025-11-28T14:03:14+00:00","description":"External fire protection officer: specialist advice, concept, tested components &amp; Europe-wide delivery. Contact us now!","breadcrumb":{"@id":"https:\/\/www.tischlerei-beelitz.com\/glossar\/brandschutzbeauftragter\/#breadcrumb"},"inLanguage":"en-GB","potentialAction":[{"@type":"ReadAction","target":["https:\/\/www.tischlerei-beelitz.com\/glossar\/brandschutzbeauftragter\/"]}]},{"@type":"BreadcrumbList","@id":"https:\/\/www.tischlerei-beelitz.com\/glossar\/brandschutzbeauftragter\/#breadcrumb","itemListElement":[{"@type":"ListItem","position":1,"name":"Startseite","item":"https:\/\/www.tischlerei-beelitz.com\/"},{"@type":"ListItem","position":2,"name":"Glossar","item":"https:\/\/www.tischlerei-beelitz.com\/glossar\/"},{"@type":"ListItem","position":3,"name":"Brandschutzbeauftragter"}]},{"@type":"WebSite","@id":"https:\/\/www.tischlerei-beelitz.com\/#website","url":"https:\/\/www.tischlerei-beelitz.com\/","name":"www.tischlerei-beelitz.com","description":"","publisher":{"@id":"https:\/\/www.tischlerei-beelitz.com\/#organization"},"potentialAction":[{"@type":"SearchAction","target":{"@type":"EntryPoint","urlTemplate":"https:\/\/www.tischlerei-beelitz.com\/?s={search_term_string}"},"query-input":{"@type":"PropertyValueSpecification","valueRequired":true,"valueName":"search_term_string"}}],"inLanguage":"en-GB"},{"@type":"Organization","@id":"https:\/\/www.tischlerei-beelitz.com\/#organization","name":"MB Brandschutztischlerei Beelitz GmbH","url":"https:\/\/www.tischlerei-beelitz.com\/","logo":{"@type":"ImageObject","inLanguage":"en-GB","@id":"https:\/\/www.tischlerei-beelitz.com\/#\/schema\/logo\/image\/","url":"https:\/\/www.tischlerei-beelitz.com\/wp-content\/uploads\/2025\/05\/logo-brandschutz-tischlerei-beelitz.png","contentUrl":"https:\/\/www.tischlerei-beelitz.com\/wp-content\/uploads\/2025\/05\/logo-brandschutz-tischlerei-beelitz.png","width":300,"height":263,"caption":"MB Brandschutztischlerei Beelitz GmbH"},"image":{"@id":"https:\/\/www.tischlerei-beelitz.com\/#\/schema\/logo\/image\/"},"sameAs":["https:\/\/www.facebook.com\/mbbrandschutztischlerei\/","https:\/\/www.instagram.com\/mb_brandschutztischlerei\/"]}]}},"uagb_featured_image_src":{"full":false,"thumbnail":false,"medium":false,"medium_large":false,"large":false,"1536x1536":false,"2048x2048":false,"trp-custom-language-flag":false},"uagb_author_info":{"display_name":"dgh","author_link":"https:\/\/www.tischlerei-beelitz.com\/en\/author\/dgh\/"},"uagb_comment_info":0,"uagb_excerpt":"Die Rolle eines Brandschutzbeauftragten Vorteile eines externen Brandschutzbeauftragten Ein externer Brandschutzbeauftragter bringt objektive Expertise und aktuelle Fachkenntnisse in Ihr Projekt [&hellip;]","_links":{"self":[{"href":"https:\/\/www.tischlerei-beelitz.com\/en\/wp-json\/wp\/v2\/pages\/2076","targetHints":{"allow":["GET"]}}],"collection":[{"href":"https:\/\/www.tischlerei-beelitz.com\/en\/wp-json\/wp\/v2\/pages"}],"about":[{"href":"https:\/\/www.tischlerei-beelitz.com\/en\/wp-json\/wp\/v2\/types\/page"}],"author":[{"embeddable":true,"href":"https:\/\/www.tischlerei-beelitz.com\/en\/wp-json\/wp\/v2\/users\/12"}],"replies":[{"embeddable":true,"href":"https:\/\/www.tischlerei-beelitz.com\/en\/wp-json\/wp\/v2\/comments?post=2076"}],"version-history":[{"count":3,"href":"https:\/\/www.tischlerei-beelitz.com\/en\/wp-json\/wp\/v2\/pages\/2076\/revisions"}],"predecessor-version":[{"id":2080,"href":"https:\/\/www.tischlerei-beelitz.com\/en\/wp-json\/wp\/v2\/pages\/2076\/revisions\/2080"}],"up":[{"embeddable":true,"href":"https:\/\/www.tischlerei-beelitz.com\/en\/wp-json\/wp\/v2\/pages\/2032"}],"wp:attachment":[{"href":"https:\/\/www.tischlerei-beelitz.com\/en\/wp-json\/wp\/v2\/media?parent=2076"}],"curies":[{"name":"wp","href":"https:\/\/api.w.org\/{rel}","templated":true}]}}