{"id":2038,"date":"2025-11-28T12:13:28","date_gmt":"2025-11-28T12:13:28","guid":{"rendered":"https:\/\/www.tischlerei-beelitz.com\/?page_id=2038"},"modified":"2025-11-28T12:43:41","modified_gmt":"2025-11-28T12:43:41","slug":"brandschutzfenster","status":"publish","type":"page","link":"https:\/\/www.tischlerei-beelitz.com\/en\/glossar\/brandschutzfenster\/","title":{"rendered":"Fire protection windows"},"content":{"rendered":"<div class=\"wp-block-uagb-container uagb-block-8ecd5811 alignfull uagb-is-root-container\"><div class=\"uagb-container-inner-blocks-wrap\">\n<div class=\"wp-block-uagb-info-box uagb-block-6b632e62 uagb-infobox__content-wrap  uagb-infobox-icon-above-title uagb-infobox-image-valign-top\"><div class=\"uagb-ifb-content\"><div class=\"uagb-ifb-title-wrap\"><h1 class=\"uagb-ifb-title\"><strong><strong>Fire protection windows<\/strong><\/strong><\/h1><\/div><p class=\"uagb-ifb-desc\">Innovative solutions for preventive fire protection<\/p><\/div><\/div>\n\n\n\n<div class=\"wp-block-uagb-buttons uagb-buttons__outer-wrap uagb-btn__default-btn uagb-btn-tablet__default-btn uagb-btn-mobile__default-btn uagb-block-bb012c30\"><div class=\"uagb-buttons__wrap uagb-buttons-layout-wrap\">\n<div class=\"wp-block-uagb-buttons-child uagb-buttons__outer-wrap uagb-block-6c182800 wp-block-button\"><div class=\"uagb-button__wrapper\"><a class=\"uagb-buttons-repeater wp-block-button__link\" aria-label=\"\" href=\"\/en\/kontakt\/\" rel=\"follow noopener\" target=\"_self\" role=\"button\"><div class=\"uagb-button__link\">Enquire now<\/div><span class=\"uagb-button__icon uagb-button__icon-position-after\"><svg xmlns=\"https:\/\/www.w3.org\/2000\/svg\" viewbox=\"0 0 448 512\" aria-hidden=\"true\" focussable=\"false\"><path d=\"M438.6 278.6l-160 160C272.4 444.9 264.2 448 256 448s-16.38-3.125-22.62-9.375c-12.5-12.5-12.5-32.75 0-45.25L338.8 288H32C14.33 288 .0016 273.7 .0016 256S14.33 224 32 224h306.8l-105.4-105.4c-12.5-12.5-12.5-32.75 0-45.25s32.75-12.5 45.25 0l160 160C451.1 245.9 451.1 266.1 438.6 278.6z\"><\/path><\/svg><\/span><\/a><\/div><\/div>\n<\/div><\/div>\n<\/div><\/div>\n\n\n\n<div class=\"wp-block-uagb-container uagb-block-f138557b alignfull uagb-is-root-container\"><div class=\"uagb-container-inner-blocks-wrap\">\n<div class=\"wp-block-uagb-container uagb-block-2fa4a423\">\n<div class=\"wp-block-uagb-advanced-heading uagb-block-e31ab061\"><h2 class=\"uagb-heading-text\">Customised hinge protection windows for maximum security<\/h2><p class=\"uagb-desc-text\">Customised window production with tested security and sustainable materials<\/p><\/div>\n<\/div>\n\n\n\n<div class=\"wp-block-uagb-container uagb-block-5045fb51\">\n<div class=\"wp-block-uagb-info-box uagb-block-9231769b uagb-infobox__content-wrap  uagb-infobox-icon-above-title uagb-infobox-image-valign-top\"><div class=\"uagb-ifb-content\"><div class=\"uagb-ifb-title-wrap\"><\/div><p class=\"uagb-ifb-desc\"><strong>Fire protection windows are a central element of modern fire protection and make a decisive contribution to building safety. The Beelitz joinery stands for tested quality, sustainable materials and individual solutions made of wood and wood-aluminium.<\/strong> Our products combine modern technology with traditional craftsmanship and offer maximum security, durability and design. Thanks to customised production, our windows can also be optimally adapted to challenging structural situations.<\/p><\/div><\/div>\n<\/div>\n<\/div><\/div>\n\n\n\n<div class=\"wp-block-uagb-container uagb-block-35fade0c alignfull uagb-is-root-container\">\t\t\t\t\t<div\n\t\t\t\t\t\tclass=\"wp-block-uagb-image-gallery uagb-block-b712808f\"\n\t\t\t\t\t\tstyle=\"\"\n\t\t\t\t\t>\n\t\t\t\t\t\t\t\t\t\t\t<div class=\"spectra-image-gallery spectra-image-gallery__layout--grid spectra-image-gallery__layout--grid-col-6 spectra-image-gallery__layout--grid-col-tab-3 spectra-image-gallery__layout--grid-col-mob-2\">\n\t\t\t\t\t\t\t\t\t\t\t<div class='spectra-image-gallery__media-wrapper' data-spectra-gallery-image-id='1342' tabindex=\"0\">\n\t\t\t\t\t\t\t<div class=\"spectra-image-gallery__media spectra-image-gallery__media--grid\">\n\t\t\t\t<picture>\n\t\t\t\t\t<source media=\"(min-width: 1024px)\" srcset=\"https:\/\/www.tischlerei-beelitz.com\/wp-content\/uploads\/2025\/07\/Medien-5.png\">\n\t\t\t\t\t<source media=\"(min-width: 768px)\" srcset=\"https:\/\/www.tischlerei-beelitz.com\/wp-content\/uploads\/2025\/07\/Medien-5.png\">\n\t\t\t\t\t<img decoding=\"async\" class=\"spectra-image-gallery__media-thumbnail spectra-image-gallery__media-thumbnail--grid\" src=\"https:\/\/www.tischlerei-beelitz.com\/wp-content\/uploads\/2025\/07\/Medien-5-300x300.png\" alt=\"\" loading=\"lazy\" \/>\n\t\t\t\t<\/picture>\n\t\t\t\t<div class=\"spectra-image-gallery__media-thumbnail-blurrer\"><\/div>\n\t\t\t\t\t\t\t\t\t\t\t<div class=\"spectra-image-gallery__media-thumbnail-caption-wrapper spectra-image-gallery__media-thumbnail-caption-wrapper--overlay\"><\/div>\n\t\t\t\t\t\t\t\t<\/div>\n\t\t\t\t\t\t<\/div>\n\t\t\t\t\t\t<div class='spectra-image-gallery__media-wrapper' data-spectra-gallery-image-id='951' tabindex=\"0\">\n\t\t\t\t\t\t\t<div class=\"spectra-image-gallery__media spectra-image-gallery__media--grid\">\n\t\t\t\t<picture>\n\t\t\t\t\t<source media=\"(min-width: 1024px)\" srcset=\"https:\/\/www.tischlerei-beelitz.com\/wp-content\/uploads\/2025\/07\/brandschutzfenster-und-tueren-der-tischlerei-beelitz-1024x683.jpg\">\n\t\t\t\t\t<source media=\"(min-width: 768px)\" srcset=\"https:\/\/www.tischlerei-beelitz.com\/wp-content\/uploads\/2025\/07\/brandschutzfenster-und-tueren-der-tischlerei-beelitz-1024x683.jpg\">\n\t\t\t\t\t<img decoding=\"async\" class=\"spectra-image-gallery__media-thumbnail spectra-image-gallery__media-thumbnail--grid\" src=\"https:\/\/www.tischlerei-beelitz.com\/wp-content\/uploads\/2025\/07\/brandschutzfenster-und-tueren-der-tischlerei-beelitz-300x200.jpg\" alt=\"Eine \u00fcberdachte Veranda mit gro\u00dfen gew\u00f6lbten Brandschutzfenstern, einer wei\u00dfen Brandschutzt\u00fcr, roten und wei\u00dfen Ziegelw\u00e4nden und einem karierten Fliesenboden in Braun- und Beiget\u00f6nen.\" loading=\"lazy\" \/>\n\t\t\t\t<\/picture>\n\t\t\t\t<div class=\"spectra-image-gallery__media-thumbnail-blurrer\"><\/div>\n\t\t\t\t\t\t\t\t\t\t\t<div class=\"spectra-image-gallery__media-thumbnail-caption-wrapper spectra-image-gallery__media-thumbnail-caption-wrapper--overlay\"><\/div>\n\t\t\t\t\t\t\t\t<\/div>\n\t\t\t\t\t\t<\/div>\n\t\t\t\t\t\t<div class='spectra-image-gallery__media-wrapper' data-spectra-gallery-image-id='561' tabindex=\"0\">\n\t\t\t\t\t\t\t<div class=\"spectra-image-gallery__media spectra-image-gallery__media--grid\">\n\t\t\t\t<picture>\n\t\t\t\t\t<source media=\"(min-width: 1024px)\" srcset=\"https:\/\/www.tischlerei-beelitz.com\/wp-content\/uploads\/2025\/05\/brandschutzpruefung-unter-feuerbelastung-1024x683.jpg\">\n\t\t\t\t\t<source media=\"(min-width: 768px)\" srcset=\"https:\/\/www.tischlerei-beelitz.com\/wp-content\/uploads\/2025\/05\/brandschutzpruefung-unter-feuerbelastung-1024x683.jpg\">\n\t\t\t\t\t<img decoding=\"async\" class=\"spectra-image-gallery__media-thumbnail spectra-image-gallery__media-thumbnail--grid\" src=\"https:\/\/www.tischlerei-beelitz.com\/wp-content\/uploads\/2025\/05\/brandschutzpruefung-unter-feuerbelastung-300x200.jpg\" alt=\"Eine Person testet mit einer Fackel die Feuerbest\u00e4ndigkeit einer Brandschutzt\u00fcr, wodurch Flammen und Verkohlungen entstehen. Im Hintergrund sind Holzstrukturen und B\u00e4ume zu sehen.\" loading=\"lazy\" \/>\n\t\t\t\t<\/picture>\n\t\t\t\t<div class=\"spectra-image-gallery__media-thumbnail-blurrer\"><\/div>\n\t\t\t\t\t\t\t\t\t\t\t<div class=\"spectra-image-gallery__media-thumbnail-caption-wrapper spectra-image-gallery__media-thumbnail-caption-wrapper--overlay\"><\/div>\n\t\t\t\t\t\t\t\t<\/div>\n\t\t\t\t\t\t<\/div>\n\t\t\t\t\t\t<div class='spectra-image-gallery__media-wrapper' data-spectra-gallery-image-id='649' tabindex=\"0\">\n\t\t\t\t\t\t\t<div class=\"spectra-image-gallery__media spectra-image-gallery__media--grid\">\n\t\t\t\t<picture>\n\t\t\t\t\t<source media=\"(min-width: 1024px)\" srcset=\"https:\/\/www.tischlerei-beelitz.com\/wp-content\/uploads\/2025\/07\/weiss-gerahmtes-brandschutzfenster-mit-vier-glasscheiben.jpg\">\n\t\t\t\t\t<source media=\"(min-width: 768px)\" srcset=\"https:\/\/www.tischlerei-beelitz.com\/wp-content\/uploads\/2025\/07\/weiss-gerahmtes-brandschutzfenster-mit-vier-glasscheiben.jpg\">\n\t\t\t\t\t<img decoding=\"async\" class=\"spectra-image-gallery__media-thumbnail spectra-image-gallery__media-thumbnail--grid\" src=\"https:\/\/www.tischlerei-beelitz.com\/wp-content\/uploads\/2025\/07\/weiss-gerahmtes-brandschutzfenster-mit-vier-glasscheiben.jpg\" alt=\"Ein wei\u00df gerahmtes Brandschutzfenster mit vier Glasscheiben ist in eine beige strukturierte Wand eingelassen und spiegelt ein Geb\u00e4ude und den blauen Himmel wider. Oberhalb des Fensters sind die Schatten eines Gel\u00e4nders zu sehen.\" loading=\"lazy\" \/>\n\t\t\t\t<\/picture>\n\t\t\t\t<div class=\"spectra-image-gallery__media-thumbnail-blurrer\"><\/div>\n\t\t\t\t\t\t\t\t\t\t\t<div class=\"spectra-image-gallery__media-thumbnail-caption-wrapper spectra-image-gallery__media-thumbnail-caption-wrapper--overlay\"><\/div>\n\t\t\t\t\t\t\t\t<\/div>\n\t\t\t\t\t\t<\/div>\n\t\t\t\t\t\t<div class='spectra-image-gallery__media-wrapper' data-spectra-gallery-image-id='600' tabindex=\"0\">\n\t\t\t\t\t\t\t<div class=\"spectra-image-gallery__media spectra-image-gallery__media--grid\">\n\t\t\t\t<picture>\n\t\t\t\t\t<source media=\"(min-width: 1024px)\" srcset=\"https:\/\/www.tischlerei-beelitz.com\/wp-content\/uploads\/2025\/07\/schmale-rechteckige-brandschutzfenster-mit-blauen-rahmen.jpg\">\n\t\t\t\t\t<source media=\"(min-width: 768px)\" srcset=\"https:\/\/www.tischlerei-beelitz.com\/wp-content\/uploads\/2025\/07\/schmale-rechteckige-brandschutzfenster-mit-blauen-rahmen.jpg\">\n\t\t\t\t\t<img decoding=\"async\" class=\"spectra-image-gallery__media-thumbnail spectra-image-gallery__media-thumbnail--grid\" src=\"https:\/\/www.tischlerei-beelitz.com\/wp-content\/uploads\/2025\/07\/schmale-rechteckige-brandschutzfenster-mit-blauen-rahmen-300x225.jpg\" alt=\"Drei schmale rechteckige Brandschutzfenster mit blauen Rahmen sind in eine wei\u00df strukturierte Wand eingelassen. Vor den Fenstern w\u00e4chst ein gr\u00fcner, belaubter Strauch, und am unteren Rand des Bildes ist trockenes Gras zu sehen.\" loading=\"lazy\" \/>\n\t\t\t\t<\/picture>\n\t\t\t\t<div class=\"spectra-image-gallery__media-thumbnail-blurrer\"><\/div>\n\t\t\t\t\t\t\t\t\t\t\t<div class=\"spectra-image-gallery__media-thumbnail-caption-wrapper spectra-image-gallery__media-thumbnail-caption-wrapper--overlay\"><\/div>\n\t\t\t\t\t\t\t\t<\/div>\n\t\t\t\t\t\t<\/div>\n\t\t\t\t\t\t<div class='spectra-image-gallery__media-wrapper' data-spectra-gallery-image-id='1550' tabindex=\"0\">\n\t\t\t\t\t\t\t<div class=\"spectra-image-gallery__media spectra-image-gallery__media--grid\">\n\t\t\t\t<picture>\n\t\t\t\t\t<source media=\"(min-width: 1024px)\" srcset=\"https:\/\/www.tischlerei-beelitz.com\/wp-content\/uploads\/2025\/07\/Holz-Alu-Festverglasung-683x1024.png\">\n\t\t\t\t\t<source media=\"(min-width: 768px)\" srcset=\"https:\/\/www.tischlerei-beelitz.com\/wp-content\/uploads\/2025\/07\/Holz-Alu-Festverglasung-683x1024.png\">\n\t\t\t\t\t<img decoding=\"async\" class=\"spectra-image-gallery__media-thumbnail spectra-image-gallery__media-thumbnail--grid\" src=\"https:\/\/www.tischlerei-beelitz.com\/wp-content\/uploads\/2025\/07\/Holz-Alu-Festverglasung-200x300.png\" alt=\"\" loading=\"lazy\" \/>\n\t\t\t\t<\/picture>\n\t\t\t\t<div class=\"spectra-image-gallery__media-thumbnail-blurrer\"><\/div>\n\t\t\t\t\t\t\t\t\t\t\t<div class=\"spectra-image-gallery__media-thumbnail-caption-wrapper spectra-image-gallery__media-thumbnail-caption-wrapper--overlay\"><\/div>\n\t\t\t\t\t\t\t\t<\/div>\n\t\t\t\t\t\t<\/div>\n\t\t\t\t\t\t\t\t\t\t<\/div>\n\t\t\t\t\t\t\t\t\t\t\t\t\t\t\t\t\t\t<\/div>\n\t\t\t\t\t\t\t\t\t\t\t<div class='spectra-image-gallery__control-lightbox' tabindex='0'>\n\t\t\t\t\t\t\t\t\t\t\t<div class=\"swiper spectra-image-gallery__control-lightbox--main\" dir=\"\">\n\t\t\t\t\t<div class=\"swiper-wrapper\">\n\t\t\t\t\t\t\t\t\t\t\t\t\t\n\t\t\t\t\t\t\t<div class=\"swiper-slide\">\n\t\t\t\t\t\t\t\t<img class=\"swiper-lazy\" data-src=\"https:\/\/www.tischlerei-beelitz.com\/wp-content\/uploads\/2025\/07\/Medien-5.png\" alt=\"\"\/>\n\t\t\t\t\t\t\t\t<div class=\"swiper-lazy-preloader swiper-lazy-preloader-white\"><\/div>\n\t\t\t\t\t\t\t\t\t\t\t\t\t\t\t<\/div>\n\t\t\t\t\t\t\t\t\t\t\t\t\t\n\t\t\t\t\t\t\t<div class=\"swiper-slide\">\n\t\t\t\t\t\t\t\t<img class=\"swiper-lazy\" data-src=\"https:\/\/www.tischlerei-beelitz.com\/wp-content\/uploads\/2025\/07\/brandschutzfenster-und-tueren-der-tischlerei-beelitz.jpg\" alt=\"Eine \u00fcberdachte Veranda mit gro\u00dfen gew\u00f6lbten Brandschutzfenstern, einer wei\u00dfen Brandschutzt\u00fcr, roten und wei\u00dfen Ziegelw\u00e4nden und einem karierten Fliesenboden in Braun- und Beiget\u00f6nen.\"\/>\n\t\t\t\t\t\t\t\t<div class=\"swiper-lazy-preloader swiper-lazy-preloader-white\"><\/div>\n\t\t\t\t\t\t\t\t\t\t\t\t\t\t\t<\/div>\n\t\t\t\t\t\t\t\t\t\t\t\t\t\n\t\t\t\t\t\t\t<div class=\"swiper-slide\">\n\t\t\t\t\t\t\t\t<img class=\"swiper-lazy\" data-src=\"https:\/\/www.tischlerei-beelitz.com\/wp-content\/uploads\/2025\/05\/brandschutzpruefung-unter-feuerbelastung.jpg\" alt=\"Eine Person testet mit einer Fackel die Feuerbest\u00e4ndigkeit einer Brandschutzt\u00fcr, wodurch Flammen und Verkohlungen entstehen. Im Hintergrund sind Holzstrukturen und B\u00e4ume zu sehen.\"\/>\n\t\t\t\t\t\t\t\t<div class=\"swiper-lazy-preloader swiper-lazy-preloader-white\"><\/div>\n\t\t\t\t\t\t\t\t\t\t\t\t\t\t\t<\/div>\n\t\t\t\t\t\t\t\t\t\t\t\t\t\n\t\t\t\t\t\t\t<div class=\"swiper-slide\">\n\t\t\t\t\t\t\t\t<img class=\"swiper-lazy\" data-src=\"https:\/\/www.tischlerei-beelitz.com\/wp-content\/uploads\/2025\/07\/weiss-gerahmtes-brandschutzfenster-mit-vier-glasscheiben.jpg\" alt=\"Ein wei\u00df gerahmtes Brandschutzfenster mit vier Glasscheiben ist in eine beige strukturierte Wand eingelassen und spiegelt ein Geb\u00e4ude und den blauen Himmel wider. Oberhalb des Fensters sind die Schatten eines Gel\u00e4nders zu sehen.\"\/>\n\t\t\t\t\t\t\t\t<div class=\"swiper-lazy-preloader swiper-lazy-preloader-white\"><\/div>\n\t\t\t\t\t\t\t\t\t\t\t\t\t\t\t<\/div>\n\t\t\t\t\t\t\t\t\t\t\t\t\t\n\t\t\t\t\t\t\t<div class=\"swiper-slide\">\n\t\t\t\t\t\t\t\t<img class=\"swiper-lazy\" data-src=\"https:\/\/www.tischlerei-beelitz.com\/wp-content\/uploads\/2025\/07\/schmale-rechteckige-brandschutzfenster-mit-blauen-rahmen.jpg\" alt=\"Drei schmale rechteckige Brandschutzfenster mit blauen Rahmen sind in eine wei\u00df strukturierte Wand eingelassen. Vor den Fenstern w\u00e4chst ein gr\u00fcner, belaubter Strauch, und am unteren Rand des Bildes ist trockenes Gras zu sehen.\"\/>\n\t\t\t\t\t\t\t\t<div class=\"swiper-lazy-preloader swiper-lazy-preloader-white\"><\/div>\n\t\t\t\t\t\t\t\t\t\t\t\t\t\t\t<\/div>\n\t\t\t\t\t\t\t\t\t\t\t\t\t\n\t\t\t\t\t\t\t<div class=\"swiper-slide\">\n\t\t\t\t\t\t\t\t<img class=\"swiper-lazy\" data-src=\"https:\/\/www.tischlerei-beelitz.com\/wp-content\/uploads\/2025\/07\/Holz-Alu-Festverglasung.png\" alt=\"\"\/>\n\t\t\t\t\t\t\t\t<div class=\"swiper-lazy-preloader swiper-lazy-preloader-white\"><\/div>\n\t\t\t\t\t\t\t\t\t\t\t\t\t\t\t<\/div>\n\t\t\t\t\t\t\t\t\t\t\t<\/div>\n\t\t\t\t\t<div class=\"swiper-button-next\"><\/div>\n\t\t\t\t\t<div class=\"swiper-button-prev\"><\/div>\n\t\t\t\t<\/div>\t\t\t\n\t\t\t\t\t\t\t\t\t\t\t\t\t\t\t\t\t\t\t\t\t\t\t\t\t\t\t\t\t\t\t\t<button class='spectra-image-gallery__control-lightbox--close' aria-label=\"Close\">\n\t\t\t\t\t\t\t\t\t\t\t\t\t<svg xmlns=\"https:\/\/www.w3.org\/2000\/svg\" viewbox= \"0 0 320 512\"><path d=\"M310.6 361.4c12.5 12.5 12.5 32.75 0 45.25C304.4 412.9 296.2 416 288 416s-16.38-3.125-22.62-9.375L160 301.3L54.63 406.6C48.38 412.9 40.19 416 32 416S15.63 412.9 9.375 406.6c-12.5-12.5-12.5-32.75 0-45.25l105.4-105.4L9.375 150.6c-12.5-12.5-12.5-32.75 0-45.25s32.75-12.5 45.25 0L160 210.8l105.4-105.4c12.5-12.5 32.75-12.5 45.25 0s12.5 32.75 0 45.25l-105.4 105.4L310.6 361.4z\"><\/path><\/svg>\n\t\t\t\t\t\t\t\t\t\t\t\t<\/button>\n\t\t\t\t\t\t\t\t\t\t\t\t\t<\/div>\n\t\t\t\t\t\t\t\t\t<\/div>\n\n\n\n<div class=\"wp-block-uagb-container uagb-layout-flex uagb-block-f3521c56 alignfull uagb-is-root-container\"><div class=\"uagb-container-inner-blocks-wrap\">\n<div class=\"wp-block-uagb-container uagb-block-5cfc4b55\">\n<div class=\"wp-block-uagb-info-box uagb-block-a0259082 uagb-infobox__content-wrap  uagb-infobox-icon-above-title uagb-infobox-image-valign-top\"><div class=\"uagb-ifb-content\"><div class=\"uagb-ifb-title-wrap\"><h2 class=\"uagb-ifb-title\">Customised fire-resistant windows for every project<\/h2><\/div><p class=\"uagb-ifb-desc\"><strong>Beelitz provides you with customised fire protection windows that are precisely tailored to your requirements, the structural conditions and the applicable fire protection regulations.<\/strong> Each window is unique and impresses not only with its function but also with its appearance. Whether <a href=\"https:\/\/www.tischlerei-beelitz.com\/en\/festverglasung-ei-30\/\">Fixed glazing<\/a>, <a href=\"https:\/\/www.tischlerei-beelitz.com\/en\/ei-30-oeffnungsfluegel\/\">Opening sash<\/a>, ventilation sash or cleaning sash - you benefit from a wide range of variants and functions such as sensor-controlled self-closing mechanisms or opaque versions. <strong>You benefit from our many years of experience and technical expertise, particularly in projects with increased security requirements or in listed buildings.<\/strong> If you want comprehensive protection, you should also take a look at our high-quality <a href=\"https:\/\/www.tischlerei-beelitz.com\/en\/t-30-t30-rs-rs-brandschutztuer\/\">Fire doors<\/a> throw.<\/p><\/div><\/div>\n<\/div>\n\n\n\n<div class=\"wp-block-uagb-container uagb-block-a11e2ef9\">\n<div style=\"height:600px\" aria-hidden=\"true\" class=\"wp-block-spacer\"><\/div>\n<\/div>\n<\/div><\/div>\n\n\n\n<div class=\"wp-block-uagb-container uagb-layout-flex uagb-block-2ea38206 alignfull uagb-is-root-container\"><div class=\"uagb-container-inner-blocks-wrap\">\n<div class=\"wp-block-uagb-container uagb-block-78f42abf\">\n<div class=\"wp-block-uagb-advanced-heading uagb-block-bdae3356\"><h2 class=\"uagb-heading-text\">Why fire protection windows from Beelitz?<\/h2><\/div>\n\n\n\n<p><strong>Our fire-resistant windows offer you numerous advantages that go far beyond the standard.<\/strong> You receive certified solutions in the fire resistance classes <a href=\"https:\/\/www.tischlerei-beelitz.com\/en\/ei-30-oeffnungsfluegel\/\">EI 30<\/a>, <a href=\"https:\/\/www.tischlerei-beelitz.com\/en\/ei-60-oeffnungsfluegel\/\">EI 60<\/a> and <a href=\"https:\/\/www.tischlerei-beelitz.com\/en\/ei-90-oeffnungsfluegel\/\">EI 90<\/a>, which are suitable for a wide variety of building types. <strong>The design guarantees that fire and smoke are reliably contained in the event of a fire.<\/strong> Thanks to sustainable, PEFC-certified materials and careful technical advice, solutions are created that fulfil both the legal requirements and your design ideas. Close cooperation with architects and authorities ensures a smooth process and maximum planning security. <strong>We are happy to present our values and our team on our website <a href=\"https:\/\/www.tischlerei-beelitz.com\/en\/unternehmen\/\" target=\"_blank\" rel=\"noreferrer noopener\">About us<\/a> before.<\/strong><\/p>\n\n\n\n<div class=\"wp-block-uagb-icon-list uagb-block-42f81b44\"><div class=\"uagb-icon-list__wrap\">\n<div class=\"wp-block-uagb-icon-list-child uagb-block-c0ace0e3\"><span class=\"uagb-icon-list__source-wrap\"><svg xmlns=\"https:\/\/www.w3.org\/2000\/svg\" viewbox=\"0 0 512 512\"><path d=\"M256 0C114.6 0 0 114.6 0 256c0 141.4 114.6 256 256 256s256-114.6 256-256C512 114.6 397.4 0 256 0zM406.6 278.6l-103.1 103.1c-12.5 12.5-32.75 12.5-45.25 0s-12.5-32.75 0-45.25L306.8 288H128C110.3 288 96 273.7 96 256s14.31-32 32-32h178.8l-49.38-49.38c-12.5-12.5-12.5-32.75 0-45.25s32.75-12.5 45.25 0l103.1 103.1C414.6 241.3 416 251.1 416 256C416 260.9 414.6 270.7 406.6 278.6z\"><\/path><\/svg><\/span><span class=\"uagb-icon-list__label\"><strong>Customised planning and production<\/strong><\/span><\/div>\n\n\n\n<div class=\"wp-block-uagb-icon-list-child uagb-block-8db7f49f\"><span class=\"uagb-icon-list__source-wrap\"><svg xmlns=\"https:\/\/www.w3.org\/2000\/svg\" viewbox=\"0 0 512 512\"><path d=\"M256 0C114.6 0 0 114.6 0 256c0 141.4 114.6 256 256 256s256-114.6 256-256C512 114.6 397.4 0 256 0zM406.6 278.6l-103.1 103.1c-12.5 12.5-32.75 12.5-45.25 0s-12.5-32.75 0-45.25L306.8 288H128C110.3 288 96 273.7 96 256s14.31-32 32-32h178.8l-49.38-49.38c-12.5-12.5-12.5-32.75 0-45.25s32.75-12.5 45.25 0l103.1 103.1C414.6 241.3 416 251.1 416 256C416 260.9 414.6 270.7 406.6 278.6z\"><\/path><\/svg><\/span><span class=\"uagb-icon-list__label\"><strong>Sustainable materials and durable constructions<\/strong><\/span><\/div>\n\n\n\n<div class=\"wp-block-uagb-icon-list-child uagb-block-bc6e1d50\"><span class=\"uagb-icon-list__source-wrap\"><svg xmlns=\"https:\/\/www.w3.org\/2000\/svg\" viewbox=\"0 0 512 512\"><path d=\"M256 0C114.6 0 0 114.6 0 256c0 141.4 114.6 256 256 256s256-114.6 256-256C512 114.6 397.4 0 256 0zM406.6 278.6l-103.1 103.1c-12.5 12.5-32.75 12.5-45.25 0s-12.5-32.75 0-45.25L306.8 288H128C110.3 288 96 273.7 96 256s14.31-32 32-32h178.8l-49.38-49.38c-12.5-12.5-12.5-32.75 0-45.25s32.75-12.5 45.25 0l103.1 103.1C414.6 241.3 416 251.1 416 256C416 260.9 414.6 270.7 406.6 278.6z\"><\/path><\/svg><\/span><span class=\"uagb-icon-list__label\"><strong>Advice on legal requirements and tender texts<\/strong><\/span><\/div>\n\n\n\n<div class=\"wp-block-uagb-icon-list-child uagb-block-b8197224\"><span class=\"uagb-icon-list__source-wrap\"><svg xmlns=\"https:\/\/www.w3.org\/2000\/svg\" viewbox=\"0 0 512 512\"><path d=\"M256 0C114.6 0 0 114.6 0 256c0 141.4 114.6 256 256 256s256-114.6 256-256C512 114.6 397.4 0 256 0zM406.6 278.6l-103.1 103.1c-12.5 12.5-32.75 12.5-45.25 0s-12.5-32.75 0-45.25L306.8 288H128C110.3 288 96 273.7 96 256s14.31-32 32-32h178.8l-49.38-49.38c-12.5-12.5-12.5-32.75 0-45.25s32.75-12.5 45.25 0l103.1 103.1C414.6 241.3 416 251.1 416 256C416 260.9 414.6 270.7 406.6 278.6z\"><\/path><\/svg><\/span><span class=\"uagb-icon-list__label\"><strong>Europe-wide delivery and personal project support<\/strong><\/span><\/div>\n<\/div><\/div>\n<\/div>\n\n\n\n<div class=\"wp-block-uagb-container uagb-block-b11096a3\">\n<div style=\"height:700px\" aria-hidden=\"true\" class=\"wp-block-spacer\"><\/div>\n<\/div>\n<\/div><\/div>\n\n\n\n<div class=\"wp-block-uagb-container uagb-layout-flex uagb-block-b19adad0 alignfull uagb-is-root-container\"><div class=\"uagb-container-inner-blocks-wrap\">\n<div class=\"wp-block-uagb-container uagb-block-3d01c334\">\n<div class=\"wp-block-uagb-info-box uagb-block-2cc220e7 uagb-infobox__content-wrap  uagb-infobox-icon-above-title uagb-infobox-image-valign-top\"><div class=\"uagb-ifb-content\"><div class=\"uagb-ifb-title-wrap\"><h2 class=\"uagb-ifb-title\">For whom are fire-resistant windows relevant?<\/h2><\/div><p class=\"uagb-ifb-desc\"><strong>Fire protection windows are indispensable wherever people and property need to be protected.<\/strong> They are required by law, especially in hospitals, schools, hotels, office buildings and industrial plants. <strong>Private developers who are building on property boundaries or attach particular importance to security also benefit from our solutions.<\/strong> We comprehensively analyse the requirements of your project and develop a concept that blends harmoniously into the architecture and meets all technical standards. <strong>Our products make a significant contribution to the security and value retention of your property.<\/strong><\/p><\/div><\/div>\n<\/div>\n\n\n\n<div class=\"wp-block-uagb-container uagb-block-5caeae0c\">\n<div style=\"height:500px\" aria-hidden=\"true\" class=\"wp-block-spacer\"><\/div>\n<\/div>\n<\/div><\/div>\n\n\n\n<div class=\"wp-block-uagb-container uagb-layout-flex uagb-block-d98abdb7 alignfull uagb-is-root-container\"><div class=\"uagb-container-inner-blocks-wrap\">\n<div class=\"wp-block-uagb-container uagb-block-42d7dbe6\">\n<div class=\"wp-block-uagb-advanced-heading uagb-block-4447eb40\"><h2 class=\"uagb-heading-text\">Technical details and variants of the Beelitz fire-resistant windows<\/h2><\/div>\n\n\n\n<p><strong>Our fire protection windows are available in various designs to cover a wide range of applications.<\/strong> You can choose between fixed glazing, ventilation and cleaning sashes, each equipped with high-quality fire-resistant glass. <strong>Special shapes, special dimensions or additional functions such as sensor-controlled locking mechanisms are available on request.<\/strong> Technical coordination is always customised so that you receive a product that precisely meets your requirements and the applicable standards. <strong>Installation is carried out throughout Europe by our experienced partners and guarantees professional realisation.<\/strong><\/p>\n<\/div>\n\n\n\n<div class=\"wp-block-uagb-container uagb-block-a796488e\">\n<div style=\"height:500px\" aria-hidden=\"true\" class=\"wp-block-spacer\"><\/div>\n<\/div>\n<\/div><\/div>\n\n\n\n<div class=\"wp-block-uagb-container uagb-block-28404f34 alignfull uagb-is-root-container\"><div class=\"uagb-container-inner-blocks-wrap\">\n<div class=\"wp-block-uagb-container uagb-block-a7d8b171\">\n<div class=\"wp-block-uagb-advanced-heading uagb-block-275f804b\"><h2 class=\"uagb-heading-text\">Contact us for your next project!<\/h2><\/div>\n\n\n\n<div class=\"wp-block-uagb-buttons uagb-buttons__outer-wrap uagb-btn__default-btn uagb-btn-tablet__default-btn uagb-btn-mobile__default-btn uagb-block-0d4785ee\"><div class=\"uagb-buttons__wrap uagb-buttons-layout-wrap\">\n<div class=\"wp-block-uagb-buttons-child uagb-buttons__outer-wrap uagb-block-31a97444 wp-block-button\"><div class=\"uagb-button__wrapper\"><a class=\"uagb-buttons-repeater wp-block-button__link\" aria-label=\"\" href=\"\/en\/kontakt\/\" rel=\"follow noopener\" target=\"_self\" role=\"button\"><div class=\"uagb-button__link\">Enquire now<\/div><span class=\"uagb-button__icon uagb-button__icon-position-after\"><svg xmlns=\"https:\/\/www.w3.org\/2000\/svg\" viewbox=\"0 0 448 512\" aria-hidden=\"true\" focussable=\"false\"><path d=\"M438.6 278.6l-160 160C272.4 444.9 264.2 448 256 448s-16.38-3.125-22.62-9.375c-12.5-12.5-12.5-32.75 0-45.25L338.8 288H32C14.33 288 .0016 273.7 .0016 256S14.33 224 32 224h306.8l-105.4-105.4c-12.5-12.5-12.5-32.75 0-45.25s32.75-12.5 45.25 0l160 160C451.1 245.9 451.1 266.1 438.6 278.6z\"><\/path><\/svg><\/span><\/a><\/div><\/div>\n<\/div><\/div>\n<\/div>\n<\/div><\/div>\n\n\n\n<div class=\"wp-block-uagb-container uagb-block-af61bce7 alignfull uagb-is-root-container\"><div class=\"uagb-container-inner-blocks-wrap\">\n<div class=\"wp-block-uagb-advanced-heading uagb-block-457cede1\"><h2 class=\"uagb-heading-text\">Fire protection windows - Most frequently asked questions<\/h2><\/div>\n\n\n<div class=\"wp-block-uagb-faq uagb-faq__outer-wrap uagb-block-69619a56 uagb-faq-icon-row uagb-faq-layout-accordion uagb-faq-expand-first-true uagb-faq-inactive-other-true uagb-faq__wrap uagb-buttons-layout-wrap uagb-faq-equal-height\" data-faqtoggle=\"true\" role=\"tablist\"><div class=\"wp-block-uagb-faq-child uagb-faq-child__outer-wrap uagb-faq-item uagb-block-b31ecc2b\" role=\"tab\" tabindex=\"0\"><div class=\"uagb-faq-questions-button uagb-faq-questions\">\t\t\t<span class=\"uagb-icon uagb-faq-icon-wrap\">\n\t\t\t\t\t\t\t\t<svg xmlns=\"https:\/\/www.w3.org\/2000\/svg\" viewbox= \"0 0 448 512\"><path d=\"M432 256c0 17.69-14.33 32.01-32 32.01H256v144c0 17.69-14.33 31.99-32 31.99s-32-14.3-32-31.99v-144H48c-17.67 0-32-14.32-32-32.01s14.33-31.99 32-31.99H192v-144c0-17.69 14.33-32.01 32-32.01s32 14.32 32 32.01v144h144C417.7 224 432 238.3 432 256z\"><\/path><\/svg>\n\t\t\t\t\t\t\t<\/span>\n\t\t\t\t\t\t<span class=\"uagb-icon-active uagb-faq-icon-wrap\">\n\t\t\t\t\t\t\t\t<svg xmlns=\"https:\/\/www.w3.org\/2000\/svg\" viewbox= \"0 0 448 512\"><path d=\"M400 288h-352c-17.69 0-32-14.32-32-32.01s14.31-31.99 32-31.99h352c17.69 0 32 14.3 32 31.99S417.7 288 400 288z\"><\/path><\/svg>\n\t\t\t\t\t\t\t<\/span>\n\t\t\t<span class=\"uagb-question\"><strong>What advantages do Beelitz fire-resistant windows offer over standard windows?<\/strong><\/span><\/div><div class=\"uagb-faq-content\"><p><strong>Our fire protection windows are designed to provide reliable protection in the event of a fire and prevent the spread of fire and smoke.<\/strong> They are planned individually so that they are optimally suited to the structural conditions and legal requirements. <strong>Thanks to the use of sustainable materials and modern technology, our products not only offer security, but also durability and an attractive appearance.<\/strong> You also benefit from our personal advice and the ability to realise even complex installation situations. <strong>The combination of technology, design and tested quality makes our fire-resistant windows a long-term investment in the safety of your building.<\/strong> They fulfil the highest demands and offer added value stability.<\/p><\/div><\/div><div class=\"wp-block-uagb-faq-child uagb-faq-child__outer-wrap uagb-faq-item uagb-block-6a870ac0\" role=\"tab\" tabindex=\"0\"><div class=\"uagb-faq-questions-button uagb-faq-questions\">\t\t\t<span class=\"uagb-icon uagb-faq-icon-wrap\">\n\t\t\t\t\t\t\t\t<svg xmlns=\"https:\/\/www.w3.org\/2000\/svg\" viewbox= \"0 0 448 512\"><path d=\"M432 256c0 17.69-14.33 32.01-32 32.01H256v144c0 17.69-14.33 31.99-32 31.99s-32-14.3-32-31.99v-144H48c-17.67 0-32-14.32-32-32.01s14.33-31.99 32-31.99H192v-144c0-17.69 14.33-32.01 32-32.01s32 14.32 32 32.01v144h144C417.7 224 432 238.3 432 256z\"><\/path><\/svg>\n\t\t\t\t\t\t\t<\/span>\n\t\t\t\t\t\t<span class=\"uagb-icon-active uagb-faq-icon-wrap\">\n\t\t\t\t\t\t\t\t<svg xmlns=\"https:\/\/www.w3.org\/2000\/svg\" viewbox= \"0 0 448 512\"><path d=\"M400 288h-352c-17.69 0-32-14.32-32-32.01s14.31-31.99 32-31.99h352c17.69 0 32 14.3 32 31.99S417.7 288 400 288z\"><\/path><\/svg>\n\t\t\t\t\t\t\t<\/span>\n\t\t\t<span class=\"uagb-question\"><strong>In which variants are fire protection windows available from Beelitz?<\/strong><\/span><\/div><div class=\"uagb-faq-content\"><p><strong>We offer fire protection windows as fixed glazing, with opening sash, ventilation sash or cleaning sash.<\/strong> Each variant can be customised to your project - both in terms of dimensions and technical equipment. <strong>Solutions with a sensor-controlled self-closing mechanism or lockable olive for increased security are particularly popular.<\/strong> Opaque designs or special shapes are also possible, so that you get the right solution for every installation situation. <strong>Our advice will help you to choose the optimum variant and we will guide you through all technical and design issues.<\/strong> This gives you a customised product that meets all requirements and blends harmoniously into your building project.<\/p><\/div><\/div><div class=\"wp-block-uagb-faq-child uagb-faq-child__outer-wrap uagb-faq-item uagb-block-f14d32c4\" role=\"tab\" tabindex=\"0\"><div class=\"uagb-faq-questions-button uagb-faq-questions\">\t\t\t<span class=\"uagb-icon uagb-faq-icon-wrap\">\n\t\t\t\t\t\t\t\t<svg xmlns=\"https:\/\/www.w3.org\/2000\/svg\" viewbox= \"0 0 448 512\"><path d=\"M432 256c0 17.69-14.33 32.01-32 32.01H256v144c0 17.69-14.33 31.99-32 31.99s-32-14.3-32-31.99v-144H48c-17.67 0-32-14.32-32-32.01s14.33-31.99 32-31.99H192v-144c0-17.69 14.33-32.01 32-32.01s32 14.32 32 32.01v144h144C417.7 224 432 238.3 432 256z\"><\/path><\/svg>\n\t\t\t\t\t\t\t<\/span>\n\t\t\t\t\t\t<span class=\"uagb-icon-active uagb-faq-icon-wrap\">\n\t\t\t\t\t\t\t\t<svg xmlns=\"https:\/\/www.w3.org\/2000\/svg\" viewbox= \"0 0 448 512\"><path d=\"M400 288h-352c-17.69 0-32-14.32-32-32.01s14.31-31.99 32-31.99h352c17.69 0 32 14.3 32 31.99S417.7 288 400 288z\"><\/path><\/svg>\n\t\t\t\t\t\t\t<\/span>\n\t\t\t<span class=\"uagb-question\"><strong><strong>What materials and fire resistance classes are used?<\/strong><\/strong><\/span><\/div><div class=\"uagb-faq-content\"><p><strong>Our fire-resistant windows are made of high-quality, PEFC-certified wood or a combination of wood and aluminium.<\/strong> For fire protection, we use special glass that meets the requirements of classes <a href=\"https:\/\/www.tischlerei-beelitz.com\/en\/festverglasung-ei-30\/\">EI 30<\/a>, <a href=\"https:\/\/www.tischlerei-beelitz.com\/en\/festverglasung-ei-60\/\">EI 60<\/a> and <a href=\"https:\/\/www.tischlerei-beelitz.com\/en\/festverglasung-ei-90\/\">EI 90<\/a> correspond. <strong>The selection of the appropriate fire resistance class depends on the specifications of the building regulations and your individual requirements.<\/strong> We provide you with comprehensive advice and coordinate all the details with you to ensure that you receive a safe and standard-compliant product. <strong>We also focus on sustainability and environmental compatibility, so that you can rely on a resource-saving and durable solution.<\/strong><\/p><\/div><\/div><div class=\"wp-block-uagb-faq-child uagb-faq-child__outer-wrap uagb-faq-item uagb-block-7d7bba19\" role=\"tab\" tabindex=\"0\"><div class=\"uagb-faq-questions-button uagb-faq-questions\">\t\t\t<span class=\"uagb-icon uagb-faq-icon-wrap\">\n\t\t\t\t\t\t\t\t<svg xmlns=\"https:\/\/www.w3.org\/2000\/svg\" viewbox= \"0 0 448 512\"><path d=\"M432 256c0 17.69-14.33 32.01-32 32.01H256v144c0 17.69-14.33 31.99-32 31.99s-32-14.3-32-31.99v-144H48c-17.67 0-32-14.32-32-32.01s14.33-31.99 32-31.99H192v-144c0-17.69 14.33-32.01 32-32.01s32 14.32 32 32.01v144h144C417.7 224 432 238.3 432 256z\"><\/path><\/svg>\n\t\t\t\t\t\t\t<\/span>\n\t\t\t\t\t\t<span class=\"uagb-icon-active uagb-faq-icon-wrap\">\n\t\t\t\t\t\t\t\t<svg xmlns=\"https:\/\/www.w3.org\/2000\/svg\" viewbox= \"0 0 448 512\"><path d=\"M400 288h-352c-17.69 0-32-14.32-32-32.01s14.31-31.99 32-31.99h352c17.69 0 32 14.3 32 31.99S417.7 288 400 288z\"><\/path><\/svg>\n\t\t\t\t\t\t\t<\/span>\n\t\t\t<span class=\"uagb-question\"><strong><strong>For which buildings are fire-resistant windows particularly important?<\/strong><\/strong><\/span><\/div><div class=\"uagb-faq-content\"><p><strong>Fire protection windows are primarily required in buildings with a high number of people or a particular risk potential, such as hospitals, schools, hotels, office buildings and industrial plants.<\/strong> But they also offer a decisive security advantage in private homes, especially at property boundaries or in densely built-up areas. <strong>The requirements usually result from the fire protection concept and the specifications of the state building regulations.<\/strong> We help you to find the right solutions for your building and advise you on all relevant regulations. <strong>This ensures that your building project fulfils all legal and safety requirements.<\/strong><\/p><\/div><\/div><div class=\"wp-block-uagb-faq-child uagb-faq-child__outer-wrap uagb-faq-item uagb-block-dcfe88ba\" role=\"tab\" tabindex=\"0\"><div class=\"uagb-faq-questions-button uagb-faq-questions\">\t\t\t<span class=\"uagb-icon uagb-faq-icon-wrap\">\n\t\t\t\t\t\t\t\t<svg xmlns=\"https:\/\/www.w3.org\/2000\/svg\" viewbox= \"0 0 448 512\"><path d=\"M432 256c0 17.69-14.33 32.01-32 32.01H256v144c0 17.69-14.33 31.99-32 31.99s-32-14.3-32-31.99v-144H48c-17.67 0-32-14.32-32-32.01s14.33-31.99 32-31.99H192v-144c0-17.69 14.33-32.01 32-32.01s32 14.32 32 32.01v144h144C417.7 224 432 238.3 432 256z\"><\/path><\/svg>\n\t\t\t\t\t\t\t<\/span>\n\t\t\t\t\t\t<span class=\"uagb-icon-active uagb-faq-icon-wrap\">\n\t\t\t\t\t\t\t\t<svg xmlns=\"https:\/\/www.w3.org\/2000\/svg\" viewbox= \"0 0 448 512\"><path d=\"M400 288h-352c-17.69 0-32-14.32-32-32.01s14.31-31.99 32-31.99h352c17.69 0 32 14.3 32 31.99S417.7 288 400 288z\"><\/path><\/svg>\n\t\t\t\t\t\t\t<\/span>\n\t\t\t<span class=\"uagb-question\"><strong><strong>How does the consultation and quotation process work at Beelitz?<\/strong><\/strong><\/span><\/div><div class=\"uagb-faq-content\"><p><strong>After receiving your enquiry, we take the time to analyse the requirements of your project in detail.<\/strong> We clarify all technical, design and legal questions in a personal meeting. <strong>You will receive comprehensive advice on possible variants, materials and fire resistance classes.<\/strong> We will then provide you with a customised quote that transparently lists all services. <strong>Throughout the entire process, we are at your disposal as your contact partner and will accompany you until your project is completed.<\/strong> So you can rely on smooth and competent processing.<\/p><\/div><\/div><\/div><\/div><\/div>","protected":false},"excerpt":{"rendered":"<p>Customised fire protection windows for maximum safety Individual window production with tested safety and sustainable materials Why fire protection windows from Beelitz? Our fire protection windows [...]<\/p>","protected":false},"author":12,"featured_media":0,"parent":2032,"menu_order":0,"comment_status":"closed","ping_status":"closed","template":"","meta":{"_acf_changed":false,"inline_featured_image":false,"_uag_custom_page_level_css":"","site-sidebar-layout":"default","site-content-layout":"","ast-site-content-layout":"default","site-content-style":"default","site-sidebar-style":"default","ast-global-header-display":"","ast-banner-title-visibility":"","ast-main-header-display":"","ast-hfb-above-header-display":"","ast-hfb-below-header-display":"","ast-hfb-mobile-header-display":"","site-post-title":"disabled","ast-breadcrumbs-content":"","ast-featured-img":"","footer-sml-layout":"","ast-disable-related-posts":"","theme-transparent-header-meta":"","adv-header-id-meta":"","stick-header-meta":"","header-above-stick-meta":"","header-main-stick-meta":"","header-below-stick-meta":"","astra-migrate-meta-layouts":"default","ast-page-background-enabled":"default","ast-page-background-meta":{"desktop":{"background-color":"var(--ast-global-color-4)","background-image":"","background-repeat":"repeat","background-position":"center center","background-size":"auto","background-attachment":"scroll","background-type":"","background-media":"","overlay-type":"","overlay-color":"","overlay-opacity":"","overlay-gradient":""},"tablet":{"background-color":"","background-image":"","background-repeat":"repeat","background-position":"center center","background-size":"auto","background-attachment":"scroll","background-type":"","background-media":"","overlay-type":"","overlay-color":"","overlay-opacity":"","overlay-gradient":""},"mobile":{"background-color":"","background-image":"","background-repeat":"repeat","background-position":"center center","background-size":"auto","background-attachment":"scroll","background-type":"","background-media":"","overlay-type":"","overlay-color":"","overlay-opacity":"","overlay-gradient":""}},"ast-content-background-meta":{"desktop":{"background-color":"var(--ast-global-color-5)","background-image":"","background-repeat":"repeat","background-position":"center center","background-size":"auto","background-attachment":"scroll","background-type":"","background-media":"","overlay-type":"","overlay-color":"","overlay-opacity":"","overlay-gradient":""},"tablet":{"background-color":"var(--ast-global-color-5)","background-image":"","background-repeat":"repeat","background-position":"center center","background-size":"auto","background-attachment":"scroll","background-type":"","background-media":"","overlay-type":"","overlay-color":"","overlay-opacity":"","overlay-gradient":""},"mobile":{"background-color":"var(--ast-global-color-5)","background-image":"","background-repeat":"repeat","background-position":"center center","background-size":"auto","background-attachment":"scroll","background-type":"","background-media":"","overlay-type":"","overlay-color":"","overlay-opacity":"","overlay-gradient":""}},"footnotes":""},"class_list":["post-2038","page","type-page","status-publish","hentry"],"acf":[],"yoast_head":"<!-- This site is optimized with the Yoast SEO plugin v26.9 - https:\/\/yoast.com\/product\/yoast-seo-wordpress\/ -->\n<title>Brandschutzfenster Holz &amp; Holz-Aluminium | Beelitz<\/title>\n<meta name=\"description\" content=\"Individuelle Brandschutzfenster EI 30, EI 60, EI 90 aus Holz &amp; Holz-Alu. Ma\u00dfanfertigung, Beratung &amp; Lieferung \u2013 Tischlerei Beelitz.\" \/>\n<meta name=\"robots\" content=\"index, follow, max-snippet:-1, max-image-preview:large, max-video-preview:-1\" \/>\n<link rel=\"canonical\" href=\"https:\/\/www.tischlerei-beelitz.com\/en\/glossar\/brandschutzfenster\/\" \/>\n<meta property=\"og:locale\" content=\"en_GB\" \/>\n<meta property=\"og:type\" content=\"article\" \/>\n<meta property=\"og:title\" content=\"Brandschutzfenster Holz &amp; Holz-Aluminium | Beelitz\" \/>\n<meta property=\"og:description\" content=\"Individuelle Brandschutzfenster EI 30, EI 60, EI 90 aus Holz &amp; Holz-Alu. Ma\u00dfanfertigung, Beratung &amp; Lieferung \u2013 Tischlerei Beelitz.\" \/>\n<meta property=\"og:url\" content=\"https:\/\/www.tischlerei-beelitz.com\/en\/glossar\/brandschutzfenster\/\" \/>\n<meta property=\"article:publisher\" content=\"https:\/\/www.facebook.com\/mbbrandschutztischlerei\/\" \/>\n<meta property=\"article:modified_time\" content=\"2025-11-28T12:43:41+00:00\" \/>\n<meta property=\"og:image\" content=\"https:\/\/www.tischlerei-beelitz.com\/wp-content\/uploads\/2025\/07\/brandschutzfenster-offen.png\" \/>\n\t<meta property=\"og:image:width\" content=\"500\" \/>\n\t<meta property=\"og:image:height\" content=\"500\" \/>\n\t<meta property=\"og:image:type\" content=\"image\/png\" \/>\n<meta name=\"twitter:card\" content=\"summary_large_image\" \/>\n<meta name=\"twitter:title\" content=\"Brandschutzfenster Holz &amp; Holz-Aluminium | Beelitz\" \/>\n<meta name=\"twitter:description\" content=\"Individuelle Brandschutzfenster EI 30, EI 60, EI 90 aus Holz &amp; Holz-Alu. Ma\u00dfanfertigung, Beratung &amp; Lieferung \u2013 Tischlerei Beelitz.\" \/>\n<meta name=\"twitter:image\" content=\"https:\/\/www.tischlerei-beelitz.com\/wp-content\/uploads\/2025\/07\/brandschutzfenster-offen.png\" \/>\n<meta name=\"twitter:label1\" content=\"Estimated reading time\" \/>\n\t<meta name=\"twitter:data1\" content=\"3 minutes\" \/>\n<script type=\"application\/ld+json\" class=\"yoast-schema-graph\">{\"@context\":\"https:\/\/schema.org\",\"@graph\":[{\"@type\":\"WebPage\",\"@id\":\"https:\/\/www.tischlerei-beelitz.com\/glossar\/brandschutzfenster\/\",\"url\":\"https:\/\/www.tischlerei-beelitz.com\/glossar\/brandschutzfenster\/\",\"name\":\"Brandschutzfenster Holz & Holz-Aluminium | Beelitz\",\"isPartOf\":{\"@id\":\"https:\/\/www.tischlerei-beelitz.com\/#website\"},\"datePublished\":\"2025-11-28T12:13:28+00:00\",\"dateModified\":\"2025-11-28T12:43:41+00:00\",\"description\":\"Individuelle Brandschutzfenster EI 30, EI 60, EI 90 aus Holz & Holz-Alu. Ma\u00dfanfertigung, Beratung & Lieferung \u2013 Tischlerei Beelitz.\",\"breadcrumb\":{\"@id\":\"https:\/\/www.tischlerei-beelitz.com\/glossar\/brandschutzfenster\/#breadcrumb\"},\"inLanguage\":\"en-GB\",\"potentialAction\":[{\"@type\":\"ReadAction\",\"target\":[\"https:\/\/www.tischlerei-beelitz.com\/glossar\/brandschutzfenster\/\"]}]},{\"@type\":\"BreadcrumbList\",\"@id\":\"https:\/\/www.tischlerei-beelitz.com\/glossar\/brandschutzfenster\/#breadcrumb\",\"itemListElement\":[{\"@type\":\"ListItem\",\"position\":1,\"name\":\"Startseite\",\"item\":\"https:\/\/www.tischlerei-beelitz.com\/\"},{\"@type\":\"ListItem\",\"position\":2,\"name\":\"Glossar\",\"item\":\"https:\/\/www.tischlerei-beelitz.com\/glossar\/\"},{\"@type\":\"ListItem\",\"position\":3,\"name\":\"Brandschutzfenster\"}]},{\"@type\":\"WebSite\",\"@id\":\"https:\/\/www.tischlerei-beelitz.com\/#website\",\"url\":\"https:\/\/www.tischlerei-beelitz.com\/\",\"name\":\"www.tischlerei-beelitz.com\",\"description\":\"\",\"publisher\":{\"@id\":\"https:\/\/www.tischlerei-beelitz.com\/#organization\"},\"potentialAction\":[{\"@type\":\"SearchAction\",\"target\":{\"@type\":\"EntryPoint\",\"urlTemplate\":\"https:\/\/www.tischlerei-beelitz.com\/?s={search_term_string}\"},\"query-input\":{\"@type\":\"PropertyValueSpecification\",\"valueRequired\":true,\"valueName\":\"search_term_string\"}}],\"inLanguage\":\"en-GB\"},{\"@type\":\"Organization\",\"@id\":\"https:\/\/www.tischlerei-beelitz.com\/#organization\",\"name\":\"MB Brandschutztischlerei Beelitz GmbH\",\"url\":\"https:\/\/www.tischlerei-beelitz.com\/\",\"logo\":{\"@type\":\"ImageObject\",\"inLanguage\":\"en-GB\",\"@id\":\"https:\/\/www.tischlerei-beelitz.com\/#\/schema\/logo\/image\/\",\"url\":\"https:\/\/www.tischlerei-beelitz.com\/wp-content\/uploads\/2025\/05\/logo-brandschutz-tischlerei-beelitz.png\",\"contentUrl\":\"https:\/\/www.tischlerei-beelitz.com\/wp-content\/uploads\/2025\/05\/logo-brandschutz-tischlerei-beelitz.png\",\"width\":300,\"height\":263,\"caption\":\"MB Brandschutztischlerei Beelitz GmbH\"},\"image\":{\"@id\":\"https:\/\/www.tischlerei-beelitz.com\/#\/schema\/logo\/image\/\"},\"sameAs\":[\"https:\/\/www.facebook.com\/mbbrandschutztischlerei\/\",\"https:\/\/www.instagram.com\/mb_brandschutztischlerei\/\"]}]}<\/script>\n<!-- \/ Yoast SEO plugin. -->","yoast_head_json":{"title":"Fire protection windows wood &amp; wood-aluminium | Beelitz","description":"Customised fire protection windows EI 30, EI 60, EI 90 made of wood &amp; wood-aluminium. Customised production, advice &amp; delivery - Tischlerei Beelitz.","robots":{"index":"index","follow":"follow","max-snippet":"max-snippet:-1","max-image-preview":"max-image-preview:large","max-video-preview":"max-video-preview:-1"},"canonical":"https:\/\/www.tischlerei-beelitz.com\/en\/glossar\/brandschutzfenster\/","og_locale":"en_GB","og_type":"article","og_title":"Brandschutzfenster Holz & Holz-Aluminium | Beelitz","og_description":"Individuelle Brandschutzfenster EI 30, EI 60, EI 90 aus Holz & Holz-Alu. Ma\u00dfanfertigung, Beratung & Lieferung \u2013 Tischlerei Beelitz.","og_url":"https:\/\/www.tischlerei-beelitz.com\/en\/glossar\/brandschutzfenster\/","article_publisher":"https:\/\/www.facebook.com\/mbbrandschutztischlerei\/","article_modified_time":"2025-11-28T12:43:41+00:00","og_image":[{"width":500,"height":500,"url":"https:\/\/www.tischlerei-beelitz.com\/wp-content\/uploads\/2025\/07\/brandschutzfenster-offen.png","type":"image\/png"}],"twitter_card":"summary_large_image","twitter_title":"Brandschutzfenster Holz & Holz-Aluminium | Beelitz","twitter_description":"Individuelle Brandschutzfenster EI 30, EI 60, EI 90 aus Holz & Holz-Alu. Ma\u00dfanfertigung, Beratung & Lieferung \u2013 Tischlerei Beelitz.","twitter_image":"https:\/\/www.tischlerei-beelitz.com\/wp-content\/uploads\/2025\/07\/brandschutzfenster-offen.png","twitter_misc":{"Estimated reading time":"3 minutes"},"schema":{"@context":"https:\/\/schema.org","@graph":[{"@type":"WebPage","@id":"https:\/\/www.tischlerei-beelitz.com\/glossar\/brandschutzfenster\/","url":"https:\/\/www.tischlerei-beelitz.com\/glossar\/brandschutzfenster\/","name":"Fire protection windows wood &amp; wood-aluminium | Beelitz","isPartOf":{"@id":"https:\/\/www.tischlerei-beelitz.com\/#website"},"datePublished":"2025-11-28T12:13:28+00:00","dateModified":"2025-11-28T12:43:41+00:00","description":"Customised fire protection windows EI 30, EI 60, EI 90 made of wood &amp; wood-aluminium. Customised production, advice &amp; delivery - Tischlerei Beelitz.","breadcrumb":{"@id":"https:\/\/www.tischlerei-beelitz.com\/glossar\/brandschutzfenster\/#breadcrumb"},"inLanguage":"en-GB","potentialAction":[{"@type":"ReadAction","target":["https:\/\/www.tischlerei-beelitz.com\/glossar\/brandschutzfenster\/"]}]},{"@type":"BreadcrumbList","@id":"https:\/\/www.tischlerei-beelitz.com\/glossar\/brandschutzfenster\/#breadcrumb","itemListElement":[{"@type":"ListItem","position":1,"name":"Startseite","item":"https:\/\/www.tischlerei-beelitz.com\/"},{"@type":"ListItem","position":2,"name":"Glossar","item":"https:\/\/www.tischlerei-beelitz.com\/glossar\/"},{"@type":"ListItem","position":3,"name":"Brandschutzfenster"}]},{"@type":"WebSite","@id":"https:\/\/www.tischlerei-beelitz.com\/#website","url":"https:\/\/www.tischlerei-beelitz.com\/","name":"www.tischlerei-beelitz.com","description":"","publisher":{"@id":"https:\/\/www.tischlerei-beelitz.com\/#organization"},"potentialAction":[{"@type":"SearchAction","target":{"@type":"EntryPoint","urlTemplate":"https:\/\/www.tischlerei-beelitz.com\/?s={search_term_string}"},"query-input":{"@type":"PropertyValueSpecification","valueRequired":true,"valueName":"search_term_string"}}],"inLanguage":"en-GB"},{"@type":"Organization","@id":"https:\/\/www.tischlerei-beelitz.com\/#organization","name":"MB Brandschutztischlerei Beelitz GmbH","url":"https:\/\/www.tischlerei-beelitz.com\/","logo":{"@type":"ImageObject","inLanguage":"en-GB","@id":"https:\/\/www.tischlerei-beelitz.com\/#\/schema\/logo\/image\/","url":"https:\/\/www.tischlerei-beelitz.com\/wp-content\/uploads\/2025\/05\/logo-brandschutz-tischlerei-beelitz.png","contentUrl":"https:\/\/www.tischlerei-beelitz.com\/wp-content\/uploads\/2025\/05\/logo-brandschutz-tischlerei-beelitz.png","width":300,"height":263,"caption":"MB Brandschutztischlerei Beelitz GmbH"},"image":{"@id":"https:\/\/www.tischlerei-beelitz.com\/#\/schema\/logo\/image\/"},"sameAs":["https:\/\/www.facebook.com\/mbbrandschutztischlerei\/","https:\/\/www.instagram.com\/mb_brandschutztischlerei\/"]}]}},"uagb_featured_image_src":{"full":false,"thumbnail":false,"medium":false,"medium_large":false,"large":false,"1536x1536":false,"2048x2048":false,"trp-custom-language-flag":false},"uagb_author_info":{"display_name":"dgh","author_link":"https:\/\/www.tischlerei-beelitz.com\/en\/author\/dgh\/"},"uagb_comment_info":0,"uagb_excerpt":"Bandschutzfenster in Ma\u00dfarbeit f\u00fcr maximale Sicherheit Individuelle Fensterfertigung mit gepr\u00fcfter Sicherheit und nachhaltigen Materialien Warum Brandschutzfenster von Beelitz? Unsere Brandschutzfenster [&hellip;]","_links":{"self":[{"href":"https:\/\/www.tischlerei-beelitz.com\/en\/wp-json\/wp\/v2\/pages\/2038","targetHints":{"allow":["GET"]}}],"collection":[{"href":"https:\/\/www.tischlerei-beelitz.com\/en\/wp-json\/wp\/v2\/pages"}],"about":[{"href":"https:\/\/www.tischlerei-beelitz.com\/en\/wp-json\/wp\/v2\/types\/page"}],"author":[{"embeddable":true,"href":"https:\/\/www.tischlerei-beelitz.com\/en\/wp-json\/wp\/v2\/users\/12"}],"replies":[{"embeddable":true,"href":"https:\/\/www.tischlerei-beelitz.com\/en\/wp-json\/wp\/v2\/comments?post=2038"}],"version-history":[{"count":8,"href":"https:\/\/www.tischlerei-beelitz.com\/en\/wp-json\/wp\/v2\/pages\/2038\/revisions"}],"predecessor-version":[{"id":2067,"href":"https:\/\/www.tischlerei-beelitz.com\/en\/wp-json\/wp\/v2\/pages\/2038\/revisions\/2067"}],"up":[{"embeddable":true,"href":"https:\/\/www.tischlerei-beelitz.com\/en\/wp-json\/wp\/v2\/pages\/2032"}],"wp:attachment":[{"href":"https:\/\/www.tischlerei-beelitz.com\/en\/wp-json\/wp\/v2\/media?parent=2038"}],"curies":[{"name":"wp","href":"https:\/\/api.w.org\/{rel}","templated":true}]}}