{"id":1865,"date":"2025-07-30T13:24:18","date_gmt":"2025-07-30T13:24:18","guid":{"rendered":"https:\/\/www.tischlerei-beelitz.com\/?page_id=1865"},"modified":"2025-11-06T08:08:05","modified_gmt":"2025-11-06T08:08:05","slug":"stellenangebot-tischler","status":"publish","type":"page","link":"https:\/\/www.tischlerei-beelitz.com\/en\/stellenangebot-tischler\/","title":{"rendered":"Jobs"},"content":{"rendered":"<div class=\"wp-block-uagb-container uagb-block-8ecd5811 alignfull uagb-is-root-container\"><div class=\"uagb-container-inner-blocks-wrap\">\n<div class=\"wp-block-uagb-advanced-heading uagb-block-13f2e88a\"><p class=\"uagb-desc-text\">Career<\/p><h1 class=\"uagb-heading-text\">Working at MB<\/h1><\/div>\n<\/div><\/div>\n\n\n\n<div class=\"wp-block-uagb-container uagb-layout-flex uagb-block-f3521c56 alignfull uagb-is-root-container\"><div class=\"uagb-container-inner-blocks-wrap\">\n<div class=\"wp-block-uagb-container uagb-block-1b512404\">\n<div class=\"wp-block-uagb-info-box uagb-block-a0259082 uagb-infobox__content-wrap  uagb-infobox-icon-above-title uagb-infobox-image-valign-top\"><div class=\"uagb-ifb-content\"><div class=\"uagb-ifb-title-wrap\"><p class=\"uagb-ifb-title-prefix\">Career<\/p><h2 class=\"uagb-ifb-title\">The workshop you never want to leave again.<\/h2><\/div><p class=\"uagb-ifb-desc\">&nbsp;We are MB Brandschutztischlerei Beelitz GmbH - an owner-managed family business specialising in high-quality wooden fire protection windows and doors. As a team of experienced craftsmen and wood experts, we focus on quality, innovation and genuine passion.<\/p><\/div><\/div>\n<\/div>\n\n\n\n<div class=\"wp-block-uagb-container uagb-block-524ffa15\">\n<div class=\"wp-block-uagb-image uagb-block-c2dd9409 wp-block-uagb-image--layout-default wp-block-uagb-image--effect-static wp-block-uagb-image--align-none\"><figure class=\"wp-block-uagb-image__figure\"><img decoding=\"async\" srcset=\"https:\/\/www.tischlerei-beelitz.com\/wp-content\/uploads\/2025\/05\/zwei-mitarbeiter-laecheln-1024x683.jpg ,https:\/\/www.tischlerei-beelitz.com\/wp-content\/uploads\/2025\/05\/zwei-mitarbeiter-laecheln.jpg 780w, https:\/\/www.tischlerei-beelitz.com\/wp-content\/uploads\/2025\/05\/zwei-mitarbeiter-laecheln.jpg 360w\" sizes=\"auto, (max-width: 480px) 150px\" src=\"https:\/\/www.tischlerei-beelitz.com\/wp-content\/uploads\/2025\/05\/zwei-mitarbeiter-laecheln-1024x683.jpg\" alt=\"2024-11-26-mb-brandschutztischlerei-beelitz-gmbh-33\" class=\"uag-image-484\" width=\"550\" height=\"450\" title=\"2024-11-26-mb-brandschutztischlerei-beelitz-gmbh-33\" loading=\"lazy\" role=\"img\"\/><\/figure><\/div>\n<\/div>\n<\/div><\/div>\n\n\n\n<div class=\"wp-block-uagb-container uagb-block-f098d2f3 alignfull uagb-is-root-container\"><div class=\"uagb-container-inner-blocks-wrap\">\n\t\t\t<div class=\"wp-block-uagb-post-grid uagb-post-grid  uagb-post__image-position-top uagb-post__image-enabled uagb-block-432c5d97     uagb-post__items uagb-post__columns-3 is-grid uagb-post__columns-tablet-2 uagb-post__columns-mobile-1 uagb-post__equal-height\" data-total=\"1\" style=\"\">\n\n\t\t\t\t\t\t\t\t\t\t\t\t<article class=\"uagb-post__inner-wrap\">\t\t\t\t\t\t\t\t<div class='uagb-post__image'>\n\t\t\t\t\t\t\t\t\t<a href=\"https:\/\/www.tischlerei-beelitz.com\/en\/karriere\/holztechniker-m-w-d\/\" target=\"_self\" rel=\"bookmark noopener noreferrer\" class='uagb-image-ratio-inherit'><img loading=\"lazy\" decoding=\"async\" width=\"899\" height=\"600\" src=\"https:\/\/www.tischlerei-beelitz.com\/wp-content\/uploads\/2025\/05\/mann-in-produktion-schaut-auf-tablett.jpg\" class=\"attachment-large size-large\" alt=\"ein mann steht in einem prouktionsraum und schaut auf ein tablett, er produziert holzfenster\" srcset=\"https:\/\/www.tischlerei-beelitz.com\/wp-content\/uploads\/2025\/05\/mann-in-produktion-schaut-auf-tablett.jpg 899w, https:\/\/www.tischlerei-beelitz.com\/wp-content\/uploads\/2025\/05\/mann-in-produktion-schaut-auf-tablett-300x200.jpg 300w, https:\/\/www.tischlerei-beelitz.com\/wp-content\/uploads\/2025\/05\/mann-in-produktion-schaut-auf-tablett-768x513.jpg 768w\" sizes=\"auto, (max-width: 899px) 100vw, 899px\" \/>\t\t\t\t\t<\/a>\n\t\t\t\t\t\t\t<\/div>\n\t\t\t\t\t\t<h4 class=\"uagb-post__title uagb-post__text\">\n\t\t\t\t<a href=\"https:\/\/www.tischlerei-beelitz.com\/en\/karriere\/holztechniker-m-w-d\/\" target=\"_self\" rel=\"bookmark noopener noreferrer\">Wood technician (m\/f\/d)<\/a>\n\t\t\t<\/h4>\n\t\t\t\t\t\t<div class='uagb-post__text uagb-post-grid-byline'>\n\t\t\t\t\t\t\t<\/div>\n\t\t\t\t\t\t\t<div class='uagb-post__text uagb-post__excerpt'>\n\t\t\t\t\tFor our company we have a vacancy for the next possible date at the production site in Bad Belzig...\t\t\t\t<\/div>\n\t\t\t\t\t\t<div class=\"uagb-post__text uagb-post__cta wp-block-button\">\n\t\t\t\t<a class=\"wp-block-button__link uagb-text-link\" style=\"\" href=\"https:\/\/www.tischlerei-beelitz.com\/en\/karriere\/holztechniker-m-w-d\/\" target=\"_self\" rel=\"bookmark noopener noreferrer\">Read More<\/a>\n\t\t\t<\/div>\n\t\t\t\n\t\t\t\t\t\t\t\t\t<\/article>\n\t\t\t\t\t\t\t\t\t\t\t\t\t\t\t\t<article class=\"uagb-post__inner-wrap\">\t\t\t\t\t\t\t\t<div class='uagb-post__image'>\n\t\t\t\t\t\t\t\t\t<a href=\"https:\/\/www.tischlerei-beelitz.com\/en\/karriere\/produktionsmitarbeiter\/\" target=\"_self\" rel=\"bookmark noopener noreferrer\" class='uagb-image-ratio-inherit'><img loading=\"lazy\" decoding=\"async\" width=\"1024\" height=\"683\" src=\"https:\/\/www.tischlerei-beelitz.com\/wp-content\/uploads\/2025\/05\/schleifen-eines-fensterrahmens-1024x683.jpg\" class=\"attachment-large size-large\" alt=\"nahaufnahme von einem produktionsmitarbeiter wie er einen Fensterrahmen schleift\" srcset=\"https:\/\/www.tischlerei-beelitz.com\/wp-content\/uploads\/2025\/05\/schleifen-eines-fensterrahmens-1024x683.jpg 1024w, https:\/\/www.tischlerei-beelitz.com\/wp-content\/uploads\/2025\/05\/schleifen-eines-fensterrahmens-300x200.jpg 300w, https:\/\/www.tischlerei-beelitz.com\/wp-content\/uploads\/2025\/05\/schleifen-eines-fensterrahmens-768x512.jpg 768w, https:\/\/www.tischlerei-beelitz.com\/wp-content\/uploads\/2025\/05\/schleifen-eines-fensterrahmens-1536x1024.jpg 1536w, https:\/\/www.tischlerei-beelitz.com\/wp-content\/uploads\/2025\/05\/schleifen-eines-fensterrahmens-2048x1366.jpg 2048w\" sizes=\"auto, (max-width: 1024px) 100vw, 1024px\" \/>\t\t\t\t\t<\/a>\n\t\t\t\t\t\t\t<\/div>\n\t\t\t\t\t\t<h4 class=\"uagb-post__title uagb-post__text\">\n\t\t\t\t<a href=\"https:\/\/www.tischlerei-beelitz.com\/en\/karriere\/produktionsmitarbeiter\/\" target=\"_self\" rel=\"bookmark noopener noreferrer\">Production employee (m\/f\/d)<\/a>\n\t\t\t<\/h4>\n\t\t\t\t\t\t<div class='uagb-post__text uagb-post-grid-byline'>\n\t\t\t\t\t\t\t<\/div>\n\t\t\t\t\t\t\t<div class='uagb-post__text uagb-post__excerpt'>\n\t\t\t\t\tFor our company we have a vacancy for the next possible date at the production site in 14806 Bad...\t\t\t\t<\/div>\n\t\t\t\t\t\t<div class=\"uagb-post__text uagb-post__cta wp-block-button\">\n\t\t\t\t<a class=\"wp-block-button__link uagb-text-link\" style=\"\" href=\"https:\/\/www.tischlerei-beelitz.com\/en\/karriere\/produktionsmitarbeiter\/\" target=\"_self\" rel=\"bookmark noopener noreferrer\">Read More<\/a>\n\t\t\t<\/div>\n\t\t\t\n\t\t\t\t\t\t\t\t\t<\/article>\n\t\t\t\t\t\t\t\t\t\t\t\t\t\t\t\t<article class=\"uagb-post__inner-wrap\">\t\t\t\t\t\t\t\t<div class='uagb-post__image'>\n\t\t\t\t\t\t\t\t\t<a href=\"https:\/\/www.tischlerei-beelitz.com\/en\/karriere\/tischlermeister-m-w-d\/\" target=\"_self\" rel=\"bookmark noopener noreferrer\" class='uagb-image-ratio-inherit'><img loading=\"lazy\" decoding=\"async\" width=\"899\" height=\"600\" src=\"https:\/\/www.tischlerei-beelitz.com\/wp-content\/uploads\/2025\/05\/mann-in-produktion-schaut-auf-tablett.jpg\" class=\"attachment-large size-large\" alt=\"ein mann steht in einem prouktionsraum und schaut auf ein tablett, er produziert holzfenster\" srcset=\"https:\/\/www.tischlerei-beelitz.com\/wp-content\/uploads\/2025\/05\/mann-in-produktion-schaut-auf-tablett.jpg 899w, https:\/\/www.tischlerei-beelitz.com\/wp-content\/uploads\/2025\/05\/mann-in-produktion-schaut-auf-tablett-300x200.jpg 300w, https:\/\/www.tischlerei-beelitz.com\/wp-content\/uploads\/2025\/05\/mann-in-produktion-schaut-auf-tablett-768x513.jpg 768w\" sizes=\"auto, (max-width: 899px) 100vw, 899px\" \/>\t\t\t\t\t<\/a>\n\t\t\t\t\t\t\t<\/div>\n\t\t\t\t\t\t<h4 class=\"uagb-post__title uagb-post__text\">\n\t\t\t\t<a href=\"https:\/\/www.tischlerei-beelitz.com\/en\/karriere\/tischlermeister-m-w-d\/\" target=\"_self\" rel=\"bookmark noopener noreferrer\">Master carpenter (m\/f\/d)<\/a>\n\t\t\t<\/h4>\n\t\t\t\t\t\t<div class='uagb-post__text uagb-post-grid-byline'>\n\t\t\t\t\t\t\t<\/div>\n\t\t\t\t\t\t\t<div class='uagb-post__text uagb-post__excerpt'>\n\t\t\t\t\tFor our company we have a vacancy for the next possible date at the production site in Bad Belzig...\t\t\t\t<\/div>\n\t\t\t\t\t\t<div class=\"uagb-post__text uagb-post__cta wp-block-button\">\n\t\t\t\t<a class=\"wp-block-button__link uagb-text-link\" style=\"\" href=\"https:\/\/www.tischlerei-beelitz.com\/en\/karriere\/tischlermeister-m-w-d\/\" target=\"_self\" rel=\"bookmark noopener noreferrer\">Read More<\/a>\n\t\t\t<\/div>\n\t\t\t\n\t\t\t\t\t\t\t\t\t<\/article>\n\t\t\t\t\t\t\t\t\t\t\t\t\t\t\t\t<article class=\"uagb-post__inner-wrap\">\t\t\t\t\t\t\t\t<div class='uagb-post__image'>\n\t\t\t\t\t\t\t\t\t<a href=\"https:\/\/www.tischlerei-beelitz.com\/en\/karriere\/tischler-m-w-d\/\" target=\"_self\" rel=\"bookmark noopener noreferrer\" class='uagb-image-ratio-inherit'><img loading=\"lazy\" decoding=\"async\" width=\"899\" height=\"600\" src=\"https:\/\/www.tischlerei-beelitz.com\/wp-content\/uploads\/2025\/05\/mann-mit-akkuschrauber.jpg\" class=\"attachment-large size-large\" alt=\"mann schraubt mit einem akkuschrauber holzst\u00fccke zusammen\" srcset=\"https:\/\/www.tischlerei-beelitz.com\/wp-content\/uploads\/2025\/05\/mann-mit-akkuschrauber.jpg 899w, https:\/\/www.tischlerei-beelitz.com\/wp-content\/uploads\/2025\/05\/mann-mit-akkuschrauber-300x200.jpg 300w, https:\/\/www.tischlerei-beelitz.com\/wp-content\/uploads\/2025\/05\/mann-mit-akkuschrauber-768x513.jpg 768w\" sizes=\"auto, (max-width: 899px) 100vw, 899px\" \/>\t\t\t\t\t<\/a>\n\t\t\t\t\t\t\t<\/div>\n\t\t\t\t\t\t<h4 class=\"uagb-post__title uagb-post__text\">\n\t\t\t\t<a href=\"https:\/\/www.tischlerei-beelitz.com\/en\/karriere\/tischler-m-w-d\/\" target=\"_self\" rel=\"bookmark noopener noreferrer\">Carpenter (m\/f\/d)<\/a>\n\t\t\t<\/h4>\n\t\t\t\t\t\t<div class='uagb-post__text uagb-post-grid-byline'>\n\t\t\t\t\t\t\t<\/div>\n\t\t\t\t\t\t\t<div class='uagb-post__text uagb-post__excerpt'>\n\t\t\t\t\tFor our company we have a vacancy for the next possible date at the production site in Bad Belzig...\t\t\t\t<\/div>\n\t\t\t\t\t\t<div class=\"uagb-post__text uagb-post__cta wp-block-button\">\n\t\t\t\t<a class=\"wp-block-button__link uagb-text-link\" style=\"\" href=\"https:\/\/www.tischlerei-beelitz.com\/en\/karriere\/tischler-m-w-d\/\" target=\"_self\" rel=\"bookmark noopener noreferrer\">Read More<\/a>\n\t\t\t<\/div>\n\t\t\t\n\t\t\t\t\t\t\t\t\t<\/article>\n\t\t\t\t\t\t\t\t\t\t\t\t\t\t\t\t<article class=\"uagb-post__inner-wrap\">\t\t\t\t\t\t\t\t<div class='uagb-post__image'>\n\t\t\t\t\t\t\t\t\t<a href=\"https:\/\/www.tischlerei-beelitz.com\/en\/karriere\/duales-studium-holz-und-holzwerkstofftechnik-b-eng-m-w-d\/\" target=\"_self\" rel=\"bookmark noopener noreferrer\" class='uagb-image-ratio-inherit'><img loading=\"lazy\" decoding=\"async\" width=\"1024\" height=\"683\" src=\"https:\/\/www.tischlerei-beelitz.com\/wp-content\/uploads\/2025\/05\/holzfensterrahmen-haengt-zum-trocknen-1024x683.jpg\" class=\"attachment-large size-large\" alt=\"mitarbeiter h\u00e4ngt holzfensterrahmen zum trocknen auf\" srcset=\"https:\/\/www.tischlerei-beelitz.com\/wp-content\/uploads\/2025\/05\/holzfensterrahmen-haengt-zum-trocknen-1024x683.jpg 1024w, https:\/\/www.tischlerei-beelitz.com\/wp-content\/uploads\/2025\/05\/holzfensterrahmen-haengt-zum-trocknen-300x200.jpg 300w, https:\/\/www.tischlerei-beelitz.com\/wp-content\/uploads\/2025\/05\/holzfensterrahmen-haengt-zum-trocknen-768x512.jpg 768w, https:\/\/www.tischlerei-beelitz.com\/wp-content\/uploads\/2025\/05\/holzfensterrahmen-haengt-zum-trocknen-1536x1024.jpg 1536w, https:\/\/www.tischlerei-beelitz.com\/wp-content\/uploads\/2025\/05\/holzfensterrahmen-haengt-zum-trocknen-2048x1366.jpg 2048w\" sizes=\"auto, (max-width: 1024px) 100vw, 1024px\" \/>\t\t\t\t\t<\/a>\n\t\t\t\t\t\t\t<\/div>\n\t\t\t\t\t\t<h4 class=\"uagb-post__title uagb-post__text\">\n\t\t\t\t<a href=\"https:\/\/www.tischlerei-beelitz.com\/en\/karriere\/duales-studium-holz-und-holzwerkstofftechnik-b-eng-m-w-d\/\" target=\"_self\" rel=\"bookmark noopener noreferrer\">Dual study programme in wood and wood-based materials technology (B.Eng.) (m\/f\/d)<\/a>\n\t\t\t<\/h4>\n\t\t\t\t\t\t<div class='uagb-post__text uagb-post-grid-byline'>\n\t\t\t\t\t\t\t<\/div>\n\t\t\t\t\t\t\t<div class='uagb-post__text uagb-post__excerpt'>\n\t\t\t\t\tWe offer a dual study programme in wood and wood-based materials technology in our company. This...\t\t\t\t<\/div>\n\t\t\t\t\t\t<div class=\"uagb-post__text uagb-post__cta wp-block-button\">\n\t\t\t\t<a class=\"wp-block-button__link uagb-text-link\" style=\"\" href=\"https:\/\/www.tischlerei-beelitz.com\/en\/karriere\/duales-studium-holz-und-holzwerkstofftechnik-b-eng-m-w-d\/\" target=\"_self\" rel=\"bookmark noopener noreferrer\">Read More<\/a>\n\t\t\t<\/div>\n\t\t\t\n\t\t\t\t\t\t\t\t\t<\/article>\n\t\t\t\t\t\t\t\t\t\t\t\t\t\t\t\t<article class=\"uagb-post__inner-wrap\">\t\t\t\t\t\t\t\t<div class='uagb-post__image'>\n\t\t\t\t\t\t\t\t\t<a href=\"https:\/\/www.tischlerei-beelitz.com\/en\/karriere\/ausbildung-zum-tischler-2026-m-w-d\/\" target=\"_self\" rel=\"bookmark noopener noreferrer\" class='uagb-image-ratio-inherit'><img loading=\"lazy\" decoding=\"async\" width=\"1024\" height=\"683\" src=\"https:\/\/www.tischlerei-beelitz.com\/wp-content\/uploads\/2025\/05\/zwei-mitarbeiter-laecheln-1024x683.jpg\" class=\"attachment-large size-large\" alt=\"zwei produktionsmitarbeiter stehen seite an seite und l\u00e4cheln, der eine lehnt sich an den anderen Mitarbeiter an.\" srcset=\"https:\/\/www.tischlerei-beelitz.com\/wp-content\/uploads\/2025\/05\/zwei-mitarbeiter-laecheln-1024x683.jpg 1024w, https:\/\/www.tischlerei-beelitz.com\/wp-content\/uploads\/2025\/05\/zwei-mitarbeiter-laecheln-300x200.jpg 300w, https:\/\/www.tischlerei-beelitz.com\/wp-content\/uploads\/2025\/05\/zwei-mitarbeiter-laecheln-768x512.jpg 768w, https:\/\/www.tischlerei-beelitz.com\/wp-content\/uploads\/2025\/05\/zwei-mitarbeiter-laecheln-1536x1024.jpg 1536w, https:\/\/www.tischlerei-beelitz.com\/wp-content\/uploads\/2025\/05\/zwei-mitarbeiter-laecheln-2048x1366.jpg 2048w\" sizes=\"auto, (max-width: 1024px) 100vw, 1024px\" \/>\t\t\t\t\t<\/a>\n\t\t\t\t\t\t\t<\/div>\n\t\t\t\t\t\t<h4 class=\"uagb-post__title uagb-post__text\">\n\t\t\t\t<a href=\"https:\/\/www.tischlerei-beelitz.com\/en\/karriere\/ausbildung-zum-tischler-2026-m-w-d\/\" target=\"_self\" rel=\"bookmark noopener noreferrer\">Apprenticeship as a carpenter 2026 (m\/f\/d)<\/a>\n\t\t\t<\/h4>\n\t\t\t\t\t\t<div class='uagb-post__text uagb-post-grid-byline'>\n\t\t\t\t\t\t\t<\/div>\n\t\t\t\t\t\t\t<div class='uagb-post__text uagb-post__excerpt'>\n\t\t\t\t\tWe offer an apprenticeship as a joiner in our company - you will learn the practical craft...\t\t\t\t<\/div>\n\t\t\t\t\t\t<div class=\"uagb-post__text uagb-post__cta wp-block-button\">\n\t\t\t\t<a class=\"wp-block-button__link uagb-text-link\" style=\"\" href=\"https:\/\/www.tischlerei-beelitz.com\/en\/karriere\/ausbildung-zum-tischler-2026-m-w-d\/\" target=\"_self\" rel=\"bookmark noopener noreferrer\">Read More<\/a>\n\t\t\t<\/div>\n\t\t\t\n\t\t\t\t\t\t\t\t\t<\/article>\n\t\t\t\t\t\t\t\t\t\t\t<\/div>\n\t\t\t<\/div><\/div>\n\n\n\n<div class=\"wp-block-uagb-container uagb-layout-flex uagb-block-ef87f397 alignfull uagb-is-root-container\"><div class=\"uagb-container-inner-blocks-wrap\">\n<div class=\"wp-block-uagb-container uagb-block-48a2740f\">\n<div class=\"wp-block-uagb-info-box uagb-block-c2b02fc6 uagb-infobox__content-wrap  uagb-infobox-icon-above-title uagb-infobox-image-valign-top\"><div class=\"uagb-ifb-content\"><div class=\"uagb-ifb-title-wrap\"><p class=\"uagb-ifb-title-prefix\">Career<\/p><h2 class=\"uagb-ifb-title\">Why with us?<\/h2><\/div><p class=\"uagb-ifb-desc\">Our tasks are demanding, varied and always at the cutting edge of technology. We don't build standard windows - we create customised solutions that meet the highest requirements.<\/p><\/div><\/div>\n\n\n\n<div class=\"wp-block-uagb-buttons uagb-buttons__outer-wrap uagb-btn__default-btn uagb-btn-tablet__default-btn uagb-btn-mobile__default-btn uagb-block-e0824b96\"><div class=\"uagb-buttons__wrap uagb-buttons-layout-wrap\">\n<div class=\"wp-block-uagb-buttons-child uagb-buttons__outer-wrap uagb-block-3d1399ad wp-block-button\"><div class=\"uagb-button__wrapper\"><a class=\"uagb-buttons-repeater wp-block-button__link\" aria-label=\"\" href=\"\/en\/unternehmen\/\" rel=\"follow noopener\" target=\"_self\" role=\"button\"><div class=\"uagb-button__link\">About us<\/div><\/a><\/div><\/div>\n<\/div><\/div>\n<\/div>\n\n\n\n<div class=\"wp-block-uagb-container uagb-block-443e8079\">\n<div class=\"wp-block-uagb-image uagb-block-98e49376 wp-block-uagb-image--layout-default wp-block-uagb-image--effect-static wp-block-uagb-image--align-none\"><figure class=\"wp-block-uagb-image__figure\"><img decoding=\"async\" srcset=\"https:\/\/www.tischlerei-beelitz.com\/wp-content\/uploads\/2025\/05\/mitarbeiter-daumen-hoch-1024x683.jpg ,https:\/\/www.tischlerei-beelitz.com\/wp-content\/uploads\/2025\/05\/mitarbeiter-daumen-hoch.jpg 780w, https:\/\/www.tischlerei-beelitz.com\/wp-content\/uploads\/2025\/05\/mitarbeiter-daumen-hoch.jpg 360w\" sizes=\"auto, (max-width: 480px) 150px\" src=\"https:\/\/www.tischlerei-beelitz.com\/wp-content\/uploads\/2025\/05\/mitarbeiter-daumen-hoch-1024x683.jpg\" alt=\"2024-11-26-mb-brandschutztischlerei-beelitz-gmbh-32\" class=\"uag-image-489\" width=\"550\" height=\"450\" title=\"2024-11-26-mb-brandschutztischlerei-beelitz-gmbh-32\" loading=\"lazy\" role=\"img\"\/><\/figure><\/div>\n<\/div>\n<\/div><\/div>\n\n\n\n<div class=\"wp-block-uagb-container uagb-block-78ceaa04 alignfull uagb-is-root-container\"><div class=\"uagb-container-inner-blocks-wrap\">\n<div class=\"wp-block-uagb-advanced-heading uagb-block-c25c7181\"><p class=\"uagb-desc-text\">Career<\/p><h2 class=\"uagb-heading-text\">Working at MB<\/h2><\/div>\n\n\n\n<div class=\"wp-block-uagb-container uagb-layout-grid uagb-block-2a415332\">\n<div class=\"wp-block-uagb-container uagb-block-b1e555fe\">\n<div class=\"wp-block-uagb-info-box uagb-block-a30d6583 uagb-infobox__content-wrap  uagb-infobox-icon-above-title uagb-infobox-image-valign-top\"><div class=\"uagb-ifb-content\"><div class=\"uagb-ifb-icon-wrap\"><svg xmlns=\"https:\/\/www.w3.org\/2000\/svg\" viewbox=\"0 0 640 512\"><path d=\"M554.9 154.5c-17.62-35.25-68.12-35.38-85.87 0c-87 174.3-84.1 165.9-84.1 181.5c0 44.13 57.25 80 128 80s127.1-35.88 127.1-80C639.1 319.9 641.4 327.3 554.9 154.5zM439.1 320l71.96-144l72.17 144H439.1zM256 336c0-16.12 1.375-8.75-85.12-181.5c-17.62-35.25-68.12-35.38-85.87 0c-87 174.3-84.1 165.9-84.1 181.5c0 44.13 57.25 80 127.1 80S256 380.1 256 336zM127.9 176L200.1 320H55.96L127.9 176zM495.1 448h-143.1V153.3C375.5 143 393.1 121.8 398.4 96h113.6c17.67 0 31.1-14.33 31.1-32s-14.33-32-31.1-32h-128.4c-14.62-19.38-37.5-32-63.62-32S270.1 12.62 256.4 32H128C110.3 32 96 46.33 96 64S110.3 96 127.1 96h113.6c5.25 25.75 22.87 47 46.37 57.25V448H144c-26.51 0-48.01 21.49-48.01 48c0 8.836 7.165 16 16 16h416c8.836 0 16-7.164 16-16C544 469.5 522.5 448 495.1 448z\"><\/path><\/svg><\/div><div class=\"uagb-ifb-title-wrap\"><h3 class=\"uagb-ifb-title\">4-day week<\/h3><\/div><p class=\"uagb-ifb-desc\">Every 2nd Friday is free - enjoy a 4-day week!<\/p><\/div><\/div>\n<\/div>\n\n\n\n<div class=\"wp-block-uagb-container uagb-block-794c2a79\">\n<div class=\"wp-block-uagb-info-box uagb-block-fc4d7156 uagb-infobox__content-wrap  uagb-infobox-icon-above-title uagb-infobox-image-valign-top\"><div class=\"uagb-ifb-content\"><div class=\"uagb-ifb-icon-wrap\"><svg xmlns=\"https:\/\/www.w3.org\/2000\/svg\" viewbox=\"0 0 640 512\"><path d=\"M115.4 136.8l102.1 37.35c35.13-81.62 86.25-144.4 139-173.7c-95.88-4.875-188.8 36.96-248.5 111.7C101.2 120.6 105.2 133.2 115.4 136.8zM247.6 185l238.5 86.87c35.75-121.4 18.62-231.6-42.63-253.9c-7.375-2.625-15.12-4.062-23.12-4.062C362.4 13.88 292.1 83.13 247.6 185zM521.5 60.51c6.25 16.25 10.75 34.62 13.13 55.25c5.75 49.87-1.376 108.1-18.88 166.9l102.6 37.37c10.13 3.75 21.25-3.375 21.5-14.12C642.3 210.1 598 118.4 521.5 60.51zM528 448h-207l65-178.5l-60.13-21.87l-72.88 200.4H48C21.49 448 0 469.5 0 496C0 504.8 7.163 512 16 512h544c8.837 0 16-7.163 16-15.1C576 469.5 554.5 448 528 448z\"><\/path><\/svg><\/div><div class=\"uagb-ifb-title-wrap\"><h3 class=\"uagb-ifb-title\">30 days holiday<\/h3><\/div><p class=\"uagb-ifb-desc\">30 days' holiday for your personal time-out<\/p><\/div><\/div>\n<\/div>\n\n\n\n<div class=\"wp-block-uagb-container uagb-block-f4240b42\">\n<div class=\"wp-block-uagb-info-box uagb-block-3972bf70 uagb-infobox__content-wrap  uagb-infobox-icon-above-title uagb-infobox-image-valign-top\"><div class=\"uagb-ifb-content\"><div class=\"uagb-ifb-icon-wrap\"><svg xmlns=\"https:\/\/www.w3.org\/2000\/svg\" viewbox=\"0 0 640 512\"><path d=\"M280 40C280 17.91 297.9 0 320 0C342.1 0 360 17.91 360 40C360 62.09 342.1 80 320 80C297.9 80 280 62.09 280 40zM375.8 253C377.5 266.2 368.1 278.2 354.1 279.8C341.8 281.5 329.8 272.1 328.2 258.1L323.8 223.1H316.2L311.8 258.1C310.2 272.1 298.2 281.5 285 279.8C271.9 278.2 262.5 266.2 264.2 253L275.3 164.3L255.5 180.1C245.4 189.6 230.2 188.3 221.7 178.2C213.1 168 214.4 152.9 224.5 144.3L266 109.2C276.1 100.7 288.9 96 302.2 96H337.8C351.1 96 363.9 100.7 373.1 109.2L415.5 144.3C425.6 152.9 426.9 168 418.3 178.2C409.8 188.3 394.6 189.6 384.5 180.1L364.7 164.3L375.8 253zM80 258.7L140.3 339C149.7 351.6 167.7 353.8 179.9 343.8C190.4 335.1 193.1 319.1 186 308.3L164.6 272.5C155.9 258 159.9 239.3 173.7 229.7C187.6 220.1 206.5 222.9 216.1 236L263.5 294.1C279.3 313.1 288 338.6 288 364.1V480C288 497.7 273.7 512 256 512H160C150.3 512 141.1 507.6 135 499.1L14.02 348.8C4.946 337.4 0 323.3 0 308.8V103.1C0 81.91 17.91 63.1 40 63.1C62.09 63.1 80 81.91 80 103.1V258.7zM640 104V308.8C640 323.3 635.1 337.4 625.1 348.8L504.1 499.1C498.9 507.6 489.7 512 480 512H384C366.3 512 352 497.7 352 480V364.1C352 338.6 360.7 313.1 376.5 294.1L423 236C433.5 222.9 452.4 220.1 466.3 229.7C480.1 239.3 484.1 258 475.4 272.5L453.1 308.3C446.9 319.1 449.6 335.1 460.2 343.8C472.3 353.8 490.3 351.6 499.7 339L560 258.7V104C560 81.91 577.9 64 600 64C622.1 64 640 81.91 640 104V104z\"><\/path><\/svg><\/div><div class=\"uagb-ifb-title-wrap\"><h3 class=\"uagb-ifb-title\">Family friendly<\/h3><\/div><p class=\"uagb-ifb-desc\">In 2024, we were recognised as a family-friendly company.<\/p><\/div><\/div>\n<\/div>\n\n\n\n<div class=\"wp-block-uagb-container uagb-block-328480ce\">\n<div class=\"wp-block-uagb-info-box uagb-block-590a1c53 uagb-infobox__content-wrap  uagb-infobox-icon-above-title uagb-infobox-image-valign-top\"><div class=\"uagb-ifb-content\"><div class=\"uagb-ifb-icon-wrap\"><svg xmlns=\"https:\/\/www.w3.org\/2000\/svg\" viewbox=\"0 0 512 512\"><path d=\"M256 512C114.6 512 0 397.4 0 256C0 114.6 114.6 0 256 0C397.4 0 512 114.6 512 256C512 397.4 397.4 512 256 512zM232 256C232 264 236 271.5 242.7 275.1L338.7 339.1C349.7 347.3 364.6 344.3 371.1 333.3C379.3 322.3 376.3 307.4 365.3 300L280 243.2V120C280 106.7 269.3 96 255.1 96C242.7 96 231.1 106.7 231.1 120L232 256z\"><\/path><\/svg><\/div><div class=\"uagb-ifb-title-wrap\"><h3 class=\"uagb-ifb-title\">Full or part-time<\/h3><\/div><p class=\"uagb-ifb-desc\">Full-time or part-time - you choose what suits you!<\/p><\/div><\/div>\n<\/div>\n<\/div>\n<\/div><\/div>\n\n\n\n<div class=\"wp-block-uagb-container uagb-block-8bc835a0 alignfull uagb-is-root-container\"><div class=\"uagb-container-inner-blocks-wrap\">\n<h1 class=\"wp-block-heading\"><strong>Take advantage of a promising job offer for carpenters<\/strong><\/h1>\n\n\n\n<p>An increasing demand for qualified carpenters is a good opportunity for people with an affinity for wood as a material to undertake professional carpentry training. Established companies such as Tischlerei Beelitz are a safe place to go for valuable carpentry training in Berlin. The experienced staff imparts high-quality knowledge with the corresponding skills that meet today's requirements and prepare for the qualification of a job offer for carpenters. This is made possible by the joinery, which has made a name for itself in a variety of ways, particularly in the field of fire protection. Traditional craftsmanship meets clean workmanship with attention to detail and can offer high-quality services for discerning customers.<\/p>\n\n\n\n<p>The operation is characterised by a<a href=\"https:\/\/web.archive.org\/web\/20250215001535\/https:\/\/www.tischlerei-beelitz.com\/ueber-uns\/\">&nbsp;experienced team<\/a>&nbsp;which enables you to train as a carpenter in Brandenburg and complements the job vacancies for carpenters. Depending on the situation, you can start your training in the company or obtain a high-quality position if you are suitable. This occupational field is characterised by a high degree of flexibility due to the wide range of tasks involved. Well-founded training enables you to work in various areas that require the skills of a carpenter.<\/p>\n\n\n\n<h2 class=\"wp-block-heading\"><strong>Training as a carpenter with suitable requirements<\/strong><\/h2>\n\n\n\n<p>If you are interested in training as a carpenter, you can easily start with the relevant requirements. These skills are also crucial for suitable carpentry jobs in Berlin. On the one hand, a certain care in dealing with units of measurement and tolerances is important when making wooden components. Current carpenter jobs also require specific qualities that are associated with manual dexterity. A steady hand is particularly advantageous when fitting specific wooden parts or dovetailing mortises and tenons. The job offer for carpenters depends on which specific<a href=\"https:\/\/web.archive.org\/web\/20250215001535\/https:\/\/www.tischlerei-beelitz.com\/leistungen\/\">&nbsp;Services<\/a>&nbsp;a joinery offers or for a task. A careful approach to work is therefore ideal, as handling various tools such as circular or band saws is also part of the job description.<\/p>\n\n\n\n<p>A carpentry apprenticeship in Brandenburg also appeals to interested people who have a great sense of creativity and aesthetics. For example, the design of interior areas is just as important as the creation and processing of furnishings. Wood is a very flexible material which, due to the high demand, forms the basis for a very diverse range of jobs for carpenters. Specific skills are taught in the training programme for carpenters in Brandenburg, which are constantly being developed by the experienced staff and the valuable knowledge in the field of craftsmanship.<\/p>\n\n\n\n<h2 class=\"wp-block-heading\"><strong>What are the characteristics of a carpentry apprenticeship in Berlin?<\/strong><\/h2>\n\n\n\n<p>The carpentry apprenticeship in Berlin usually lasts three years. The typical place of learning is the training company or vocational school. Dual training as a carpenter also makes sense for the later choice of a job offer for carpenters. Various school subjects are also essential for training as a carpenter. A good knowledge of maths is necessary in order to calculate workpiece dimensions and keep track of the costs of materials and tools. Calculations of areas and solids are also necessary for a job as a carpenter. Current carpenter vacancies in Berlin require the knowledge that is taught at school. This includes knowledge of physics and chemistry so that no mistakes are made during the selection and processing of suitable materials. Wherever experienced carpenters are needed or a carpenter position is available, a sound education in the field has great advantages.<\/p>\n\n\n\n<p>At the same time, a basic knowledge of work and technology is useful in order to be able to use various tools properly and to understand the interrelationships between small machines and materials. The job advert for carpenters often states which skills are required. Technical drawing is also a skill that should not be underestimated for carpentry work. With every<a href=\"https:\/\/web.archive.org\/web\/20250215001535\/https:\/\/www.tischlerei-beelitz.com\/jobs\/\">&nbsp;Apply for carpenter jobs in Berlin<\/a>&nbsp;the qualification through the respective application profile is decisive for the success of being able to take up a job offer for carpenters. It is important to be able to think coherently during your training as a carpenter. The carpenter training programme in Berlin is specifically designed to meet these requirements and can prepare interested individuals for a carpenter position with good earning potential. Many jobs as a carpenter are designed to be customer-orientated and cover the requirements of the various carpenter vacancies. It is therefore worth familiarising yourself in advance with the specific requirements for a carpenter apprenticeship in Berlin or a carpenter apprenticeship in Brandenburg.<\/p>\n\n\n\n<h3 class=\"wp-block-heading\"><strong>Recognised training occupation with good earning opportunities through job offer as a carpenter<\/strong><\/h3>\n\n\n\n<p>A job application as a carpenter is always associated with a high level of recognition, as the three-year carpentry apprenticeship in Berlin fulfils the corresponding requirements for job offers as a carpenter. Even in the three years of training, the following salaries are generally paid per month, depending on the federal state:<\/p>\n\n\n\n<ul class=\"wp-block-list\">\n<li>1st year of training: 565 euros<\/li>\n\n\n\n<li>2nd year of training: 701 euros<\/li>\n\n\n\n<li>3rd year of training: 859 euros<\/li>\n<\/ul>\n\n\n\n<p>At the same time, there are various average monthly salaries of between 1600 and 1800 euros after training as a carpenter in Brandenburg. These can vary depending on the federal state. If you want to start your own business at some point and even want to offer carpentry training in Brandenburg or carpentry training in Berlin yourself, it is worth taking advantage of professional carpentry training in Brandenburg at Tischlerei Beelitz, especially later on.<\/p>\n\n\n\n<p>The special nature of the qualification after training as a carpenter in Berlin makes it easier to find the right job as a carpenter. Many trainees also continue to work in established companies such as Tischlerei Beelitz after their years of training and can therefore seamlessly move on to high-quality jobs as carpenters. Especially for the production of high-quality<a href=\"https:\/\/web.archive.org\/web\/20250215001535\/https:\/\/www.tischlerei-beelitz.com\/leistungen\/ei90-mb-brandschutzfenster-zum-oeffnen\/\">&nbsp;Fire protection windows<\/a>&nbsp;qualified personnel are very often needed. No specific school education is legally required for a carpentry apprenticeship in Brandenburg. Nevertheless, it can be an advantage to have both a secondary school leaving certificate and a university entrance qualification in order to fulfil various requirements more easily. An affinity for wood as a building material with all its variations is often just as important as a careful way of working and organising one's own tasks. At the same time, every apprentice receives significant support during their carpentry training in Brandenburg in order to consolidate strengths and minimise weaknesses.<\/p>\n\n\n\n<h2 class=\"wp-block-heading\"><strong><br>Versatile skills in carpentry work<\/strong><\/h2>\n\n\n\n<p>Carpentry training in Brandenburg will give you the skills you need to fulfil various carpentry jobs well. Carpentry work is very varied and requires a high level of expertise. For this reason, carpenter jobs are often specialised in certain areas. For example, the Beelitz joinery offers professional services in the following areas<a href=\"https:\/\/web.archive.org\/web\/20250215001535\/https:\/\/www.tischlerei-beelitz.com\/galerie\/\">&nbsp;Fire test<\/a>which is important for house construction, renovations or for businesses. Nowadays, carpentry work in the field of window construction and interior fittings must also fulfil fire protection requirements. It is therefore worthwhile to take advantage of a carpentry apprenticeship in Brandenburg to familiarise yourself with the versatility of the profession.<\/p>\n\n\n\n<p>At the same time, a job as a carpenter also means a customer-orientated way of working. These skills are not only often expected in carpenter job offers, but are also taught during carpenter training in Brandenburg. There are now many carpenter vacancies in Berlin that offer a very varied work profile. Qualified carpenters who work carefully, especially in the field of window construction, and at the same time use their creativity and expertise to advance interior design with high-quality designs are always in demand. Current vacancies for carpenters are therefore a real opportunity to professionally apply the high-quality knowledge gained from carpentry training in Berlin. If you are interested in the high-quality job vacancies for carpenters, we recommend that you contact us.<\/p>\n\n\n\n<h2 class=\"wp-block-heading\"><br>Get off to a successful start with carpentry training in Potsdam<\/h2>\n\n\n\n<p>If you complete an apprenticeship in the skilled trades in Berlin and the surrounding area, you will benefit from excellent future prospects. A carpentry apprenticeship in Potsdam in particular offers great advantages. Carpenters, also known elsewhere as joiners, take on a wide range of tasks involving wood. During a carpentry apprenticeship in Potsdam, trainees learn how to make high-quality furniture, windows, doors and much more from this natural material. Training as a carpenter in Potsdam also teaches more advanced skills. The trainees not only help with production, but also with planning, delivery and assembly. They learn to plan and prepare work processes. Do you find this interesting? Then apply today for an apprenticeship as a carpenter in Berlin 2023 or for an apprenticeship in Werder Havel or for a carpenter apprenticeship in Potsdam or an apprenticeship in Brandenburg.<\/p>\n\n\n\n<h2 class=\"wp-block-heading\">These are the requirements for a carpentry apprenticeship in Potsdam<\/h2>\n\n\n\n<p>To start a carpentry apprenticeship in Potsdam, applicants must fulfil a number of requirements, as this is a demanding profession. In addition to a good spatial awareness, a good sense of form and a talent for drawing are required for a carpentry apprenticeship in Berlin and the surrounding area. If you would like to complete a carpentry apprenticeship in Potsdam, you will need manual dexterity for a wide range of tasks. A technical understanding of computer-controlled and modern machines and the ability to quickly grasp interrelationships are also important for a carpentry apprenticeship. In addition to enjoying working with wood, physical fitness also plays a role in carpentry training in Potsdam. During the carpentry apprenticeship in Berlin and the surrounding area, you will be on your feet a lot. Carrying and lifting loads is also part of your job, as you will be working with wood. Teamwork and communication skills are also desirable qualities for a carpentry apprenticeship in Potsdam.<\/p>\n\n\n\n<h2 class=\"wp-block-heading\"><br>A carpentry apprenticeship in Potsdam for creative minds<\/h2>\n\n\n\n<p>Are you creative and love creating beautiful things with your own hands? Then a carpentry apprenticeship in Potsdam is just the thing for you. During your carpentry apprenticeship, you will learn to independently design various products according to functional as well as design aspects. The carpentry apprenticeship in Potsdam will teach you not only how to make wooden objects, but also how to plan and draw. As part of the carpentry training programme in Potsdam, your master carpenter will also teach you how to select wood and materials correctly and how to process metal, glass, plastic and veneers professionally. In short, training as a carpenter in Potsdam offers a wide range of opportunities to work creatively with the natural raw material wood. Many carpenters use their skills after their training in Werder Havel, Brandenburg, Berlin, Potsdam or the surrounding area to realise their own projects. Training as a carpenter in Potsdam therefore offers plenty of scope for self-realisation.<\/p>\n\n\n\n<h2 class=\"wp-block-heading\">Carpenter training in Potsdam - and then what?<\/h2>\n\n\n\n<p>If you have opted for a carpentry apprenticeship in Potsdam or a carpentry apprenticeship in Berlin 2023, you will probably have a successful qualification in your hands in 2025. After completing your carpentry apprenticeship in Potsdam, you can apply for a job as a journeyman or journeywoman in various companies. It is also possible to complete further training after training as a carpenter in Berlin 2023. You can choose from business management and technical training courses, among others. After training as a carpenter in Potsdam, for example, you will be able to work creatively as a designer in the trade. As you can see, training in Brandenburg an der Havel, Berlin, Potsdam or the surrounding area is not a one-way street, but there is always the opportunity to climb the career ladder step by step.<\/p>\n\n\n\n<h2 class=\"wp-block-heading\">The master craftsman examination after carpentry training in Potsdam<\/h2>\n\n\n\n<p>After successful training in the skilled trades in Potsdam, Berlin, Brandenburg or the surrounding area, it is of course possible to acquire a master craftsman's certificate. This means that the carpentry apprenticeship in Potsdam offers you the opportunity to manage a craft business yourself later on and also to offer an apprenticeship in Brandenburg, Potsdam, Berlin or elsewhere. If you have the master craftsman's certificate in your pocket, then nothing stands in the way of studying after the carpentry apprenticeship in Potsdam. You do not need a high school diploma for this, as a successfully completed carpentry apprenticeship is sufficient. It doesn't matter whether you completed your apprenticeship in Brandenburg or in another region in Germany. Anyone who starts their carpentry apprenticeship in Berlin in 2023 and successfully continues their training has the opportunity to study under certain conditions, regardless of their school-leaving qualification.<\/p>\n\n\n\n<h2 class=\"wp-block-heading\"><br>The diverse possibilities of carpentry training in Potsdam<\/h2>\n\n\n\n<p>The prospects offered by a carpentry apprenticeship in Potsdam are fantastic. All you need to start a three-year craft apprenticeship in Berlin or the surrounding area is a secondary school leaving certificate. After the carpentry apprenticeship in Potsdam, you will receive a journeyman's certificate to start your career. The most popular is the master craftsman's examination, but there are many more options after carpentry training in Potsdam and elsewhere. Many get off to a flying start with further training as a building energy consultant after their training as a carpenter in Berlin 2023. They will then advise and support homeowners in climate-friendly conversions. Production planners in the carpentry trade are also in demand. They organise and coordinate the work processes in the workshop. In short, those who opt for a carpentry apprenticeship are setting the course for a future that may well lead to a management position. The earning prospects are correspondingly high.<\/p>\n\n\n\n<h2 class=\"wp-block-heading\">Training as a carpenter in Potsdam and then working as a restorer<\/h2>\n\n\n\n<p>Training as a carpenter in Potsdam, training in Brandenburg an der Havel and carpentry training in Berlin 2023 or elsewhere is particularly interesting for people who like to restore old things and enjoy their historical charm. If you start training as a carpenter in Berlin 2023, you will be able to work as a restorer in the carpentry trade after successfully completing your training. After your carpentry training in Potsdam and the surrounding area, you will use old craft techniques to restore historical furniture and give it new splendour. Training in Brandenburg or a carpentry apprenticeship in Berlin 2023 or a carpentry apprenticeship in Potsdam also offers you opportunities if you are interested in management. In this case, you will train to become a business economist in accordance with the Crafts Code. With such a qualification, nothing stands in the way of your entry into company management.<\/p>\n<\/div><\/div>","protected":false},"excerpt":{"rendered":"<p>Careers Working at MB Careers Working at MB Take advantage of promising job opportunities for joiners An increasing demand for qualified joiners is [...]<\/p>","protected":false},"author":8,"featured_media":0,"parent":0,"menu_order":0,"comment_status":"closed","ping_status":"closed","template":"","meta":{"_acf_changed":false,"inline_featured_image":false,"_uag_custom_page_level_css":"","site-sidebar-layout":"default","site-content-layout":"","ast-site-content-layout":"default","site-content-style":"default","site-sidebar-style":"default","ast-global-header-display":"","ast-banner-title-visibility":"","ast-main-header-display":"","ast-hfb-above-header-display":"","ast-hfb-below-header-display":"","ast-hfb-mobile-header-display":"","site-post-title":"disabled","ast-breadcrumbs-content":"","ast-featured-img":"","footer-sml-layout":"","ast-disable-related-posts":"","theme-transparent-header-meta":"","adv-header-id-meta":"","stick-header-meta":"","header-above-stick-meta":"","header-main-stick-meta":"","header-below-stick-meta":"","astra-migrate-meta-layouts":"default","ast-page-background-enabled":"default","ast-page-background-meta":{"desktop":{"background-color":"var(--ast-global-color-4)","background-image":"","background-repeat":"repeat","background-position":"center center","background-size":"auto","background-attachment":"scroll","background-type":"","background-media":"","overlay-type":"","overlay-color":"","overlay-opacity":"","overlay-gradient":""},"tablet":{"background-color":"","background-image":"","background-repeat":"repeat","background-position":"center center","background-size":"auto","background-attachment":"scroll","background-type":"","background-media":"","overlay-type":"","overlay-color":"","overlay-opacity":"","overlay-gradient":""},"mobile":{"background-color":"","background-image":"","background-repeat":"repeat","background-position":"center center","background-size":"auto","background-attachment":"scroll","background-type":"","background-media":"","overlay-type":"","overlay-color":"","overlay-opacity":"","overlay-gradient":""}},"ast-content-background-meta":{"desktop":{"background-color":"var(--ast-global-color-5)","background-image":"","background-repeat":"repeat","background-position":"center center","background-size":"auto","background-attachment":"scroll","background-type":"","background-media":"","overlay-type":"","overlay-color":"","overlay-opacity":"","overlay-gradient":""},"tablet":{"background-color":"var(--ast-global-color-5)","background-image":"","background-repeat":"repeat","background-position":"center center","background-size":"auto","background-attachment":"scroll","background-type":"","background-media":"","overlay-type":"","overlay-color":"","overlay-opacity":"","overlay-gradient":""},"mobile":{"background-color":"var(--ast-global-color-5)","background-image":"","background-repeat":"repeat","background-position":"center center","background-size":"auto","background-attachment":"scroll","background-type":"","background-media":"","overlay-type":"","overlay-color":"","overlay-opacity":"","overlay-gradient":""}},"footnotes":""},"class_list":["post-1865","page","type-page","status-publish","hentry"],"acf":[],"yoast_head":"<!-- This site is optimized with the Yoast SEO plugin v26.9 - https:\/\/yoast.com\/product\/yoast-seo-wordpress\/ -->\n<title>Jobs \u2013 Karriere bei Brandschutztischlerei Beelitz<\/title>\n<meta name=\"description\" content=\"Entdecken Sie spannende Jobs bei Brandschutztischlerei Beelitz. Karrierechancen f\u00fcr Fachkr\u00e4fte im Fenster- und T\u00fcrenbau in Bad Belzig\" \/>\n<meta name=\"robots\" content=\"index, follow, max-snippet:-1, max-image-preview:large, max-video-preview:-1\" \/>\n<link rel=\"canonical\" href=\"https:\/\/www.tischlerei-beelitz.com\/en\/stellenangebot-tischler\/\" \/>\n<meta property=\"og:locale\" content=\"en_GB\" \/>\n<meta property=\"og:type\" content=\"article\" \/>\n<meta property=\"og:title\" content=\"Jobs \u2013 Karriere bei Brandschutztischlerei Beelitz\" \/>\n<meta property=\"og:description\" content=\"Entdecken Sie spannende Jobs bei Brandschutztischlerei Beelitz. Karrierechancen f\u00fcr Fachkr\u00e4fte im Bereich Brandschutz deutschlandweit.\" \/>\n<meta property=\"og:url\" content=\"https:\/\/www.tischlerei-beelitz.com\/en\/stellenangebot-tischler\/\" \/>\n<meta property=\"article:publisher\" content=\"https:\/\/www.facebook.com\/mbbrandschutztischlerei\/\" \/>\n<meta property=\"article:modified_time\" content=\"2025-11-06T08:08:05+00:00\" \/>\n<meta property=\"og:image\" content=\"https:\/\/www.tischlerei-beelitz.com\/wp-content\/uploads\/2025\/05\/2024-11-26-mb-brandschutztischlerei-beelitz-gmbh-13.jpg\" \/>\n\t<meta property=\"og:image:width\" content=\"2560\" \/>\n\t<meta property=\"og:image:height\" content=\"1707\" \/>\n\t<meta property=\"og:image:type\" content=\"image\/jpeg\" \/>\n<meta name=\"twitter:card\" content=\"summary_large_image\" \/>\n<meta name=\"twitter:label1\" content=\"Estimated reading time\" \/>\n\t<meta name=\"twitter:data1\" content=\"14 minutes\" \/>\n<script type=\"application\/ld+json\" class=\"yoast-schema-graph\">{\"@context\":\"https:\/\/schema.org\",\"@graph\":[{\"@type\":\"WebPage\",\"@id\":\"https:\/\/www.tischlerei-beelitz.com\/stellenangebot-tischler\/\",\"url\":\"https:\/\/www.tischlerei-beelitz.com\/stellenangebot-tischler\/\",\"name\":\"Jobs \u2013 Karriere bei Brandschutztischlerei Beelitz\",\"isPartOf\":{\"@id\":\"https:\/\/www.tischlerei-beelitz.com\/#website\"},\"primaryImageOfPage\":{\"@id\":\"https:\/\/www.tischlerei-beelitz.com\/stellenangebot-tischler\/#primaryimage\"},\"image\":{\"@id\":\"https:\/\/www.tischlerei-beelitz.com\/stellenangebot-tischler\/#primaryimage\"},\"thumbnailUrl\":\"https:\/\/www.tischlerei-beelitz.com\/wp-content\/uploads\/2025\/05\/zwei-mitarbeiter-laecheln-1024x683.jpg\",\"datePublished\":\"2025-07-30T13:24:18+00:00\",\"dateModified\":\"2025-11-06T08:08:05+00:00\",\"description\":\"Entdecken Sie spannende Jobs bei Brandschutztischlerei Beelitz. Karrierechancen f\u00fcr Fachkr\u00e4fte im Fenster- und T\u00fcrenbau in Bad Belzig\",\"breadcrumb\":{\"@id\":\"https:\/\/www.tischlerei-beelitz.com\/stellenangebot-tischler\/#breadcrumb\"},\"inLanguage\":\"en-GB\",\"potentialAction\":[{\"@type\":\"ReadAction\",\"target\":[\"https:\/\/www.tischlerei-beelitz.com\/stellenangebot-tischler\/\"]}]},{\"@type\":\"ImageObject\",\"inLanguage\":\"en-GB\",\"@id\":\"https:\/\/www.tischlerei-beelitz.com\/stellenangebot-tischler\/#primaryimage\",\"url\":\"https:\/\/www.tischlerei-beelitz.com\/wp-content\/uploads\/2025\/05\/zwei-mitarbeiter-laecheln-1024x683.jpg\",\"contentUrl\":\"https:\/\/www.tischlerei-beelitz.com\/wp-content\/uploads\/2025\/05\/zwei-mitarbeiter-laecheln-1024x683.jpg\"},{\"@type\":\"BreadcrumbList\",\"@id\":\"https:\/\/www.tischlerei-beelitz.com\/stellenangebot-tischler\/#breadcrumb\",\"itemListElement\":[{\"@type\":\"ListItem\",\"position\":1,\"name\":\"Startseite\",\"item\":\"https:\/\/www.tischlerei-beelitz.com\/\"},{\"@type\":\"ListItem\",\"position\":2,\"name\":\"Jobs\"}]},{\"@type\":\"WebSite\",\"@id\":\"https:\/\/www.tischlerei-beelitz.com\/#website\",\"url\":\"https:\/\/www.tischlerei-beelitz.com\/\",\"name\":\"www.tischlerei-beelitz.com\",\"description\":\"\",\"publisher\":{\"@id\":\"https:\/\/www.tischlerei-beelitz.com\/#organization\"},\"potentialAction\":[{\"@type\":\"SearchAction\",\"target\":{\"@type\":\"EntryPoint\",\"urlTemplate\":\"https:\/\/www.tischlerei-beelitz.com\/?s={search_term_string}\"},\"query-input\":{\"@type\":\"PropertyValueSpecification\",\"valueRequired\":true,\"valueName\":\"search_term_string\"}}],\"inLanguage\":\"en-GB\"},{\"@type\":\"Organization\",\"@id\":\"https:\/\/www.tischlerei-beelitz.com\/#organization\",\"name\":\"MB Brandschutztischlerei Beelitz GmbH\",\"url\":\"https:\/\/www.tischlerei-beelitz.com\/\",\"logo\":{\"@type\":\"ImageObject\",\"inLanguage\":\"en-GB\",\"@id\":\"https:\/\/www.tischlerei-beelitz.com\/#\/schema\/logo\/image\/\",\"url\":\"https:\/\/www.tischlerei-beelitz.com\/wp-content\/uploads\/2025\/05\/logo-brandschutz-tischlerei-beelitz.png\",\"contentUrl\":\"https:\/\/www.tischlerei-beelitz.com\/wp-content\/uploads\/2025\/05\/logo-brandschutz-tischlerei-beelitz.png\",\"width\":300,\"height\":263,\"caption\":\"MB Brandschutztischlerei Beelitz GmbH\"},\"image\":{\"@id\":\"https:\/\/www.tischlerei-beelitz.com\/#\/schema\/logo\/image\/\"},\"sameAs\":[\"https:\/\/www.facebook.com\/mbbrandschutztischlerei\/\",\"https:\/\/www.instagram.com\/mb_brandschutztischlerei\/\"]}]}<\/script>\n<!-- \/ Yoast SEO plugin. -->","yoast_head_json":{"title":"Jobs - Careers at Brandschutztischlerei Beelitz","description":"Discover exciting jobs at Brandschutztischlerei Beelitz. Career opportunities for window and door construction specialists in Bad Belzig","robots":{"index":"index","follow":"follow","max-snippet":"max-snippet:-1","max-image-preview":"max-image-preview:large","max-video-preview":"max-video-preview:-1"},"canonical":"https:\/\/www.tischlerei-beelitz.com\/en\/stellenangebot-tischler\/","og_locale":"en_GB","og_type":"article","og_title":"Jobs \u2013 Karriere bei Brandschutztischlerei Beelitz","og_description":"Entdecken Sie spannende Jobs bei Brandschutztischlerei Beelitz. Karrierechancen f\u00fcr Fachkr\u00e4fte im Bereich Brandschutz deutschlandweit.","og_url":"https:\/\/www.tischlerei-beelitz.com\/en\/stellenangebot-tischler\/","article_publisher":"https:\/\/www.facebook.com\/mbbrandschutztischlerei\/","article_modified_time":"2025-11-06T08:08:05+00:00","og_image":[{"width":2560,"height":1707,"url":"https:\/\/www.tischlerei-beelitz.com\/wp-content\/uploads\/2025\/05\/2024-11-26-mb-brandschutztischlerei-beelitz-gmbh-13.jpg","type":"image\/jpeg"}],"twitter_card":"summary_large_image","twitter_misc":{"Estimated reading time":"14 minutes"},"schema":{"@context":"https:\/\/schema.org","@graph":[{"@type":"WebPage","@id":"https:\/\/www.tischlerei-beelitz.com\/stellenangebot-tischler\/","url":"https:\/\/www.tischlerei-beelitz.com\/stellenangebot-tischler\/","name":"Jobs - Careers at Brandschutztischlerei Beelitz","isPartOf":{"@id":"https:\/\/www.tischlerei-beelitz.com\/#website"},"primaryImageOfPage":{"@id":"https:\/\/www.tischlerei-beelitz.com\/stellenangebot-tischler\/#primaryimage"},"image":{"@id":"https:\/\/www.tischlerei-beelitz.com\/stellenangebot-tischler\/#primaryimage"},"thumbnailUrl":"https:\/\/www.tischlerei-beelitz.com\/wp-content\/uploads\/2025\/05\/zwei-mitarbeiter-laecheln-1024x683.jpg","datePublished":"2025-07-30T13:24:18+00:00","dateModified":"2025-11-06T08:08:05+00:00","description":"Discover exciting jobs at Brandschutztischlerei Beelitz. Career opportunities for window and door construction specialists in Bad Belzig","breadcrumb":{"@id":"https:\/\/www.tischlerei-beelitz.com\/stellenangebot-tischler\/#breadcrumb"},"inLanguage":"en-GB","potentialAction":[{"@type":"ReadAction","target":["https:\/\/www.tischlerei-beelitz.com\/stellenangebot-tischler\/"]}]},{"@type":"ImageObject","inLanguage":"en-GB","@id":"https:\/\/www.tischlerei-beelitz.com\/stellenangebot-tischler\/#primaryimage","url":"https:\/\/www.tischlerei-beelitz.com\/wp-content\/uploads\/2025\/05\/zwei-mitarbeiter-laecheln-1024x683.jpg","contentUrl":"https:\/\/www.tischlerei-beelitz.com\/wp-content\/uploads\/2025\/05\/zwei-mitarbeiter-laecheln-1024x683.jpg"},{"@type":"BreadcrumbList","@id":"https:\/\/www.tischlerei-beelitz.com\/stellenangebot-tischler\/#breadcrumb","itemListElement":[{"@type":"ListItem","position":1,"name":"Startseite","item":"https:\/\/www.tischlerei-beelitz.com\/"},{"@type":"ListItem","position":2,"name":"Jobs"}]},{"@type":"WebSite","@id":"https:\/\/www.tischlerei-beelitz.com\/#website","url":"https:\/\/www.tischlerei-beelitz.com\/","name":"www.tischlerei-beelitz.com","description":"","publisher":{"@id":"https:\/\/www.tischlerei-beelitz.com\/#organization"},"potentialAction":[{"@type":"SearchAction","target":{"@type":"EntryPoint","urlTemplate":"https:\/\/www.tischlerei-beelitz.com\/?s={search_term_string}"},"query-input":{"@type":"PropertyValueSpecification","valueRequired":true,"valueName":"search_term_string"}}],"inLanguage":"en-GB"},{"@type":"Organization","@id":"https:\/\/www.tischlerei-beelitz.com\/#organization","name":"MB Brandschutztischlerei Beelitz GmbH","url":"https:\/\/www.tischlerei-beelitz.com\/","logo":{"@type":"ImageObject","inLanguage":"en-GB","@id":"https:\/\/www.tischlerei-beelitz.com\/#\/schema\/logo\/image\/","url":"https:\/\/www.tischlerei-beelitz.com\/wp-content\/uploads\/2025\/05\/logo-brandschutz-tischlerei-beelitz.png","contentUrl":"https:\/\/www.tischlerei-beelitz.com\/wp-content\/uploads\/2025\/05\/logo-brandschutz-tischlerei-beelitz.png","width":300,"height":263,"caption":"MB Brandschutztischlerei Beelitz GmbH"},"image":{"@id":"https:\/\/www.tischlerei-beelitz.com\/#\/schema\/logo\/image\/"},"sameAs":["https:\/\/www.facebook.com\/mbbrandschutztischlerei\/","https:\/\/www.instagram.com\/mb_brandschutztischlerei\/"]}]}},"uagb_featured_image_src":{"full":false,"thumbnail":false,"medium":false,"medium_large":false,"large":false,"1536x1536":false,"2048x2048":false,"trp-custom-language-flag":false},"uagb_author_info":{"display_name":"smn","author_link":"https:\/\/www.tischlerei-beelitz.com\/en\/author\/smn\/"},"uagb_comment_info":0,"uagb_excerpt":"Karriere Arbeiten bei MB Karriere Arbeiten bei MB Vielversprechendes Stellenangebot f\u00fcr Tischler nutzen Eine steigende Nachfrage nach qualifizierten Tischlern ist [&hellip;]","_links":{"self":[{"href":"https:\/\/www.tischlerei-beelitz.com\/en\/wp-json\/wp\/v2\/pages\/1865","targetHints":{"allow":["GET"]}}],"collection":[{"href":"https:\/\/www.tischlerei-beelitz.com\/en\/wp-json\/wp\/v2\/pages"}],"about":[{"href":"https:\/\/www.tischlerei-beelitz.com\/en\/wp-json\/wp\/v2\/types\/page"}],"author":[{"embeddable":true,"href":"https:\/\/www.tischlerei-beelitz.com\/en\/wp-json\/wp\/v2\/users\/8"}],"replies":[{"embeddable":true,"href":"https:\/\/www.tischlerei-beelitz.com\/en\/wp-json\/wp\/v2\/comments?post=1865"}],"version-history":[{"count":2,"href":"https:\/\/www.tischlerei-beelitz.com\/en\/wp-json\/wp\/v2\/pages\/1865\/revisions"}],"predecessor-version":[{"id":1999,"href":"https:\/\/www.tischlerei-beelitz.com\/en\/wp-json\/wp\/v2\/pages\/1865\/revisions\/1999"}],"wp:attachment":[{"href":"https:\/\/www.tischlerei-beelitz.com\/en\/wp-json\/wp\/v2\/media?parent=1865"}],"curies":[{"name":"wp","href":"https:\/\/api.w.org\/{rel}","templated":true}]}}