{"id":1352,"date":"2025-07-21T13:35:06","date_gmt":"2025-07-21T13:35:06","guid":{"rendered":"https:\/\/tischlerei-beelitz.schubwerk.eu\/?page_id=1352"},"modified":"2025-10-06T14:27:30","modified_gmt":"2025-10-06T14:27:30","slug":"team","status":"publish","type":"page","link":"https:\/\/www.tischlerei-beelitz.com\/en\/team\/","title":{"rendered":"Team"},"content":{"rendered":"<div class=\"wp-block-uagb-container uagb-block-8ecd5811 alignfull uagb-is-root-container\"><div class=\"uagb-container-inner-blocks-wrap\">\n<div class=\"wp-block-uagb-advanced-heading uagb-block-13f2e88a\"><p class=\"uagb-desc-text\">The team<\/p><h1 class=\"uagb-heading-text\">Get to know the experts at Tischlerei Beelitz<\/h1><\/div>\n<\/div><\/div>\n\n\n\n<div class=\"wp-block-uagb-container uagb-layout-flex uagb-block-ae4b22ad alignfull uagb-is-root-container\"><div class=\"uagb-container-inner-blocks-wrap\">\n<div class=\"wp-block-uagb-advanced-heading uagb-block-700e1fac\"><h2 class=\"uagb-heading-text\">Our team<\/h2><\/div>\n\n\n\n<div class=\"wp-block-uagb-container uagb-layout-flex uagb-block-5ef26824\">\n<div class=\"wp-block-uagb-container uagb-block-a9647469\">\n<div class=\"wp-block-uagb-container uagb-block-b7b0bce9\">\n<div class=\"wp-block-uagb-image uagb-block-25b55a73 wp-block-uagb-image--layout-default wp-block-uagb-image--effect-static wp-block-uagb-image--align-none\"><figure class=\"wp-block-uagb-image__figure\"><img decoding=\"async\" srcset=\"https:\/\/www.tischlerei-beelitz.com\/wp-content\/uploads\/2025\/07\/lisa-beelitz-geschaeftsfuehrerin-982x1024.jpg ,https:\/\/www.tischlerei-beelitz.com\/wp-content\/uploads\/2025\/07\/lisa-beelitz-geschaeftsfuehrerin.jpg 780w, https:\/\/www.tischlerei-beelitz.com\/wp-content\/uploads\/2025\/07\/lisa-beelitz-geschaeftsfuehrerin.jpg 360w\" sizes=\"auto, (max-width: 480px) 150px\" src=\"https:\/\/www.tischlerei-beelitz.com\/wp-content\/uploads\/2025\/07\/lisa-beelitz-geschaeftsfuehrerin-982x1024.jpg\" alt=\"\" class=\"uag-image-1355\" width=\"300\" height=\"240\" title=\"Lisa\" loading=\"lazy\" role=\"img\"\/><\/figure><\/div>\n<\/div>\n\n\n\n<div class=\"wp-block-uagb-container uagb-block-b44d199b\">\n<div class=\"wp-block-uagb-advanced-heading uagb-block-1a5d4971\"><h3 class=\"uagb-heading-text\">L. Beelitz<\/h3><p class=\"uagb-desc-text\">033841-455949 <br><a href=\"mailto:info@brandschutz-tischlerei.com\">info@brandschutz-tischlerei.com<\/a> <br>Managing Director<\/p><\/div>\n<\/div>\n<\/div>\n\n\n\n<div class=\"wp-block-uagb-container uagb-block-7adeb0ea\">\n<div class=\"wp-block-uagb-container uagb-block-f3d2ced0\">\n<div class=\"wp-block-uagb-image uagb-block-8f4b0346 wp-block-uagb-image--layout-default wp-block-uagb-image--effect-static wp-block-uagb-image--align-none\"><figure class=\"wp-block-uagb-image__figure\"><img decoding=\"async\" srcset=\"https:\/\/www.tischlerei-beelitz.com\/wp-content\/uploads\/2025\/07\/tischlerei-beelitz-mitarbeiter-maike-1024x974.jpg ,https:\/\/www.tischlerei-beelitz.com\/wp-content\/uploads\/2025\/07\/tischlerei-beelitz-mitarbeiter-maike.jpg 780w, https:\/\/www.tischlerei-beelitz.com\/wp-content\/uploads\/2025\/07\/tischlerei-beelitz-mitarbeiter-maike.jpg 360w\" sizes=\"auto, (max-width: 480px) 150px\" src=\"https:\/\/www.tischlerei-beelitz.com\/wp-content\/uploads\/2025\/07\/tischlerei-beelitz-mitarbeiter-maike-1024x974.jpg\" alt=\"\" class=\"uag-image-1357\" width=\"300\" height=\"240\" title=\"Maike\" loading=\"lazy\" role=\"img\"\/><\/figure><\/div>\n<\/div>\n\n\n\n<div class=\"wp-block-uagb-container uagb-block-f4db2864\">\n<div class=\"wp-block-uagb-advanced-heading uagb-block-de4d96c1\"><h3 class=\"uagb-heading-text\">M. R\u00fcger <\/h3><p class=\"uagb-desc-text\">033841-455949 <br><a href=\"mailto:info@brandschutz-tischlerei.com\">info@brandschutz-tischlerei.com<\/a> <br>Contact person: Delivery\/Dispatch<\/p><\/div>\n<\/div>\n<\/div>\n<\/div>\n\n\n\n<div class=\"wp-block-uagb-container uagb-layout-flex uagb-block-e86c1f79\">\n<div class=\"wp-block-uagb-container uagb-layout-flex uagb-block-522670ee\">\n<div class=\"wp-block-uagb-container uagb-block-992d1f93\">\n<div class=\"wp-block-uagb-image uagb-block-53438a92 wp-block-uagb-image--layout-default wp-block-uagb-image--effect-static wp-block-uagb-image--align-none\"><figure class=\"wp-block-uagb-image__figure\"><img decoding=\"async\" srcset=\"https:\/\/www.tischlerei-beelitz.com\/wp-content\/uploads\/2025\/07\/tischlerei-beelitz-mitarbeiter-mike-867x1024.jpg ,https:\/\/www.tischlerei-beelitz.com\/wp-content\/uploads\/2025\/07\/tischlerei-beelitz-mitarbeiter-mike.jpg 780w, https:\/\/www.tischlerei-beelitz.com\/wp-content\/uploads\/2025\/07\/tischlerei-beelitz-mitarbeiter-mike.jpg 360w\" sizes=\"auto, (max-width: 480px) 150px\" src=\"https:\/\/www.tischlerei-beelitz.com\/wp-content\/uploads\/2025\/07\/tischlerei-beelitz-mitarbeiter-mike-867x1024.jpg\" alt=\"\" class=\"uag-image-1356\" width=\"300\" height=\"240\" title=\"Mike\" loading=\"lazy\" role=\"img\"\/><\/figure><\/div>\n<\/div>\n\n\n\n<div class=\"wp-block-uagb-container uagb-block-7d4c582b\">\n<div class=\"wp-block-uagb-advanced-heading uagb-block-e4b3a258\"><h3 class=\"uagb-heading-text\">M. Beelitz<\/h3><p class=\"uagb-desc-text\">033841-455949 <br><a href=\"mailto:info@brandschutz-tischlerei.com\">info@brandschutz-tischlerei.com<\/a> <br>Authorised signatory<\/p><\/div>\n<\/div>\n<\/div>\n\n\n\n<div class=\"wp-block-uagb-container uagb-layout-flex uagb-block-2549fb89\">\n<div class=\"wp-block-uagb-container uagb-block-557b7a69\">\n<div class=\"wp-block-uagb-image uagb-block-40eae28b wp-block-uagb-image--layout-default wp-block-uagb-image--effect-static wp-block-uagb-image--align-none\"><figure class=\"wp-block-uagb-image__figure\"><img decoding=\"async\" srcset=\"https:\/\/www.tischlerei-beelitz.com\/wp-content\/uploads\/2025\/07\/tischlerei-beelitz-mitarbeiter-rico-867x1024.jpg ,https:\/\/www.tischlerei-beelitz.com\/wp-content\/uploads\/2025\/07\/tischlerei-beelitz-mitarbeiter-rico.jpg 780w, https:\/\/www.tischlerei-beelitz.com\/wp-content\/uploads\/2025\/07\/tischlerei-beelitz-mitarbeiter-rico.jpg 360w\" sizes=\"auto, (max-width: 480px) 150px\" src=\"https:\/\/www.tischlerei-beelitz.com\/wp-content\/uploads\/2025\/07\/tischlerei-beelitz-mitarbeiter-rico-867x1024.jpg\" alt=\"\" class=\"uag-image-1358\" width=\"300\" height=\"240\" title=\"Rico\" loading=\"lazy\" role=\"img\"\/><\/figure><\/div>\n<\/div>\n\n\n\n<div class=\"wp-block-uagb-container uagb-block-72b0b14f\">\n<div class=\"wp-block-uagb-advanced-heading uagb-block-3aa0120c\"><h3 class=\"uagb-heading-text\">R. Nawrocki<\/h3><p class=\"uagb-desc-text\">033841-455949 <br><a href=\"mailto:info@brandschutz-tischlerei.com\">info@brandschutz-tischlerei.com<\/a> <br>Production manager\/ master carpenter<\/p><\/div>\n<\/div>\n<\/div>\n<\/div>\n\n\n\n<div class=\"wp-block-uagb-container uagb-layout-flex uagb-block-8edaf857\">\n<div class=\"wp-block-uagb-container uagb-block-d8ef5b18\">\n<div class=\"wp-block-uagb-container uagb-block-44086ee1\">\n<div class=\"wp-block-uagb-image uagb-block-222ad11e wp-block-uagb-image--layout-default wp-block-uagb-image--effect-static wp-block-uagb-image--align-none\"><figure class=\"wp-block-uagb-image__figure\"><img decoding=\"async\" srcset=\"https:\/\/www.tischlerei-beelitz.com\/wp-content\/uploads\/2025\/07\/tischlerei-beelitz-mitarbeiter-jan-963x1024.jpg ,https:\/\/www.tischlerei-beelitz.com\/wp-content\/uploads\/2025\/07\/tischlerei-beelitz-mitarbeiter-jan.jpg 780w, https:\/\/www.tischlerei-beelitz.com\/wp-content\/uploads\/2025\/07\/tischlerei-beelitz-mitarbeiter-jan.jpg 360w\" sizes=\"auto, (max-width: 480px) 150px\" src=\"https:\/\/www.tischlerei-beelitz.com\/wp-content\/uploads\/2025\/07\/tischlerei-beelitz-mitarbeiter-jan-963x1024.jpg\" alt=\"\" class=\"uag-image-1354\" width=\"300\" height=\"240\" title=\"Jan\" loading=\"lazy\" role=\"img\"\/><\/figure><\/div>\n<\/div>\n\n\n\n<div class=\"wp-block-uagb-container uagb-block-4e325cb4\">\n<div class=\"wp-block-uagb-advanced-heading uagb-block-1274e3b3\"><h3 class=\"uagb-heading-text\">J. Kaeseler<\/h3><p class=\"uagb-desc-text\">033841-455949 <br><a href=\"mailto:info@brandschutz-tischlerei.com\">info@brandschutz-tischlerei.com<\/a> <br>Contact calculation\/quotations<\/p><\/div>\n<\/div>\n<\/div>\n\n\n\n<div class=\"wp-block-uagb-container uagb-block-46e74988\">\n<div class=\"wp-block-uagb-container uagb-block-b48116c2\">\n<div class=\"wp-block-uagb-image uagb-block-9ef3862d wp-block-uagb-image--layout-default wp-block-uagb-image--effect-static wp-block-uagb-image--align-none\"><figure class=\"wp-block-uagb-image__figure\"><img decoding=\"async\" srcset=\"https:\/\/www.tischlerei-beelitz.com\/wp-content\/uploads\/2025\/07\/k-sauer-mb-beelitz-1024x942.jpg ,https:\/\/www.tischlerei-beelitz.com\/wp-content\/uploads\/2025\/07\/k-sauer-mb-beelitz.jpg 780w, https:\/\/www.tischlerei-beelitz.com\/wp-content\/uploads\/2025\/07\/k-sauer-mb-beelitz.jpg 360w\" sizes=\"auto, (max-width: 480px) 150px\" src=\"https:\/\/www.tischlerei-beelitz.com\/wp-content\/uploads\/2025\/07\/k-sauer-mb-beelitz-1024x942.jpg\" alt=\"\" class=\"uag-image-1609\" width=\"300\" height=\"240\" title=\"k Sauer MB Beelitz\" loading=\"lazy\" role=\"img\"\/><\/figure><\/div>\n<\/div>\n\n\n\n<div class=\"wp-block-uagb-container uagb-block-0012eced\">\n<div class=\"wp-block-uagb-advanced-heading uagb-block-44b3ab83\"><h3 class=\"uagb-heading-text\">K. Sour<\/h3><p class=\"uagb-desc-text\">033841-455949 <br><a href=\"mailto:info@brandschutz-tischlerei.com\">info@brandschutz-tischlerei.com<\/a> <br>Training contact<\/p><\/div>\n<\/div>\n<\/div>\n<\/div>\n<\/div><\/div>","protected":false},"excerpt":{"rendered":"<p>The team Get to know the experts at Tischlerei Beelitz Our team L. Beelitz 033841-455949 info@brandschutz-tischlerei.com Managing Director M. R\u00fcger 033841-455949 [...]<\/p>","protected":false},"author":5,"featured_media":0,"parent":0,"menu_order":0,"comment_status":"closed","ping_status":"closed","template":"","meta":{"_acf_changed":false,"inline_featured_image":false,"_uag_custom_page_level_css":"","site-sidebar-layout":"default","site-content-layout":"","ast-site-content-layout":"default","site-content-style":"default","site-sidebar-style":"default","ast-global-header-display":"","ast-banner-title-visibility":"","ast-main-header-display":"","ast-hfb-above-header-display":"","ast-hfb-below-header-display":"","ast-hfb-mobile-header-display":"","site-post-title":"disabled","ast-breadcrumbs-content":"","ast-featured-img":"","footer-sml-layout":"","ast-disable-related-posts":"","theme-transparent-header-meta":"","adv-header-id-meta":"","stick-header-meta":"","header-above-stick-meta":"","header-main-stick-meta":"","header-below-stick-meta":"","astra-migrate-meta-layouts":"default","ast-page-background-enabled":"default","ast-page-background-meta":{"desktop":{"background-color":"var(--ast-global-color-4)","background-image":"","background-repeat":"repeat","background-position":"center center","background-size":"auto","background-attachment":"scroll","background-type":"","background-media":"","overlay-type":"","overlay-color":"","overlay-opacity":"","overlay-gradient":""},"tablet":{"background-color":"","background-image":"","background-repeat":"repeat","background-position":"center center","background-size":"auto","background-attachment":"scroll","background-type":"","background-media":"","overlay-type":"","overlay-color":"","overlay-opacity":"","overlay-gradient":""},"mobile":{"background-color":"","background-image":"","background-repeat":"repeat","background-position":"center center","background-size":"auto","background-attachment":"scroll","background-type":"","background-media":"","overlay-type":"","overlay-color":"","overlay-opacity":"","overlay-gradient":""}},"ast-content-background-meta":{"desktop":{"background-color":"var(--ast-global-color-5)","background-image":"","background-repeat":"repeat","background-position":"center center","background-size":"auto","background-attachment":"scroll","background-type":"","background-media":"","overlay-type":"","overlay-color":"","overlay-opacity":"","overlay-gradient":""},"tablet":{"background-color":"var(--ast-global-color-5)","background-image":"","background-repeat":"repeat","background-position":"center center","background-size":"auto","background-attachment":"scroll","background-type":"","background-media":"","overlay-type":"","overlay-color":"","overlay-opacity":"","overlay-gradient":""},"mobile":{"background-color":"var(--ast-global-color-5)","background-image":"","background-repeat":"repeat","background-position":"center center","background-size":"auto","background-attachment":"scroll","background-type":"","background-media":"","overlay-type":"","overlay-color":"","overlay-opacity":"","overlay-gradient":""}},"footnotes":""},"class_list":["post-1352","page","type-page","status-publish","hentry"],"acf":[],"yoast_head":"<!-- This site is optimized with the Yoast SEO plugin v26.9 - https:\/\/yoast.com\/product\/yoast-seo-wordpress\/ -->\n<title>Team \u2013 Experten f\u00fcr Brandschutzt\u00fcren &amp; Fenster Beelitz<\/title>\n<meta name=\"description\" content=\"Lernen Sie das Team der Brandschutztischlerei Beelitz kennen. Experten f\u00fcr Brandschutzt\u00fcren und -fenster in Unternehmen deutschlandweit.\" \/>\n<meta name=\"robots\" content=\"index, follow, max-snippet:-1, max-image-preview:large, max-video-preview:-1\" \/>\n<link rel=\"canonical\" href=\"https:\/\/www.tischlerei-beelitz.com\/en\/team\/\" \/>\n<meta property=\"og:locale\" content=\"en_GB\" \/>\n<meta property=\"og:type\" content=\"article\" \/>\n<meta property=\"og:title\" content=\"Team \u2013 Experten f\u00fcr Brandschutzt\u00fcren &amp; Fenster Beelitz\" \/>\n<meta property=\"og:description\" content=\"Lernen Sie das Team der Brandschutztischlerei Beelitz kennen. Experten f\u00fcr Brandschutzt\u00fcren und -fenster in Unternehmen deutschlandweit.\" \/>\n<meta property=\"og:url\" content=\"https:\/\/www.tischlerei-beelitz.com\/en\/team\/\" \/>\n<meta property=\"article:publisher\" content=\"https:\/\/www.facebook.com\/mbbrandschutztischlerei\/\" \/>\n<meta property=\"article:modified_time\" content=\"2025-10-06T14:27:30+00:00\" \/>\n<meta property=\"og:image\" content=\"https:\/\/www.tischlerei-beelitz.com\/wp-content\/uploads\/2025\/07\/MikeLisa.jpg\" \/>\n\t<meta property=\"og:image:width\" content=\"1080\" \/>\n\t<meta property=\"og:image:height\" content=\"1620\" \/>\n\t<meta property=\"og:image:type\" content=\"image\/jpeg\" \/>\n<meta name=\"twitter:card\" content=\"summary_large_image\" \/>\n<meta name=\"twitter:label1\" content=\"Estimated reading time\" \/>\n\t<meta name=\"twitter:data1\" content=\"2 minutes\" \/>\n<script type=\"application\/ld+json\" class=\"yoast-schema-graph\">{\"@context\":\"https:\/\/schema.org\",\"@graph\":[{\"@type\":\"WebPage\",\"@id\":\"https:\/\/www.tischlerei-beelitz.com\/team\/\",\"url\":\"https:\/\/www.tischlerei-beelitz.com\/team\/\",\"name\":\"Team \u2013 Experten f\u00fcr Brandschutzt\u00fcren & Fenster Beelitz\",\"isPartOf\":{\"@id\":\"https:\/\/www.tischlerei-beelitz.com\/#website\"},\"primaryImageOfPage\":{\"@id\":\"https:\/\/www.tischlerei-beelitz.com\/team\/#primaryimage\"},\"image\":{\"@id\":\"https:\/\/www.tischlerei-beelitz.com\/team\/#primaryimage\"},\"thumbnailUrl\":\"https:\/\/www.tischlerei-beelitz.com\/wp-content\/uploads\/2025\/07\/lisa-beelitz-geschaeftsfuehrerin-982x1024.jpg\",\"datePublished\":\"2025-07-21T13:35:06+00:00\",\"dateModified\":\"2025-10-06T14:27:30+00:00\",\"description\":\"Lernen Sie das Team der Brandschutztischlerei Beelitz kennen. Experten f\u00fcr Brandschutzt\u00fcren und -fenster in Unternehmen deutschlandweit.\",\"breadcrumb\":{\"@id\":\"https:\/\/www.tischlerei-beelitz.com\/team\/#breadcrumb\"},\"inLanguage\":\"en-GB\",\"potentialAction\":[{\"@type\":\"ReadAction\",\"target\":[\"https:\/\/www.tischlerei-beelitz.com\/team\/\"]}]},{\"@type\":\"ImageObject\",\"inLanguage\":\"en-GB\",\"@id\":\"https:\/\/www.tischlerei-beelitz.com\/team\/#primaryimage\",\"url\":\"https:\/\/www.tischlerei-beelitz.com\/wp-content\/uploads\/2025\/07\/lisa-beelitz-geschaeftsfuehrerin-982x1024.jpg\",\"contentUrl\":\"https:\/\/www.tischlerei-beelitz.com\/wp-content\/uploads\/2025\/07\/lisa-beelitz-geschaeftsfuehrerin-982x1024.jpg\"},{\"@type\":\"BreadcrumbList\",\"@id\":\"https:\/\/www.tischlerei-beelitz.com\/team\/#breadcrumb\",\"itemListElement\":[{\"@type\":\"ListItem\",\"position\":1,\"name\":\"Startseite\",\"item\":\"https:\/\/www.tischlerei-beelitz.com\/\"},{\"@type\":\"ListItem\",\"position\":2,\"name\":\"Team\"}]},{\"@type\":\"WebSite\",\"@id\":\"https:\/\/www.tischlerei-beelitz.com\/#website\",\"url\":\"https:\/\/www.tischlerei-beelitz.com\/\",\"name\":\"www.tischlerei-beelitz.com\",\"description\":\"\",\"publisher\":{\"@id\":\"https:\/\/www.tischlerei-beelitz.com\/#organization\"},\"potentialAction\":[{\"@type\":\"SearchAction\",\"target\":{\"@type\":\"EntryPoint\",\"urlTemplate\":\"https:\/\/www.tischlerei-beelitz.com\/?s={search_term_string}\"},\"query-input\":{\"@type\":\"PropertyValueSpecification\",\"valueRequired\":true,\"valueName\":\"search_term_string\"}}],\"inLanguage\":\"en-GB\"},{\"@type\":\"Organization\",\"@id\":\"https:\/\/www.tischlerei-beelitz.com\/#organization\",\"name\":\"MB Brandschutztischlerei Beelitz GmbH\",\"url\":\"https:\/\/www.tischlerei-beelitz.com\/\",\"logo\":{\"@type\":\"ImageObject\",\"inLanguage\":\"en-GB\",\"@id\":\"https:\/\/www.tischlerei-beelitz.com\/#\/schema\/logo\/image\/\",\"url\":\"https:\/\/www.tischlerei-beelitz.com\/wp-content\/uploads\/2025\/05\/logo-brandschutz-tischlerei-beelitz.png\",\"contentUrl\":\"https:\/\/www.tischlerei-beelitz.com\/wp-content\/uploads\/2025\/05\/logo-brandschutz-tischlerei-beelitz.png\",\"width\":300,\"height\":263,\"caption\":\"MB Brandschutztischlerei Beelitz GmbH\"},\"image\":{\"@id\":\"https:\/\/www.tischlerei-beelitz.com\/#\/schema\/logo\/image\/\"},\"sameAs\":[\"https:\/\/www.facebook.com\/mbbrandschutztischlerei\/\",\"https:\/\/www.instagram.com\/mb_brandschutztischlerei\/\"]}]}<\/script>\n<!-- \/ Yoast SEO plugin. -->","yoast_head_json":{"title":"Team - Experts for fire doors &amp; windows Beelitz","description":"Get to know the team at Brandschutztischlerei Beelitz. Experts for fire protection doors and windows in companies throughout Germany.","robots":{"index":"index","follow":"follow","max-snippet":"max-snippet:-1","max-image-preview":"max-image-preview:large","max-video-preview":"max-video-preview:-1"},"canonical":"https:\/\/www.tischlerei-beelitz.com\/en\/team\/","og_locale":"en_GB","og_type":"article","og_title":"Team \u2013 Experten f\u00fcr Brandschutzt\u00fcren & Fenster Beelitz","og_description":"Lernen Sie das Team der Brandschutztischlerei Beelitz kennen. Experten f\u00fcr Brandschutzt\u00fcren und -fenster in Unternehmen deutschlandweit.","og_url":"https:\/\/www.tischlerei-beelitz.com\/en\/team\/","article_publisher":"https:\/\/www.facebook.com\/mbbrandschutztischlerei\/","article_modified_time":"2025-10-06T14:27:30+00:00","og_image":[{"width":1080,"height":1620,"url":"https:\/\/www.tischlerei-beelitz.com\/wp-content\/uploads\/2025\/07\/MikeLisa.jpg","type":"image\/jpeg"}],"twitter_card":"summary_large_image","twitter_misc":{"Estimated reading time":"2 minutes"},"schema":{"@context":"https:\/\/schema.org","@graph":[{"@type":"WebPage","@id":"https:\/\/www.tischlerei-beelitz.com\/team\/","url":"https:\/\/www.tischlerei-beelitz.com\/team\/","name":"Team - Experts for fire doors &amp; windows Beelitz","isPartOf":{"@id":"https:\/\/www.tischlerei-beelitz.com\/#website"},"primaryImageOfPage":{"@id":"https:\/\/www.tischlerei-beelitz.com\/team\/#primaryimage"},"image":{"@id":"https:\/\/www.tischlerei-beelitz.com\/team\/#primaryimage"},"thumbnailUrl":"https:\/\/www.tischlerei-beelitz.com\/wp-content\/uploads\/2025\/07\/lisa-beelitz-geschaeftsfuehrerin-982x1024.jpg","datePublished":"2025-07-21T13:35:06+00:00","dateModified":"2025-10-06T14:27:30+00:00","description":"Get to know the team at Brandschutztischlerei Beelitz. Experts for fire protection doors and windows in companies throughout Germany.","breadcrumb":{"@id":"https:\/\/www.tischlerei-beelitz.com\/team\/#breadcrumb"},"inLanguage":"en-GB","potentialAction":[{"@type":"ReadAction","target":["https:\/\/www.tischlerei-beelitz.com\/team\/"]}]},{"@type":"ImageObject","inLanguage":"en-GB","@id":"https:\/\/www.tischlerei-beelitz.com\/team\/#primaryimage","url":"https:\/\/www.tischlerei-beelitz.com\/wp-content\/uploads\/2025\/07\/lisa-beelitz-geschaeftsfuehrerin-982x1024.jpg","contentUrl":"https:\/\/www.tischlerei-beelitz.com\/wp-content\/uploads\/2025\/07\/lisa-beelitz-geschaeftsfuehrerin-982x1024.jpg"},{"@type":"BreadcrumbList","@id":"https:\/\/www.tischlerei-beelitz.com\/team\/#breadcrumb","itemListElement":[{"@type":"ListItem","position":1,"name":"Startseite","item":"https:\/\/www.tischlerei-beelitz.com\/"},{"@type":"ListItem","position":2,"name":"Team"}]},{"@type":"WebSite","@id":"https:\/\/www.tischlerei-beelitz.com\/#website","url":"https:\/\/www.tischlerei-beelitz.com\/","name":"www.tischlerei-beelitz.com","description":"","publisher":{"@id":"https:\/\/www.tischlerei-beelitz.com\/#organization"},"potentialAction":[{"@type":"SearchAction","target":{"@type":"EntryPoint","urlTemplate":"https:\/\/www.tischlerei-beelitz.com\/?s={search_term_string}"},"query-input":{"@type":"PropertyValueSpecification","valueRequired":true,"valueName":"search_term_string"}}],"inLanguage":"en-GB"},{"@type":"Organization","@id":"https:\/\/www.tischlerei-beelitz.com\/#organization","name":"MB Brandschutztischlerei Beelitz GmbH","url":"https:\/\/www.tischlerei-beelitz.com\/","logo":{"@type":"ImageObject","inLanguage":"en-GB","@id":"https:\/\/www.tischlerei-beelitz.com\/#\/schema\/logo\/image\/","url":"https:\/\/www.tischlerei-beelitz.com\/wp-content\/uploads\/2025\/05\/logo-brandschutz-tischlerei-beelitz.png","contentUrl":"https:\/\/www.tischlerei-beelitz.com\/wp-content\/uploads\/2025\/05\/logo-brandschutz-tischlerei-beelitz.png","width":300,"height":263,"caption":"MB Brandschutztischlerei Beelitz GmbH"},"image":{"@id":"https:\/\/www.tischlerei-beelitz.com\/#\/schema\/logo\/image\/"},"sameAs":["https:\/\/www.facebook.com\/mbbrandschutztischlerei\/","https:\/\/www.instagram.com\/mb_brandschutztischlerei\/"]}]}},"uagb_featured_image_src":{"full":false,"thumbnail":false,"medium":false,"medium_large":false,"large":false,"1536x1536":false,"2048x2048":false,"trp-custom-language-flag":false},"uagb_author_info":{"display_name":"jvs","author_link":"https:\/\/www.tischlerei-beelitz.com\/en\/author\/jvs\/"},"uagb_comment_info":0,"uagb_excerpt":"Das Team Lernen Sie die Experten der Tischlerei Beelitz kennen Unser Team L. Beelitz 033841-455949 info@brandschutz-tischlerei.com Gesch\u00e4ftsf\u00fchrerin M. R\u00fcger 033841-455949 [&hellip;]","_links":{"self":[{"href":"https:\/\/www.tischlerei-beelitz.com\/en\/wp-json\/wp\/v2\/pages\/1352","targetHints":{"allow":["GET"]}}],"collection":[{"href":"https:\/\/www.tischlerei-beelitz.com\/en\/wp-json\/wp\/v2\/pages"}],"about":[{"href":"https:\/\/www.tischlerei-beelitz.com\/en\/wp-json\/wp\/v2\/types\/page"}],"author":[{"embeddable":true,"href":"https:\/\/www.tischlerei-beelitz.com\/en\/wp-json\/wp\/v2\/users\/5"}],"replies":[{"embeddable":true,"href":"https:\/\/www.tischlerei-beelitz.com\/en\/wp-json\/wp\/v2\/comments?post=1352"}],"version-history":[{"count":14,"href":"https:\/\/www.tischlerei-beelitz.com\/en\/wp-json\/wp\/v2\/pages\/1352\/revisions"}],"predecessor-version":[{"id":2003,"href":"https:\/\/www.tischlerei-beelitz.com\/en\/wp-json\/wp\/v2\/pages\/1352\/revisions\/2003"}],"wp:attachment":[{"href":"https:\/\/www.tischlerei-beelitz.com\/en\/wp-json\/wp\/v2\/media?parent=1352"}],"curies":[{"name":"wp","href":"https:\/\/api.w.org\/{rel}","templated":true}]}}