{"id":1307,"date":"2025-07-14T07:55:37","date_gmt":"2025-07-14T07:55:37","guid":{"rendered":"https:\/\/tischlerei-beelitz.schubwerk.eu\/?page_id=1307"},"modified":"2025-08-06T12:14:33","modified_gmt":"2025-08-06T12:14:33","slug":"medien","status":"publish","type":"page","link":"https:\/\/www.tischlerei-beelitz.com\/en\/medien\/","title":{"rendered":"Media"},"content":{"rendered":"<div class=\"wp-block-uagb-container uagb-block-8ecd5811 alignfull uagb-is-root-container\"><div class=\"uagb-container-inner-blocks-wrap\">\n<div class=\"wp-block-uagb-advanced-heading uagb-block-13f2e88a\"><p class=\"uagb-desc-text\">Media<\/p><h1 class=\"uagb-heading-text\">Brandschutztischlerei Beelitz in the media<\/h1><\/div>\n<\/div><\/div>\n\n\n\n<div class=\"wp-block-uagb-container uagb-block-96380524 alignfull uagb-is-root-container\"><div class=\"uagb-container-inner-blocks-wrap\">\n<div class=\"wp-block-uagb-advanced-heading uagb-block-56ef37d6\"><h2 class=\"uagb-heading-text\">MB in the press<\/h2><\/div>\n<\/div><\/div>\n\n\n\n<div class=\"wp-block-uagb-container sw-media-width uagb-block-35fade0c alignfull uagb-is-root-container\">\n<div class=\"wp-block-uagb-container uagb-block-4e788ad6 alignfull uagb-is-root-container\"><div class=\"uagb-container-inner-blocks-wrap\">\n<div class=\"wp-block-uagb-container uagb-block-6c2c98ad alignfull uagb-is-root-container\"><div class=\"uagb-container-inner-blocks-wrap\">\n<figure class=\"wp-block-image size-full has-custom-border is-style-default\" style=\"margin-top:0;margin-right:0;margin-bottom:0;margin-left:0\"><a href=\"\/wp-content\/uploads\/2025\/07\/Artikel_Nachhaltigkeit-im-Fensterbau_Bauelemente-Bau_August2021_S28-30.pdf\"><img loading=\"lazy\" decoding=\"async\" width=\"500\" height=\"500\" src=\"https:\/\/www.tischlerei-beelitz.com\/wp-content\/uploads\/2025\/07\/glassscheiben-auf-dem-boden-liegend.png\" alt=\"\" class=\"wp-image-1331\" style=\"border-style:none;border-width:0%;object-fit:cover\" srcset=\"https:\/\/www.tischlerei-beelitz.com\/wp-content\/uploads\/2025\/07\/glassscheiben-auf-dem-boden-liegend.png 500w, https:\/\/www.tischlerei-beelitz.com\/wp-content\/uploads\/2025\/07\/glassscheiben-auf-dem-boden-liegend-300x300.png 300w, https:\/\/www.tischlerei-beelitz.com\/wp-content\/uploads\/2025\/07\/glassscheiben-auf-dem-boden-liegend-150x150.png 150w, https:\/\/www.tischlerei-beelitz.com\/wp-content\/uploads\/2025\/07\/glassscheiben-auf-dem-boden-liegend-12x12.png 12w\" sizes=\"auto, (max-width: 500px) 100vw, 500px\" \/><\/a><\/figure>\n<\/div><\/div>\n\n\n\n<div class=\"wp-block-uagb-container uagb-block-39246850 alignfull uagb-is-root-container\"><div class=\"uagb-container-inner-blocks-wrap\">\n<figure class=\"wp-block-image size-full is-style-default\" style=\"margin-top:0;margin-right:0;margin-bottom:0;margin-left:0\"><a href=\"https:\/\/www.tischlerei-beelitz.com\/wp-content\/uploads\/2025\/07\/dds_2023-011_96.pdf\"><img loading=\"lazy\" decoding=\"async\" width=\"500\" height=\"500\" src=\"https:\/\/www.tischlerei-beelitz.com\/wp-content\/uploads\/2025\/07\/glasfenster-und-glastuer.png\" alt=\"\" class=\"wp-image-1332\" srcset=\"https:\/\/www.tischlerei-beelitz.com\/wp-content\/uploads\/2025\/07\/glasfenster-und-glastuer.png 500w, https:\/\/www.tischlerei-beelitz.com\/wp-content\/uploads\/2025\/07\/glasfenster-und-glastuer-300x300.png 300w, https:\/\/www.tischlerei-beelitz.com\/wp-content\/uploads\/2025\/07\/glasfenster-und-glastuer-150x150.png 150w, https:\/\/www.tischlerei-beelitz.com\/wp-content\/uploads\/2025\/07\/glasfenster-und-glastuer-12x12.png 12w\" sizes=\"auto, (max-width: 500px) 100vw, 500px\" \/><\/a><\/figure>\n<\/div><\/div>\n\n\n\n<div class=\"wp-block-uagb-container uagb-block-232be20a alignfull uagb-is-root-container\"><div class=\"uagb-container-inner-blocks-wrap\">\n<figure class=\"wp-block-image size-full is-style-default\" style=\"margin-top:0;margin-right:0;margin-bottom:0;margin-left:0\"><a href=\"https:\/\/www.tischlerei-beelitz.com\/wp-content\/uploads\/2025\/07\/90852.pdf\"><img loading=\"lazy\" decoding=\"async\" width=\"500\" height=\"500\" src=\"https:\/\/www.tischlerei-beelitz.com\/wp-content\/uploads\/2025\/07\/verleih-zukunftspreis-buehne.png\" alt=\"\" class=\"wp-image-1333\" srcset=\"https:\/\/www.tischlerei-beelitz.com\/wp-content\/uploads\/2025\/07\/verleih-zukunftspreis-buehne.png 500w, https:\/\/www.tischlerei-beelitz.com\/wp-content\/uploads\/2025\/07\/verleih-zukunftspreis-buehne-300x300.png 300w, https:\/\/www.tischlerei-beelitz.com\/wp-content\/uploads\/2025\/07\/verleih-zukunftspreis-buehne-150x150.png 150w, https:\/\/www.tischlerei-beelitz.com\/wp-content\/uploads\/2025\/07\/verleih-zukunftspreis-buehne-12x12.png 12w\" sizes=\"auto, (max-width: 500px) 100vw, 500px\" \/><\/a><\/figure>\n<\/div><\/div>\n<\/div><\/div>\n<\/div>\n\n\n\n<div class=\"wp-block-uagb-container uagb-block-71102210 alignfull uagb-is-root-container\"><div class=\"uagb-container-inner-blocks-wrap\">\n<div class=\"wp-block-uagb-advanced-heading uagb-block-53a4774c\"><h2 class=\"uagb-heading-text\">MB Specialist article<\/h2><\/div>\n<\/div><\/div>\n\n\n\n<div class=\"wp-block-uagb-container sw-media-width uagb-block-26cce4af alignfull uagb-is-root-container\">\n<div class=\"wp-block-uagb-container uagb-block-42452775 alignfull uagb-is-root-container\"><div class=\"uagb-container-inner-blocks-wrap\">\n<div class=\"wp-block-uagb-container uagb-block-3be46362 alignfull uagb-is-root-container\"><div class=\"uagb-container-inner-blocks-wrap\">\n<figure class=\"wp-block-image size-full is-style-default\" style=\"margin-top:0;margin-right:0;margin-bottom:0;margin-left:0\"><a href=\"\/wp-content\/uploads\/2025\/07\/Artikel_Nachhaltigkeit-im-Fensterbau_Bauelemente-Bau_August2021_S28-30.pdf\"><img loading=\"lazy\" decoding=\"async\" width=\"500\" height=\"500\" src=\"https:\/\/www.tischlerei-beelitz.com\/wp-content\/uploads\/2025\/07\/glassscheiben-auf-dem-boden-liegend.png\" alt=\"\" class=\"wp-image-1331\" style=\"object-fit:cover\" srcset=\"https:\/\/www.tischlerei-beelitz.com\/wp-content\/uploads\/2025\/07\/glassscheiben-auf-dem-boden-liegend.png 500w, https:\/\/www.tischlerei-beelitz.com\/wp-content\/uploads\/2025\/07\/glassscheiben-auf-dem-boden-liegend-300x300.png 300w, https:\/\/www.tischlerei-beelitz.com\/wp-content\/uploads\/2025\/07\/glassscheiben-auf-dem-boden-liegend-150x150.png 150w, https:\/\/www.tischlerei-beelitz.com\/wp-content\/uploads\/2025\/07\/glassscheiben-auf-dem-boden-liegend-12x12.png 12w\" sizes=\"auto, (max-width: 500px) 100vw, 500px\" \/><\/a><\/figure>\n<\/div><\/div>\n\n\n\n<div class=\"wp-block-uagb-container uagb-block-78d39501 alignfull uagb-is-root-container\"><div class=\"uagb-container-inner-blocks-wrap\">\n<figure class=\"wp-block-image size-full is-style-default\" style=\"margin-top:0;margin-right:0;margin-bottom:0;margin-left:0\"><a href=\"https:\/\/www.tischlerei-beelitz.com\/wp-content\/uploads\/2025\/07\/BRAWO_Zukunftspreis_23.11.2022_RZ.pdf\"><img loading=\"lazy\" decoding=\"async\" width=\"500\" height=\"500\" src=\"https:\/\/www.tischlerei-beelitz.com\/wp-content\/uploads\/2025\/07\/verleih-zukunftspreis.png\" alt=\"\" class=\"wp-image-1341\" srcset=\"https:\/\/www.tischlerei-beelitz.com\/wp-content\/uploads\/2025\/07\/verleih-zukunftspreis.png 500w, https:\/\/www.tischlerei-beelitz.com\/wp-content\/uploads\/2025\/07\/verleih-zukunftspreis-300x300.png 300w, https:\/\/www.tischlerei-beelitz.com\/wp-content\/uploads\/2025\/07\/verleih-zukunftspreis-150x150.png 150w, https:\/\/www.tischlerei-beelitz.com\/wp-content\/uploads\/2025\/07\/verleih-zukunftspreis-12x12.png 12w\" sizes=\"auto, (max-width: 500px) 100vw, 500px\" \/><\/a><\/figure>\n<\/div><\/div>\n\n\n\n<div class=\"wp-block-uagb-container uagb-block-8b2240d5 alignfull uagb-is-root-container\"><div class=\"uagb-container-inner-blocks-wrap\">\n<figure class=\"wp-block-image size-full is-style-default\" style=\"margin-top:0;margin-right:0;margin-bottom:0;margin-left:0\"><a href=\"https:\/\/www.tischlerei-beelitz.com\/wp-content\/uploads\/2025\/07\/Artikel_Nachhaltigkeit-im-Fensterbau_Bauelemente-Bau_August2021_S28-30.pdf\"><img loading=\"lazy\" decoding=\"async\" width=\"500\" height=\"500\" src=\"https:\/\/www.tischlerei-beelitz.com\/wp-content\/uploads\/2025\/07\/brandschutzfenster-offen.png\" alt=\"\" class=\"wp-image-1342\" srcset=\"https:\/\/www.tischlerei-beelitz.com\/wp-content\/uploads\/2025\/07\/brandschutzfenster-offen.png 500w, https:\/\/www.tischlerei-beelitz.com\/wp-content\/uploads\/2025\/07\/brandschutzfenster-offen-300x300.png 300w, https:\/\/www.tischlerei-beelitz.com\/wp-content\/uploads\/2025\/07\/brandschutzfenster-offen-150x150.png 150w, https:\/\/www.tischlerei-beelitz.com\/wp-content\/uploads\/2025\/07\/brandschutzfenster-offen-12x12.png 12w\" sizes=\"auto, (max-width: 500px) 100vw, 500px\" \/><\/a><\/figure>\n<\/div><\/div>\n<\/div><\/div>\n<\/div>\n\n\n\n<div class=\"wp-block-uagb-container uagb-block-f098d2f3 alignfull uagb-is-root-container\"><div class=\"uagb-container-inner-blocks-wrap\">\n<div class=\"wp-block-uagb-info-box uagb-block-d4cab7e8 uagb-infobox__content-wrap  uagb-infobox-icon-above-title uagb-infobox-image-valign-top wp-block-uagb-info-box--has-margin\"><div class=\"uagb-infobox-margin-wrapper\"><div class=\"uagb-ifb-content\"><div class=\"uagb-ifb-title-wrap\"><h3 class=\"uagb-ifb-title\">\"Fires can only be as dangerous as the material they are made of allows them to be. High-quality wood with low combustion and cooling gel in the glass layers saves lives and the building fabric.\"<br><\/h3><\/div><\/div><\/div><\/div>\n\n\n\n<div class=\"wp-block-uagb-image uagb-block-94c6c64f wp-block-uagb-image--layout-default wp-block-uagb-image--effect-static wp-block-uagb-image--align-none\"><figure class=\"wp-block-uagb-image__figure\"><img decoding=\"async\" srcset=\"https:\/\/www.tischlerei-beelitz.com\/wp-content\/uploads\/2025\/07\/unterschriften-beelitz.png ,https:\/\/www.tischlerei-beelitz.com\/wp-content\/uploads\/2025\/07\/unterschriften-beelitz.png 780w, https:\/\/www.tischlerei-beelitz.com\/wp-content\/uploads\/2025\/07\/unterschriften-beelitz.png 360w\" sizes=\"auto, (max-width: 480px) 150px\" src=\"https:\/\/www.tischlerei-beelitz.com\/wp-content\/uploads\/2025\/07\/unterschriften-beelitz.png\" alt=\"\" class=\"uag-image-686\" width=\"555\" height=\"56\" title=\"Signature\" loading=\"lazy\" role=\"img\"\/><\/figure><\/div>\n<\/div><\/div>","protected":false},"excerpt":{"rendered":"<p>Media Fire protection joinery Beelitz in the media MB in the press MB Specialist articles<\/p>","protected":false},"author":5,"featured_media":0,"parent":0,"menu_order":0,"comment_status":"closed","ping_status":"closed","template":"","meta":{"_acf_changed":false,"inline_featured_image":false,"_uag_custom_page_level_css":"","site-sidebar-layout":"default","site-content-layout":"","ast-site-content-layout":"default","site-content-style":"default","site-sidebar-style":"default","ast-global-header-display":"","ast-banner-title-visibility":"","ast-main-header-display":"","ast-hfb-above-header-display":"","ast-hfb-below-header-display":"","ast-hfb-mobile-header-display":"","site-post-title":"disabled","ast-breadcrumbs-content":"","ast-featured-img":"","footer-sml-layout":"","ast-disable-related-posts":"","theme-transparent-header-meta":"","adv-header-id-meta":"","stick-header-meta":"","header-above-stick-meta":"","header-main-stick-meta":"","header-below-stick-meta":"","astra-migrate-meta-layouts":"default","ast-page-background-enabled":"default","ast-page-background-meta":{"desktop":{"background-color":"var(--ast-global-color-4)","background-image":"","background-repeat":"repeat","background-position":"center center","background-size":"auto","background-attachment":"scroll","background-type":"","background-media":"","overlay-type":"","overlay-color":"","overlay-opacity":"","overlay-gradient":""},"tablet":{"background-color":"","background-image":"","background-repeat":"repeat","background-position":"center center","background-size":"auto","background-attachment":"scroll","background-type":"","background-media":"","overlay-type":"","overlay-color":"","overlay-opacity":"","overlay-gradient":""},"mobile":{"background-color":"","background-image":"","background-repeat":"repeat","background-position":"center center","background-size":"auto","background-attachment":"scroll","background-type":"","background-media":"","overlay-type":"","overlay-color":"","overlay-opacity":"","overlay-gradient":""}},"ast-content-background-meta":{"desktop":{"background-color":"var(--ast-global-color-5)","background-image":"","background-repeat":"repeat","background-position":"center center","background-size":"auto","background-attachment":"scroll","background-type":"","background-media":"","overlay-type":"","overlay-color":"","overlay-opacity":"","overlay-gradient":""},"tablet":{"background-color":"var(--ast-global-color-5)","background-image":"","background-repeat":"repeat","background-position":"center center","background-size":"auto","background-attachment":"scroll","background-type":"","background-media":"","overlay-type":"","overlay-color":"","overlay-opacity":"","overlay-gradient":""},"mobile":{"background-color":"var(--ast-global-color-5)","background-image":"","background-repeat":"repeat","background-position":"center center","background-size":"auto","background-attachment":"scroll","background-type":"","background-media":"","overlay-type":"","overlay-color":"","overlay-opacity":"","overlay-gradient":""}},"footnotes":""},"class_list":["post-1307","page","type-page","status-publish","hentry"],"acf":[],"yoast_head":"<!-- This site is optimized with the Yoast SEO plugin v26.9 - https:\/\/yoast.com\/product\/yoast-seo-wordpress\/ -->\n<title>Medien \u2013 Brandschutzt\u00fcren &amp; Fenster Referenzen Beelitz<\/title>\n<meta name=\"description\" content=\"Medien &amp; Referenzen: Bilder und Videos zu Brandschutzt\u00fcren und -fenstern f\u00fcr Gesch\u00e4ftskunden. Projekte von Brandschutztischlerei Beelitz deutschlandweit.\" \/>\n<meta name=\"robots\" content=\"index, follow, max-snippet:-1, max-image-preview:large, max-video-preview:-1\" \/>\n<link rel=\"canonical\" href=\"https:\/\/www.tischlerei-beelitz.com\/en\/medien\/\" \/>\n<meta property=\"og:locale\" content=\"en_GB\" \/>\n<meta property=\"og:type\" content=\"article\" \/>\n<meta property=\"og:title\" content=\"Medien \u2013 Brandschutzt\u00fcren &amp; Fenster Referenzen Beelitz\" \/>\n<meta property=\"og:description\" content=\"Medien &amp; Referenzen: Bilder und Videos zu Brandschutzt\u00fcren und -fenstern f\u00fcr Gesch\u00e4ftskunden. Projekte von Brandschutztischlerei Beelitz deutschlandweit.\" \/>\n<meta property=\"og:url\" content=\"https:\/\/www.tischlerei-beelitz.com\/en\/medien\/\" \/>\n<meta property=\"article:publisher\" content=\"https:\/\/www.facebook.com\/mbbrandschutztischlerei\/\" \/>\n<meta property=\"article:modified_time\" content=\"2025-08-06T12:14:33+00:00\" \/>\n<meta property=\"og:image\" content=\"https:\/\/www.tischlerei-beelitz.com\/wp-content\/uploads\/2025\/07\/Medien-3.png\" \/>\n\t<meta property=\"og:image:width\" content=\"500\" \/>\n\t<meta property=\"og:image:height\" content=\"500\" \/>\n\t<meta property=\"og:image:type\" content=\"image\/png\" \/>\n<meta name=\"twitter:card\" content=\"summary_large_image\" \/>\n<meta name=\"twitter:label1\" content=\"Estimated reading time\" \/>\n\t<meta name=\"twitter:data1\" content=\"2 minutes\" \/>\n<script type=\"application\/ld+json\" class=\"yoast-schema-graph\">{\"@context\":\"https:\/\/schema.org\",\"@graph\":[{\"@type\":\"WebPage\",\"@id\":\"https:\/\/www.tischlerei-beelitz.com\/medien\/\",\"url\":\"https:\/\/www.tischlerei-beelitz.com\/medien\/\",\"name\":\"Medien \u2013 Brandschutzt\u00fcren & Fenster Referenzen Beelitz\",\"isPartOf\":{\"@id\":\"https:\/\/www.tischlerei-beelitz.com\/#website\"},\"primaryImageOfPage\":{\"@id\":\"https:\/\/www.tischlerei-beelitz.com\/medien\/#primaryimage\"},\"image\":{\"@id\":\"https:\/\/www.tischlerei-beelitz.com\/medien\/#primaryimage\"},\"thumbnailUrl\":\"https:\/\/www.tischlerei-beelitz.com\/wp-content\/uploads\/2025\/07\/glassscheiben-auf-dem-boden-liegend.png\",\"datePublished\":\"2025-07-14T07:55:37+00:00\",\"dateModified\":\"2025-08-06T12:14:33+00:00\",\"description\":\"Medien & Referenzen: Bilder und Videos zu Brandschutzt\u00fcren und -fenstern f\u00fcr Gesch\u00e4ftskunden. Projekte von Brandschutztischlerei Beelitz deutschlandweit.\",\"breadcrumb\":{\"@id\":\"https:\/\/www.tischlerei-beelitz.com\/medien\/#breadcrumb\"},\"inLanguage\":\"en-GB\",\"potentialAction\":[{\"@type\":\"ReadAction\",\"target\":[\"https:\/\/www.tischlerei-beelitz.com\/medien\/\"]}]},{\"@type\":\"ImageObject\",\"inLanguage\":\"en-GB\",\"@id\":\"https:\/\/www.tischlerei-beelitz.com\/medien\/#primaryimage\",\"url\":\"https:\/\/www.tischlerei-beelitz.com\/wp-content\/uploads\/2025\/07\/glassscheiben-auf-dem-boden-liegend.png\",\"contentUrl\":\"https:\/\/www.tischlerei-beelitz.com\/wp-content\/uploads\/2025\/07\/glassscheiben-auf-dem-boden-liegend.png\"},{\"@type\":\"BreadcrumbList\",\"@id\":\"https:\/\/www.tischlerei-beelitz.com\/medien\/#breadcrumb\",\"itemListElement\":[{\"@type\":\"ListItem\",\"position\":1,\"name\":\"Startseite\",\"item\":\"https:\/\/www.tischlerei-beelitz.com\/\"},{\"@type\":\"ListItem\",\"position\":2,\"name\":\"Medien\"}]},{\"@type\":\"WebSite\",\"@id\":\"https:\/\/www.tischlerei-beelitz.com\/#website\",\"url\":\"https:\/\/www.tischlerei-beelitz.com\/\",\"name\":\"www.tischlerei-beelitz.com\",\"description\":\"\",\"publisher\":{\"@id\":\"https:\/\/www.tischlerei-beelitz.com\/#organization\"},\"potentialAction\":[{\"@type\":\"SearchAction\",\"target\":{\"@type\":\"EntryPoint\",\"urlTemplate\":\"https:\/\/www.tischlerei-beelitz.com\/?s={search_term_string}\"},\"query-input\":{\"@type\":\"PropertyValueSpecification\",\"valueRequired\":true,\"valueName\":\"search_term_string\"}}],\"inLanguage\":\"en-GB\"},{\"@type\":\"Organization\",\"@id\":\"https:\/\/www.tischlerei-beelitz.com\/#organization\",\"name\":\"MB Brandschutztischlerei Beelitz GmbH\",\"url\":\"https:\/\/www.tischlerei-beelitz.com\/\",\"logo\":{\"@type\":\"ImageObject\",\"inLanguage\":\"en-GB\",\"@id\":\"https:\/\/www.tischlerei-beelitz.com\/#\/schema\/logo\/image\/\",\"url\":\"https:\/\/www.tischlerei-beelitz.com\/wp-content\/uploads\/2025\/05\/logo-brandschutz-tischlerei-beelitz.png\",\"contentUrl\":\"https:\/\/www.tischlerei-beelitz.com\/wp-content\/uploads\/2025\/05\/logo-brandschutz-tischlerei-beelitz.png\",\"width\":300,\"height\":263,\"caption\":\"MB Brandschutztischlerei Beelitz GmbH\"},\"image\":{\"@id\":\"https:\/\/www.tischlerei-beelitz.com\/#\/schema\/logo\/image\/\"},\"sameAs\":[\"https:\/\/www.facebook.com\/mbbrandschutztischlerei\/\",\"https:\/\/www.instagram.com\/mb_brandschutztischlerei\/\"]}]}<\/script>\n<!-- \/ Yoast SEO plugin. -->","yoast_head_json":{"title":"Media - Fire doors &amp; windows references Beelitz","description":"Media &amp; references: Pictures and videos of fire doors and windows for business customers. Projects by Brandschutztischlerei Beelitz throughout Germany.","robots":{"index":"index","follow":"follow","max-snippet":"max-snippet:-1","max-image-preview":"max-image-preview:large","max-video-preview":"max-video-preview:-1"},"canonical":"https:\/\/www.tischlerei-beelitz.com\/en\/medien\/","og_locale":"en_GB","og_type":"article","og_title":"Medien \u2013 Brandschutzt\u00fcren & Fenster Referenzen Beelitz","og_description":"Medien & Referenzen: Bilder und Videos zu Brandschutzt\u00fcren und -fenstern f\u00fcr Gesch\u00e4ftskunden. Projekte von Brandschutztischlerei Beelitz deutschlandweit.","og_url":"https:\/\/www.tischlerei-beelitz.com\/en\/medien\/","article_publisher":"https:\/\/www.facebook.com\/mbbrandschutztischlerei\/","article_modified_time":"2025-08-06T12:14:33+00:00","og_image":[{"width":500,"height":500,"url":"https:\/\/www.tischlerei-beelitz.com\/wp-content\/uploads\/2025\/07\/Medien-3.png","type":"image\/png"}],"twitter_card":"summary_large_image","twitter_misc":{"Estimated reading time":"2 minutes"},"schema":{"@context":"https:\/\/schema.org","@graph":[{"@type":"WebPage","@id":"https:\/\/www.tischlerei-beelitz.com\/medien\/","url":"https:\/\/www.tischlerei-beelitz.com\/medien\/","name":"Media - Fire doors &amp; windows references Beelitz","isPartOf":{"@id":"https:\/\/www.tischlerei-beelitz.com\/#website"},"primaryImageOfPage":{"@id":"https:\/\/www.tischlerei-beelitz.com\/medien\/#primaryimage"},"image":{"@id":"https:\/\/www.tischlerei-beelitz.com\/medien\/#primaryimage"},"thumbnailUrl":"https:\/\/www.tischlerei-beelitz.com\/wp-content\/uploads\/2025\/07\/glassscheiben-auf-dem-boden-liegend.png","datePublished":"2025-07-14T07:55:37+00:00","dateModified":"2025-08-06T12:14:33+00:00","description":"Media &amp; references: Pictures and videos of fire doors and windows for business customers. Projects by Brandschutztischlerei Beelitz throughout Germany.","breadcrumb":{"@id":"https:\/\/www.tischlerei-beelitz.com\/medien\/#breadcrumb"},"inLanguage":"en-GB","potentialAction":[{"@type":"ReadAction","target":["https:\/\/www.tischlerei-beelitz.com\/medien\/"]}]},{"@type":"ImageObject","inLanguage":"en-GB","@id":"https:\/\/www.tischlerei-beelitz.com\/medien\/#primaryimage","url":"https:\/\/www.tischlerei-beelitz.com\/wp-content\/uploads\/2025\/07\/glassscheiben-auf-dem-boden-liegend.png","contentUrl":"https:\/\/www.tischlerei-beelitz.com\/wp-content\/uploads\/2025\/07\/glassscheiben-auf-dem-boden-liegend.png"},{"@type":"BreadcrumbList","@id":"https:\/\/www.tischlerei-beelitz.com\/medien\/#breadcrumb","itemListElement":[{"@type":"ListItem","position":1,"name":"Startseite","item":"https:\/\/www.tischlerei-beelitz.com\/"},{"@type":"ListItem","position":2,"name":"Medien"}]},{"@type":"WebSite","@id":"https:\/\/www.tischlerei-beelitz.com\/#website","url":"https:\/\/www.tischlerei-beelitz.com\/","name":"www.tischlerei-beelitz.com","description":"","publisher":{"@id":"https:\/\/www.tischlerei-beelitz.com\/#organization"},"potentialAction":[{"@type":"SearchAction","target":{"@type":"EntryPoint","urlTemplate":"https:\/\/www.tischlerei-beelitz.com\/?s={search_term_string}"},"query-input":{"@type":"PropertyValueSpecification","valueRequired":true,"valueName":"search_term_string"}}],"inLanguage":"en-GB"},{"@type":"Organization","@id":"https:\/\/www.tischlerei-beelitz.com\/#organization","name":"MB Brandschutztischlerei Beelitz GmbH","url":"https:\/\/www.tischlerei-beelitz.com\/","logo":{"@type":"ImageObject","inLanguage":"en-GB","@id":"https:\/\/www.tischlerei-beelitz.com\/#\/schema\/logo\/image\/","url":"https:\/\/www.tischlerei-beelitz.com\/wp-content\/uploads\/2025\/05\/logo-brandschutz-tischlerei-beelitz.png","contentUrl":"https:\/\/www.tischlerei-beelitz.com\/wp-content\/uploads\/2025\/05\/logo-brandschutz-tischlerei-beelitz.png","width":300,"height":263,"caption":"MB Brandschutztischlerei Beelitz GmbH"},"image":{"@id":"https:\/\/www.tischlerei-beelitz.com\/#\/schema\/logo\/image\/"},"sameAs":["https:\/\/www.facebook.com\/mbbrandschutztischlerei\/","https:\/\/www.instagram.com\/mb_brandschutztischlerei\/"]}]}},"uagb_featured_image_src":{"full":false,"thumbnail":false,"medium":false,"medium_large":false,"large":false,"1536x1536":false,"2048x2048":false,"trp-custom-language-flag":false},"uagb_author_info":{"display_name":"jvs","author_link":"https:\/\/www.tischlerei-beelitz.com\/en\/author\/jvs\/"},"uagb_comment_info":0,"uagb_excerpt":"Medien Brandschutztischlerei Beelitz in den Medien MB in der Presse MB Fachartikel","_links":{"self":[{"href":"https:\/\/www.tischlerei-beelitz.com\/en\/wp-json\/wp\/v2\/pages\/1307","targetHints":{"allow":["GET"]}}],"collection":[{"href":"https:\/\/www.tischlerei-beelitz.com\/en\/wp-json\/wp\/v2\/pages"}],"about":[{"href":"https:\/\/www.tischlerei-beelitz.com\/en\/wp-json\/wp\/v2\/types\/page"}],"author":[{"embeddable":true,"href":"https:\/\/www.tischlerei-beelitz.com\/en\/wp-json\/wp\/v2\/users\/5"}],"replies":[{"embeddable":true,"href":"https:\/\/www.tischlerei-beelitz.com\/en\/wp-json\/wp\/v2\/comments?post=1307"}],"version-history":[{"count":38,"href":"https:\/\/www.tischlerei-beelitz.com\/en\/wp-json\/wp\/v2\/pages\/1307\/revisions"}],"predecessor-version":[{"id":1909,"href":"https:\/\/www.tischlerei-beelitz.com\/en\/wp-json\/wp\/v2\/pages\/1307\/revisions\/1909"}],"wp:attachment":[{"href":"https:\/\/www.tischlerei-beelitz.com\/en\/wp-json\/wp\/v2\/media?parent=1307"}],"curies":[{"name":"wp","href":"https:\/\/api.w.org\/{rel}","templated":true}]}}