{"id":1241,"date":"2025-07-10T12:47:21","date_gmt":"2025-07-10T12:47:21","guid":{"rendered":"https:\/\/tischlerei-beelitz.schubwerk.eu\/?page_id=1241"},"modified":"2026-03-30T13:14:59","modified_gmt":"2026-03-30T13:14:59","slug":"zertifikate","status":"publish","type":"page","link":"https:\/\/www.tischlerei-beelitz.com\/en\/zertifikate\/","title":{"rendered":"Certificates"},"content":{"rendered":"<div class=\"wp-block-uagb-container uagb-block-8ecd5811 alignfull uagb-is-root-container\"><div class=\"uagb-container-inner-blocks-wrap\">\n<div class=\"wp-block-uagb-advanced-heading uagb-block-13f2e88a\"><p class=\"uagb-desc-text\">The company<\/p><h1 class=\"uagb-heading-text\">Awards &amp; certificates<\/h1><\/div>\n<\/div><\/div>\n\n\n\n<div class=\"wp-block-uagb-container uagb-layout-grid uagb-block-e5a09865 alignfull uagb-is-root-container\"><div class=\"uagb-container-inner-blocks-wrap\">\n<div class=\"wp-block-uagb-advanced-heading uagb-block-50fe1be9\"><p class=\"uagb-desc-text\">The company<\/p><h2 class=\"uagb-heading-text\">An overview of our awards<\/h2><\/div>\n\n\n\n<div class=\"wp-block-uagb-container uagb-layout-flex uagb-block-c469e59d\">\n<div class=\"wp-block-uagb-advanced-heading uagb-block-aa481f6f\"><p class=\"uagb-desc-text\">Our awards and certificates stand for quality, expertise and commitment. They document independent assessments and confirm compliance with recognised standards in our specialist field. Below you will find an overview of the honours and certifications we have received.<\/p><\/div>\n<\/div>\n<\/div><\/div>\n\n\n\n<div class=\"wp-block-uagb-container uagb-layout-flex uagb-block-f3521c56 alignfull uagb-is-root-container\"><div class=\"uagb-container-inner-blocks-wrap\">\n<div class=\"wp-block-uagb-container uagb-block-1b512404\">\n<div class=\"wp-block-uagb-info-box uagb-block-a0259082 uagb-infobox__content-wrap  uagb-infobox-icon-above-title uagb-infobox-image-valign-top wp-block-uagb-info-box--has-margin\"><div class=\"uagb-infobox-margin-wrapper\"><div class=\"uagb-ifb-content\"><div class=\"uagb-ifb-title-wrap\"><p class=\"uagb-ifb-title-prefix\">Price<\/p><h2 class=\"uagb-ifb-title\">WINDOW INSTALLER OF THE YEAR 2026!<\/h2><\/div><\/div><\/div><\/div>\n\n\n\n<div class=\"wp-block-uagb-info-box uagb-block-88ae7c5f uagb-infobox__content-wrap  uagb-infobox-icon-above-title uagb-infobox-image-valign-top wp-block-uagb-info-box--has-margin\"><div class=\"uagb-infobox-margin-wrapper\"><div class=\"uagb-ifb-content\"><div class=\"uagb-ifb-title-wrap\"><\/div><p class=\"uagb-ifb-desc\">A big moment for our team: At the Fensterbau Frontale in Nuremberg, MB Fensterbau Beelitz GmbH was awarded <strong>Window Manufacturers of the Year 2026<\/strong> Excellent. This honour is a special affirmation for us of our daily work, our passion for high-quality timber fire protection windows and doors, and our shared journey as a family-run company. It shows that innovation, craftsmanship quality, and sustainable thinking belong together successfully.<\/p><\/div><\/div><\/div>\n\n\n\n<div class=\"wp-block-uagb-modal uagb-block-cd39f915 uagb-modal-wrapper\" data-escpress=\"enable\" data-overlayclick=\"disable\"><div class=\"uagb-spectra-button-wrapper wp-block-button\"><a class=\"uagb-modal-button-link wp-block-button__link uagb-modal-trigger\" href=\"#\" onclick=\"return false;\" target=\"_self\" rel=\"noopener noreferrer\"><span class=\"uagb-modal-content-wrapper\"><span class=\"uagb-inline-editing\">Read more<\/span><\/span><\/a><\/div><div class=\"uagb-effect-default uagb-modal-popup uagb-block-cd39f915 uagb-modal-type-undefined\"><div class=\"uagb-modal-popup-wrap\"><div class=\"uagb-modal-popup-content\">\n<div class=\"wp-block-uagb-info-box uagb-block-3e46319c uagb-infobox__content-wrap  uagb-infobox-icon-above-title uagb-infobox-image-valign-top wp-block-uagb-info-box--has-margin\"><div class=\"uagb-infobox-margin-wrapper\"><div class=\"uagb-ifb-content\"><div class=\"uagb-ifb-title-wrap\"><\/div><p class=\"uagb-ifb-desc\"><strong>At the Fensterbau Frontale in Nuremberg, we were awarded as Window Manufacturer of the Year in 2026!<\/strong><br>\u00a0<br>The MB Fensterbau Beelitz carpentry firm from Bad Belzig in Brandenburg has achieved first place in the nationwide competition \u201eWindow Manufacturer of the Year 2026\u201c.<br>The family-run carpentry business from Bad Belzig was honoured with first place in the industry award for its outstanding development achievements in fire-resistant timber windows and doors, its diverse sales activities in Germany, Austria, Belgium, and Luxembourg, and for its sustainable energy supply. Founded in 2013 and operating as a GmbH since 2024 in preparation for succession, the company employs 25 people, including six apprentices. MB Fensterbau Beelitz uses state-of-the-art CNC technology for the production of fire-resistant windows and doors, combining craftsmanship and technology.<br>\u00a0<br>\u201eThere is no \u2018I\u2018, only a \u201cwe\u2019\u2019. With this sentence, a company that is rethinking window construction describes itself \u2013 while at the same time being deeply rooted in traditional carpentry,\u2019 said Dr. Katharina Gamillscheg, CEO of Tischler Schreiner Deutschland, in her laudatory speech. <br>\u201eIn 2024, the company generated a revenue of 3.3 million euros. However, numbers alone don't explain why this company stands where it is today. MB Fensterbau has specialised in a highly demanding market segment: fire-resistant wooden windows and doors. What initially sounds like a contradiction \u2013 wood and fire protection \u2013 has become a story of innovation in Bad Belzig.\u201c<\/p><\/div><\/div><\/div>\n<\/div><button class=\"uagb-modal-popup-close\" aria-label=\"Close Modal\"><svg xmlns=\"https:\/\/www.w3.org\/2000\/svg\" viewbox=\"0 0 320 512\"><path d=\"M310.6 361.4c12.5 12.5 12.5 32.75 0 45.25C304.4 412.9 296.2 416 288 416s-16.38-3.125-22.62-9.375L160 301.3L54.63 406.6C48.38 412.9 40.19 416 32 416S15.63 412.9 9.375 406.6c-12.5-12.5-12.5-32.75 0-45.25l105.4-105.4L9.375 150.6c-12.5-12.5-12.5-32.75 0-45.25s32.75-12.5 45.25 0L160 210.8l105.4-105.4c12.5-12.5 32.75-12.5 45.25 0s12.5 32.75 0 45.25l-105.4 105.4L310.6 361.4z\"><\/path><\/svg><\/button><\/div><\/div><\/div>\n<\/div>\n\n\n\n<div class=\"wp-block-uagb-container uagb-block-524ffa15\">\n<div style=\"height:300px\" aria-hidden=\"true\" class=\"wp-block-spacer\"><\/div>\n\n\n\n<div class=\"wp-block-uagb-container uagb-block-b6834b4b\">\n<div class=\"wp-block-uagb-image alignright uagb-block-94c6c64f wp-block-uagb-image--layout-default wp-block-uagb-image--effect-static wp-block-uagb-image--align-right\"><figure class=\"wp-block-uagb-image__figure\"><img decoding=\"async\" srcset=\"https:\/\/www.tischlerei-beelitz.com\/wp-content\/uploads\/2026\/03\/fensterbauer_2026-7-192x300.jpg ,https:\/\/www.tischlerei-beelitz.com\/wp-content\/uploads\/2026\/03\/fensterbauer_2026-7.jpg 780w, https:\/\/www.tischlerei-beelitz.com\/wp-content\/uploads\/2026\/03\/fensterbauer_2026-7.jpg 360w\" sizes=\"auto, (max-width: 480px) 150px\" src=\"https:\/\/www.tischlerei-beelitz.com\/wp-content\/uploads\/2026\/03\/fensterbauer_2026-7-192x300.jpg\" alt=\"\" class=\"uag-image-2429\" width=\"192\" height=\"300\" title=\"window_builder_2026-7\" loading=\"lazy\" role=\"img\"\/><\/figure><\/div>\n<\/div>\n<\/div>\n<\/div><\/div>\n\n\n\n<div class=\"wp-block-uagb-container uagb-layout-flex uagb-block-fbe5905f alignfull uagb-is-root-container\"><div class=\"uagb-container-inner-blocks-wrap\">\n<div class=\"wp-block-uagb-container uagb-block-2d7cc0de\">\n<div class=\"wp-block-uagb-info-box uagb-block-8dcc301e uagb-infobox__content-wrap  uagb-infobox-icon-above-title uagb-infobox-image-valign-top wp-block-uagb-info-box--has-margin\"><div class=\"uagb-infobox-margin-wrapper\"><div class=\"uagb-ifb-content\"><div class=\"uagb-ifb-title-wrap\"><p class=\"uagb-ifb-title-prefix\">Price<\/p><h2 class=\"uagb-ifb-title\">INNOVATION &amp; SUSTAINABILITY<\/h2><\/div><\/div><\/div><\/div>\n\n\n\n<div class=\"wp-block-uagb-info-box uagb-block-3e96bc7d uagb-infobox__content-wrap  uagb-infobox-icon-above-title uagb-infobox-image-valign-top wp-block-uagb-info-box--has-margin\"><div class=\"uagb-infobox-margin-wrapper\"><div class=\"uagb-ifb-content\"><div class=\"uagb-ifb-title-wrap\"><\/div><p class=\"uagb-ifb-desc\">Great joy in Bad Belzig: MB Fensterbau Beelitz GmbH and MB Brandschutztischlerei Beelitz GmbH are among the winners of the Brandenburg Innovation Award 2025! The prize was awarded for the development of an EI 90 fire protection door that can withstand a fire for 90 minutes and thus fulfils the highest safety requirements.<\/p><\/div><\/div><\/div>\n\n\n\n<div class=\"wp-block-uagb-modal uagb-block-d1bb861e uagb-modal-wrapper\" data-escpress=\"enable\" data-overlayclick=\"disable\"><div class=\"uagb-spectra-button-wrapper wp-block-button\"><a class=\"uagb-modal-button-link wp-block-button__link uagb-modal-trigger\" href=\"#\" onclick=\"return false;\" target=\"_self\" rel=\"noopener noreferrer\"><span class=\"uagb-modal-content-wrapper\"><span class=\"uagb-inline-editing\">Read more<\/span><\/span><\/a><\/div><div class=\"uagb-effect-default uagb-modal-popup uagb-block-d1bb861e uagb-modal-type-undefined\"><div class=\"uagb-modal-popup-wrap\"><div class=\"uagb-modal-popup-content\">\n<div class=\"wp-block-uagb-info-box uagb-block-dae4738f uagb-infobox__content-wrap  uagb-infobox-icon-above-title uagb-infobox-image-valign-top wp-block-uagb-info-box--has-margin\"><div class=\"uagb-infobox-margin-wrapper\"><div class=\"uagb-ifb-content\"><div class=\"uagb-ifb-title-wrap\"><\/div><p class=\"uagb-ifb-desc\"><strong>When fire protection becomes sustainable:<\/strong> <strong>MB Fensterbau Beelitz GmbH and MB Brandschutztischlerei Beelitz GmbH win the Brandenburg Innovation Award<br>2025! Bad Belzig.<\/strong><br><br>Great joy in Bad Belzig: MB Fensterbau Beelitz GmbH and MB Brandschutztischlerei Beelitz GmbH are among the winners of the Brandenburger<br>Innovation Award 2025! The prize was awarded for the development of an EI 90<br>fire door that can withstand a fire for 90 minutes and therefore fulfils the highest safety requirements. Managing Director of the companies, Mike Beelitz, is delighted: \"We are delighted to have won the Brandenburg Innovation Award. The award shows that there are also sustainable ideas in the skilled trades and that sustainability, safety and aesthetics do not have to be mutually exclusive.\"<br><br>Wood instead of steel: New perspectives for monument preservation and fire protection<br>With its combination of maximum security, natural aesthetics and sustainable production, the new timber fire door offers a convincing alternative to conventional steel or aluminium models. It opens up new design possibilities, particularly in the field of heritage conservation - where classic fire protection elements are often out of the question.<br><br>A technical plus: for the first time, the MB door allows larger opening dimensions than comparable products. Special designs such as double-leaf systems with round arches can also be realised.<br>can be realised without any problems.<br>Sustainability with substance<br>The door is manufactured at the company headquarters in Bad Belzig<br>- with short distances, regional<br>added value and a clear focus on environmental compatibility. PEFC\u00ae-certified wood and low-emission lacquers are used. The result: a handcrafted<br>high-quality product with an exemplary eco-balance and appeal beyond the region.<br><br><strong>A craft business with a signalling effect<\/strong><br>With 25 employees, including six trainees, our company focuses on quality,<br>Training and innovation. The new wooden door has now established itself throughout Europe: Customers<br>from Germany, Luxembourg, Austria and Belgium rely on this well thought-out concept.<br>. An example of the potential of Brandenburg's skilled trades.<\/p><\/div><\/div><\/div>\n<\/div><button class=\"uagb-modal-popup-close\" aria-label=\"Close Modal\"><svg xmlns=\"https:\/\/www.w3.org\/2000\/svg\" viewbox=\"0 0 320 512\"><path d=\"M310.6 361.4c12.5 12.5 12.5 32.75 0 45.25C304.4 412.9 296.2 416 288 416s-16.38-3.125-22.62-9.375L160 301.3L54.63 406.6C48.38 412.9 40.19 416 32 416S15.63 412.9 9.375 406.6c-12.5-12.5-12.5-32.75 0-45.25l105.4-105.4L9.375 150.6c-12.5-12.5-12.5-32.75 0-45.25s32.75-12.5 45.25 0L160 210.8l105.4-105.4c12.5-12.5 32.75-12.5 45.25 0s12.5 32.75 0 45.25l-105.4 105.4L310.6 361.4z\"><\/path><\/svg><\/button><\/div><\/div><\/div>\n<\/div>\n\n\n\n<div class=\"wp-block-uagb-container uagb-block-611e0d2d\">\n<div style=\"height:400px\" aria-hidden=\"true\" class=\"wp-block-spacer\"><\/div>\n\n\n\n<div class=\"wp-block-uagb-container uagb-block-e721c4d8\">\n<div class=\"wp-block-uagb-image aligncenter uagb-block-6a94f19f wp-block-uagb-image--layout-default wp-block-uagb-image--effect-static wp-block-uagb-image--align-center\"><figure class=\"wp-block-uagb-image__figure\"><img decoding=\"async\" srcset=\"https:\/\/www.tischlerei-beelitz.com\/wp-content\/uploads\/2025\/07\/logo-brandenburger-inovationssieger-1024x435.png ,https:\/\/www.tischlerei-beelitz.com\/wp-content\/uploads\/2025\/07\/logo-brandenburger-inovationssieger.png 780w, https:\/\/www.tischlerei-beelitz.com\/wp-content\/uploads\/2025\/07\/logo-brandenburger-inovationssieger.png 360w\" sizes=\"auto, (max-width: 480px) 150px\" src=\"https:\/\/www.tischlerei-beelitz.com\/wp-content\/uploads\/2025\/07\/logo-brandenburger-inovationssieger-1024x435.png\" alt=\"\" class=\"uag-image-1374\" width=\"1024\" height=\"435\" title=\"MWAE-Inno25-Badge-Sieger-24-09-12_01\" loading=\"lazy\" role=\"img\"\/><\/figure><\/div>\n<\/div>\n<\/div>\n<\/div><\/div>\n\n\n\n<div class=\"wp-block-uagb-container uagb-layout-flex uagb-block-d65886f9 alignfull uagb-is-root-container\"><div class=\"uagb-container-inner-blocks-wrap\">\n<div class=\"wp-block-uagb-container uagb-block-d812bf1d\">\n<div class=\"wp-block-uagb-info-box uagb-block-61a2e146 uagb-infobox__content-wrap  uagb-infobox-icon-above-title uagb-infobox-image-valign-top wp-block-uagb-info-box--has-margin\"><div class=\"uagb-infobox-margin-wrapper\"><div class=\"uagb-ifb-content\"><div class=\"uagb-ifb-title-wrap\"><p class=\"uagb-ifb-title-prefix\">Price<\/p><h2 class=\"uagb-ifb-title\">INNOVATION &amp; TRADITION<\/h2><\/div><\/div><\/div><\/div>\n\n\n\n<div class=\"wp-block-uagb-info-box uagb-block-8e67eb33 uagb-infobox__content-wrap  uagb-infobox-icon-above-title uagb-infobox-image-valign-top wp-block-uagb-info-box--has-margin\"><div class=\"uagb-infobox-margin-wrapper\"><div class=\"uagb-ifb-content\"><div class=\"uagb-ifb-title-wrap\"><\/div><p class=\"uagb-ifb-desc\">The Brandenburg Future Prize is one of the most important business awards in the state. It is awarded by six chambers of commerce and industry. 2022 was the year! Our fire protection joinery was honoured for special entrepreneurial achievements and commitment.<\/p><\/div><\/div><\/div>\n\n\n\n<div class=\"wp-block-uagb-modal uagb-block-10b547b3 uagb-modal-wrapper\" data-escpress=\"enable\" data-overlayclick=\"disable\"><div class=\"uagb-spectra-button-wrapper wp-block-button\"><a class=\"uagb-modal-button-link wp-block-button__link uagb-modal-trigger\" href=\"#\" onclick=\"return false;\" target=\"_self\" rel=\"noopener noreferrer\"><span class=\"uagb-modal-content-wrapper\"><span class=\"uagb-inline-editing\">Read more<\/span><\/span><\/a><\/div><div class=\"uagb-effect-default uagb-modal-popup uagb-block-10b547b3 uagb-modal-type-undefined\"><div class=\"uagb-modal-popup-wrap\"><div class=\"uagb-modal-popup-content\">\n<div class=\"wp-block-uagb-info-box uagb-block-56d6a8c5 uagb-infobox__content-wrap  uagb-infobox-icon-above-title uagb-infobox-image-valign-top\"><div class=\"uagb-ifb-content\"><div class=\"uagb-ifb-title-wrap\"><\/div><p class=\"uagb-ifb-desc\">In 2019, our craft business started the first fire tests for fire-resistant windows and doors. Thanks to narrow profiles, we focus primarily on listed building projects in fire protection. With the help of our direct partner \"Ma\u00dfwerk\" in Austria, we operate on the international market and ship our elements throughout Europe. We now see ourselves exclusively as a manufacturer and supply joineries and other craft businesses. For ecological reasons, our company favours regional suppliers. We are constantly investing in the eco-balance of our company by investing in increased energy efficiency. We generate part of our electricity consumption ourselves with several photovoltaic systems and are striving for CO2-neutral production of our windows. An automatic production line is planned, which will further increase production. In the future, everything is working towards the generational change with daughter Lisa-Marie Beelitz. The course has been set... .<br><br>Employee retention is particularly important to us: we support our employees with employee qualifications, performance bonuses and individual and family-friendly working time models. We also keep an eye on the next generation of carpenters. With two trainees per year and trainees in ongoing operations, we encourage and motivate young people to continue working in our fire protection joinery after their training as carpenters (m\/f\/d).<\/p><\/div><\/div>\n<\/div><button class=\"uagb-modal-popup-close\" aria-label=\"Close Modal\"><svg xmlns=\"https:\/\/www.w3.org\/2000\/svg\" viewbox=\"0 0 320 512\"><path d=\"M310.6 361.4c12.5 12.5 12.5 32.75 0 45.25C304.4 412.9 296.2 416 288 416s-16.38-3.125-22.62-9.375L160 301.3L54.63 406.6C48.38 412.9 40.19 416 32 416S15.63 412.9 9.375 406.6c-12.5-12.5-12.5-32.75 0-45.25l105.4-105.4L9.375 150.6c-12.5-12.5-12.5-32.75 0-45.25s32.75-12.5 45.25 0L160 210.8l105.4-105.4c12.5-12.5 32.75-12.5 45.25 0s12.5 32.75 0 45.25l-105.4 105.4L310.6 361.4z\"><\/path><\/svg><\/button><\/div><\/div><\/div>\n<\/div>\n\n\n\n<div class=\"wp-block-uagb-container uagb-block-b459f29e\">\n<div style=\"height:400px\" aria-hidden=\"true\" class=\"wp-block-spacer\"><\/div>\n\n\n\n<div class=\"wp-block-uagb-container uagb-block-74048f3f\">\n<div class=\"wp-block-uagb-image aligncenter uagb-block-979fe61d wp-block-uagb-image--layout-default wp-block-uagb-image--effect-static wp-block-uagb-image--align-center\"><figure class=\"wp-block-uagb-image__figure\"><img decoding=\"async\" srcset=\"https:\/\/www.tischlerei-beelitz.com\/wp-content\/uploads\/2025\/07\/logo-zukunftspreis-gewinner-300x142.jpg ,https:\/\/www.tischlerei-beelitz.com\/wp-content\/uploads\/2025\/07\/logo-zukunftspreis-gewinner.jpg 780w, https:\/\/www.tischlerei-beelitz.com\/wp-content\/uploads\/2025\/07\/logo-zukunftspreis-gewinner.jpg 360w\" sizes=\"auto, (max-width: 480px) 150px\" src=\"https:\/\/www.tischlerei-beelitz.com\/wp-content\/uploads\/2025\/07\/logo-zukunftspreis-gewinner-300x142.jpg\" alt=\"\" class=\"uag-image-1264\" width=\"268\" height=\"127\" title=\"Logo Future Prize Winner\" loading=\"lazy\" role=\"img\"\/><\/figure><\/div>\n<\/div>\n<\/div>\n<\/div><\/div>\n\n\n\n<div class=\"wp-block-uagb-container uagb-block-ebd17388 alignwide uagb-is-root-container\">\n<div class=\"wp-block-uagb-image uagb-block-1c693fd4 wp-block-uagb-image--layout-default wp-block-uagb-image--effect-static wp-block-uagb-image--align-none\"><figure class=\"wp-block-uagb-image__figure\"><img decoding=\"async\" srcset=\"https:\/\/www.tischlerei-beelitz.com\/wp-content\/uploads\/2025\/07\/siegel-herstellerverzeichnisse-1024x237.png ,https:\/\/www.tischlerei-beelitz.com\/wp-content\/uploads\/2025\/07\/siegel-herstellerverzeichnisse.png 780w, https:\/\/www.tischlerei-beelitz.com\/wp-content\/uploads\/2025\/07\/siegel-herstellerverzeichnisse.png 360w\" sizes=\"auto, (max-width: 480px) 150px\" src=\"https:\/\/www.tischlerei-beelitz.com\/wp-content\/uploads\/2025\/07\/siegel-herstellerverzeichnisse-1024x237.png\" alt=\"\" class=\"uag-image-1272\" width=\"2963\" height=\"685\" title=\"Seal manufacturer directories\" loading=\"lazy\" role=\"img\"\/><\/figure><\/div>\n<\/div>\n\n\n\n<div class=\"wp-block-uagb-container uagb-block-78ceaa04 alignfull uagb-is-root-container\"><div class=\"uagb-container-inner-blocks-wrap\">\n<div class=\"wp-block-uagb-advanced-heading uagb-block-c25c7181\"><p class=\"uagb-desc-text\">Our mission &amp; vision<\/p><h2 class=\"uagb-heading-text\">Fire protection and sustainability<\/h2><\/div>\n\n\n\n<div class=\"wp-block-uagb-container uagb-layout-grid uagb-block-2a415332\">\n<div class=\"wp-block-uagb-container uagb-block-b1e555fe\">\n<div class=\"wp-block-uagb-advanced-heading uagb-block-cab822fd\"><h3 class=\"uagb-heading-text\">Fire protection that is almost invisible:<\/h3><p class=\"uagb-desc-text\">We manufacture customised fire protection solutions made of wood that are specifically tailored to the needs and requirements of your building project.<\/p><\/div>\n<\/div>\n\n\n\n<div class=\"wp-block-uagb-container uagb-block-49dfd262\">\n<div class=\"wp-block-uagb-advanced-heading uagb-block-fe5aef5b\"><h3 class=\"uagb-heading-text\">Natural for us:<\/h3><p class=\"uagb-desc-text\">We only supply business customers and consistently focus on B2B business. This means that we do not compete with joineries, carpenters or metalworkers, but see ourselves as a reliable partner at eye level.<\/p><\/div>\n<\/div>\n\n\n\n<div class=\"wp-block-uagb-container uagb-block-38d08555\">\n<div class=\"wp-block-uagb-advanced-heading uagb-block-0d54f303\"><h3 class=\"uagb-heading-text\">Our raw material: wood<\/h3><p class=\"uagb-desc-text\">For us, wood is the number one frame material - especially when it comes to fire protection: we are driven by genuine values from master craftsmen and the unconditional desire to build long-lasting wooden windows and doors for generations.<\/p><\/div>\n<\/div>\n<\/div>\n<\/div><\/div>\n\n\n\n<div class=\"wp-block-uagb-container uagb-layout-flex uagb-block-7a60db90 alignfull uagb-is-root-container\"><div class=\"uagb-container-inner-blocks-wrap\">\n<div class=\"wp-block-uagb-container uagb-block-723e7cea\">\n<div class=\"wp-block-uagb-info-box uagb-block-8e9ba489 uagb-infobox__content-wrap  uagb-infobox-icon-above-title uagb-infobox-image-valign-top\"><div class=\"uagb-ifb-content\"><div class=\"uagb-ifb-title-wrap\"><p class=\"uagb-ifb-title-prefix\">The company<\/p><h2 class=\"uagb-ifb-title\">Our motto: Fire protection rethought!<\/h2><\/div><p class=\"uagb-ifb-desc\"><strong>MB fire protection windows<\/strong>&nbsp;and&nbsp;<strong>MB fire doors<\/strong>&nbsp;are almost invisible and therefore integrate completely into the existing environment - this makes our fire protection elements from our own production the most adaptable on the market.<br><br>We offer you a&nbsp;<strong>Fast and uncomplicated technical clarification<\/strong>in which all customer wishes are realised within the scope of technical possibilities.<br>That is why our customers include various specialised fire protection companies, dealers and other joineries from Europe.<br><br>Due to our l<strong>years of experience in the field of preventive fire, smoke and burglary protection<\/strong>&nbsp;we offer you versatile solutions for technically demanding elements.<br><br>To support sustainable timber cultivation, as a certified company we only process the following on customer request&nbsp;<strong>PEFC-certified wood<\/strong>.<\/p><\/div><\/div>\n<\/div>\n\n\n\n<div class=\"wp-block-uagb-container uagb-block-ee1601d5\">\n<figure class=\"wp-block-embed is-type-video is-provider-youtube wp-block-embed-youtube wp-embed-aspect-16-9 wp-has-aspect-ratio\"><div class=\"wp-block-embed__wrapper\">\n<iframe loading=\"lazy\" title=\"Award: Family-friendly in PM! \ud83e\udde1\" width=\"500\" height=\"281\" src=\"https:\/\/www.youtube.com\/embed\/t7qRh-eq0O8?feature=oembed\" frameborder=\"0\" allow=\"accelerometer; autoplay; clipboard-write; encrypted-media; gyroscope; picture-in-picture; web-share\" referrerpolicy=\"strict-origin-when-cross-origin\" allowfullscreen><\/iframe>\n<\/div><\/figure>\n\n\n\n<figure class=\"wp-block-embed is-type-video is-provider-youtube wp-block-embed-youtube wp-embed-aspect-16-9 wp-has-aspect-ratio\"><div class=\"wp-block-embed__wrapper\">\n<iframe loading=\"lazy\" title=\"Fire test EI (F) 30 MB fire-resistant window with opening sash\" width=\"500\" height=\"281\" src=\"https:\/\/www.youtube.com\/embed\/ms-AhgZDLkY?feature=oembed\" frameborder=\"0\" allow=\"accelerometer; autoplay; clipboard-write; encrypted-media; gyroscope; picture-in-picture; web-share\" referrerpolicy=\"strict-origin-when-cross-origin\" allowfullscreen><\/iframe>\n<\/div><\/figure>\n\n\n\n<figure class=\"wp-block-embed is-type-video is-provider-youtube wp-block-embed-youtube wp-embed-aspect-16-9 wp-has-aspect-ratio\"><div class=\"wp-block-embed__wrapper\">\n<iframe loading=\"lazy\" title=\"Image film MB Fensterbau und Tischlerei Mike Beelitz Future Prize 2021\" width=\"500\" height=\"281\" src=\"https:\/\/www.youtube.com\/embed\/17C3Rq0yWqg?feature=oembed\" frameborder=\"0\" allow=\"accelerometer; autoplay; clipboard-write; encrypted-media; gyroscope; picture-in-picture; web-share\" referrerpolicy=\"strict-origin-when-cross-origin\" allowfullscreen><\/iframe>\n<\/div><\/figure>\n<\/div>\n<\/div><\/div>","protected":false},"excerpt":{"rendered":"<p>Company Awards &amp; Certificates Company An overview of our awards Our awards and certificates stand for quality, expertise and commitment. [...]<\/p>","protected":false},"author":4,"featured_media":0,"parent":0,"menu_order":0,"comment_status":"closed","ping_status":"closed","template":"","meta":{"_acf_changed":false,"inline_featured_image":false,"_uag_custom_page_level_css":"","site-sidebar-layout":"default","site-content-layout":"","ast-site-content-layout":"default","site-content-style":"default","site-sidebar-style":"default","ast-global-header-display":"","ast-banner-title-visibility":"","ast-main-header-display":"","ast-hfb-above-header-display":"","ast-hfb-below-header-display":"","ast-hfb-mobile-header-display":"","site-post-title":"disabled","ast-breadcrumbs-content":"","ast-featured-img":"","footer-sml-layout":"","ast-disable-related-posts":"","theme-transparent-header-meta":"","adv-header-id-meta":"","stick-header-meta":"","header-above-stick-meta":"","header-main-stick-meta":"","header-below-stick-meta":"","astra-migrate-meta-layouts":"default","ast-page-background-enabled":"default","ast-page-background-meta":{"desktop":{"background-color":"var(--ast-global-color-4)","background-image":"","background-repeat":"repeat","background-position":"center center","background-size":"auto","background-attachment":"scroll","background-type":"","background-media":"","overlay-type":"","overlay-color":"","overlay-opacity":"","overlay-gradient":""},"tablet":{"background-color":"","background-image":"","background-repeat":"repeat","background-position":"center center","background-size":"auto","background-attachment":"scroll","background-type":"","background-media":"","overlay-type":"","overlay-color":"","overlay-opacity":"","overlay-gradient":""},"mobile":{"background-color":"","background-image":"","background-repeat":"repeat","background-position":"center center","background-size":"auto","background-attachment":"scroll","background-type":"","background-media":"","overlay-type":"","overlay-color":"","overlay-opacity":"","overlay-gradient":""}},"ast-content-background-meta":{"desktop":{"background-color":"var(--ast-global-color-5)","background-image":"","background-repeat":"repeat","background-position":"center center","background-size":"auto","background-attachment":"scroll","background-type":"","background-media":"","overlay-type":"","overlay-color":"","overlay-opacity":"","overlay-gradient":""},"tablet":{"background-color":"var(--ast-global-color-5)","background-image":"","background-repeat":"repeat","background-position":"center center","background-size":"auto","background-attachment":"scroll","background-type":"","background-media":"","overlay-type":"","overlay-color":"","overlay-opacity":"","overlay-gradient":""},"mobile":{"background-color":"var(--ast-global-color-5)","background-image":"","background-repeat":"repeat","background-position":"center center","background-size":"auto","background-attachment":"scroll","background-type":"","background-media":"","overlay-type":"","overlay-color":"","overlay-opacity":"","overlay-gradient":""}},"footnotes":""},"class_list":["post-1241","page","type-page","status-publish","hentry"],"acf":[],"yoast_head":"<!-- This site is optimized with the Yoast SEO plugin v26.9 - https:\/\/yoast.com\/product\/yoast-seo-wordpress\/ -->\n<title>Zertifikate \u2013 Brandschutztischlerei Beelitz<\/title>\n<meta name=\"description\" content=\"Unsere Zertifikate: Nachweise f\u00fcr gepr\u00fcfte Brandschutzt\u00fcren und -fenster. Qualit\u00e4t und Sicherheit f\u00fcr Gesch\u00e4ftskunden deutschlandweit.\" \/>\n<meta name=\"robots\" content=\"index, follow, max-snippet:-1, max-image-preview:large, max-video-preview:-1\" \/>\n<link rel=\"canonical\" href=\"https:\/\/www.tischlerei-beelitz.com\/en\/zertifikate\/\" \/>\n<meta property=\"og:locale\" content=\"en_GB\" \/>\n<meta property=\"og:type\" content=\"article\" \/>\n<meta property=\"og:title\" content=\"Zertifikate \u2013 Brandschutztischlerei Beelitz\" \/>\n<meta property=\"og:description\" content=\"Unsere Zertifikate: Nachweise f\u00fcr gepr\u00fcfte Brandschutzt\u00fcren und -fenster. Qualit\u00e4t und Sicherheit f\u00fcr Gesch\u00e4ftskunden deutschlandweit.\" \/>\n<meta property=\"og:url\" content=\"https:\/\/www.tischlerei-beelitz.com\/en\/zertifikate\/\" \/>\n<meta property=\"article:publisher\" content=\"https:\/\/www.facebook.com\/mbbrandschutztischlerei\/\" \/>\n<meta property=\"article:modified_time\" content=\"2026-03-30T13:14:59+00:00\" \/>\n<meta property=\"og:image\" content=\"https:\/\/www.tischlerei-beelitz.com\/wp-content\/uploads\/2025\/07\/verleih-zukunftspreis.png\" \/>\n\t<meta property=\"og:image:width\" content=\"500\" \/>\n\t<meta property=\"og:image:height\" content=\"500\" \/>\n\t<meta property=\"og:image:type\" content=\"image\/png\" \/>\n<meta name=\"twitter:card\" content=\"summary_large_image\" \/>\n<meta name=\"twitter:label1\" content=\"Estimated reading time\" \/>\n\t<meta name=\"twitter:data1\" content=\"7 minutes\" \/>\n<script type=\"application\/ld+json\" class=\"yoast-schema-graph\">{\"@context\":\"https:\/\/schema.org\",\"@graph\":[{\"@type\":\"WebPage\",\"@id\":\"https:\/\/www.tischlerei-beelitz.com\/zertifikate\/\",\"url\":\"https:\/\/www.tischlerei-beelitz.com\/zertifikate\/\",\"name\":\"Zertifikate \u2013 Brandschutztischlerei Beelitz\",\"isPartOf\":{\"@id\":\"https:\/\/www.tischlerei-beelitz.com\/#website\"},\"primaryImageOfPage\":{\"@id\":\"https:\/\/www.tischlerei-beelitz.com\/zertifikate\/#primaryimage\"},\"image\":{\"@id\":\"https:\/\/www.tischlerei-beelitz.com\/zertifikate\/#primaryimage\"},\"thumbnailUrl\":\"https:\/\/www.tischlerei-beelitz.com\/wp-content\/uploads\/2026\/03\/fensterbauer_2026-7-192x300.jpg\",\"datePublished\":\"2025-07-10T12:47:21+00:00\",\"dateModified\":\"2026-03-30T13:14:59+00:00\",\"description\":\"Unsere Zertifikate: Nachweise f\u00fcr gepr\u00fcfte Brandschutzt\u00fcren und -fenster. Qualit\u00e4t und Sicherheit f\u00fcr Gesch\u00e4ftskunden deutschlandweit.\",\"breadcrumb\":{\"@id\":\"https:\/\/www.tischlerei-beelitz.com\/zertifikate\/#breadcrumb\"},\"inLanguage\":\"en-GB\",\"potentialAction\":[{\"@type\":\"ReadAction\",\"target\":[\"https:\/\/www.tischlerei-beelitz.com\/zertifikate\/\"]}]},{\"@type\":\"ImageObject\",\"inLanguage\":\"en-GB\",\"@id\":\"https:\/\/www.tischlerei-beelitz.com\/zertifikate\/#primaryimage\",\"url\":\"https:\/\/www.tischlerei-beelitz.com\/wp-content\/uploads\/2026\/03\/fensterbauer_2026-7-192x300.jpg\",\"contentUrl\":\"https:\/\/www.tischlerei-beelitz.com\/wp-content\/uploads\/2026\/03\/fensterbauer_2026-7-192x300.jpg\"},{\"@type\":\"BreadcrumbList\",\"@id\":\"https:\/\/www.tischlerei-beelitz.com\/zertifikate\/#breadcrumb\",\"itemListElement\":[{\"@type\":\"ListItem\",\"position\":1,\"name\":\"Startseite\",\"item\":\"https:\/\/www.tischlerei-beelitz.com\/\"},{\"@type\":\"ListItem\",\"position\":2,\"name\":\"Zertifikate\"}]},{\"@type\":\"WebSite\",\"@id\":\"https:\/\/www.tischlerei-beelitz.com\/#website\",\"url\":\"https:\/\/www.tischlerei-beelitz.com\/\",\"name\":\"www.tischlerei-beelitz.com\",\"description\":\"\",\"publisher\":{\"@id\":\"https:\/\/www.tischlerei-beelitz.com\/#organization\"},\"potentialAction\":[{\"@type\":\"SearchAction\",\"target\":{\"@type\":\"EntryPoint\",\"urlTemplate\":\"https:\/\/www.tischlerei-beelitz.com\/?s={search_term_string}\"},\"query-input\":{\"@type\":\"PropertyValueSpecification\",\"valueRequired\":true,\"valueName\":\"search_term_string\"}}],\"inLanguage\":\"en-GB\"},{\"@type\":\"Organization\",\"@id\":\"https:\/\/www.tischlerei-beelitz.com\/#organization\",\"name\":\"MB Brandschutztischlerei Beelitz GmbH\",\"url\":\"https:\/\/www.tischlerei-beelitz.com\/\",\"logo\":{\"@type\":\"ImageObject\",\"inLanguage\":\"en-GB\",\"@id\":\"https:\/\/www.tischlerei-beelitz.com\/#\/schema\/logo\/image\/\",\"url\":\"https:\/\/www.tischlerei-beelitz.com\/wp-content\/uploads\/2025\/05\/logo-brandschutz-tischlerei-beelitz.png\",\"contentUrl\":\"https:\/\/www.tischlerei-beelitz.com\/wp-content\/uploads\/2025\/05\/logo-brandschutz-tischlerei-beelitz.png\",\"width\":300,\"height\":263,\"caption\":\"MB Brandschutztischlerei Beelitz GmbH\"},\"image\":{\"@id\":\"https:\/\/www.tischlerei-beelitz.com\/#\/schema\/logo\/image\/\"},\"sameAs\":[\"https:\/\/www.facebook.com\/mbbrandschutztischlerei\/\",\"https:\/\/www.instagram.com\/mb_brandschutztischlerei\/\"]}]}<\/script>\n<!-- \/ Yoast SEO plugin. -->","yoast_head_json":{"title":"Certificates - Brandschutztischlerei Beelitz","description":"Our certificates: Proof of tested fire doors and windows. Quality and safety for business customers throughout Germany.","robots":{"index":"index","follow":"follow","max-snippet":"max-snippet:-1","max-image-preview":"max-image-preview:large","max-video-preview":"max-video-preview:-1"},"canonical":"https:\/\/www.tischlerei-beelitz.com\/en\/zertifikate\/","og_locale":"en_GB","og_type":"article","og_title":"Zertifikate \u2013 Brandschutztischlerei Beelitz","og_description":"Unsere Zertifikate: Nachweise f\u00fcr gepr\u00fcfte Brandschutzt\u00fcren und -fenster. Qualit\u00e4t und Sicherheit f\u00fcr Gesch\u00e4ftskunden deutschlandweit.","og_url":"https:\/\/www.tischlerei-beelitz.com\/en\/zertifikate\/","article_publisher":"https:\/\/www.facebook.com\/mbbrandschutztischlerei\/","article_modified_time":"2026-03-30T13:14:59+00:00","og_image":[{"width":500,"height":500,"url":"https:\/\/www.tischlerei-beelitz.com\/wp-content\/uploads\/2025\/07\/verleih-zukunftspreis.png","type":"image\/png"}],"twitter_card":"summary_large_image","twitter_misc":{"Estimated reading time":"7 minutes"},"schema":{"@context":"https:\/\/schema.org","@graph":[{"@type":"WebPage","@id":"https:\/\/www.tischlerei-beelitz.com\/zertifikate\/","url":"https:\/\/www.tischlerei-beelitz.com\/zertifikate\/","name":"Certificates - Brandschutztischlerei Beelitz","isPartOf":{"@id":"https:\/\/www.tischlerei-beelitz.com\/#website"},"primaryImageOfPage":{"@id":"https:\/\/www.tischlerei-beelitz.com\/zertifikate\/#primaryimage"},"image":{"@id":"https:\/\/www.tischlerei-beelitz.com\/zertifikate\/#primaryimage"},"thumbnailUrl":"https:\/\/www.tischlerei-beelitz.com\/wp-content\/uploads\/2026\/03\/fensterbauer_2026-7-192x300.jpg","datePublished":"2025-07-10T12:47:21+00:00","dateModified":"2026-03-30T13:14:59+00:00","description":"Our certificates: Proof of tested fire doors and windows. Quality and safety for business customers throughout Germany.","breadcrumb":{"@id":"https:\/\/www.tischlerei-beelitz.com\/zertifikate\/#breadcrumb"},"inLanguage":"en-GB","potentialAction":[{"@type":"ReadAction","target":["https:\/\/www.tischlerei-beelitz.com\/zertifikate\/"]}]},{"@type":"ImageObject","inLanguage":"en-GB","@id":"https:\/\/www.tischlerei-beelitz.com\/zertifikate\/#primaryimage","url":"https:\/\/www.tischlerei-beelitz.com\/wp-content\/uploads\/2026\/03\/fensterbauer_2026-7-192x300.jpg","contentUrl":"https:\/\/www.tischlerei-beelitz.com\/wp-content\/uploads\/2026\/03\/fensterbauer_2026-7-192x300.jpg"},{"@type":"BreadcrumbList","@id":"https:\/\/www.tischlerei-beelitz.com\/zertifikate\/#breadcrumb","itemListElement":[{"@type":"ListItem","position":1,"name":"Startseite","item":"https:\/\/www.tischlerei-beelitz.com\/"},{"@type":"ListItem","position":2,"name":"Zertifikate"}]},{"@type":"WebSite","@id":"https:\/\/www.tischlerei-beelitz.com\/#website","url":"https:\/\/www.tischlerei-beelitz.com\/","name":"www.tischlerei-beelitz.com","description":"","publisher":{"@id":"https:\/\/www.tischlerei-beelitz.com\/#organization"},"potentialAction":[{"@type":"SearchAction","target":{"@type":"EntryPoint","urlTemplate":"https:\/\/www.tischlerei-beelitz.com\/?s={search_term_string}"},"query-input":{"@type":"PropertyValueSpecification","valueRequired":true,"valueName":"search_term_string"}}],"inLanguage":"en-GB"},{"@type":"Organization","@id":"https:\/\/www.tischlerei-beelitz.com\/#organization","name":"MB Brandschutztischlerei Beelitz GmbH","url":"https:\/\/www.tischlerei-beelitz.com\/","logo":{"@type":"ImageObject","inLanguage":"en-GB","@id":"https:\/\/www.tischlerei-beelitz.com\/#\/schema\/logo\/image\/","url":"https:\/\/www.tischlerei-beelitz.com\/wp-content\/uploads\/2025\/05\/logo-brandschutz-tischlerei-beelitz.png","contentUrl":"https:\/\/www.tischlerei-beelitz.com\/wp-content\/uploads\/2025\/05\/logo-brandschutz-tischlerei-beelitz.png","width":300,"height":263,"caption":"MB Brandschutztischlerei Beelitz GmbH"},"image":{"@id":"https:\/\/www.tischlerei-beelitz.com\/#\/schema\/logo\/image\/"},"sameAs":["https:\/\/www.facebook.com\/mbbrandschutztischlerei\/","https:\/\/www.instagram.com\/mb_brandschutztischlerei\/"]}]}},"uagb_featured_image_src":{"full":false,"thumbnail":false,"medium":false,"medium_large":false,"large":false,"1536x1536":false,"2048x2048":false,"trp-custom-language-flag":false},"uagb_author_info":{"display_name":"rfr","author_link":"https:\/\/www.tischlerei-beelitz.com\/en\/author\/rfr\/"},"uagb_comment_info":0,"uagb_excerpt":"Unternehmen Auszeichnungen &amp; Zertifikate Unternehmen Ein \u00dcberblick \u00fcber unsere Auzeichnungen Unsere Auszeichnungen und Zertifikate stehen f\u00fcr Qualit\u00e4t, Kompetenz und Engagement. [&hellip;]","_links":{"self":[{"href":"https:\/\/www.tischlerei-beelitz.com\/en\/wp-json\/wp\/v2\/pages\/1241","targetHints":{"allow":["GET"]}}],"collection":[{"href":"https:\/\/www.tischlerei-beelitz.com\/en\/wp-json\/wp\/v2\/pages"}],"about":[{"href":"https:\/\/www.tischlerei-beelitz.com\/en\/wp-json\/wp\/v2\/types\/page"}],"author":[{"embeddable":true,"href":"https:\/\/www.tischlerei-beelitz.com\/en\/wp-json\/wp\/v2\/users\/4"}],"replies":[{"embeddable":true,"href":"https:\/\/www.tischlerei-beelitz.com\/en\/wp-json\/wp\/v2\/comments?post=1241"}],"version-history":[{"count":38,"href":"https:\/\/www.tischlerei-beelitz.com\/en\/wp-json\/wp\/v2\/pages\/1241\/revisions"}],"predecessor-version":[{"id":2435,"href":"https:\/\/www.tischlerei-beelitz.com\/en\/wp-json\/wp\/v2\/pages\/1241\/revisions\/2435"}],"wp:attachment":[{"href":"https:\/\/www.tischlerei-beelitz.com\/en\/wp-json\/wp\/v2\/media?parent=1241"}],"curies":[{"name":"wp","href":"https:\/\/api.w.org\/{rel}","templated":true}]}}